{"id":10289,"date":"2019-07-25T10:06:32","date_gmt":"2019-07-25T10:06:32","guid":{"rendered":"https:\/\/esteling.com\/proyectos-estel\/"},"modified":"2025-01-10T17:20:06","modified_gmt":"2025-01-10T17:20:06","slug":"projects","status":"publish","type":"page","link":"https:\/\/esteling.com\/en\/projects\/","title":{"rendered":"Projects"},"content":{"rendered":"\t\t<div data-elementor-type=\"wp-post\" data-elementor-id=\"10289\" class=\"elementor elementor-10289 elementor-842\" data-elementor-post-type=\"page\">\n\t\t\t\t\t\t<section class=\"elementor-section elementor-top-section elementor-element elementor-element-efc85a3 elementor-section-height-min-height elementor-section-boxed elementor-section-height-default elementor-section-items-middle\" data-id=\"efc85a3\" data-element_type=\"section\" data-e-type=\"section\" data-settings=\"{&quot;background_background&quot;:&quot;gradient&quot;}\">\n\t\t\t\t\t\t<div class=\"elementor-container elementor-column-gap-no\">\n\t\t\t\t\t<div class=\"elementor-column elementor-col-100 elementor-top-column elementor-element elementor-element-08ac1b0\" data-id=\"08ac1b0\" data-element_type=\"column\" data-e-type=\"column\">\n\t\t\t<div class=\"elementor-widget-wrap elementor-element-populated\">\n\t\t\t\t\t\t<div class=\"elementor-element elementor-element-df45827 elementor-widget elementor-widget-image\" data-id=\"df45827\" data-element_type=\"widget\" data-e-type=\"widget\" data-widget_type=\"image.default\">\n\t\t\t\t<div class=\"elementor-widget-container\">\n\t\t\t\t\t\t\t\t\t\t\t\t\t\t\t<img fetchpriority=\"high\" decoding=\"async\" width=\"800\" height=\"395\" src=\"https:\/\/esteling.com\/wp-content\/uploads\/2022\/06\/mapa-home-2022.png\" class=\"attachment-large size-large wp-image-14442\" alt=\"\" srcset=\"https:\/\/esteling.com\/wp-content\/uploads\/2022\/06\/mapa-home-2022.png 1094w, https:\/\/esteling.com\/wp-content\/uploads\/2022\/06\/mapa-home-2022-600x296.png 600w, https:\/\/esteling.com\/wp-content\/uploads\/2022\/06\/mapa-home-2022-768x379.png 768w\" sizes=\"(max-width: 800px) 100vw, 800px\" \/>\t\t\t\t\t\t\t\t\t\t\t\t\t\t\t<\/div>\n\t\t\t\t<\/div>\n\t\t\t\t<div class=\"elementor-element elementor-element-fdb1254 elementor-widget elementor-widget-heading\" data-id=\"fdb1254\" data-element_type=\"widget\" data-e-type=\"widget\" data-widget_type=\"heading.default\">\n\t\t\t\t<div class=\"elementor-widget-container\">\n\t\t\t\t\t<h2 class=\"elementor-heading-title elementor-size-default\">Projects<\/h2>\t\t\t\t<\/div>\n\t\t\t\t<\/div>\n\t\t\t\t<div class=\"elementor-element elementor-element-789c098 elementor-widget elementor-widget-text-editor\" data-id=\"789c098\" data-element_type=\"widget\" data-e-type=\"widget\" data-widget_type=\"text-editor.default\">\n\t\t\t\t<div class=\"elementor-widget-container\">\n\t\t\t\t\t\t\t\t\tMore than 1,300 completed projects to guarantee the success of your project.\t\t\t\t\t\t\t\t<\/div>\n\t\t\t\t<\/div>\n\t\t\t\t\t<\/div>\n\t\t<\/div>\n\t\t\t\t\t<\/div>\n\t\t<\/section>\n\t\t\t\t<section class=\"elementor-section elementor-top-section elementor-element elementor-element-cbc4c5b elementor-section-boxed elementor-section-height-default elementor-section-height-default\" data-id=\"cbc4c5b\" data-element_type=\"section\" data-e-type=\"section\" data-settings=\"{&quot;background_background&quot;:&quot;gradient&quot;}\">\n\t\t\t\t\t\t<div class=\"elementor-container elementor-column-gap-no\">\n\t\t\t\t\t<div class=\"elementor-column elementor-col-100 elementor-top-column elementor-element elementor-element-592372b\" data-id=\"592372b\" data-element_type=\"column\" data-e-type=\"column\">\n\t\t\t<div class=\"elementor-widget-wrap elementor-element-populated\">\n\t\t\t\t\t\t<div class=\"elementor-element elementor-element-00f103a elementor-widget elementor-widget-jet-tabs\" data-id=\"00f103a\" data-element_type=\"widget\" data-e-type=\"widget\" data-settings=\"{&quot;tabs_position&quot;:&quot;top&quot;}\" data-widget_type=\"jet-tabs.default\">\n\t\t\t\t<div class=\"elementor-widget-container\">\n\t\t\t\t\t\n\t\t<div class=\"jet-tabs jet-tabs-position-top jet-tabs-fade-effect \" data-settings=\"{&quot;activeIndex&quot;:0,&quot;event&quot;:&quot;click&quot;,&quot;autoSwitch&quot;:false,&quot;autoSwitchDelay&quot;:3000,&quot;ajaxTemplate&quot;:false,&quot;tabsPosition&quot;:&quot;top&quot;,&quot;switchScrolling&quot;:false,&quot;switchScrollingOffset&quot;:0}\">\n\t\t\t<div class=\"jet-tabs__control-wrapper \" role=\"tablist\">\n                                    <div id=\"jet-tabs-control-9871\" class=\"jet-tabs__control jet-tabs__control-icon-left elementor-menu-anchor active-tab \" data-tab=\"1\" tabindex=\"0\" role=\"tab\" aria-controls=\"jet-tabs-content-9871\" aria-expanded=\"true\" data-template-id=\"8429\"><div class=\"jet-tabs__control-inner\"><div class=\"jet-tabs__label-icon jet-tabs-icon\"><i class=\"fas fa-bars\"><\/i><\/div><div class=\"jet-tabs__label-text\">Sector<\/div><\/div><\/div><div id=\"jet-tabs-control-9872\" class=\"jet-tabs__control jet-tabs__control-icon-left elementor-menu-anchor  \" data-tab=\"2\" tabindex=\"0\" role=\"tab\" aria-controls=\"jet-tabs-content-9872\" aria-expanded=\"false\" data-template-id=\"8432\"><div class=\"jet-tabs__control-inner\"><div class=\"jet-tabs__label-icon jet-tabs-icon\"><i class=\"fas fa-globe\"><\/i><\/div><div class=\"jet-tabs__label-text\">Country<\/div><\/div><\/div>\n                    \t\t\t    <\/div>\n\t\t\t<div class=\"jet-tabs__content-wrapper\">\n\t\t\t\t<div id=\"jet-tabs-content-9871\" class=\"jet-tabs__content active-content\" data-tab=\"1\" role=\"tabpanel\" aria-hidden=\"false\" data-template-id=\"8429\">\t\t<div data-elementor-type=\"section\" data-elementor-id=\"8429\" class=\"elementor elementor-8429\" data-elementor-post-type=\"elementor_library\">\n\t\t\t\t\t<section class=\"elementor-section elementor-top-section elementor-element elementor-element-b2884cc elementor-section-boxed elementor-section-height-default elementor-section-height-default\" data-id=\"b2884cc\" data-element_type=\"section\" data-e-type=\"section\">\n\t\t\t\t\t\t<div class=\"elementor-container elementor-column-gap-default\">\n\t\t\t\t\t<div class=\"elementor-column elementor-col-100 elementor-top-column elementor-element elementor-element-8b19209\" data-id=\"8b19209\" data-element_type=\"column\" data-e-type=\"column\">\n\t\t\t<div class=\"elementor-widget-wrap elementor-element-populated\">\n\t\t\t\t\t\t<div class=\"elementor-element elementor-element-e1bb219 elementor-grid-3 elementor-grid-tablet-2 elementor-grid-mobile-1 elementor-widget elementor-widget-portfolio\" data-id=\"e1bb219\" data-element_type=\"widget\" data-e-type=\"widget\" data-settings=\"{&quot;item_ratio&quot;:{&quot;unit&quot;:&quot;px&quot;,&quot;size&quot;:0.85,&quot;sizes&quot;:[]},&quot;row_gap&quot;:{&quot;unit&quot;:&quot;px&quot;,&quot;size&quot;:10,&quot;sizes&quot;:[]},&quot;columns&quot;:&quot;3&quot;,&quot;columns_tablet&quot;:&quot;2&quot;,&quot;columns_mobile&quot;:&quot;1&quot;,&quot;item_gap&quot;:{&quot;unit&quot;:&quot;px&quot;,&quot;size&quot;:&quot;&quot;,&quot;sizes&quot;:[]}}\" data-widget_type=\"portfolio.default\">\n\t\t\t\t<div class=\"elementor-widget-container\">\n\t\t\t\t\t\t\t<ul class=\"elementor-portfolio__filters\">\n\t\t\t<li class=\"elementor-portfolio__filter elementor-active\" tabindex=\"0\" data-filter=\"__all\">All<\/li>\n\t\t\t\t\t\t\t<li class=\"elementor-portfolio__filter\" tabindex=\"0\" data-filter=\"297\">Commerce &amp; Industry<\/li>\n\t\t\t\t\t\t\t<li class=\"elementor-portfolio__filter\" tabindex=\"0\" data-filter=\"225\">Culture<\/li>\n\t\t\t\t\t\t\t<li class=\"elementor-portfolio__filter\" tabindex=\"0\" data-filter=\"229\">Health<\/li>\n\t\t\t\t\t\t\t<li class=\"elementor-portfolio__filter\" tabindex=\"0\" data-filter=\"226\">Hotels<\/li>\n\t\t\t\t\t\t\t<li class=\"elementor-portfolio__filter\" tabindex=\"0\" data-filter=\"213\">Infrastructures<\/li>\n\t\t\t\t\t\t\t<li class=\"elementor-portfolio__filter\" tabindex=\"0\" data-filter=\"321\">Maintenance<\/li>\n\t\t\t\t\t\t\t<li class=\"elementor-portfolio__filter\" tabindex=\"0\" data-filter=\"228\">Residential<\/li>\n\t\t\t\t\t<\/ul>\n\t\t\t\t<div class=\"elementor-portfolio elementor-grid elementor-posts-container\" role=\"list\">\n\t\t\t\t<article class=\"elementor-portfolio-item elementor-post elementor-filter-226 post-15552 proyectos type-proyectos status-publish format-standard has-post-thumbnail hentry sector-hotels tipo-de-trabajo-navigation-esp-master-en-6 tipo-de-trabajo-navigation-esp-master-en-3 tipo-de-trabajo-navigation-esp-master tipo-de-trabajo-navigation-esp-master-en\" role=\"listitem\">\n\t\t\t<a class=\"elementor-post__thumbnail__link\" href=\"https:\/\/esteling.com\/en\/proyectos\/hotel-club-med-punta-cana\/\">\n\t\t\t\t<div class=\"elementor-portfolio-item__img elementor-post__thumbnail\">\n\t\t\t<img decoding=\"async\" width=\"1254\" height=\"835\" src=\"https:\/\/esteling.com\/wp-content\/uploads\/2024\/05\/Habitaci\u0e02n-Club-Med.png\" class=\"attachment-full size-full wp-image-15550\" alt=\"\" srcset=\"https:\/\/esteling.com\/wp-content\/uploads\/2024\/05\/Habitaci\u0e02n-Club-Med.png 1254w, https:\/\/esteling.com\/wp-content\/uploads\/2024\/05\/Habitaci\u0e02n-Club-Med-600x400.png 600w, https:\/\/esteling.com\/wp-content\/uploads\/2024\/05\/Habitaci\u0e02n-Club-Med-768x511.png 768w\" sizes=\"(max-width: 1254px) 100vw, 1254px\" \/>\t\t<\/div>\n\t\t\t\t<div class=\"elementor-portfolio-item__overlay\">\n\t\t\t\t<h3 class=\"elementor-portfolio-item__title\">\n\t\tHOTEL CLUB MED PUNTA CANA\t\t<\/h3>\n\t\t\t\t<\/div>\n\t\t\t\t<\/a>\n\t\t<\/article>\n\t\t\t\t<article class=\"elementor-portfolio-item elementor-post elementor-filter-226 post-15538 proyectos type-proyectos status-publish format-standard has-post-thumbnail hentry sector-hotels tipo-de-trabajo-navigation-esp-master-en-2\" role=\"listitem\">\n\t\t\t<a class=\"elementor-post__thumbnail__link\" href=\"https:\/\/esteling.com\/en\/proyectos\/hotel-melia-innside-alcudia\/\">\n\t\t\t\t<div class=\"elementor-portfolio-item__img elementor-post__thumbnail\">\n\t\t\t<img decoding=\"async\" width=\"2048\" height=\"1536\" src=\"https:\/\/esteling.com\/wp-content\/uploads\/2024\/05\/Hotel-Melia-Innside-Alcudia-placas-fotovoltaicas.jpeg\" class=\"attachment-full size-full wp-image-15532\" alt=\"\" srcset=\"https:\/\/esteling.com\/wp-content\/uploads\/2024\/05\/Hotel-Melia-Innside-Alcudia-placas-fotovoltaicas.jpeg 2048w, https:\/\/esteling.com\/wp-content\/uploads\/2024\/05\/Hotel-Melia-Innside-Alcudia-placas-fotovoltaicas-600x450.jpeg 600w, https:\/\/esteling.com\/wp-content\/uploads\/2024\/05\/Hotel-Melia-Innside-Alcudia-placas-fotovoltaicas-1920x1440.jpeg 1920w, https:\/\/esteling.com\/wp-content\/uploads\/2024\/05\/Hotel-Melia-Innside-Alcudia-placas-fotovoltaicas-768x576.jpeg 768w, https:\/\/esteling.com\/wp-content\/uploads\/2024\/05\/Hotel-Melia-Innside-Alcudia-placas-fotovoltaicas-1536x1152.jpeg 1536w\" sizes=\"(max-width: 2048px) 100vw, 2048px\" \/>\t\t<\/div>\n\t\t\t\t<div class=\"elementor-portfolio-item__overlay\">\n\t\t\t\t<h3 class=\"elementor-portfolio-item__title\">\n\t\tHOTEL MELI\u00c1 INNSIDE ALCUDIA\t\t<\/h3>\n\t\t\t\t<\/div>\n\t\t\t\t<\/a>\n\t\t<\/article>\n\t\t\t\t<article class=\"elementor-portfolio-item elementor-post elementor-filter-226 post-15528 proyectos type-proyectos status-publish format-standard has-post-thumbnail hentry sector-hotels tipo-de-trabajo-navigation-esp-master-en-2 tipo-de-trabajo-navigation-esp-master tipo-de-trabajo-navigation-esp-master-en-4 tipo-de-trabajo-navigation-esp-master-en\" role=\"listitem\">\n\t\t\t<a class=\"elementor-post__thumbnail__link\" href=\"https:\/\/esteling.com\/en\/proyectos\/hotel-hapimag\/\">\n\t\t\t\t<div class=\"elementor-portfolio-item__img elementor-post__thumbnail\">\n\t\t\t<img loading=\"lazy\" decoding=\"async\" width=\"974\" height=\"731\" src=\"https:\/\/esteling.com\/wp-content\/uploads\/2024\/05\/Hotel-Hapimag-hall.jpeg\" class=\"attachment-full size-full wp-image-15520\" alt=\"\" srcset=\"https:\/\/esteling.com\/wp-content\/uploads\/2024\/05\/Hotel-Hapimag-hall.jpeg 974w, https:\/\/esteling.com\/wp-content\/uploads\/2024\/05\/Hotel-Hapimag-hall-600x450.jpeg 600w, https:\/\/esteling.com\/wp-content\/uploads\/2024\/05\/Hotel-Hapimag-hall-768x576.jpeg 768w\" sizes=\"(max-width: 974px) 100vw, 974px\" \/>\t\t<\/div>\n\t\t\t\t<div class=\"elementor-portfolio-item__overlay\">\n\t\t\t\t<h3 class=\"elementor-portfolio-item__title\">\n\t\tHAPIMAG HOTEL\t\t<\/h3>\n\t\t\t\t<\/div>\n\t\t\t\t<\/a>\n\t\t<\/article>\n\t\t\t\t<article class=\"elementor-portfolio-item elementor-post elementor-filter-213 post-15515 proyectos type-proyectos status-publish format-standard has-post-thumbnail hentry sector-infrastructures tipo-de-trabajo-navigation-esp-master tipo-de-trabajo-navigation-esp-master-en\" role=\"listitem\">\n\t\t\t<a class=\"elementor-post__thumbnail__link\" href=\"https:\/\/esteling.com\/en\/proyectos\/complejo-cientifico-parc-bit\/\">\n\t\t\t\t<div class=\"elementor-portfolio-item__img elementor-post__thumbnail\">\n\t\t\t<img loading=\"lazy\" decoding=\"async\" width=\"2048\" height=\"1536\" src=\"https:\/\/esteling.com\/wp-content\/uploads\/2024\/05\/Laboratorio-CSIC-2.jpeg\" class=\"attachment-full size-full wp-image-15509\" alt=\"\" srcset=\"https:\/\/esteling.com\/wp-content\/uploads\/2024\/05\/Laboratorio-CSIC-2.jpeg 2048w, https:\/\/esteling.com\/wp-content\/uploads\/2024\/05\/Laboratorio-CSIC-2-600x450.jpeg 600w, https:\/\/esteling.com\/wp-content\/uploads\/2024\/05\/Laboratorio-CSIC-2-1920x1440.jpeg 1920w, https:\/\/esteling.com\/wp-content\/uploads\/2024\/05\/Laboratorio-CSIC-2-768x576.jpeg 768w, https:\/\/esteling.com\/wp-content\/uploads\/2024\/05\/Laboratorio-CSIC-2-1536x1152.jpeg 1536w\" sizes=\"(max-width: 2048px) 100vw, 2048px\" \/>\t\t<\/div>\n\t\t\t\t<div class=\"elementor-portfolio-item__overlay\">\n\t\t\t\t<h3 class=\"elementor-portfolio-item__title\">\n\t\tPARC BIT SCIENTIFIC COMPLEX\t\t<\/h3>\n\t\t\t\t<\/div>\n\t\t\t\t<\/a>\n\t\t<\/article>\n\t\t\t\t<article class=\"elementor-portfolio-item elementor-post elementor-filter-226 post-15504 proyectos type-proyectos status-publish format-standard has-post-thumbnail hentry sector-hotels tipo-de-trabajo-navigation-esp-master-en-3 tipo-de-trabajo-navigation-esp-master\" role=\"listitem\">\n\t\t\t<a class=\"elementor-post__thumbnail__link\" href=\"https:\/\/esteling.com\/en\/proyectos\/hotel-catalonia-bavaro\/\">\n\t\t\t\t<div class=\"elementor-portfolio-item__img elementor-post__thumbnail\">\n\t\t\t<img loading=\"lazy\" decoding=\"async\" width=\"2398\" height=\"1600\" src=\"https:\/\/esteling.com\/wp-content\/uploads\/2024\/05\/Hotel-Catalonia-B-varo-piscina.webp\" class=\"attachment-full size-full wp-image-15499\" alt=\"\" srcset=\"https:\/\/esteling.com\/wp-content\/uploads\/2024\/05\/Hotel-Catalonia-B-varo-piscina.webp 2398w, https:\/\/esteling.com\/wp-content\/uploads\/2024\/05\/Hotel-Catalonia-B-varo-piscina-600x400.webp 600w, https:\/\/esteling.com\/wp-content\/uploads\/2024\/05\/Hotel-Catalonia-B-varo-piscina-1920x1281.webp 1920w, https:\/\/esteling.com\/wp-content\/uploads\/2024\/05\/Hotel-Catalonia-B-varo-piscina-768x512.webp 768w, https:\/\/esteling.com\/wp-content\/uploads\/2024\/05\/Hotel-Catalonia-B-varo-piscina-1536x1025.webp 1536w, https:\/\/esteling.com\/wp-content\/uploads\/2024\/05\/Hotel-Catalonia-B-varo-piscina-2048x1366.webp 2048w\" sizes=\"(max-width: 2398px) 100vw, 2398px\" \/>\t\t<\/div>\n\t\t\t\t<div class=\"elementor-portfolio-item__overlay\">\n\t\t\t\t<h3 class=\"elementor-portfolio-item__title\">\n\t\tHOTEL CATALONIA B\u00c1VARO\t\t<\/h3>\n\t\t\t\t<\/div>\n\t\t\t\t<\/a>\n\t\t<\/article>\n\t\t\t\t<article class=\"elementor-portfolio-item elementor-post elementor-filter-226 post-15425 proyectos type-proyectos status-publish format-standard has-post-thumbnail hentry sector-hotels tipo-de-trabajo-navigation-esp-master tipo-de-trabajo-navigation-esp-master-en tipo-de-trabajo-navigation-esp-master-en-2 pais-mexico-en\" role=\"listitem\">\n\t\t\t<a class=\"elementor-post__thumbnail__link\" href=\"https:\/\/esteling.com\/en\/proyectos\/hotel-gran-palladium-kantenah\/\">\n\t\t\t\t<div class=\"elementor-portfolio-item__img elementor-post__thumbnail\">\n\t\t\t<img loading=\"lazy\" decoding=\"async\" width=\"1920\" height=\"1277\" src=\"https:\/\/esteling.com\/wp-content\/uploads\/2024\/05\/Hotel-Grand-Palladium-Kantenah-Bar-La-isla.webp\" class=\"attachment-full size-full wp-image-15410\" alt=\"\" srcset=\"https:\/\/esteling.com\/wp-content\/uploads\/2024\/05\/Hotel-Grand-Palladium-Kantenah-Bar-La-isla.webp 1920w, https:\/\/esteling.com\/wp-content\/uploads\/2024\/05\/Hotel-Grand-Palladium-Kantenah-Bar-La-isla-600x399.webp 600w, https:\/\/esteling.com\/wp-content\/uploads\/2024\/05\/Hotel-Grand-Palladium-Kantenah-Bar-La-isla-768x511.webp 768w, https:\/\/esteling.com\/wp-content\/uploads\/2024\/05\/Hotel-Grand-Palladium-Kantenah-Bar-La-isla-1536x1022.webp 1536w\" sizes=\"(max-width: 1920px) 100vw, 1920px\" \/>\t\t<\/div>\n\t\t\t\t<div class=\"elementor-portfolio-item__overlay\">\n\t\t\t\t<h3 class=\"elementor-portfolio-item__title\">\n\t\tHOTEL GRAN PALLADIUM KANTENAH\t\t<\/h3>\n\t\t\t\t<\/div>\n\t\t\t\t<\/a>\n\t\t<\/article>\n\t\t\t\t<article class=\"elementor-portfolio-item elementor-post elementor-filter-226 post-15232 proyectos type-proyectos status-publish format-standard has-post-thumbnail hentry sector-hotels tipo-de-trabajo-navigation-esp-master tipo-de-trabajo-navigation-esp-master-en-2 pais-spain\" role=\"listitem\">\n\t\t\t<a class=\"elementor-post__thumbnail__link\" href=\"https:\/\/esteling.com\/en\/proyectos\/hotel-hipotels-bahia-grande\/\">\n\t\t\t\t<div class=\"elementor-portfolio-item__img elementor-post__thumbnail\">\n\t\t\t<img loading=\"lazy\" decoding=\"async\" width=\"1023\" height=\"680\" src=\"https:\/\/esteling.com\/wp-content\/uploads\/2023\/09\/hotel-bahia-grande-esteling.webp\" class=\"attachment-full size-full wp-image-15228\" alt=\"Piscina del Hotel Bah\u00eda Grande de Estel Instalaci\u00f3n integral hoteles\" srcset=\"https:\/\/esteling.com\/wp-content\/uploads\/2023\/09\/hotel-bahia-grande-esteling.webp 1023w, https:\/\/esteling.com\/wp-content\/uploads\/2023\/09\/hotel-bahia-grande-esteling-600x399.webp 600w, https:\/\/esteling.com\/wp-content\/uploads\/2023\/09\/hotel-bahia-grande-esteling-768x510.webp 768w\" sizes=\"(max-width: 1023px) 100vw, 1023px\" \/>\t\t<\/div>\n\t\t\t\t<div class=\"elementor-portfolio-item__overlay\">\n\t\t\t\t<h3 class=\"elementor-portfolio-item__title\">\n\t\tHOTEL HIPOTELS BAH\u00cdA GRANDE\t\t<\/h3>\n\t\t\t\t<\/div>\n\t\t\t\t<\/a>\n\t\t<\/article>\n\t\t\t\t<article class=\"elementor-portfolio-item elementor-post elementor-filter-226 post-15222 proyectos type-proyectos status-publish format-standard has-post-thumbnail hentry sector-hotels tipo-de-trabajo-navigation-esp-master-en-3 tipo-de-trabajo-navigation-esp-master-en tipo-de-trabajo-navigation-esp-master-en-6 tipo-de-trabajo-navigation-esp-master-en-4 tipo-de-trabajo-navigation-esp-master-en-2 tipo-de-trabajo-navigation-esp-master pais-spain\" role=\"listitem\">\n\t\t\t<a class=\"elementor-post__thumbnail__link\" href=\"https:\/\/esteling.com\/en\/proyectos\/tui-blue-victoria-menorca\/\">\n\t\t\t\t<div class=\"elementor-portfolio-item__img elementor-post__thumbnail\">\n\t\t\t<img loading=\"lazy\" decoding=\"async\" width=\"1200\" height=\"658\" src=\"https:\/\/esteling.com\/wp-content\/uploads\/2023\/09\/tui-menorca-estel-hotel-instalaciones.webp\" class=\"attachment-full size-full wp-image-15214\" alt=\"Fachada del hotel Tui Menorca, Instalaci\u00f3n integral hoteles\" srcset=\"https:\/\/esteling.com\/wp-content\/uploads\/2023\/09\/tui-menorca-estel-hotel-instalaciones.webp 1200w, https:\/\/esteling.com\/wp-content\/uploads\/2023\/09\/tui-menorca-estel-hotel-instalaciones-600x329.webp 600w, https:\/\/esteling.com\/wp-content\/uploads\/2023\/09\/tui-menorca-estel-hotel-instalaciones-768x421.webp 768w\" sizes=\"(max-width: 1200px) 100vw, 1200px\" \/>\t\t<\/div>\n\t\t\t\t<div class=\"elementor-portfolio-item__overlay\">\n\t\t\t\t<h3 class=\"elementor-portfolio-item__title\">\n\t\tTUI BLUE VICTORIA MENORCA\t\t<\/h3>\n\t\t\t\t<\/div>\n\t\t\t\t<\/a>\n\t\t<\/article>\n\t\t\t\t<article class=\"elementor-portfolio-item elementor-post elementor-filter-226 post-15210 proyectos type-proyectos status-publish format-standard has-post-thumbnail hentry sector-hotels tipo-de-trabajo-navigation-esp-master-en-4 tipo-de-trabajo-navigation-esp-master-en-2 tipo-de-trabajo-navigation-esp-master tipo-de-trabajo-navigation-esp-master-en-3 tipo-de-trabajo-navigation-esp-master-en tipo-de-trabajo-navigation-esp-master-en-6 pais-spain\" role=\"listitem\">\n\t\t\t<a class=\"elementor-post__thumbnail__link\" href=\"https:\/\/esteling.com\/en\/proyectos\/hotel-club-mac\/\">\n\t\t\t\t<div class=\"elementor-portfolio-item__img elementor-post__thumbnail\">\n\t\t\t<img loading=\"lazy\" decoding=\"async\" width=\"1350\" height=\"758\" src=\"https:\/\/esteling.com\/wp-content\/uploads\/2023\/09\/Habitacion-Club-Mac-estel-hotel-instalaciones.webp\" class=\"attachment-full size-full wp-image-15206\" alt=\"Panoramic picture of the hotel Club Maf of Mallorca, Integral installation hotels\" srcset=\"https:\/\/esteling.com\/wp-content\/uploads\/2023\/09\/Habitacion-Club-Mac-estel-hotel-instalaciones.webp 1350w, https:\/\/esteling.com\/wp-content\/uploads\/2023\/09\/Habitacion-Club-Mac-estel-hotel-instalaciones-600x337.webp 600w, https:\/\/esteling.com\/wp-content\/uploads\/2023\/09\/Habitacion-Club-Mac-estel-hotel-instalaciones-768x431.webp 768w\" sizes=\"(max-width: 1350px) 100vw, 1350px\" \/>\t\t<\/div>\n\t\t\t\t<div class=\"elementor-portfolio-item__overlay\">\n\t\t\t\t<h3 class=\"elementor-portfolio-item__title\">\n\t\tHOTEL CLUB MAC\t\t<\/h3>\n\t\t\t\t<\/div>\n\t\t\t\t<\/a>\n\t\t<\/article>\n\t\t\t\t<article class=\"elementor-portfolio-item elementor-post elementor-filter-226 post-15202 proyectos type-proyectos status-publish format-standard has-post-thumbnail hentry sector-hotels tipo-de-trabajo-navigation-esp-master-en-2 tipo-de-trabajo-navigation-esp-master-en-6 tipo-de-trabajo-navigation-esp-master tipo-de-trabajo-navigation-esp-master-en-3 tipo-de-trabajo-navigation-esp-master-en pais-spain\" role=\"listitem\">\n\t\t\t<a class=\"elementor-post__thumbnail__link\" href=\"https:\/\/esteling.com\/en\/proyectos\/hotel-inmood-aucanada\/\">\n\t\t\t\t<div class=\"elementor-portfolio-item__img elementor-post__thumbnail\">\n\t\t\t<img loading=\"lazy\" decoding=\"async\" width=\"1024\" height=\"733\" src=\"https:\/\/esteling.com\/wp-content\/uploads\/2023\/09\/Habitacion-Inmmod-Aucada-hotel-Estel-instalaciones.webp\" class=\"attachment-full size-full wp-image-15198\" alt=\"Vista panor\u00e1mica del hotel Inmood Aucanada, Instalaci\u00f3n integral hoteles\" srcset=\"https:\/\/esteling.com\/wp-content\/uploads\/2023\/09\/Habitacion-Inmmod-Aucada-hotel-Estel-instalaciones.webp 1024w, https:\/\/esteling.com\/wp-content\/uploads\/2023\/09\/Habitacion-Inmmod-Aucada-hotel-Estel-instalaciones-600x429.webp 600w, https:\/\/esteling.com\/wp-content\/uploads\/2023\/09\/Habitacion-Inmmod-Aucada-hotel-Estel-instalaciones-768x550.webp 768w\" sizes=\"(max-width: 1024px) 100vw, 1024px\" \/>\t\t<\/div>\n\t\t\t\t<div class=\"elementor-portfolio-item__overlay\">\n\t\t\t\t<h3 class=\"elementor-portfolio-item__title\">\n\t\tHOTEL INMOOD AUCANADA\t\t<\/h3>\n\t\t\t\t<\/div>\n\t\t\t\t<\/a>\n\t\t<\/article>\n\t\t\t\t<article class=\"elementor-portfolio-item elementor-post elementor-filter-226 post-15192 proyectos type-proyectos status-publish format-standard has-post-thumbnail hentry sector-hotels tipo-de-trabajo-navigation-esp-master-en-2 tipo-de-trabajo-navigation-esp-master pais-spain\" role=\"listitem\">\n\t\t\t<a class=\"elementor-post__thumbnail__link\" href=\"https:\/\/esteling.com\/en\/proyectos\/hotel-viva-sunrise\/\">\n\t\t\t\t<div class=\"elementor-portfolio-item__img elementor-post__thumbnail\">\n\t\t\t<img loading=\"lazy\" decoding=\"async\" width=\"1500\" height=\"1126\" src=\"https:\/\/esteling.com\/wp-content\/uploads\/2023\/09\/viva-sunrise-estel.webp\" class=\"attachment-full size-full wp-image-15188\" alt=\"Panor\u00e1mica de la piscina del Hotel Viva Sunrise - Ejecuci\u00f3n de instalaciones\" srcset=\"https:\/\/esteling.com\/wp-content\/uploads\/2023\/09\/viva-sunrise-estel.webp 1500w, https:\/\/esteling.com\/wp-content\/uploads\/2023\/09\/viva-sunrise-estel-600x450.webp 600w, https:\/\/esteling.com\/wp-content\/uploads\/2023\/09\/viva-sunrise-estel-768x577.webp 768w\" sizes=\"(max-width: 1500px) 100vw, 1500px\" \/>\t\t<\/div>\n\t\t\t\t<div class=\"elementor-portfolio-item__overlay\">\n\t\t\t\t<h3 class=\"elementor-portfolio-item__title\">\n\t\tHOTEL VIVA SUNRISE\t\t<\/h3>\n\t\t\t\t<\/div>\n\t\t\t\t<\/a>\n\t\t<\/article>\n\t\t\t\t<article class=\"elementor-portfolio-item elementor-post elementor-filter-226 post-15184 proyectos type-proyectos status-publish format-standard has-post-thumbnail hentry sector-hotels tipo-de-trabajo-navigation-esp-master-en-2 tipo-de-trabajo-navigation-esp-master-en-3 tipo-de-trabajo-navigation-esp-master pais-spain\" role=\"listitem\">\n\t\t\t<a class=\"elementor-post__thumbnail__link\" href=\"https:\/\/esteling.com\/en\/proyectos\/hotel-viva-cala-mesquida-resort\/\">\n\t\t\t\t<div class=\"elementor-portfolio-item__img elementor-post__thumbnail\">\n\t\t\t<img loading=\"lazy\" decoding=\"async\" width=\"1154\" height=\"838\" src=\"https:\/\/esteling.com\/wp-content\/uploads\/2023\/09\/Viva-cala-mesquida-estel-instalaciones.webp\" class=\"attachment-full size-full wp-image-15180\" alt=\"Vista panor\u00e1mica del Hotel Viva Cala Mesquida Resort - Ejecuci\u00f3n de las instalaciones\" srcset=\"https:\/\/esteling.com\/wp-content\/uploads\/2023\/09\/Viva-cala-mesquida-estel-instalaciones.webp 1154w, https:\/\/esteling.com\/wp-content\/uploads\/2023\/09\/Viva-cala-mesquida-estel-instalaciones-600x436.webp 600w, https:\/\/esteling.com\/wp-content\/uploads\/2023\/09\/Viva-cala-mesquida-estel-instalaciones-768x558.webp 768w\" sizes=\"(max-width: 1154px) 100vw, 1154px\" \/>\t\t<\/div>\n\t\t\t\t<div class=\"elementor-portfolio-item__overlay\">\n\t\t\t\t<h3 class=\"elementor-portfolio-item__title\">\n\t\tHOTEL VIVA CALA MESQUIDA RESORT\t\t<\/h3>\n\t\t\t\t<\/div>\n\t\t\t\t<\/a>\n\t\t<\/article>\n\t\t\t\t<article class=\"elementor-portfolio-item elementor-post elementor-filter-226 post-15174 proyectos type-proyectos status-publish format-standard has-post-thumbnail hentry sector-hotels tipo-de-trabajo-navigation-esp-master-en-2 pais-spain\" role=\"listitem\">\n\t\t\t<a class=\"elementor-post__thumbnail__link\" href=\"https:\/\/esteling.com\/en\/proyectos\/hotel-st-regis-mardavall\/\">\n\t\t\t\t<div class=\"elementor-portfolio-item__img elementor-post__thumbnail\">\n\t\t\t<img loading=\"lazy\" decoding=\"async\" width=\"1135\" height=\"758\" src=\"https:\/\/esteling.com\/wp-content\/uploads\/2023\/09\/Hotel-St-Regis-Mardavall-Estel.webp\" class=\"attachment-full size-full wp-image-15168\" alt=\"Hotel St. Regis Mardavall - Ejecuci\u00f3n integral de las instalaciones de los restaurantes\" srcset=\"https:\/\/esteling.com\/wp-content\/uploads\/2023\/09\/Hotel-St-Regis-Mardavall-Estel.webp 1135w, https:\/\/esteling.com\/wp-content\/uploads\/2023\/09\/Hotel-St-Regis-Mardavall-Estel-600x401.webp 600w, https:\/\/esteling.com\/wp-content\/uploads\/2023\/09\/Hotel-St-Regis-Mardavall-Estel-768x513.webp 768w\" sizes=\"(max-width: 1135px) 100vw, 1135px\" \/>\t\t<\/div>\n\t\t\t\t<div class=\"elementor-portfolio-item__overlay\">\n\t\t\t\t<h3 class=\"elementor-portfolio-item__title\">\n\t\tHOTEL ST. REGIS MARDAVALL\t\t<\/h3>\n\t\t\t\t<\/div>\n\t\t\t\t<\/a>\n\t\t<\/article>\n\t\t\t\t<article class=\"elementor-portfolio-item elementor-post elementor-filter-226 post-15005 proyectos type-proyectos status-publish format-standard has-post-thumbnail hentry sector-hotels tipo-de-trabajo-navigation-esp-master-en-2 pais-portugal-en\" role=\"listitem\">\n\t\t\t<a class=\"elementor-post__thumbnail__link\" href=\"https:\/\/esteling.com\/en\/proyectos\/melia-gaia-porto\/\">\n\t\t\t\t<div class=\"elementor-portfolio-item__img elementor-post__thumbnail\">\n\t\t\t<img loading=\"lazy\" decoding=\"async\" width=\"1276\" height=\"1920\" src=\"https:\/\/esteling.com\/wp-content\/uploads\/2023\/05\/MeliaGaiaPorto0-Estel.jpeg\" class=\"attachment-full size-full wp-image-15001\" alt=\"Fachada del Hotel Meli\u00e1 Gaia Porto - Ejecuci\u00f3n integral de las instalaciones\" srcset=\"https:\/\/esteling.com\/wp-content\/uploads\/2023\/05\/MeliaGaiaPorto0-Estel.jpeg 1276w, https:\/\/esteling.com\/wp-content\/uploads\/2023\/05\/MeliaGaiaPorto0-Estel-399x600.jpeg 399w, https:\/\/esteling.com\/wp-content\/uploads\/2023\/05\/MeliaGaiaPorto0-Estel-768x1156.jpeg 768w, https:\/\/esteling.com\/wp-content\/uploads\/2023\/05\/MeliaGaiaPorto0-Estel-1021x1536.jpeg 1021w\" sizes=\"(max-width: 1276px) 100vw, 1276px\" \/>\t\t<\/div>\n\t\t\t\t<div class=\"elementor-portfolio-item__overlay\">\n\t\t\t\t<h3 class=\"elementor-portfolio-item__title\">\n\t\tMELI\u00c1 GAIA PORTO\t\t<\/h3>\n\t\t\t\t<\/div>\n\t\t\t\t<\/a>\n\t\t<\/article>\n\t\t\t\t<article class=\"elementor-portfolio-item elementor-post elementor-filter-226 post-14997 proyectos type-proyectos status-publish format-standard has-post-thumbnail hentry sector-hotels tipo-de-trabajo-navigation-esp-master-en-2 pais-alemania-en\" role=\"listitem\">\n\t\t\t<a class=\"elementor-post__thumbnail__link\" href=\"https:\/\/esteling.com\/en\/proyectos\/tryp-frankfurt\/\">\n\t\t\t\t<div class=\"elementor-portfolio-item__img elementor-post__thumbnail\">\n\t\t\t<img loading=\"lazy\" decoding=\"async\" width=\"1122\" height=\"784\" src=\"https:\/\/esteling.com\/wp-content\/uploads\/2023\/05\/tryp-frankfurt-estel.jpeg\" class=\"attachment-full size-full wp-image-14993\" alt=\"Fachada Hotel Tryp Frankfurt - Ejecuci\u00f3n integral de las instalaciones\" srcset=\"https:\/\/esteling.com\/wp-content\/uploads\/2023\/05\/tryp-frankfurt-estel.jpeg 1122w, https:\/\/esteling.com\/wp-content\/uploads\/2023\/05\/tryp-frankfurt-estel-600x419.jpeg 600w, https:\/\/esteling.com\/wp-content\/uploads\/2023\/05\/tryp-frankfurt-estel-768x537.jpeg 768w\" sizes=\"(max-width: 1122px) 100vw, 1122px\" \/>\t\t<\/div>\n\t\t\t\t<div class=\"elementor-portfolio-item__overlay\">\n\t\t\t\t<h3 class=\"elementor-portfolio-item__title\">\n\t\tTRYP FRANKFURT\t\t<\/h3>\n\t\t\t\t<\/div>\n\t\t\t\t<\/a>\n\t\t<\/article>\n\t\t\t\t<article class=\"elementor-portfolio-item elementor-post elementor-filter-226 post-14989 proyectos type-proyectos status-publish format-standard has-post-thumbnail hentry sector-hotels tipo-de-trabajo-navigation-esp-master-en-2 pais-italia-en\" role=\"listitem\">\n\t\t\t<a class=\"elementor-post__thumbnail__link\" href=\"https:\/\/esteling.com\/en\/proyectos\/grand-hotel-poltu-quatu\/\">\n\t\t\t\t<div class=\"elementor-portfolio-item__img elementor-post__thumbnail\">\n\t\t\t<img loading=\"lazy\" decoding=\"async\" width=\"1280\" height=\"960\" src=\"https:\/\/esteling.com\/wp-content\/uploads\/2023\/05\/hotel-poltu-estel.jpg\" class=\"attachment-full size-full wp-image-14985\" alt=\"Piscina del Grand Hotel Poltu Quatu - Ejecuci\u00f3n integral de las instalaciones\" srcset=\"https:\/\/esteling.com\/wp-content\/uploads\/2023\/05\/hotel-poltu-estel.jpg 1280w, https:\/\/esteling.com\/wp-content\/uploads\/2023\/05\/hotel-poltu-estel-600x450.jpg 600w, https:\/\/esteling.com\/wp-content\/uploads\/2023\/05\/hotel-poltu-estel-768x576.jpg 768w\" sizes=\"(max-width: 1280px) 100vw, 1280px\" \/>\t\t<\/div>\n\t\t\t\t<div class=\"elementor-portfolio-item__overlay\">\n\t\t\t\t<h3 class=\"elementor-portfolio-item__title\">\n\t\tGRAND HOTEL POLTU QUATU\t\t<\/h3>\n\t\t\t\t<\/div>\n\t\t\t\t<\/a>\n\t\t<\/article>\n\t\t\t\t<article class=\"elementor-portfolio-item elementor-post elementor-filter-226 post-14981 proyectos type-proyectos status-publish format-standard has-post-thumbnail hentry sector-hotels tipo-de-trabajo-navigation-esp-master-en-2 pais-francia-en\" role=\"listitem\">\n\t\t\t<a class=\"elementor-post__thumbnail__link\" href=\"https:\/\/esteling.com\/en\/proyectos\/tryp-paris-boulogne\/\">\n\t\t\t\t<div class=\"elementor-portfolio-item__img elementor-post__thumbnail\">\n\t\t\t<img loading=\"lazy\" decoding=\"async\" width=\"1920\" height=\"1496\" src=\"https:\/\/esteling.com\/wp-content\/uploads\/2023\/05\/TrypParisBoulogne-Estel.jpeg\" class=\"attachment-full size-full wp-image-14979\" alt=\"Fachada del Hotel Tryp Par\u00eds Boulogne - Ejecuci\u00f3n integral de las instalaciones\" srcset=\"https:\/\/esteling.com\/wp-content\/uploads\/2023\/05\/TrypParisBoulogne-Estel.jpeg 1920w, https:\/\/esteling.com\/wp-content\/uploads\/2023\/05\/TrypParisBoulogne-Estel-600x468.jpeg 600w, https:\/\/esteling.com\/wp-content\/uploads\/2023\/05\/TrypParisBoulogne-Estel-768x598.jpeg 768w, https:\/\/esteling.com\/wp-content\/uploads\/2023\/05\/TrypParisBoulogne-Estel-1536x1197.jpeg 1536w\" sizes=\"(max-width: 1920px) 100vw, 1920px\" \/>\t\t<\/div>\n\t\t\t\t<div class=\"elementor-portfolio-item__overlay\">\n\t\t\t\t<h3 class=\"elementor-portfolio-item__title\">\n\t\tTRYP PAR\u00cdS BOULOGNE\t\t<\/h3>\n\t\t\t\t<\/div>\n\t\t\t\t<\/a>\n\t\t<\/article>\n\t\t\t\t<article class=\"elementor-portfolio-item elementor-post elementor-filter-226 post-14975 proyectos type-proyectos status-publish format-standard has-post-thumbnail hentry sector-hotels tipo-de-trabajo-navigation-esp-master-en-2 pais-francia-en\" role=\"listitem\">\n\t\t\t<a class=\"elementor-post__thumbnail__link\" href=\"https:\/\/esteling.com\/en\/proyectos\/vendome\/\">\n\t\t\t\t<div class=\"elementor-portfolio-item__img elementor-post__thumbnail\">\n\t\t\t<img loading=\"lazy\" decoding=\"async\" width=\"919\" height=\"785\" src=\"https:\/\/esteling.com\/wp-content\/uploads\/2023\/05\/vendome-estel.jpeg\" class=\"attachment-full size-full wp-image-14965\" alt=\"Fachada del Hotel Vendome - Ejecuci\u00f3n de las instalaciones\" srcset=\"https:\/\/esteling.com\/wp-content\/uploads\/2023\/05\/vendome-estel.jpeg 919w, https:\/\/esteling.com\/wp-content\/uploads\/2023\/05\/vendome-estel-600x513.jpeg 600w, https:\/\/esteling.com\/wp-content\/uploads\/2023\/05\/vendome-estel-768x656.jpeg 768w\" sizes=\"(max-width: 919px) 100vw, 919px\" \/>\t\t<\/div>\n\t\t\t\t<div class=\"elementor-portfolio-item__overlay\">\n\t\t\t\t<h3 class=\"elementor-portfolio-item__title\">\n\t\tVENDOME\t\t<\/h3>\n\t\t\t\t<\/div>\n\t\t\t\t<\/a>\n\t\t<\/article>\n\t\t\t\t<article class=\"elementor-portfolio-item elementor-post elementor-filter-226 post-14961 proyectos type-proyectos status-publish format-standard has-post-thumbnail hentry sector-hotels tipo-de-trabajo-navigation-esp-master-en-2 pais-costa-rica-en\" role=\"listitem\">\n\t\t\t<a class=\"elementor-post__thumbnail__link\" href=\"https:\/\/esteling.com\/en\/proyectos\/melia-vacations-club\/\">\n\t\t\t\t<div class=\"elementor-portfolio-item__img elementor-post__thumbnail\">\n\t\t\t<img loading=\"lazy\" decoding=\"async\" width=\"500\" height=\"400\" src=\"https:\/\/esteling.com\/wp-content\/uploads\/2023\/05\/melia-puerto-rico-estel.jpg\" class=\"attachment-full size-full wp-image-14957\" alt=\"Piscina del Hotel Meli\u00e1 Vacations Club - Ejecuci\u00f3n de las instalaciones\" \/>\t\t<\/div>\n\t\t\t\t<div class=\"elementor-portfolio-item__overlay\">\n\t\t\t\t<h3 class=\"elementor-portfolio-item__title\">\n\t\tMELI\u00c1 VACATIONS CLUB\t\t<\/h3>\n\t\t\t\t<\/div>\n\t\t\t\t<\/a>\n\t\t<\/article>\n\t\t\t\t<article class=\"elementor-portfolio-item elementor-post elementor-filter-226 post-14953 proyectos type-proyectos status-publish format-standard has-post-thumbnail hentry sector-hotels tipo-de-trabajo-navigation-esp-master-en-2 pais-costa-rica-en\" role=\"listitem\">\n\t\t\t<a class=\"elementor-post__thumbnail__link\" href=\"https:\/\/esteling.com\/en\/proyectos\/royalton-papagayo\/\">\n\t\t\t\t<div class=\"elementor-portfolio-item__img elementor-post__thumbnail\">\n\t\t\t<img loading=\"lazy\" decoding=\"async\" width=\"1000\" height=\"500\" src=\"https:\/\/esteling.com\/wp-content\/uploads\/2023\/05\/royalton-papagayp-estel.jpg\" class=\"attachment-full size-full wp-image-14949\" alt=\"Panor\u00e1mica del Hotel Royalton Papagayo - Ejecuci\u00f3n de las instalaciones\" srcset=\"https:\/\/esteling.com\/wp-content\/uploads\/2023\/05\/royalton-papagayp-estel.jpg 1000w, https:\/\/esteling.com\/wp-content\/uploads\/2023\/05\/royalton-papagayp-estel-600x300.jpg 600w, https:\/\/esteling.com\/wp-content\/uploads\/2023\/05\/royalton-papagayp-estel-768x384.jpg 768w\" sizes=\"(max-width: 1000px) 100vw, 1000px\" \/>\t\t<\/div>\n\t\t\t\t<div class=\"elementor-portfolio-item__overlay\">\n\t\t\t\t<h3 class=\"elementor-portfolio-item__title\">\n\t\tROYALTON PAPAGAYO\t\t<\/h3>\n\t\t\t\t<\/div>\n\t\t\t\t<\/a>\n\t\t<\/article>\n\t\t\t\t<article class=\"elementor-portfolio-item elementor-post elementor-filter-226 post-14936 proyectos type-proyectos status-publish format-standard has-post-thumbnail hentry sector-hotels tipo-de-trabajo-navigation-esp-master-en-2 pais-spain\" role=\"listitem\">\n\t\t\t<a class=\"elementor-post__thumbnail__link\" href=\"https:\/\/esteling.com\/en\/proyectos\/paradisus-gran-canaria\/\">\n\t\t\t\t<div class=\"elementor-portfolio-item__img elementor-post__thumbnail\">\n\t\t\t<img loading=\"lazy\" decoding=\"async\" width=\"1590\" height=\"738\" src=\"https:\/\/esteling.com\/wp-content\/uploads\/2023\/04\/Paradisus-gran-canaria-esteling-2.jpeg\" class=\"attachment-full size-full wp-image-14930\" alt=\"Restaurante del Hotel Paradisus Gran Canaria - Remodelaci\u00f3n de las instalaciones\" srcset=\"https:\/\/esteling.com\/wp-content\/uploads\/2023\/04\/Paradisus-gran-canaria-esteling-2.jpeg 1590w, https:\/\/esteling.com\/wp-content\/uploads\/2023\/04\/Paradisus-gran-canaria-esteling-2-600x278.jpeg 600w, https:\/\/esteling.com\/wp-content\/uploads\/2023\/04\/Paradisus-gran-canaria-esteling-2-768x356.jpeg 768w, https:\/\/esteling.com\/wp-content\/uploads\/2023\/04\/Paradisus-gran-canaria-esteling-2-1536x713.jpeg 1536w\" sizes=\"(max-width: 1590px) 100vw, 1590px\" \/>\t\t<\/div>\n\t\t\t\t<div class=\"elementor-portfolio-item__overlay\">\n\t\t\t\t<h3 class=\"elementor-portfolio-item__title\">\n\t\tPARADISUS GRAN CANARIA\t\t<\/h3>\n\t\t\t\t<\/div>\n\t\t\t\t<\/a>\n\t\t<\/article>\n\t\t\t\t<article class=\"elementor-portfolio-item elementor-post elementor-filter-226 post-14869 proyectos type-proyectos status-publish format-standard has-post-thumbnail hentry sector-hotels tipo-de-trabajo-navigation-esp-master-en-2 pais-spain\" role=\"listitem\">\n\t\t\t<a class=\"elementor-post__thumbnail__link\" href=\"https:\/\/esteling.com\/en\/proyectos\/prinsotel-la-caleta\/\">\n\t\t\t\t<div class=\"elementor-portfolio-item__img elementor-post__thumbnail\">\n\t\t\t<img loading=\"lazy\" decoding=\"async\" width=\"1920\" height=\"1080\" src=\"https:\/\/esteling.com\/wp-content\/uploads\/2023\/02\/Prinsotel_la_Caleta.jpg\" class=\"attachment-full size-full wp-image-14865\" alt=\"Panor\u00e1mica del Hotel Prinsotel La Caleta - Remodelaci\u00f3n de las instalaciones\" srcset=\"https:\/\/esteling.com\/wp-content\/uploads\/2023\/02\/Prinsotel_la_Caleta.jpg 1920w, https:\/\/esteling.com\/wp-content\/uploads\/2023\/02\/Prinsotel_la_Caleta-600x338.jpg 600w, https:\/\/esteling.com\/wp-content\/uploads\/2023\/02\/Prinsotel_la_Caleta-768x432.jpg 768w, https:\/\/esteling.com\/wp-content\/uploads\/2023\/02\/Prinsotel_la_Caleta-1536x864.jpg 1536w\" sizes=\"(max-width: 1920px) 100vw, 1920px\" \/>\t\t<\/div>\n\t\t\t\t<div class=\"elementor-portfolio-item__overlay\">\n\t\t\t\t<h3 class=\"elementor-portfolio-item__title\">\n\t\tPRINSOTEL LA CALETA\t\t<\/h3>\n\t\t\t\t<\/div>\n\t\t\t\t<\/a>\n\t\t<\/article>\n\t\t\t\t<article class=\"elementor-portfolio-item elementor-post elementor-filter-226 post-14859 proyectos type-proyectos status-publish format-standard has-post-thumbnail hentry sector-hotels tipo-de-trabajo-navigation-esp-master-en-2 pais-spain\" role=\"listitem\">\n\t\t\t<a class=\"elementor-post__thumbnail__link\" href=\"https:\/\/esteling.com\/en\/proyectos\/prinsotel-la-dorada\/\">\n\t\t\t\t<div class=\"elementor-portfolio-item__img elementor-post__thumbnail\">\n\t\t\t<img loading=\"lazy\" decoding=\"async\" width=\"1920\" height=\"1080\" src=\"https:\/\/esteling.com\/wp-content\/uploads\/2023\/02\/La_dorada-ubicacion.jpg\" class=\"attachment-full size-full wp-image-14853\" alt=\"Restaurante del Hotel Prinsotel La Dorada - Remodelaci\u00f3n de las instalaciones\" srcset=\"https:\/\/esteling.com\/wp-content\/uploads\/2023\/02\/La_dorada-ubicacion.jpg 1920w, https:\/\/esteling.com\/wp-content\/uploads\/2023\/02\/La_dorada-ubicacion-600x338.jpg 600w, https:\/\/esteling.com\/wp-content\/uploads\/2023\/02\/La_dorada-ubicacion-768x432.jpg 768w, https:\/\/esteling.com\/wp-content\/uploads\/2023\/02\/La_dorada-ubicacion-1536x864.jpg 1536w\" sizes=\"(max-width: 1920px) 100vw, 1920px\" \/>\t\t<\/div>\n\t\t\t\t<div class=\"elementor-portfolio-item__overlay\">\n\t\t\t\t<h3 class=\"elementor-portfolio-item__title\">\n\t\tPRINSOTEL LA DORADA\t\t<\/h3>\n\t\t\t\t<\/div>\n\t\t\t\t<\/a>\n\t\t<\/article>\n\t\t\t\t<article class=\"elementor-portfolio-item elementor-post elementor-filter-226 post-14849 proyectos type-proyectos status-publish format-standard has-post-thumbnail hentry sector-hotels tipo-de-trabajo-navigation-esp-master-en-2 pais-uk\" role=\"listitem\">\n\t\t\t<a class=\"elementor-post__thumbnail__link\" href=\"https:\/\/esteling.com\/en\/proyectos\/the-caesar\/\">\n\t\t\t\t<div class=\"elementor-portfolio-item__img elementor-post__thumbnail\">\n\t\t\t<img loading=\"lazy\" decoding=\"async\" width=\"1953\" height=\"1300\" src=\"https:\/\/esteling.com\/wp-content\/uploads\/2023\/02\/caesar-hotel-londres.jpeg\" class=\"attachment-full size-full wp-image-14845\" alt=\"Fachada iluminada del Hotel The Caesar - Remodelaci\u00f3n de las instalaciones\" srcset=\"https:\/\/esteling.com\/wp-content\/uploads\/2023\/02\/caesar-hotel-londres.jpeg 1953w, https:\/\/esteling.com\/wp-content\/uploads\/2023\/02\/caesar-hotel-londres-600x399.jpeg 600w, https:\/\/esteling.com\/wp-content\/uploads\/2023\/02\/caesar-hotel-londres-1920x1278.jpeg 1920w, https:\/\/esteling.com\/wp-content\/uploads\/2023\/02\/caesar-hotel-londres-768x511.jpeg 768w, https:\/\/esteling.com\/wp-content\/uploads\/2023\/02\/caesar-hotel-londres-1536x1022.jpeg 1536w\" sizes=\"(max-width: 1953px) 100vw, 1953px\" \/>\t\t<\/div>\n\t\t\t\t<div class=\"elementor-portfolio-item__overlay\">\n\t\t\t\t<h3 class=\"elementor-portfolio-item__title\">\n\t\tTHE CAESAR\t\t<\/h3>\n\t\t\t\t<\/div>\n\t\t\t\t<\/a>\n\t\t<\/article>\n\t\t\t\t<article class=\"elementor-portfolio-item elementor-post elementor-filter-226 post-14841 proyectos type-proyectos status-publish format-standard has-post-thumbnail hentry sector-hotels tipo-de-trabajo-navigation-esp-master-en-2 pais-mexico-en\" role=\"listitem\">\n\t\t\t<a class=\"elementor-post__thumbnail__link\" href=\"https:\/\/esteling.com\/en\/proyectos\/sha-wellness-clinic-cancun\/\">\n\t\t\t\t<div class=\"elementor-portfolio-item__img elementor-post__thumbnail\">\n\t\t\t<img loading=\"lazy\" decoding=\"async\" width=\"700\" height=\"700\" src=\"https:\/\/esteling.com\/wp-content\/uploads\/2023\/02\/sha-wellness.jpeg\" class=\"attachment-full size-full wp-image-14839\" alt=\"Vistas al mar del Hotel Sha Wellness Clinic Canc\u00fan - Ejecuci\u00f3n de las instalaciones\" srcset=\"https:\/\/esteling.com\/wp-content\/uploads\/2023\/02\/sha-wellness.jpeg 700w, https:\/\/esteling.com\/wp-content\/uploads\/2023\/02\/sha-wellness-600x600.jpeg 600w, https:\/\/esteling.com\/wp-content\/uploads\/2023\/02\/sha-wellness-150x150.jpeg 150w\" sizes=\"(max-width: 700px) 100vw, 700px\" \/>\t\t<\/div>\n\t\t\t\t<div class=\"elementor-portfolio-item__overlay\">\n\t\t\t\t<h3 class=\"elementor-portfolio-item__title\">\n\t\tSHA WELLNESS CLINIC CANC\u00daN\t\t<\/h3>\n\t\t\t\t<\/div>\n\t\t\t\t<\/a>\n\t\t<\/article>\n\t\t\t\t<article class=\"elementor-portfolio-item elementor-post elementor-filter-225 post-14833 proyectos type-proyectos status-publish format-standard has-post-thumbnail hentry sector-culture tipo-de-trabajo-navigation-esp-master-en-2 pais-spain\" role=\"listitem\">\n\t\t\t<a class=\"elementor-post__thumbnail__link\" href=\"https:\/\/esteling.com\/en\/proyectos\/teatro-albeniz\/\">\n\t\t\t\t<div class=\"elementor-portfolio-item__img elementor-post__thumbnail\">\n\t\t\t<img loading=\"lazy\" decoding=\"async\" width=\"1024\" height=\"683\" src=\"https:\/\/esteling.com\/wp-content\/uploads\/2023\/02\/teatro-albeniz-madrid-1024x683-1.jpg\" class=\"attachment-full size-full wp-image-14829\" alt=\"Sala del Teatro Alb\u00e9niz Madrid - Ejecuci\u00f3n de las instalaciones\" srcset=\"https:\/\/esteling.com\/wp-content\/uploads\/2023\/02\/teatro-albeniz-madrid-1024x683-1.jpg 1024w, https:\/\/esteling.com\/wp-content\/uploads\/2023\/02\/teatro-albeniz-madrid-1024x683-1-600x400.jpg 600w, https:\/\/esteling.com\/wp-content\/uploads\/2023\/02\/teatro-albeniz-madrid-1024x683-1-768x512.jpg 768w\" sizes=\"(max-width: 1024px) 100vw, 1024px\" \/>\t\t<\/div>\n\t\t\t\t<div class=\"elementor-portfolio-item__overlay\">\n\t\t\t\t<h3 class=\"elementor-portfolio-item__title\">\n\t\tTEATRO ALBENIZ\t\t<\/h3>\n\t\t\t\t<\/div>\n\t\t\t\t<\/a>\n\t\t<\/article>\n\t\t\t\t<article class=\"elementor-portfolio-item elementor-post elementor-filter-226 post-14823 proyectos type-proyectos status-publish format-standard has-post-thumbnail hentry sector-hotels tipo-de-trabajo-navigation-esp-master-en-2 pais-spain\" role=\"listitem\">\n\t\t\t<a class=\"elementor-post__thumbnail__link\" href=\"https:\/\/esteling.com\/en\/proyectos\/tent-palmanova\/\">\n\t\t\t\t<div class=\"elementor-portfolio-item__img elementor-post__thumbnail\">\n\t\t\t<img loading=\"lazy\" decoding=\"async\" width=\"1315\" height=\"870\" src=\"https:\/\/esteling.com\/wp-content\/uploads\/2023\/02\/tent-hotels.jpeg\" class=\"attachment-full size-full wp-image-14821\" alt=\"Terraza Bar del Hotel Tent Palmanova - Remodelaci\u00f3n de las instalaciones\" srcset=\"https:\/\/esteling.com\/wp-content\/uploads\/2023\/02\/tent-hotels.jpeg 1315w, https:\/\/esteling.com\/wp-content\/uploads\/2023\/02\/tent-hotels-600x397.jpeg 600w, https:\/\/esteling.com\/wp-content\/uploads\/2023\/02\/tent-hotels-768x508.jpeg 768w\" sizes=\"(max-width: 1315px) 100vw, 1315px\" \/>\t\t<\/div>\n\t\t\t\t<div class=\"elementor-portfolio-item__overlay\">\n\t\t\t\t<h3 class=\"elementor-portfolio-item__title\">\n\t\tTENT PALMANOVA\t\t<\/h3>\n\t\t\t\t<\/div>\n\t\t\t\t<\/a>\n\t\t<\/article>\n\t\t\t\t<article class=\"elementor-portfolio-item elementor-post elementor-filter-226 post-14746 proyectos type-proyectos status-publish format-standard has-post-thumbnail hentry sector-hotels tipo-de-trabajo-navigation-esp-master-en-2 pais-spain\" role=\"listitem\">\n\t\t\t<a class=\"elementor-post__thumbnail__link\" href=\"https:\/\/esteling.com\/en\/proyectos\/melia-villa-le-blanc\/\">\n\t\t\t\t<div class=\"elementor-portfolio-item__img elementor-post__thumbnail\">\n\t\t\t<img loading=\"lazy\" decoding=\"async\" width=\"1200\" height=\"680\" src=\"https:\/\/esteling.com\/wp-content\/uploads\/2023\/01\/DHSHSHSF.jpg\" class=\"attachment-full size-full wp-image-14872\" alt=\"Restaurante del hotel Meli\u00e1 Villa Le Blanc - Remodelaci\u00f3n de las instalaciones\" srcset=\"https:\/\/esteling.com\/wp-content\/uploads\/2023\/01\/DHSHSHSF.jpg 1200w, https:\/\/esteling.com\/wp-content\/uploads\/2023\/01\/DHSHSHSF-600x340.jpg 600w, https:\/\/esteling.com\/wp-content\/uploads\/2023\/01\/DHSHSHSF-768x435.jpg 768w\" sizes=\"(max-width: 1200px) 100vw, 1200px\" \/>\t\t<\/div>\n\t\t\t\t<div class=\"elementor-portfolio-item__overlay\">\n\t\t\t\t<h3 class=\"elementor-portfolio-item__title\">\n\t\tMELI\u00c1 VILLA LE BLANC\t\t<\/h3>\n\t\t\t\t<\/div>\n\t\t\t\t<\/a>\n\t\t<\/article>\n\t\t\t\t<article class=\"elementor-portfolio-item elementor-post elementor-filter-226 post-14615 proyectos type-proyectos status-publish format-standard has-post-thumbnail hentry sector-hotels tipo-de-trabajo-navigation-esp-master-en-2 pais-spain\" role=\"listitem\">\n\t\t\t<a class=\"elementor-post__thumbnail__link\" href=\"https:\/\/esteling.com\/en\/proyectos\/barcelo-aguamarina\/\">\n\t\t\t\t<div class=\"elementor-portfolio-item__img elementor-post__thumbnail\">\n\t\t\t<img loading=\"lazy\" decoding=\"async\" width=\"1000\" height=\"500\" src=\"https:\/\/esteling.com\/wp-content\/uploads\/2022\/08\/1639492327676.jpg\" class=\"attachment-full size-full wp-image-14605\" alt=\"Piscina del hotel Barcel\u00f3 Aguamarina - Remodelaci\u00f3n de las instalaciones\" srcset=\"https:\/\/esteling.com\/wp-content\/uploads\/2022\/08\/1639492327676.jpg 1000w, https:\/\/esteling.com\/wp-content\/uploads\/2022\/08\/1639492327676-600x300.jpg 600w, https:\/\/esteling.com\/wp-content\/uploads\/2022\/08\/1639492327676-768x384.jpg 768w\" sizes=\"(max-width: 1000px) 100vw, 1000px\" \/>\t\t<\/div>\n\t\t\t\t<div class=\"elementor-portfolio-item__overlay\">\n\t\t\t\t<h3 class=\"elementor-portfolio-item__title\">\n\t\tBARCEL\u00d3 AGUAMARINA\t\t<\/h3>\n\t\t\t\t<\/div>\n\t\t\t\t<\/a>\n\t\t<\/article>\n\t\t\t\t<article class=\"elementor-portfolio-item elementor-post elementor-filter-226 post-14601 proyectos type-proyectos status-publish format-standard has-post-thumbnail hentry sector-hotels tipo-de-trabajo-navigation-esp-master-en-2 pais-mexico-en\" role=\"listitem\">\n\t\t\t<a class=\"elementor-post__thumbnail__link\" href=\"https:\/\/esteling.com\/en\/proyectos\/paradisus-cancun\/\">\n\t\t\t\t<div class=\"elementor-portfolio-item__img elementor-post__thumbnail\">\n\t\t\t<img loading=\"lazy\" decoding=\"async\" width=\"1600\" height=\"1147\" src=\"https:\/\/esteling.com\/wp-content\/uploads\/2022\/08\/paradisus-cancun-esteling-3.jpeg\" class=\"attachment-full size-full wp-image-14593\" alt=\"Vista a\u00e9rea panor\u00e1mica del hotel Paradisus Canc\u00fan - Remodelaci\u00f3n de las instalaciones\" srcset=\"https:\/\/esteling.com\/wp-content\/uploads\/2022\/08\/paradisus-cancun-esteling-3.jpeg 1600w, https:\/\/esteling.com\/wp-content\/uploads\/2022\/08\/paradisus-cancun-esteling-3-600x430.jpeg 600w, https:\/\/esteling.com\/wp-content\/uploads\/2022\/08\/paradisus-cancun-esteling-3-768x551.jpeg 768w, https:\/\/esteling.com\/wp-content\/uploads\/2022\/08\/paradisus-cancun-esteling-3-1536x1101.jpeg 1536w\" sizes=\"(max-width: 1600px) 100vw, 1600px\" \/>\t\t<\/div>\n\t\t\t\t<div class=\"elementor-portfolio-item__overlay\">\n\t\t\t\t<h3 class=\"elementor-portfolio-item__title\">\n\t\tPARADISUS CANC\u00daN\t\t<\/h3>\n\t\t\t\t<\/div>\n\t\t\t\t<\/a>\n\t\t<\/article>\n\t\t\t\t<article class=\"elementor-portfolio-item elementor-post elementor-filter-226 post-14587 proyectos type-proyectos status-publish format-standard has-post-thumbnail hentry sector-hotels tipo-de-trabajo-navigation-esp-master-en-2 pais-spain\" role=\"listitem\">\n\t\t\t<a class=\"elementor-post__thumbnail__link\" href=\"https:\/\/esteling.com\/en\/proyectos\/barcelo-fuerteventura-mar\/\">\n\t\t\t\t<div class=\"elementor-portfolio-item__img elementor-post__thumbnail\">\n\t\t\t<img loading=\"lazy\" decoding=\"async\" width=\"1000\" height=\"500\" src=\"https:\/\/esteling.com\/wp-content\/uploads\/2022\/08\/1639577952141.jpg\" class=\"attachment-full size-full wp-image-14582\" alt=\"Bar piscina del hotel Barcel\u00f3 Fuerteventura Mar - Remodelaci\u00f3n de las instalaciones\" srcset=\"https:\/\/esteling.com\/wp-content\/uploads\/2022\/08\/1639577952141.jpg 1000w, https:\/\/esteling.com\/wp-content\/uploads\/2022\/08\/1639577952141-600x300.jpg 600w, https:\/\/esteling.com\/wp-content\/uploads\/2022\/08\/1639577952141-768x384.jpg 768w\" sizes=\"(max-width: 1000px) 100vw, 1000px\" \/>\t\t<\/div>\n\t\t\t\t<div class=\"elementor-portfolio-item__overlay\">\n\t\t\t\t<h3 class=\"elementor-portfolio-item__title\">\n\t\tBARCEL\u00d3 FUERTEVENTURA MAR\t\t<\/h3>\n\t\t\t\t<\/div>\n\t\t\t\t<\/a>\n\t\t<\/article>\n\t\t\t\t<article class=\"elementor-portfolio-item elementor-post elementor-filter-226 post-14549 proyectos type-proyectos status-publish format-standard has-post-thumbnail hentry sector-hotels tipo-de-trabajo-navigation-esp-master-en tipo-de-trabajo-navigation-esp-master-en-2 pais-spain\" role=\"listitem\">\n\t\t\t<a class=\"elementor-post__thumbnail__link\" href=\"https:\/\/esteling.com\/en\/proyectos\/purohotel-palma-boutique-hotel\/\">\n\t\t\t\t<div class=\"elementor-portfolio-item__img elementor-post__thumbnail\">\n\t\t\t<img loading=\"lazy\" decoding=\"async\" width=\"1284\" height=\"821\" src=\"https:\/\/esteling.com\/wp-content\/uploads\/2022\/06\/puro-hotels-2.jpg\" class=\"attachment-full size-full wp-image-14541\" alt=\"Patio interior del Purohotel Palma Boutique Hotel - Ejecuci\u00f3n de las instalaciones\" srcset=\"https:\/\/esteling.com\/wp-content\/uploads\/2022\/06\/puro-hotels-2.jpg 1284w, https:\/\/esteling.com\/wp-content\/uploads\/2022\/06\/puro-hotels-2-600x384.jpg 600w, https:\/\/esteling.com\/wp-content\/uploads\/2022\/06\/puro-hotels-2-768x491.jpg 768w\" sizes=\"(max-width: 1284px) 100vw, 1284px\" \/>\t\t<\/div>\n\t\t\t\t<div class=\"elementor-portfolio-item__overlay\">\n\t\t\t\t<h3 class=\"elementor-portfolio-item__title\">\n\t\tPurohotel Palma \u2013 Boutique Hotel\t\t<\/h3>\n\t\t\t\t<\/div>\n\t\t\t\t<\/a>\n\t\t<\/article>\n\t\t\t\t<article class=\"elementor-portfolio-item elementor-post elementor-filter-225 post-14534 proyectos type-proyectos status-publish format-standard has-post-thumbnail hentry sector-culture tipo-de-trabajo-navigation-esp-master-en-2 pais-mexico-en\" role=\"listitem\">\n\t\t\t<a class=\"elementor-post__thumbnail__link\" href=\"https:\/\/esteling.com\/en\/proyectos\/teatro-vidanta\/\">\n\t\t\t\t<div class=\"elementor-portfolio-item__img elementor-post__thumbnail\">\n\t\t\t<img loading=\"lazy\" decoding=\"async\" width=\"1600\" height=\"1066\" src=\"https:\/\/esteling.com\/wp-content\/uploads\/2022\/06\/teatro-vidanta.jpg\" class=\"attachment-full size-full wp-image-14528\" alt=\"Panor\u00e1mica del Teatro Vidanta - Ejecuci\u00f3n integral de las instalaciones\" srcset=\"https:\/\/esteling.com\/wp-content\/uploads\/2022\/06\/teatro-vidanta.jpg 1600w, https:\/\/esteling.com\/wp-content\/uploads\/2022\/06\/teatro-vidanta-600x400.jpg 600w, https:\/\/esteling.com\/wp-content\/uploads\/2022\/06\/teatro-vidanta-768x512.jpg 768w, https:\/\/esteling.com\/wp-content\/uploads\/2022\/06\/teatro-vidanta-1536x1023.jpg 1536w\" sizes=\"(max-width: 1600px) 100vw, 1600px\" \/>\t\t<\/div>\n\t\t\t\t<div class=\"elementor-portfolio-item__overlay\">\n\t\t\t\t<h3 class=\"elementor-portfolio-item__title\">\n\t\tTeatro Vidanta\t\t<\/h3>\n\t\t\t\t<\/div>\n\t\t\t\t<\/a>\n\t\t<\/article>\n\t\t\t\t<article class=\"elementor-portfolio-item elementor-post elementor-filter-226 post-14518 proyectos type-proyectos status-publish format-standard has-post-thumbnail hentry sector-hotels tipo-de-trabajo-navigation-esp-master-en-2 pais-dominican-republic\" role=\"listitem\">\n\t\t\t<a class=\"elementor-post__thumbnail__link\" href=\"https:\/\/esteling.com\/en\/proyectos\/hard-rock-punta-cana-hotel-casino-resort\/\">\n\t\t\t\t<div class=\"elementor-portfolio-item__img elementor-post__thumbnail\">\n\t\t\t<img loading=\"lazy\" decoding=\"async\" width=\"1600\" height=\"1067\" src=\"https:\/\/esteling.com\/wp-content\/uploads\/2022\/06\/HRHC_Punta_Cana_Exterior_Dusk.jpeg\" class=\"attachment-full size-full wp-image-14514\" alt=\"Spa Hard Rock Punta Cana Hotel &amp; Casino Resort - Ejecuci\u00f3n de las instalaciones\" srcset=\"https:\/\/esteling.com\/wp-content\/uploads\/2022\/06\/HRHC_Punta_Cana_Exterior_Dusk.jpeg 1600w, https:\/\/esteling.com\/wp-content\/uploads\/2022\/06\/HRHC_Punta_Cana_Exterior_Dusk-600x400.jpeg 600w, https:\/\/esteling.com\/wp-content\/uploads\/2022\/06\/HRHC_Punta_Cana_Exterior_Dusk-768x512.jpeg 768w, https:\/\/esteling.com\/wp-content\/uploads\/2022\/06\/HRHC_Punta_Cana_Exterior_Dusk-1536x1024.jpeg 1536w\" sizes=\"(max-width: 1600px) 100vw, 1600px\" \/>\t\t<\/div>\n\t\t\t\t<div class=\"elementor-portfolio-item__overlay\">\n\t\t\t\t<h3 class=\"elementor-portfolio-item__title\">\n\t\tHard Rock Punta Cana Hotel &#038; Casino Resort\t\t<\/h3>\n\t\t\t\t<\/div>\n\t\t\t\t<\/a>\n\t\t<\/article>\n\t\t\t\t<article class=\"elementor-portfolio-item elementor-post elementor-filter-226 post-14500 proyectos type-proyectos status-publish format-standard has-post-thumbnail hentry sector-hotels tipo-de-trabajo-navigation-esp-master-en-2 pais-mexico-en\" role=\"listitem\">\n\t\t\t<a class=\"elementor-post__thumbnail__link\" href=\"https:\/\/esteling.com\/en\/proyectos\/melia-puerto-vallarta\/\">\n\t\t\t\t<div class=\"elementor-portfolio-item__img elementor-post__thumbnail\">\n\t\t\t<img loading=\"lazy\" decoding=\"async\" width=\"1343\" height=\"832\" src=\"https:\/\/esteling.com\/wp-content\/uploads\/2022\/06\/melia-puerto-vallarta-3.jpg\" class=\"attachment-full size-full wp-image-14484\" alt=\"Piscina principal y vistas al mar del hotel Meli\u00e1 Puerto Vallarta - Ejecuci\u00f3n integral de las instalaciones\" srcset=\"https:\/\/esteling.com\/wp-content\/uploads\/2022\/06\/melia-puerto-vallarta-3.jpg 1343w, https:\/\/esteling.com\/wp-content\/uploads\/2022\/06\/melia-puerto-vallarta-3-600x372.jpg 600w, https:\/\/esteling.com\/wp-content\/uploads\/2022\/06\/melia-puerto-vallarta-3-768x476.jpg 768w\" sizes=\"(max-width: 1343px) 100vw, 1343px\" \/>\t\t<\/div>\n\t\t\t\t<div class=\"elementor-portfolio-item__overlay\">\n\t\t\t\t<h3 class=\"elementor-portfolio-item__title\">\n\t\tMeli\u00e1 Puerto Vallarta\t\t<\/h3>\n\t\t\t\t<\/div>\n\t\t\t\t<\/a>\n\t\t<\/article>\n\t\t\t\t<article class=\"elementor-portfolio-item elementor-post elementor-filter-226 post-14371 proyectos type-proyectos status-publish format-standard has-post-thumbnail hentry sector-hotels tipo-de-trabajo-navigation-esp-master-en-2 pais-spain\" role=\"listitem\">\n\t\t\t<a class=\"elementor-post__thumbnail__link\" href=\"https:\/\/esteling.com\/en\/proyectos\/viva-eden-lago\/\">\n\t\t\t\t<div class=\"elementor-portfolio-item__img elementor-post__thumbnail\">\n\t\t\t<img loading=\"lazy\" decoding=\"async\" width=\"1024\" height=\"683\" src=\"https:\/\/esteling.com\/wp-content\/uploads\/2022\/02\/VIVAEdenLago4.jpg\" class=\"attachment-full size-full wp-image-14369\" alt=\"Piscina del hotel VIVA Eden Lago - Ejecuci\u00f3n integral de las instalaciones\" srcset=\"https:\/\/esteling.com\/wp-content\/uploads\/2022\/02\/VIVAEdenLago4.jpg 1024w, https:\/\/esteling.com\/wp-content\/uploads\/2022\/02\/VIVAEdenLago4-600x400.jpg 600w, https:\/\/esteling.com\/wp-content\/uploads\/2022\/02\/VIVAEdenLago4-768x512.jpg 768w\" sizes=\"(max-width: 1024px) 100vw, 1024px\" \/>\t\t<\/div>\n\t\t\t\t<div class=\"elementor-portfolio-item__overlay\">\n\t\t\t\t<h3 class=\"elementor-portfolio-item__title\">\n\t\tVIVA Eden Lago\t\t<\/h3>\n\t\t\t\t<\/div>\n\t\t\t\t<\/a>\n\t\t<\/article>\n\t\t\t\t<article class=\"elementor-portfolio-item elementor-post elementor-filter-226 post-14359 proyectos type-proyectos status-publish format-standard has-post-thumbnail hentry sector-hotels tipo-de-trabajo-navigation-esp-master-en-2 pais-spain\" role=\"listitem\">\n\t\t\t<a class=\"elementor-post__thumbnail__link\" href=\"https:\/\/esteling.com\/en\/proyectos\/hotel-senses-santa-ponsa\/\">\n\t\t\t\t<div class=\"elementor-portfolio-item__img elementor-post__thumbnail\">\n\t\t\t<img loading=\"lazy\" decoding=\"async\" width=\"1280\" height=\"772\" src=\"https:\/\/esteling.com\/wp-content\/uploads\/2022\/02\/SensesSantaPonsa3.jpg\" class=\"attachment-full size-full wp-image-14353\" alt=\"Fachada del Hotel Senses Santa Ponsa - Ejecuci\u00f3n de las instalaciones de energ\u00eda renovable\" srcset=\"https:\/\/esteling.com\/wp-content\/uploads\/2022\/02\/SensesSantaPonsa3.jpg 1280w, https:\/\/esteling.com\/wp-content\/uploads\/2022\/02\/SensesSantaPonsa3-600x362.jpg 600w, https:\/\/esteling.com\/wp-content\/uploads\/2022\/02\/SensesSantaPonsa3-768x463.jpg 768w\" sizes=\"(max-width: 1280px) 100vw, 1280px\" \/>\t\t<\/div>\n\t\t\t\t<div class=\"elementor-portfolio-item__overlay\">\n\t\t\t\t<h3 class=\"elementor-portfolio-item__title\">\n\t\tHotel Senses Santa Ponsa\t\t<\/h3>\n\t\t\t\t<\/div>\n\t\t\t\t<\/a>\n\t\t<\/article>\n\t\t\t\t<article class=\"elementor-portfolio-item elementor-post elementor-filter-213 post-14345 proyectos type-proyectos status-publish format-standard has-post-thumbnail hentry sector-infrastructures tipo-de-trabajo-navigation-esp-master-en-2 pais-spain\" role=\"listitem\">\n\t\t\t<a class=\"elementor-post__thumbnail__link\" href=\"https:\/\/esteling.com\/en\/proyectos\/volkswagen-llucmajor\/\">\n\t\t\t\t<div class=\"elementor-portfolio-item__img elementor-post__thumbnail\">\n\t\t\t<img loading=\"lazy\" decoding=\"async\" width=\"1600\" height=\"1226\" src=\"https:\/\/esteling.com\/wp-content\/uploads\/2022\/02\/VolkswagenLlucmajor-esteling.jpeg\" class=\"attachment-full size-full wp-image-14339\" alt=\"Placas fotovolt\u00e1icas de Volkswagen Llucmajor - Ejecuci\u00f3n de las instalaciones de energ\u00eda renovable\" srcset=\"https:\/\/esteling.com\/wp-content\/uploads\/2022\/02\/VolkswagenLlucmajor-esteling.jpeg 1600w, https:\/\/esteling.com\/wp-content\/uploads\/2022\/02\/VolkswagenLlucmajor-esteling-600x460.jpeg 600w, https:\/\/esteling.com\/wp-content\/uploads\/2022\/02\/VolkswagenLlucmajor-esteling-768x588.jpeg 768w, https:\/\/esteling.com\/wp-content\/uploads\/2022\/02\/VolkswagenLlucmajor-esteling-1536x1177.jpeg 1536w\" sizes=\"(max-width: 1600px) 100vw, 1600px\" \/>\t\t<\/div>\n\t\t\t\t<div class=\"elementor-portfolio-item__overlay\">\n\t\t\t\t<h3 class=\"elementor-portfolio-item__title\">\n\t\tVolkswagen Llucmajor\t\t<\/h3>\n\t\t\t\t<\/div>\n\t\t\t\t<\/a>\n\t\t<\/article>\n\t\t\t\t<article class=\"elementor-portfolio-item elementor-post elementor-filter-226 post-14335 proyectos type-proyectos status-publish format-standard has-post-thumbnail hentry sector-hotels tipo-de-trabajo-navigation-esp-master-en-2 pais-spain\" role=\"listitem\">\n\t\t\t<a class=\"elementor-post__thumbnail__link\" href=\"https:\/\/esteling.com\/en\/proyectos\/hm-palma-blanc\/\">\n\t\t\t\t<div class=\"elementor-portfolio-item__img elementor-post__thumbnail\">\n\t\t\t<img loading=\"lazy\" decoding=\"async\" width=\"1920\" height=\"1200\" src=\"https:\/\/esteling.com\/wp-content\/uploads\/2022\/02\/HMPalmaBlanc2.jpg\" class=\"attachment-full size-full wp-image-14331\" alt=\"Piscina del hotel HM Palma Blanc - Ejecuci\u00f3n integral de las instalaciones\" srcset=\"https:\/\/esteling.com\/wp-content\/uploads\/2022\/02\/HMPalmaBlanc2.jpg 1920w, https:\/\/esteling.com\/wp-content\/uploads\/2022\/02\/HMPalmaBlanc2-600x375.jpg 600w, https:\/\/esteling.com\/wp-content\/uploads\/2022\/02\/HMPalmaBlanc2-768x480.jpg 768w, https:\/\/esteling.com\/wp-content\/uploads\/2022\/02\/HMPalmaBlanc2-1536x960.jpg 1536w\" sizes=\"(max-width: 1920px) 100vw, 1920px\" \/>\t\t<\/div>\n\t\t\t\t<div class=\"elementor-portfolio-item__overlay\">\n\t\t\t\t<h3 class=\"elementor-portfolio-item__title\">\n\t\tHM Palma Blanc\t\t<\/h3>\n\t\t\t\t<\/div>\n\t\t\t\t<\/a>\n\t\t<\/article>\n\t\t\t\t<article class=\"elementor-portfolio-item elementor-post elementor-filter-228 post-14226 proyectos type-proyectos status-publish format-standard has-post-thumbnail hentry sector-residential tipo-de-trabajo-navigation-esp-master-en-2 pais-spain\" role=\"listitem\">\n\t\t\t<a class=\"elementor-post__thumbnail__link\" href=\"https:\/\/esteling.com\/en\/proyectos\/jordi-bosh-houses\/\">\n\t\t\t\t<div class=\"elementor-portfolio-item__img elementor-post__thumbnail\">\n\t\t\t<img loading=\"lazy\" decoding=\"async\" width=\"1825\" height=\"1038\" src=\"https:\/\/esteling.com\/wp-content\/uploads\/2022\/01\/JordiBosch22.jpeg\" class=\"attachment-full size-full wp-image-14220\" alt=\"Vista cenital de la terraza y piscina de Casas Jordi Bosch - Ejecuci\u00f3n integral de las instalaciones\" srcset=\"https:\/\/esteling.com\/wp-content\/uploads\/2022\/01\/JordiBosch22.jpeg 1825w, https:\/\/esteling.com\/wp-content\/uploads\/2022\/01\/JordiBosch22-600x341.jpeg 600w, https:\/\/esteling.com\/wp-content\/uploads\/2022\/01\/JordiBosch22-768x437.jpeg 768w, https:\/\/esteling.com\/wp-content\/uploads\/2022\/01\/JordiBosch22-1536x874.jpeg 1536w\" sizes=\"(max-width: 1825px) 100vw, 1825px\" \/>\t\t<\/div>\n\t\t\t\t<div class=\"elementor-portfolio-item__overlay\">\n\t\t\t\t<h3 class=\"elementor-portfolio-item__title\">\n\t\tJordi Bosh Houses\t\t<\/h3>\n\t\t\t\t<\/div>\n\t\t\t\t<\/a>\n\t\t<\/article>\n\t\t\t\t<article class=\"elementor-portfolio-item elementor-post elementor-filter-226 post-14216 proyectos type-proyectos status-publish format-standard has-post-thumbnail hentry sector-hotels tipo-de-trabajo-navigation-esp-master-en-2 pais-islas-turcas-y-calcos-en\" role=\"listitem\">\n\t\t\t<a class=\"elementor-post__thumbnail__link\" href=\"https:\/\/esteling.com\/en\/proyectos\/club-med-turkoise\/\">\n\t\t\t\t<div class=\"elementor-portfolio-item__img elementor-post__thumbnail\">\n\t\t\t<img loading=\"lazy\" decoding=\"async\" width=\"2560\" height=\"1734\" src=\"https:\/\/esteling.com\/wp-content\/uploads\/2022\/01\/171895-3nq9q3vf6s-swhr.jpg\" class=\"attachment-full size-full wp-image-14212\" alt=\"Habitaci\u00f3n del Club Med Turkoise - Ejecuci\u00f3n de las instalaciones\" srcset=\"https:\/\/esteling.com\/wp-content\/uploads\/2022\/01\/171895-3nq9q3vf6s-swhr.jpg 2560w, https:\/\/esteling.com\/wp-content\/uploads\/2022\/01\/171895-3nq9q3vf6s-swhr-600x406.jpg 600w, https:\/\/esteling.com\/wp-content\/uploads\/2022\/01\/171895-3nq9q3vf6s-swhr-1920x1301.jpg 1920w, https:\/\/esteling.com\/wp-content\/uploads\/2022\/01\/171895-3nq9q3vf6s-swhr-768x520.jpg 768w, https:\/\/esteling.com\/wp-content\/uploads\/2022\/01\/171895-3nq9q3vf6s-swhr-1536x1040.jpg 1536w, https:\/\/esteling.com\/wp-content\/uploads\/2022\/01\/171895-3nq9q3vf6s-swhr-2048x1387.jpg 2048w\" sizes=\"(max-width: 2560px) 100vw, 2560px\" \/>\t\t<\/div>\n\t\t\t\t<div class=\"elementor-portfolio-item__overlay\">\n\t\t\t\t<h3 class=\"elementor-portfolio-item__title\">\n\t\tClub Med Turkoise\t\t<\/h3>\n\t\t\t\t<\/div>\n\t\t\t\t<\/a>\n\t\t<\/article>\n\t\t\t\t<article class=\"elementor-portfolio-item elementor-post elementor-filter-226 post-14206 proyectos type-proyectos status-publish format-standard has-post-thumbnail hentry sector-hotels tipo-de-trabajo-navigation-esp-master-en-5 tipo-de-trabajo-navigation-esp-master-en-2 pais-jamaica-en\" role=\"listitem\">\n\t\t\t<a class=\"elementor-post__thumbnail__link\" href=\"https:\/\/esteling.com\/en\/proyectos\/iberostar-rose-hall\/\">\n\t\t\t\t<div class=\"elementor-portfolio-item__img elementor-post__thumbnail\">\n\t\t\t<img loading=\"lazy\" decoding=\"async\" width=\"1280\" height=\"854\" src=\"https:\/\/esteling.com\/wp-content\/uploads\/2022\/01\/hotel-rose-hall33.jpeg\" class=\"attachment-full size-full wp-image-14199\" alt=\"Iberostar Rose Hall - Ejecuci\u00f3n de las instalaciones y Mantenimiento realizado\" srcset=\"https:\/\/esteling.com\/wp-content\/uploads\/2022\/01\/hotel-rose-hall33.jpeg 1280w, https:\/\/esteling.com\/wp-content\/uploads\/2022\/01\/hotel-rose-hall33-600x400.jpeg 600w, https:\/\/esteling.com\/wp-content\/uploads\/2022\/01\/hotel-rose-hall33-768x512.jpeg 768w\" sizes=\"(max-width: 1280px) 100vw, 1280px\" \/>\t\t<\/div>\n\t\t\t\t<div class=\"elementor-portfolio-item__overlay\">\n\t\t\t\t<h3 class=\"elementor-portfolio-item__title\">\n\t\tIberostar Rose Hall\t\t<\/h3>\n\t\t\t\t<\/div>\n\t\t\t\t<\/a>\n\t\t<\/article>\n\t\t\t\t<article class=\"elementor-portfolio-item elementor-post elementor-filter-226 post-14195 proyectos type-proyectos status-publish format-standard has-post-thumbnail hentry sector-hotels tipo-de-trabajo-navigation-esp-master-en-2 pais-spain\" role=\"listitem\">\n\t\t\t<a class=\"elementor-post__thumbnail__link\" href=\"https:\/\/esteling.com\/en\/proyectos\/me-ibiza\/\">\n\t\t\t\t<div class=\"elementor-portfolio-item__img elementor-post__thumbnail\">\n\t\t\t<img loading=\"lazy\" decoding=\"async\" width=\"1618\" height=\"1080\" src=\"https:\/\/esteling.com\/wp-content\/uploads\/2022\/01\/MeIbiza1.jpg\" class=\"attachment-full size-full wp-image-14189\" alt=\"ME Ibiza - Ejecuci\u00f3n integral de las instalaciones\" srcset=\"https:\/\/esteling.com\/wp-content\/uploads\/2022\/01\/MeIbiza1.jpg 1618w, https:\/\/esteling.com\/wp-content\/uploads\/2022\/01\/MeIbiza1-600x400.jpg 600w, https:\/\/esteling.com\/wp-content\/uploads\/2022\/01\/MeIbiza1-768x513.jpg 768w, https:\/\/esteling.com\/wp-content\/uploads\/2022\/01\/MeIbiza1-1536x1025.jpg 1536w\" sizes=\"(max-width: 1618px) 100vw, 1618px\" \/>\t\t<\/div>\n\t\t\t\t<div class=\"elementor-portfolio-item__overlay\">\n\t\t\t\t<h3 class=\"elementor-portfolio-item__title\">\n\t\tME Ibiza\t\t<\/h3>\n\t\t\t\t<\/div>\n\t\t\t\t<\/a>\n\t\t<\/article>\n\t\t\t\t<article class=\"elementor-portfolio-item elementor-post elementor-filter-226 post-14183 proyectos type-proyectos status-publish format-standard has-post-thumbnail hentry sector-hotels tipo-de-trabajo-navigation-esp-master-en-2 pais-spain\" role=\"listitem\">\n\t\t\t<a class=\"elementor-post__thumbnail__link\" href=\"https:\/\/esteling.com\/en\/proyectos\/iberostar-royal-andalus\/\">\n\t\t\t\t<div class=\"elementor-portfolio-item__img elementor-post__thumbnail\">\n\t\t\t<img loading=\"lazy\" decoding=\"async\" width=\"1200\" height=\"674\" src=\"https:\/\/esteling.com\/wp-content\/uploads\/2022\/01\/RoyalalAndalus22.jpeg\" class=\"attachment-full size-full wp-image-14177\" alt=\"Ejecuci\u00f3n de las instalaciones\" srcset=\"https:\/\/esteling.com\/wp-content\/uploads\/2022\/01\/RoyalalAndalus22.jpeg 1200w, https:\/\/esteling.com\/wp-content\/uploads\/2022\/01\/RoyalalAndalus22-600x337.jpeg 600w, https:\/\/esteling.com\/wp-content\/uploads\/2022\/01\/RoyalalAndalus22-768x431.jpeg 768w\" sizes=\"(max-width: 1200px) 100vw, 1200px\" \/>\t\t<\/div>\n\t\t\t\t<div class=\"elementor-portfolio-item__overlay\">\n\t\t\t\t<h3 class=\"elementor-portfolio-item__title\">\n\t\tIberostar Royal Andalus\t\t<\/h3>\n\t\t\t\t<\/div>\n\t\t\t\t<\/a>\n\t\t<\/article>\n\t\t\t\t<article class=\"elementor-portfolio-item elementor-post elementor-filter-226 post-14117 proyectos type-proyectos status-publish format-standard has-post-thumbnail hentry sector-hotels tipo-de-trabajo-navigation-esp-master-en-2 pais-spain\" role=\"listitem\">\n\t\t\t<a class=\"elementor-post__thumbnail__link\" href=\"https:\/\/esteling.com\/en\/proyectos\/hotel-antigua-palma\/\">\n\t\t\t\t<div class=\"elementor-portfolio-item__img elementor-post__thumbnail\">\n\t\t\t<img loading=\"lazy\" decoding=\"async\" width=\"1280\" height=\"720\" src=\"https:\/\/esteling.com\/wp-content\/uploads\/2021\/12\/HotelAntigua1.jpg\" class=\"attachment-full size-full wp-image-14102\" alt=\"\" srcset=\"https:\/\/esteling.com\/wp-content\/uploads\/2021\/12\/HotelAntigua1.jpg 1280w, https:\/\/esteling.com\/wp-content\/uploads\/2021\/12\/HotelAntigua1-600x338.jpg 600w, https:\/\/esteling.com\/wp-content\/uploads\/2021\/12\/HotelAntigua1-768x432.jpg 768w\" sizes=\"(max-width: 1280px) 100vw, 1280px\" \/>\t\t<\/div>\n\t\t\t\t<div class=\"elementor-portfolio-item__overlay\">\n\t\t\t\t<h3 class=\"elementor-portfolio-item__title\">\n\t\tAntigua Palma Hotel\t\t<\/h3>\n\t\t\t\t<\/div>\n\t\t\t\t<\/a>\n\t\t<\/article>\n\t\t\t\t<article class=\"elementor-portfolio-item elementor-post elementor-filter-226 post-14098 proyectos type-proyectos status-publish format-standard has-post-thumbnail hentry sector-hotels tipo-de-trabajo-navigation-esp-master-en-2 pais-spain\" role=\"listitem\">\n\t\t\t<a class=\"elementor-post__thumbnail__link\" href=\"https:\/\/esteling.com\/en\/proyectos\/hotel-ushuaia-ibiza-beach\/\">\n\t\t\t\t<div class=\"elementor-portfolio-item__img elementor-post__thumbnail\">\n\t\t\t<img loading=\"lazy\" decoding=\"async\" width=\"1200\" height=\"843\" src=\"https:\/\/esteling.com\/wp-content\/uploads\/2021\/12\/Ushuaia.jpg\" class=\"attachment-full size-full wp-image-14089\" alt=\"\" srcset=\"https:\/\/esteling.com\/wp-content\/uploads\/2021\/12\/Ushuaia.jpg 1200w, https:\/\/esteling.com\/wp-content\/uploads\/2021\/12\/Ushuaia-600x422.jpg 600w, https:\/\/esteling.com\/wp-content\/uploads\/2021\/12\/Ushuaia-768x540.jpg 768w\" sizes=\"(max-width: 1200px) 100vw, 1200px\" \/>\t\t<\/div>\n\t\t\t\t<div class=\"elementor-portfolio-item__overlay\">\n\t\t\t\t<h3 class=\"elementor-portfolio-item__title\">\n\t\tUshuaia Ibiza Beach Hotel\t\t<\/h3>\n\t\t\t\t<\/div>\n\t\t\t\t<\/a>\n\t\t<\/article>\n\t\t\t\t<article class=\"elementor-portfolio-item elementor-post elementor-filter-213 post-14085 proyectos type-proyectos status-publish format-standard has-post-thumbnail hentry sector-infrastructures tipo-de-trabajo-navigation-esp-master-en-2 pais-spain\" role=\"listitem\">\n\t\t\t<a class=\"elementor-post__thumbnail__link\" href=\"https:\/\/esteling.com\/en\/proyectos\/tennis-country-club-santa-ponca\/\">\n\t\t\t\t<div class=\"elementor-portfolio-item__img elementor-post__thumbnail\">\n\t\t\t<img loading=\"lazy\" decoding=\"async\" width=\"1100\" height=\"748\" src=\"https:\/\/esteling.com\/wp-content\/uploads\/2021\/12\/TennisCountryClub2.jpg\" class=\"attachment-full size-full wp-image-14080\" alt=\"\" srcset=\"https:\/\/esteling.com\/wp-content\/uploads\/2021\/12\/TennisCountryClub2.jpg 1100w, https:\/\/esteling.com\/wp-content\/uploads\/2021\/12\/TennisCountryClub2-600x408.jpg 600w, https:\/\/esteling.com\/wp-content\/uploads\/2021\/12\/TennisCountryClub2-768x522.jpg 768w\" sizes=\"(max-width: 1100px) 100vw, 1100px\" \/>\t\t<\/div>\n\t\t\t\t<div class=\"elementor-portfolio-item__overlay\">\n\t\t\t\t<h3 class=\"elementor-portfolio-item__title\">\n\t\tTennis Country Club Santa Pon\u00e7a\t\t<\/h3>\n\t\t\t\t<\/div>\n\t\t\t\t<\/a>\n\t\t<\/article>\n\t\t\t\t<article class=\"elementor-portfolio-item elementor-post elementor-filter-225 post-14074 proyectos type-proyectos status-publish format-standard has-post-thumbnail hentry sector-culture tipo-de-trabajo-navigation-esp-master-en-2 pais-mexico-en\" role=\"listitem\">\n\t\t\t<a class=\"elementor-post__thumbnail__link\" href=\"https:\/\/esteling.com\/en\/proyectos\/iberostar-playa-paraiso-convention-center\/\">\n\t\t\t\t<div class=\"elementor-portfolio-item__img elementor-post__thumbnail\">\n\t\t\t<img loading=\"lazy\" decoding=\"async\" width=\"1200\" height=\"675\" src=\"https:\/\/esteling.com\/wp-content\/uploads\/2021\/12\/CentroConvencionesParaiso1estel.jpg\" class=\"attachment-full size-full wp-image-14065\" alt=\"\" srcset=\"https:\/\/esteling.com\/wp-content\/uploads\/2021\/12\/CentroConvencionesParaiso1estel.jpg 1200w, https:\/\/esteling.com\/wp-content\/uploads\/2021\/12\/CentroConvencionesParaiso1estel-600x338.jpg 600w, https:\/\/esteling.com\/wp-content\/uploads\/2021\/12\/CentroConvencionesParaiso1estel-768x432.jpg 768w\" sizes=\"(max-width: 1200px) 100vw, 1200px\" \/>\t\t<\/div>\n\t\t\t\t<div class=\"elementor-portfolio-item__overlay\">\n\t\t\t\t<h3 class=\"elementor-portfolio-item__title\">\n\t\tIberostar Playa Para\u00edso Convention Center\t\t<\/h3>\n\t\t\t\t<\/div>\n\t\t\t\t<\/a>\n\t\t<\/article>\n\t\t\t\t<article class=\"elementor-portfolio-item elementor-post elementor-filter-225 post-14055 proyectos type-proyectos status-publish format-standard has-post-thumbnail hentry sector-culture tipo-de-trabajo-navigation-esp-master-en-2 pais-spain\" role=\"listitem\">\n\t\t\t<a class=\"elementor-post__thumbnail__link\" href=\"https:\/\/esteling.com\/en\/proyectos\/palma-main-theatre\/\">\n\t\t\t\t<div class=\"elementor-portfolio-item__img elementor-post__thumbnail\">\n\t\t\t<img loading=\"lazy\" decoding=\"async\" width=\"2560\" height=\"1536\" src=\"https:\/\/esteling.com\/wp-content\/uploads\/2021\/12\/TeatroPrincipalPalma1-scaled.jpg\" class=\"attachment-full size-full wp-image-14045\" alt=\"\" srcset=\"https:\/\/esteling.com\/wp-content\/uploads\/2021\/12\/TeatroPrincipalPalma1-scaled.jpg 2560w, https:\/\/esteling.com\/wp-content\/uploads\/2021\/12\/TeatroPrincipalPalma1-600x360.jpg 600w, https:\/\/esteling.com\/wp-content\/uploads\/2021\/12\/TeatroPrincipalPalma1-1920x1152.jpg 1920w, https:\/\/esteling.com\/wp-content\/uploads\/2021\/12\/TeatroPrincipalPalma1-768x461.jpg 768w, https:\/\/esteling.com\/wp-content\/uploads\/2021\/12\/TeatroPrincipalPalma1-1536x922.jpg 1536w, https:\/\/esteling.com\/wp-content\/uploads\/2021\/12\/TeatroPrincipalPalma1-2048x1229.jpg 2048w\" sizes=\"(max-width: 2560px) 100vw, 2560px\" \/>\t\t<\/div>\n\t\t\t\t<div class=\"elementor-portfolio-item__overlay\">\n\t\t\t\t<h3 class=\"elementor-portfolio-item__title\">\n\t\tPalma Main Theatre\t\t<\/h3>\n\t\t\t\t<\/div>\n\t\t\t\t<\/a>\n\t\t<\/article>\n\t\t\t\t<article class=\"elementor-portfolio-item elementor-post elementor-filter-213 post-14002 proyectos type-proyectos status-publish format-standard has-post-thumbnail hentry sector-infrastructures tipo-de-trabajo-navigation-esp-master-en-2 pais-mexico-en\" role=\"listitem\">\n\t\t\t<a class=\"elementor-post__thumbnail__link\" href=\"https:\/\/esteling.com\/en\/proyectos\/mexicali-airport\/\">\n\t\t\t\t<div class=\"elementor-portfolio-item__img elementor-post__thumbnail\">\n\t\t\t<img loading=\"lazy\" decoding=\"async\" width=\"1200\" height=\"675\" src=\"https:\/\/esteling.com\/wp-content\/uploads\/2021\/11\/aeropuerto_mexli.jpg_554688468.jpg\" class=\"attachment-full size-full wp-image-13998\" alt=\"\" srcset=\"https:\/\/esteling.com\/wp-content\/uploads\/2021\/11\/aeropuerto_mexli.jpg_554688468.jpg 1200w, https:\/\/esteling.com\/wp-content\/uploads\/2021\/11\/aeropuerto_mexli.jpg_554688468-600x338.jpg 600w, https:\/\/esteling.com\/wp-content\/uploads\/2021\/11\/aeropuerto_mexli.jpg_554688468-768x432.jpg 768w\" sizes=\"(max-width: 1200px) 100vw, 1200px\" \/>\t\t<\/div>\n\t\t\t\t<div class=\"elementor-portfolio-item__overlay\">\n\t\t\t\t<h3 class=\"elementor-portfolio-item__title\">\n\t\tMexicali Airport\t\t<\/h3>\n\t\t\t\t<\/div>\n\t\t\t\t<\/a>\n\t\t<\/article>\n\t\t\t\t<article class=\"elementor-portfolio-item elementor-post elementor-filter-213 post-13994 proyectos type-proyectos status-publish format-standard has-post-thumbnail hentry sector-infrastructures tipo-de-trabajo-navigation-esp-master-en-2 pais-mexico-en\" role=\"listitem\">\n\t\t\t<a class=\"elementor-post__thumbnail__link\" href=\"https:\/\/esteling.com\/en\/proyectos\/metal-extrusions-plant\/\">\n\t\t\t\t<div class=\"elementor-portfolio-item__img elementor-post__thumbnail\">\n\t\t\t<img loading=\"lazy\" decoding=\"async\" width=\"800\" height=\"500\" src=\"https:\/\/esteling.com\/wp-content\/uploads\/2021\/11\/extrusion-06.jpg\" class=\"attachment-full size-full wp-image-13992\" alt=\"\" srcset=\"https:\/\/esteling.com\/wp-content\/uploads\/2021\/11\/extrusion-06.jpg 800w, https:\/\/esteling.com\/wp-content\/uploads\/2021\/11\/extrusion-06-600x375.jpg 600w, https:\/\/esteling.com\/wp-content\/uploads\/2021\/11\/extrusion-06-768x480.jpg 768w\" sizes=\"(max-width: 800px) 100vw, 800px\" \/>\t\t<\/div>\n\t\t\t\t<div class=\"elementor-portfolio-item__overlay\">\n\t\t\t\t<h3 class=\"elementor-portfolio-item__title\">\n\t\tMetal Extrusions Plant\t\t<\/h3>\n\t\t\t\t<\/div>\n\t\t\t\t<\/a>\n\t\t<\/article>\n\t\t\t\t<article class=\"elementor-portfolio-item elementor-post elementor-filter-226 post-13982 proyectos type-proyectos status-publish format-standard has-post-thumbnail hentry sector-hotels tipo-de-trabajo-navigation-esp-master-en-2 pais-spain\" role=\"listitem\">\n\t\t\t<a class=\"elementor-post__thumbnail__link\" href=\"https:\/\/esteling.com\/en\/proyectos\/siau-ibiza-beach-hotel\/\">\n\t\t\t\t<div class=\"elementor-portfolio-item__img elementor-post__thumbnail\">\n\t\t\t<img loading=\"lazy\" decoding=\"async\" width=\"2048\" height=\"914\" src=\"https:\/\/esteling.com\/wp-content\/uploads\/2021\/11\/SG2144-9842-2-digital.jpg\" class=\"attachment-full size-full wp-image-13980\" alt=\"\" srcset=\"https:\/\/esteling.com\/wp-content\/uploads\/2021\/11\/SG2144-9842-2-digital.jpg 2048w, https:\/\/esteling.com\/wp-content\/uploads\/2021\/11\/SG2144-9842-2-digital-600x268.jpg 600w, https:\/\/esteling.com\/wp-content\/uploads\/2021\/11\/SG2144-9842-2-digital-1920x857.jpg 1920w, https:\/\/esteling.com\/wp-content\/uploads\/2021\/11\/SG2144-9842-2-digital-768x343.jpg 768w, https:\/\/esteling.com\/wp-content\/uploads\/2021\/11\/SG2144-9842-2-digital-1536x686.jpg 1536w\" sizes=\"(max-width: 2048px) 100vw, 2048px\" \/>\t\t<\/div>\n\t\t\t\t<div class=\"elementor-portfolio-item__overlay\">\n\t\t\t\t<h3 class=\"elementor-portfolio-item__title\">\n\t\tSiau Ibiza Beach Hotel\t\t<\/h3>\n\t\t\t\t<\/div>\n\t\t\t\t<\/a>\n\t\t<\/article>\n\t\t\t\t<article class=\"elementor-portfolio-item elementor-post elementor-filter-226 post-13964 proyectos type-proyectos status-publish format-standard has-post-thumbnail hentry sector-hotels tipo-de-trabajo-navigation-esp-master-en-2 pais-spain\" role=\"listitem\">\n\t\t\t<a class=\"elementor-post__thumbnail__link\" href=\"https:\/\/esteling.com\/en\/proyectos\/js-sol-de-alcudia\/\">\n\t\t\t\t<div class=\"elementor-portfolio-item__img elementor-post__thumbnail\">\n\t\t\t<img loading=\"lazy\" decoding=\"async\" width=\"1280\" height=\"849\" src=\"https:\/\/esteling.com\/wp-content\/uploads\/2021\/11\/JSSolAlcudia_2.jpg\" class=\"attachment-full size-full wp-image-13958\" alt=\"\" srcset=\"https:\/\/esteling.com\/wp-content\/uploads\/2021\/11\/JSSolAlcudia_2.jpg 1280w, https:\/\/esteling.com\/wp-content\/uploads\/2021\/11\/JSSolAlcudia_2-600x398.jpg 600w, https:\/\/esteling.com\/wp-content\/uploads\/2021\/11\/JSSolAlcudia_2-768x509.jpg 768w\" sizes=\"(max-width: 1280px) 100vw, 1280px\" \/>\t\t<\/div>\n\t\t\t\t<div class=\"elementor-portfolio-item__overlay\">\n\t\t\t\t<h3 class=\"elementor-portfolio-item__title\">\n\t\tJS Sol de Alcudia\t\t<\/h3>\n\t\t\t\t<\/div>\n\t\t\t\t<\/a>\n\t\t<\/article>\n\t\t\t\t<article class=\"elementor-portfolio-item elementor-post elementor-filter-226 post-13954 proyectos type-proyectos status-publish format-standard has-post-thumbnail hentry sector-hotels tipo-de-trabajo-navigation-esp-master-en-2 pais-spain\" role=\"listitem\">\n\t\t\t<a class=\"elementor-post__thumbnail__link\" href=\"https:\/\/esteling.com\/en\/proyectos\/gran-melia-colon\/\">\n\t\t\t\t<div class=\"elementor-portfolio-item__img elementor-post__thumbnail\">\n\t\t\t<img loading=\"lazy\" decoding=\"async\" width=\"1024\" height=\"683\" src=\"https:\/\/esteling.com\/wp-content\/uploads\/2021\/11\/GranMeliaColon_1.jpg\" class=\"attachment-full size-full wp-image-13946\" alt=\"\" srcset=\"https:\/\/esteling.com\/wp-content\/uploads\/2021\/11\/GranMeliaColon_1.jpg 1024w, https:\/\/esteling.com\/wp-content\/uploads\/2021\/11\/GranMeliaColon_1-600x400.jpg 600w, https:\/\/esteling.com\/wp-content\/uploads\/2021\/11\/GranMeliaColon_1-768x512.jpg 768w\" sizes=\"(max-width: 1024px) 100vw, 1024px\" \/>\t\t<\/div>\n\t\t\t\t<div class=\"elementor-portfolio-item__overlay\">\n\t\t\t\t<h3 class=\"elementor-portfolio-item__title\">\n\t\tGran Meli\u00e0 Colon\t\t<\/h3>\n\t\t\t\t<\/div>\n\t\t\t\t<\/a>\n\t\t<\/article>\n\t\t\t\t<article class=\"elementor-portfolio-item elementor-post elementor-filter-228 post-13603 proyectos type-proyectos status-publish format-standard has-post-thumbnail hentry sector-residential tipo-de-trabajo-navigation-esp-master-en-2 tipo-de-trabajo-navigation-esp-master tipo-de-trabajo-navigation-esp-master-en-4 tipo-de-trabajo-navigation-esp-master-en pais-spain\" role=\"listitem\">\n\t\t\t<a class=\"elementor-post__thumbnail__link\" href=\"https:\/\/esteling.com\/en\/proyectos\/maioris-house\/\">\n\t\t\t\t<div class=\"elementor-portfolio-item__img elementor-post__thumbnail\">\n\t\t\t<img loading=\"lazy\" decoding=\"async\" width=\"1800\" height=\"1000\" src=\"https:\/\/esteling.com\/wp-content\/uploads\/2021\/10\/Maoris-Esteling-1.jpeg\" class=\"attachment-full size-full wp-image-13597\" alt=\"\" srcset=\"https:\/\/esteling.com\/wp-content\/uploads\/2021\/10\/Maoris-Esteling-1.jpeg 1800w, https:\/\/esteling.com\/wp-content\/uploads\/2021\/10\/Maoris-Esteling-1-300x167.jpeg 300w, https:\/\/esteling.com\/wp-content\/uploads\/2021\/10\/Maoris-Esteling-1-1024x569.jpeg 1024w, https:\/\/esteling.com\/wp-content\/uploads\/2021\/10\/Maoris-Esteling-1-768x427.jpeg 768w, https:\/\/esteling.com\/wp-content\/uploads\/2021\/10\/Maoris-Esteling-1-1536x853.jpeg 1536w\" sizes=\"(max-width: 1800px) 100vw, 1800px\" \/>\t\t<\/div>\n\t\t\t\t<div class=\"elementor-portfolio-item__overlay\">\n\t\t\t\t<h3 class=\"elementor-portfolio-item__title\">\n\t\tMaioris House\t\t<\/h3>\n\t\t\t\t<\/div>\n\t\t\t\t<\/a>\n\t\t<\/article>\n\t\t\t\t<article class=\"elementor-portfolio-item elementor-post elementor-filter-228 post-13593 proyectos type-proyectos status-publish format-standard has-post-thumbnail hentry sector-residential tipo-de-trabajo-navigation-esp-master-en tipo-de-trabajo-navigation-esp-master-en-2 tipo-de-trabajo-navigation-esp-master tipo-de-trabajo-navigation-esp-master-en-4 pais-spain\" role=\"listitem\">\n\t\t\t<a class=\"elementor-post__thumbnail__link\" href=\"https:\/\/esteling.com\/en\/proyectos\/sirvi-house\/\">\n\t\t\t\t<div class=\"elementor-portfolio-item__img elementor-post__thumbnail\">\n\t\t\t<img loading=\"lazy\" decoding=\"async\" width=\"1600\" height=\"900\" src=\"https:\/\/esteling.com\/wp-content\/uploads\/2021\/10\/casa_sirvi-esteling1.jpeg\" class=\"attachment-full size-full wp-image-13591\" alt=\"\" srcset=\"https:\/\/esteling.com\/wp-content\/uploads\/2021\/10\/casa_sirvi-esteling1.jpeg 1600w, https:\/\/esteling.com\/wp-content\/uploads\/2021\/10\/casa_sirvi-esteling1-300x169.jpeg 300w, https:\/\/esteling.com\/wp-content\/uploads\/2021\/10\/casa_sirvi-esteling1-1024x576.jpeg 1024w, https:\/\/esteling.com\/wp-content\/uploads\/2021\/10\/casa_sirvi-esteling1-768x432.jpeg 768w, https:\/\/esteling.com\/wp-content\/uploads\/2021\/10\/casa_sirvi-esteling1-1536x864.jpeg 1536w\" sizes=\"(max-width: 1600px) 100vw, 1600px\" \/>\t\t<\/div>\n\t\t\t\t<div class=\"elementor-portfolio-item__overlay\">\n\t\t\t\t<h3 class=\"elementor-portfolio-item__title\">\n\t\tSirvi House\t\t<\/h3>\n\t\t\t\t<\/div>\n\t\t\t\t<\/a>\n\t\t<\/article>\n\t\t\t\t<article class=\"elementor-portfolio-item elementor-post elementor-filter-228 post-13577 proyectos type-proyectos status-publish format-standard has-post-thumbnail hentry sector-residential tipo-de-trabajo-navigation-esp-master-en-4 tipo-de-trabajo-navigation-esp-master-en tipo-de-trabajo-navigation-esp-master-en-2 pais-spain\" role=\"listitem\">\n\t\t\t<a class=\"elementor-post__thumbnail__link\" href=\"https:\/\/esteling.com\/en\/proyectos\/harbour-lofts\/\">\n\t\t\t\t<div class=\"elementor-portfolio-item__img elementor-post__thumbnail\">\n\t\t\t<img loading=\"lazy\" decoding=\"async\" width=\"1920\" height=\"1327\" src=\"https:\/\/esteling.com\/wp-content\/uploads\/2021\/10\/Harbour1-esteling.jpeg\" class=\"attachment-full size-full wp-image-13569\" alt=\"\" srcset=\"https:\/\/esteling.com\/wp-content\/uploads\/2021\/10\/Harbour1-esteling.jpeg 1920w, https:\/\/esteling.com\/wp-content\/uploads\/2021\/10\/Harbour1-esteling-300x207.jpeg 300w, https:\/\/esteling.com\/wp-content\/uploads\/2021\/10\/Harbour1-esteling-1024x708.jpeg 1024w, https:\/\/esteling.com\/wp-content\/uploads\/2021\/10\/Harbour1-esteling-768x531.jpeg 768w, https:\/\/esteling.com\/wp-content\/uploads\/2021\/10\/Harbour1-esteling-1536x1062.jpeg 1536w\" sizes=\"(max-width: 1920px) 100vw, 1920px\" \/>\t\t<\/div>\n\t\t\t\t<div class=\"elementor-portfolio-item__overlay\">\n\t\t\t\t<h3 class=\"elementor-portfolio-item__title\">\n\t\tHarbour Lofts\t\t<\/h3>\n\t\t\t\t<\/div>\n\t\t\t\t<\/a>\n\t\t<\/article>\n\t\t\t\t<article class=\"elementor-portfolio-item elementor-post elementor-filter-228 post-13565 proyectos type-proyectos status-publish format-standard has-post-thumbnail hentry sector-residential tipo-de-trabajo-navigation-esp-master-en-2 pais-spain\" role=\"listitem\">\n\t\t\t<a class=\"elementor-post__thumbnail__link\" href=\"https:\/\/esteling.com\/en\/proyectos\/mirador-homes\/\">\n\t\t\t\t<div class=\"elementor-portfolio-item__img elementor-post__thumbnail\">\n\t\t\t<img loading=\"lazy\" decoding=\"async\" width=\"1500\" height=\"1000\" src=\"https:\/\/esteling.com\/wp-content\/uploads\/2021\/10\/Mirador1-esteling.jpeg\" class=\"attachment-full size-full wp-image-13563\" alt=\"\" srcset=\"https:\/\/esteling.com\/wp-content\/uploads\/2021\/10\/Mirador1-esteling.jpeg 1500w, https:\/\/esteling.com\/wp-content\/uploads\/2021\/10\/Mirador1-esteling-300x200.jpeg 300w, https:\/\/esteling.com\/wp-content\/uploads\/2021\/10\/Mirador1-esteling-1024x683.jpeg 1024w, https:\/\/esteling.com\/wp-content\/uploads\/2021\/10\/Mirador1-esteling-768x512.jpeg 768w\" sizes=\"(max-width: 1500px) 100vw, 1500px\" \/>\t\t<\/div>\n\t\t\t\t<div class=\"elementor-portfolio-item__overlay\">\n\t\t\t\t<h3 class=\"elementor-portfolio-item__title\">\n\t\tMirador Homes\t\t<\/h3>\n\t\t\t\t<\/div>\n\t\t\t\t<\/a>\n\t\t<\/article>\n\t\t\t\t<article class=\"elementor-portfolio-item elementor-post elementor-filter-228 post-13528 proyectos type-proyectos status-publish format-standard has-post-thumbnail hentry sector-residential tipo-de-trabajo-navigation-esp-master-en-2 pais-spain\" role=\"listitem\">\n\t\t\t<a class=\"elementor-post__thumbnail__link\" href=\"https:\/\/esteling.com\/en\/proyectos\/pont-i-vic\/\">\n\t\t\t\t<div class=\"elementor-portfolio-item__img elementor-post__thumbnail\">\n\t\t\t<img loading=\"lazy\" decoding=\"async\" width=\"1500\" height=\"1059\" src=\"https:\/\/esteling.com\/wp-content\/uploads\/2021\/10\/3PontiVic1-estel.jpeg\" class=\"attachment-full size-full wp-image-13529\" alt=\"\" srcset=\"https:\/\/esteling.com\/wp-content\/uploads\/2021\/10\/3PontiVic1-estel.jpeg 1500w, https:\/\/esteling.com\/wp-content\/uploads\/2021\/10\/3PontiVic1-estel-300x212.jpeg 300w, https:\/\/esteling.com\/wp-content\/uploads\/2021\/10\/3PontiVic1-estel-1024x723.jpeg 1024w, https:\/\/esteling.com\/wp-content\/uploads\/2021\/10\/3PontiVic1-estel-768x542.jpeg 768w\" sizes=\"(max-width: 1500px) 100vw, 1500px\" \/>\t\t<\/div>\n\t\t\t\t<div class=\"elementor-portfolio-item__overlay\">\n\t\t\t\t<h3 class=\"elementor-portfolio-item__title\">\n\t\tPont i Vic\t\t<\/h3>\n\t\t\t\t<\/div>\n\t\t\t\t<\/a>\n\t\t<\/article>\n\t\t\t\t<article class=\"elementor-portfolio-item elementor-post elementor-filter-213 post-13493 proyectos type-proyectos status-publish format-standard has-post-thumbnail hentry sector-infrastructures tipo-de-trabajo-navigation-esp-master-en-2 pais-spain\" role=\"listitem\">\n\t\t\t<a class=\"elementor-post__thumbnail__link\" href=\"https:\/\/esteling.com\/en\/proyectos\/second-belt-palma-de-mallorca\/\">\n\t\t\t\t<div class=\"elementor-portfolio-item__img elementor-post__thumbnail\">\n\t\t\t<img loading=\"lazy\" decoding=\"async\" width=\"1400\" height=\"976\" src=\"https:\/\/esteling.com\/wp-content\/uploads\/2021\/09\/SegundoCinturon-Mallorca.jpeg\" class=\"attachment-full size-full wp-image-13491\" alt=\"\" srcset=\"https:\/\/esteling.com\/wp-content\/uploads\/2021\/09\/SegundoCinturon-Mallorca.jpeg 1400w, https:\/\/esteling.com\/wp-content\/uploads\/2021\/09\/SegundoCinturon-Mallorca-300x209.jpeg 300w, https:\/\/esteling.com\/wp-content\/uploads\/2021\/09\/SegundoCinturon-Mallorca-1024x714.jpeg 1024w, https:\/\/esteling.com\/wp-content\/uploads\/2021\/09\/SegundoCinturon-Mallorca-768x535.jpeg 768w\" sizes=\"(max-width: 1400px) 100vw, 1400px\" \/>\t\t<\/div>\n\t\t\t\t<div class=\"elementor-portfolio-item__overlay\">\n\t\t\t\t<h3 class=\"elementor-portfolio-item__title\">\n\t\tSecond Belt Palma de Mallorca\t\t<\/h3>\n\t\t\t\t<\/div>\n\t\t\t\t<\/a>\n\t\t<\/article>\n\t\t\t\t<article class=\"elementor-portfolio-item elementor-post elementor-filter-226 post-13481 proyectos type-proyectos status-publish format-standard has-post-thumbnail hentry sector-hotels tipo-de-trabajo-navigation-esp-master-en-2 pais-uk\" role=\"listitem\">\n\t\t\t<a class=\"elementor-post__thumbnail__link\" href=\"https:\/\/esteling.com\/en\/proyectos\/h10-london-waterloo-hotel\/\">\n\t\t\t\t<div class=\"elementor-portfolio-item__img elementor-post__thumbnail\">\n\t\t\t<img loading=\"lazy\" decoding=\"async\" width=\"765\" height=\"900\" src=\"https:\/\/esteling.com\/wp-content\/uploads\/2021\/09\/H10-London-Waterloo-4.jpg\" class=\"attachment-full size-full wp-image-13473\" alt=\"\" srcset=\"https:\/\/esteling.com\/wp-content\/uploads\/2021\/09\/H10-London-Waterloo-4.jpg 765w, https:\/\/esteling.com\/wp-content\/uploads\/2021\/09\/H10-London-Waterloo-4-255x300.jpg 255w\" sizes=\"(max-width: 765px) 100vw, 765px\" \/>\t\t<\/div>\n\t\t\t\t<div class=\"elementor-portfolio-item__overlay\">\n\t\t\t\t<h3 class=\"elementor-portfolio-item__title\">\n\t\tH10 London Waterloo Hotel\t\t<\/h3>\n\t\t\t\t<\/div>\n\t\t\t\t<\/a>\n\t\t<\/article>\n\t\t\t\t<article class=\"elementor-portfolio-item elementor-post elementor-filter-226 post-13465 proyectos type-proyectos status-publish format-standard has-post-thumbnail hentry sector-hotels tipo-de-trabajo-navigation-esp-master-en-2 tipo-de-trabajo-navigation-esp-master-en-4 tipo-de-trabajo-navigation-esp-master pais-morocco\" role=\"listitem\">\n\t\t\t<a class=\"elementor-post__thumbnail__link\" href=\"https:\/\/esteling.com\/en\/proyectos\/be-live-collection-saidia\/\">\n\t\t\t\t<div class=\"elementor-portfolio-item__img elementor-post__thumbnail\">\n\t\t\t<img loading=\"lazy\" decoding=\"async\" width=\"1600\" height=\"1090\" src=\"https:\/\/esteling.com\/wp-content\/uploads\/2021\/09\/saidia_14.png\" class=\"attachment-full size-full wp-image-13461\" alt=\"\" srcset=\"https:\/\/esteling.com\/wp-content\/uploads\/2021\/09\/saidia_14.png 1600w, https:\/\/esteling.com\/wp-content\/uploads\/2021\/09\/saidia_14-300x204.png 300w, https:\/\/esteling.com\/wp-content\/uploads\/2021\/09\/saidia_14-1024x698.png 1024w, https:\/\/esteling.com\/wp-content\/uploads\/2021\/09\/saidia_14-768x523.png 768w, https:\/\/esteling.com\/wp-content\/uploads\/2021\/09\/saidia_14-1536x1046.png 1536w\" sizes=\"(max-width: 1600px) 100vw, 1600px\" \/>\t\t<\/div>\n\t\t\t\t<div class=\"elementor-portfolio-item__overlay\">\n\t\t\t\t<h3 class=\"elementor-portfolio-item__title\">\n\t\tBe Live Collection Sa\u00efdia\t\t<\/h3>\n\t\t\t\t<\/div>\n\t\t\t\t<\/a>\n\t\t<\/article>\n\t\t\t\t<article class=\"elementor-portfolio-item elementor-post elementor-filter-226 post-13453 proyectos type-proyectos status-publish format-standard has-post-thumbnail hentry sector-hotels tipo-de-trabajo-navigation-esp-master-en tipo-de-trabajo-navigation-esp-master-en-2 tipo-de-trabajo-navigation-esp-master pais-jamaica-en\" role=\"listitem\">\n\t\t\t<a class=\"elementor-post__thumbnail__link\" href=\"https:\/\/esteling.com\/en\/proyectos\/princess-hotel-jamaica\/\">\n\t\t\t\t<div class=\"elementor-portfolio-item__img elementor-post__thumbnail\">\n\t\t\t<img loading=\"lazy\" decoding=\"async\" width=\"1200\" height=\"800\" src=\"https:\/\/esteling.com\/wp-content\/uploads\/2021\/09\/Campamento-Princess-Jamaica.jpeg\" class=\"attachment-full size-full wp-image-13451\" alt=\"\" srcset=\"https:\/\/esteling.com\/wp-content\/uploads\/2021\/09\/Campamento-Princess-Jamaica.jpeg 1200w, https:\/\/esteling.com\/wp-content\/uploads\/2021\/09\/Campamento-Princess-Jamaica-300x200.jpeg 300w, https:\/\/esteling.com\/wp-content\/uploads\/2021\/09\/Campamento-Princess-Jamaica-1024x683.jpeg 1024w, https:\/\/esteling.com\/wp-content\/uploads\/2021\/09\/Campamento-Princess-Jamaica-768x512.jpeg 768w\" sizes=\"(max-width: 1200px) 100vw, 1200px\" \/>\t\t<\/div>\n\t\t\t\t<div class=\"elementor-portfolio-item__overlay\">\n\t\t\t\t<h3 class=\"elementor-portfolio-item__title\">\n\t\tPrincess Hotel Jamaica\t\t<\/h3>\n\t\t\t\t<\/div>\n\t\t\t\t<\/a>\n\t\t<\/article>\n\t\t\t\t<article class=\"elementor-portfolio-item elementor-post elementor-filter-213 post-13445 proyectos type-proyectos status-publish format-standard has-post-thumbnail hentry sector-infrastructures pais-saudi-arabia\" role=\"listitem\">\n\t\t\t<a class=\"elementor-post__thumbnail__link\" href=\"https:\/\/esteling.com\/en\/proyectos\/270-villas-king-abdullah-economic-city\/\">\n\t\t\t\t<div class=\"elementor-portfolio-item__img elementor-post__thumbnail\">\n\t\t\t<img loading=\"lazy\" decoding=\"async\" width=\"500\" height=\"334\" src=\"https:\/\/esteling.com\/wp-content\/uploads\/2021\/09\/img_2.jpg\" class=\"attachment-full size-full wp-image-13439\" alt=\"\" srcset=\"https:\/\/esteling.com\/wp-content\/uploads\/2021\/09\/img_2.jpg 500w, https:\/\/esteling.com\/wp-content\/uploads\/2021\/09\/img_2-300x200.jpg 300w\" sizes=\"(max-width: 500px) 100vw, 500px\" \/>\t\t<\/div>\n\t\t\t\t<div class=\"elementor-portfolio-item__overlay\">\n\t\t\t\t<h3 class=\"elementor-portfolio-item__title\">\n\t\t270 villas: King Abdullah Economic City\t\t<\/h3>\n\t\t\t\t<\/div>\n\t\t\t\t<\/a>\n\t\t<\/article>\n\t\t\t\t<article class=\"elementor-portfolio-item elementor-post elementor-filter-226 post-13019 proyectos type-proyectos status-publish format-standard has-post-thumbnail hentry sector-hotels pais-spain\" role=\"listitem\">\n\t\t\t<a class=\"elementor-post__thumbnail__link\" href=\"https:\/\/esteling.com\/en\/proyectos\/the-summum-boutique-hotel\/\">\n\t\t\t\t<div class=\"elementor-portfolio-item__img elementor-post__thumbnail\">\n\t\t\t<img loading=\"lazy\" decoding=\"async\" width=\"1200\" height=\"800\" src=\"https:\/\/esteling.com\/wp-content\/uploads\/2021\/03\/HotelSummum_1.jpg\" class=\"attachment-full size-full wp-image-13022\" alt=\"\" srcset=\"https:\/\/esteling.com\/wp-content\/uploads\/2021\/03\/HotelSummum_1.jpg 1200w, https:\/\/esteling.com\/wp-content\/uploads\/2021\/03\/HotelSummum_1-300x200.jpg 300w, https:\/\/esteling.com\/wp-content\/uploads\/2021\/03\/HotelSummum_1-1024x683.jpg 1024w, https:\/\/esteling.com\/wp-content\/uploads\/2021\/03\/HotelSummum_1-768x512.jpg 768w\" sizes=\"(max-width: 1200px) 100vw, 1200px\" \/>\t\t<\/div>\n\t\t\t\t<div class=\"elementor-portfolio-item__overlay\">\n\t\t\t\t<h3 class=\"elementor-portfolio-item__title\">\n\t\tThe Summum Boutique Hotel\t\t<\/h3>\n\t\t\t\t<\/div>\n\t\t\t\t<\/a>\n\t\t<\/article>\n\t\t\t\t<article class=\"elementor-portfolio-item elementor-post elementor-filter-226 post-13003 proyectos type-proyectos status-publish format-standard has-post-thumbnail hentry sector-hotels pais-morocco\" role=\"listitem\">\n\t\t\t<a class=\"elementor-post__thumbnail__link\" href=\"https:\/\/esteling.com\/en\/proyectos\/the-aman-amanjena\/\">\n\t\t\t\t<div class=\"elementor-portfolio-item__img elementor-post__thumbnail\">\n\t\t\t<img loading=\"lazy\" decoding=\"async\" width=\"2284\" height=\"1176\" src=\"https:\/\/esteling.com\/wp-content\/uploads\/2021\/03\/AmanAmanjena_3.jpg\" class=\"attachment-full size-full wp-image-13009\" alt=\"\" srcset=\"https:\/\/esteling.com\/wp-content\/uploads\/2021\/03\/AmanAmanjena_3.jpg 2284w, https:\/\/esteling.com\/wp-content\/uploads\/2021\/03\/AmanAmanjena_3-300x154.jpg 300w, https:\/\/esteling.com\/wp-content\/uploads\/2021\/03\/AmanAmanjena_3-1024x527.jpg 1024w, https:\/\/esteling.com\/wp-content\/uploads\/2021\/03\/AmanAmanjena_3-768x395.jpg 768w, https:\/\/esteling.com\/wp-content\/uploads\/2021\/03\/AmanAmanjena_3-1536x791.jpg 1536w, https:\/\/esteling.com\/wp-content\/uploads\/2021\/03\/AmanAmanjena_3-2048x1054.jpg 2048w\" sizes=\"(max-width: 2284px) 100vw, 2284px\" \/>\t\t<\/div>\n\t\t\t\t<div class=\"elementor-portfolio-item__overlay\">\n\t\t\t\t<h3 class=\"elementor-portfolio-item__title\">\n\t\tThe Aman Amanjena\t\t<\/h3>\n\t\t\t\t<\/div>\n\t\t\t\t<\/a>\n\t\t<\/article>\n\t\t\t\t<article class=\"elementor-portfolio-item elementor-post elementor-filter-226 post-12987 proyectos type-proyectos status-publish format-standard has-post-thumbnail hentry sector-hotels pais-uk\" role=\"listitem\">\n\t\t\t<a class=\"elementor-post__thumbnail__link\" href=\"https:\/\/esteling.com\/en\/proyectos\/the-white-house-melia\/\">\n\t\t\t\t<div class=\"elementor-portfolio-item__img elementor-post__thumbnail\">\n\t\t\t<img loading=\"lazy\" decoding=\"async\" width=\"1024\" height=\"683\" src=\"https:\/\/esteling.com\/wp-content\/uploads\/2021\/03\/WhiteHouseMelia_4.jpg\" class=\"attachment-full size-full wp-image-12996\" alt=\"\" srcset=\"https:\/\/esteling.com\/wp-content\/uploads\/2021\/03\/WhiteHouseMelia_4.jpg 1024w, https:\/\/esteling.com\/wp-content\/uploads\/2021\/03\/WhiteHouseMelia_4-300x200.jpg 300w, https:\/\/esteling.com\/wp-content\/uploads\/2021\/03\/WhiteHouseMelia_4-768x512.jpg 768w\" sizes=\"(max-width: 1024px) 100vw, 1024px\" \/>\t\t<\/div>\n\t\t\t\t<div class=\"elementor-portfolio-item__overlay\">\n\t\t\t\t<h3 class=\"elementor-portfolio-item__title\">\n\t\tThe White House Meli\u00e1\t\t<\/h3>\n\t\t\t\t<\/div>\n\t\t\t\t<\/a>\n\t\t<\/article>\n\t\t\t\t<article class=\"elementor-portfolio-item elementor-post elementor-filter-226 post-12974 proyectos type-proyectos status-publish format-standard has-post-thumbnail hentry sector-hotels pais-spain\" role=\"listitem\">\n\t\t\t<a class=\"elementor-post__thumbnail__link\" href=\"https:\/\/esteling.com\/en\/proyectos\/the-fergus-style-palmanova-hotel\/\">\n\t\t\t\t<div class=\"elementor-portfolio-item__img elementor-post__thumbnail\">\n\t\t\t<img loading=\"lazy\" decoding=\"async\" width=\"1315\" height=\"870\" src=\"https:\/\/esteling.com\/wp-content\/uploads\/2021\/03\/FergusStylePalmanova_3.jpg\" class=\"attachment-full size-full wp-image-12979\" alt=\"\" srcset=\"https:\/\/esteling.com\/wp-content\/uploads\/2021\/03\/FergusStylePalmanova_3.jpg 1315w, https:\/\/esteling.com\/wp-content\/uploads\/2021\/03\/FergusStylePalmanova_3-300x198.jpg 300w, https:\/\/esteling.com\/wp-content\/uploads\/2021\/03\/FergusStylePalmanova_3-1024x677.jpg 1024w, https:\/\/esteling.com\/wp-content\/uploads\/2021\/03\/FergusStylePalmanova_3-768x508.jpg 768w\" sizes=\"(max-width: 1315px) 100vw, 1315px\" \/>\t\t<\/div>\n\t\t\t\t<div class=\"elementor-portfolio-item__overlay\">\n\t\t\t\t<h3 class=\"elementor-portfolio-item__title\">\n\t\tThe Fergus Style Palmanova hotel\t\t<\/h3>\n\t\t\t\t<\/div>\n\t\t\t\t<\/a>\n\t\t<\/article>\n\t\t\t\t<article class=\"elementor-portfolio-item elementor-post elementor-filter-226 post-12961 proyectos type-proyectos status-publish format-standard has-post-thumbnail hentry sector-hotels pais-spain\" role=\"listitem\">\n\t\t\t<a class=\"elementor-post__thumbnail__link\" href=\"https:\/\/esteling.com\/en\/proyectos\/the-sol-beach-house-ibiza-hotel\/\">\n\t\t\t\t<div class=\"elementor-portfolio-item__img elementor-post__thumbnail\">\n\t\t\t<img loading=\"lazy\" decoding=\"async\" width=\"999\" height=\"644\" src=\"https:\/\/esteling.com\/wp-content\/uploads\/2019\/09\/Captura-de-pantalla-2019-09-18-a-las-17.22.54.png\" class=\"attachment-full size-full wp-image-6940\" alt=\"sol beach house ibiza\" srcset=\"https:\/\/esteling.com\/wp-content\/uploads\/2019\/09\/Captura-de-pantalla-2019-09-18-a-las-17.22.54.png 999w, https:\/\/esteling.com\/wp-content\/uploads\/2019\/09\/Captura-de-pantalla-2019-09-18-a-las-17.22.54-300x193.png 300w, https:\/\/esteling.com\/wp-content\/uploads\/2019\/09\/Captura-de-pantalla-2019-09-18-a-las-17.22.54-768x495.png 768w\" sizes=\"(max-width: 999px) 100vw, 999px\" \/>\t\t<\/div>\n\t\t\t\t<div class=\"elementor-portfolio-item__overlay\">\n\t\t\t\t<h3 class=\"elementor-portfolio-item__title\">\n\t\tSol Beach House Ibiza hotel\t\t<\/h3>\n\t\t\t\t<\/div>\n\t\t\t\t<\/a>\n\t\t<\/article>\n\t\t\t\t<article class=\"elementor-portfolio-item elementor-post elementor-filter-226 post-12946 proyectos type-proyectos status-publish format-standard has-post-thumbnail hentry sector-hotels pais-spain\" role=\"listitem\">\n\t\t\t<a class=\"elementor-post__thumbnail__link\" href=\"https:\/\/esteling.com\/en\/proyectos\/the-iberostar-jardin-del-sol\/\">\n\t\t\t\t<div class=\"elementor-portfolio-item__img elementor-post__thumbnail\">\n\t\t\t<img loading=\"lazy\" decoding=\"async\" width=\"1920\" height=\"1080\" src=\"https:\/\/esteling.com\/wp-content\/uploads\/2021\/03\/IberostarJardinDelSol_3.jpeg\" class=\"attachment-full size-full wp-image-12953\" alt=\"\" srcset=\"https:\/\/esteling.com\/wp-content\/uploads\/2021\/03\/IberostarJardinDelSol_3.jpeg 1920w, https:\/\/esteling.com\/wp-content\/uploads\/2021\/03\/IberostarJardinDelSol_3-300x169.jpeg 300w, https:\/\/esteling.com\/wp-content\/uploads\/2021\/03\/IberostarJardinDelSol_3-1024x576.jpeg 1024w, https:\/\/esteling.com\/wp-content\/uploads\/2021\/03\/IberostarJardinDelSol_3-768x432.jpeg 768w, https:\/\/esteling.com\/wp-content\/uploads\/2021\/03\/IberostarJardinDelSol_3-1536x864.jpeg 1536w\" sizes=\"(max-width: 1920px) 100vw, 1920px\" \/>\t\t<\/div>\n\t\t\t\t<div class=\"elementor-portfolio-item__overlay\">\n\t\t\t\t<h3 class=\"elementor-portfolio-item__title\">\n\t\tThe Iberostar Jard\u00edn del Sol\t\t<\/h3>\n\t\t\t\t<\/div>\n\t\t\t\t<\/a>\n\t\t<\/article>\n\t\t\t\t<article class=\"elementor-portfolio-item elementor-post elementor-filter-226 post-12929 proyectos type-proyectos status-publish format-standard has-post-thumbnail hentry sector-hotels pais-spain\" role=\"listitem\">\n\t\t\t<a class=\"elementor-post__thumbnail__link\" href=\"https:\/\/esteling.com\/en\/proyectos\/the-globales-montemar-apartments\/\">\n\t\t\t\t<div class=\"elementor-portfolio-item__img elementor-post__thumbnail\">\n\t\t\t<img loading=\"lazy\" decoding=\"async\" width=\"1280\" height=\"884\" src=\"https:\/\/esteling.com\/wp-content\/uploads\/2021\/03\/ApartamentosGlobalesMontemar_1.jpg\" class=\"attachment-full size-full wp-image-12932\" alt=\"\" srcset=\"https:\/\/esteling.com\/wp-content\/uploads\/2021\/03\/ApartamentosGlobalesMontemar_1.jpg 1280w, https:\/\/esteling.com\/wp-content\/uploads\/2021\/03\/ApartamentosGlobalesMontemar_1-300x207.jpg 300w, https:\/\/esteling.com\/wp-content\/uploads\/2021\/03\/ApartamentosGlobalesMontemar_1-1024x707.jpg 1024w, https:\/\/esteling.com\/wp-content\/uploads\/2021\/03\/ApartamentosGlobalesMontemar_1-768x530.jpg 768w\" sizes=\"(max-width: 1280px) 100vw, 1280px\" \/>\t\t<\/div>\n\t\t\t\t<div class=\"elementor-portfolio-item__overlay\">\n\t\t\t\t<h3 class=\"elementor-portfolio-item__title\">\n\t\tThe Globales Montemar Apartments\t\t<\/h3>\n\t\t\t\t<\/div>\n\t\t\t\t<\/a>\n\t\t<\/article>\n\t\t\t\t<article class=\"elementor-portfolio-item elementor-post elementor-filter-226 post-12915 proyectos type-proyectos status-publish format-standard has-post-thumbnail hentry sector-hotels pais-spain\" role=\"listitem\">\n\t\t\t<a class=\"elementor-post__thumbnail__link\" href=\"https:\/\/esteling.com\/en\/proyectos\/the-hsm-sunset-beach\/\">\n\t\t\t\t<div class=\"elementor-portfolio-item__img elementor-post__thumbnail\">\n\t\t\t<img loading=\"lazy\" decoding=\"async\" width=\"1280\" height=\"853\" src=\"https:\/\/esteling.com\/wp-content\/uploads\/2021\/03\/HSMSunsetBeach_1.jpg\" class=\"attachment-full size-full wp-image-12918\" alt=\"\" srcset=\"https:\/\/esteling.com\/wp-content\/uploads\/2021\/03\/HSMSunsetBeach_1.jpg 1280w, https:\/\/esteling.com\/wp-content\/uploads\/2021\/03\/HSMSunsetBeach_1-300x200.jpg 300w, https:\/\/esteling.com\/wp-content\/uploads\/2021\/03\/HSMSunsetBeach_1-1024x682.jpg 1024w, https:\/\/esteling.com\/wp-content\/uploads\/2021\/03\/HSMSunsetBeach_1-768x512.jpg 768w\" sizes=\"(max-width: 1280px) 100vw, 1280px\" \/>\t\t<\/div>\n\t\t\t\t<div class=\"elementor-portfolio-item__overlay\">\n\t\t\t\t<h3 class=\"elementor-portfolio-item__title\">\n\t\tThe HSM Sunset Beach\t\t<\/h3>\n\t\t\t\t<\/div>\n\t\t\t\t<\/a>\n\t\t<\/article>\n\t\t\t\t<article class=\"elementor-portfolio-item elementor-post elementor-filter-226 post-12901 proyectos type-proyectos status-publish format-standard has-post-thumbnail hentry sector-hotels pais-spain\" role=\"listitem\">\n\t\t\t<a class=\"elementor-post__thumbnail__link\" href=\"https:\/\/esteling.com\/en\/proyectos\/the-nakar-boutique-hotel\/\">\n\t\t\t\t<div class=\"elementor-portfolio-item__img elementor-post__thumbnail\">\n\t\t\t<img loading=\"lazy\" decoding=\"async\" width=\"1200\" height=\"900\" src=\"https:\/\/esteling.com\/wp-content\/uploads\/2021\/03\/NakarHotel_2.jpg\" class=\"attachment-full size-full wp-image-12906\" alt=\"\" srcset=\"https:\/\/esteling.com\/wp-content\/uploads\/2021\/03\/NakarHotel_2.jpg 1200w, https:\/\/esteling.com\/wp-content\/uploads\/2021\/03\/NakarHotel_2-300x225.jpg 300w, https:\/\/esteling.com\/wp-content\/uploads\/2021\/03\/NakarHotel_2-1024x768.jpg 1024w, https:\/\/esteling.com\/wp-content\/uploads\/2021\/03\/NakarHotel_2-768x576.jpg 768w\" sizes=\"(max-width: 1200px) 100vw, 1200px\" \/>\t\t<\/div>\n\t\t\t\t<div class=\"elementor-portfolio-item__overlay\">\n\t\t\t\t<h3 class=\"elementor-portfolio-item__title\">\n\t\tThe Nakar Boutique Hotel\t\t<\/h3>\n\t\t\t\t<\/div>\n\t\t\t\t<\/a>\n\t\t<\/article>\n\t\t\t\t<article class=\"elementor-portfolio-item elementor-post elementor-filter-226 post-12886 proyectos type-proyectos status-publish format-standard has-post-thumbnail hentry sector-hotels pais-spain\" role=\"listitem\">\n\t\t\t<a class=\"elementor-post__thumbnail__link\" href=\"https:\/\/esteling.com\/en\/proyectos\/the-bh-mallorca-adults-only-hotel\/\">\n\t\t\t\t<div class=\"elementor-portfolio-item__img elementor-post__thumbnail\">\n\t\t\t<img loading=\"lazy\" decoding=\"async\" width=\"1200\" height=\"800\" src=\"https:\/\/esteling.com\/wp-content\/uploads\/2021\/03\/BHMallorca_1.jpg\" class=\"attachment-full size-full wp-image-12889\" alt=\"\" srcset=\"https:\/\/esteling.com\/wp-content\/uploads\/2021\/03\/BHMallorca_1.jpg 1200w, https:\/\/esteling.com\/wp-content\/uploads\/2021\/03\/BHMallorca_1-300x200.jpg 300w, https:\/\/esteling.com\/wp-content\/uploads\/2021\/03\/BHMallorca_1-1024x683.jpg 1024w, https:\/\/esteling.com\/wp-content\/uploads\/2021\/03\/BHMallorca_1-768x512.jpg 768w\" sizes=\"(max-width: 1200px) 100vw, 1200px\" \/>\t\t<\/div>\n\t\t\t\t<div class=\"elementor-portfolio-item__overlay\">\n\t\t\t\t<h3 class=\"elementor-portfolio-item__title\">\n\t\tThe BH Mallorca Adults Only hotel\t\t<\/h3>\n\t\t\t\t<\/div>\n\t\t\t\t<\/a>\n\t\t<\/article>\n\t\t\t\t<article class=\"elementor-portfolio-item elementor-post elementor-filter-226 post-12872 proyectos type-proyectos status-publish format-standard has-post-thumbnail hentry sector-hotels pais-spain\" role=\"listitem\">\n\t\t\t<a class=\"elementor-post__thumbnail__link\" href=\"https:\/\/esteling.com\/en\/proyectos\/the-calas-de-mallorca-complex\/\">\n\t\t\t\t<div class=\"elementor-portfolio-item__img elementor-post__thumbnail\">\n\t\t\t<img loading=\"lazy\" decoding=\"async\" width=\"1280\" height=\"1015\" src=\"https:\/\/esteling.com\/wp-content\/uploads\/2021\/03\/CalasDeMallorca_1.jpg\" class=\"attachment-full size-full wp-image-12874\" alt=\"\" srcset=\"https:\/\/esteling.com\/wp-content\/uploads\/2021\/03\/CalasDeMallorca_1.jpg 1280w, https:\/\/esteling.com\/wp-content\/uploads\/2021\/03\/CalasDeMallorca_1-300x238.jpg 300w, https:\/\/esteling.com\/wp-content\/uploads\/2021\/03\/CalasDeMallorca_1-1024x812.jpg 1024w, https:\/\/esteling.com\/wp-content\/uploads\/2021\/03\/CalasDeMallorca_1-768x609.jpg 768w\" sizes=\"(max-width: 1280px) 100vw, 1280px\" \/>\t\t<\/div>\n\t\t\t\t<div class=\"elementor-portfolio-item__overlay\">\n\t\t\t\t<h3 class=\"elementor-portfolio-item__title\">\n\t\tThe Calas de Mallorca Complex: Execution of installations\t\t<\/h3>\n\t\t\t\t<\/div>\n\t\t\t\t<\/a>\n\t\t<\/article>\n\t\t\t\t<article class=\"elementor-portfolio-item elementor-post elementor-filter-226 post-12853 proyectos type-proyectos status-publish format-standard has-post-thumbnail hentry sector-hotels pais-panama-en\" role=\"listitem\">\n\t\t\t<a class=\"elementor-post__thumbnail__link\" href=\"https:\/\/esteling.com\/en\/proyectos\/the-melia-panama-hotel\/\">\n\t\t\t\t<div class=\"elementor-portfolio-item__img elementor-post__thumbnail\">\n\t\t\t<img loading=\"lazy\" decoding=\"async\" width=\"1280\" height=\"853\" src=\"https:\/\/esteling.com\/wp-content\/uploads\/2021\/03\/MeliaPanama_1.jpg\" class=\"attachment-full size-full wp-image-12855\" alt=\"\" srcset=\"https:\/\/esteling.com\/wp-content\/uploads\/2021\/03\/MeliaPanama_1.jpg 1280w, https:\/\/esteling.com\/wp-content\/uploads\/2021\/03\/MeliaPanama_1-300x200.jpg 300w, https:\/\/esteling.com\/wp-content\/uploads\/2021\/03\/MeliaPanama_1-1024x682.jpg 1024w, https:\/\/esteling.com\/wp-content\/uploads\/2021\/03\/MeliaPanama_1-768x512.jpg 768w\" sizes=\"(max-width: 1280px) 100vw, 1280px\" \/>\t\t<\/div>\n\t\t\t\t<div class=\"elementor-portfolio-item__overlay\">\n\t\t\t\t<h3 class=\"elementor-portfolio-item__title\">\n\t\tThe Meli\u00e1 Panama hotel: Execution of installations\t\t<\/h3>\n\t\t\t\t<\/div>\n\t\t\t\t<\/a>\n\t\t<\/article>\n\t\t\t\t<article class=\"elementor-portfolio-item elementor-post elementor-filter-226 post-12837 proyectos type-proyectos status-publish format-standard has-post-thumbnail hentry sector-hotels pais-jamaica-en\" role=\"listitem\">\n\t\t\t<a class=\"elementor-post__thumbnail__link\" href=\"https:\/\/esteling.com\/en\/proyectos\/the-royalton-white-sands-resort\/\">\n\t\t\t\t<div class=\"elementor-portfolio-item__img elementor-post__thumbnail\">\n\t\t\t<img loading=\"lazy\" decoding=\"async\" width=\"1366\" height=\"768\" src=\"https:\/\/esteling.com\/wp-content\/uploads\/2021\/03\/RoyaltonWhiteSands_4.jpg\" class=\"attachment-full size-full wp-image-12846\" alt=\"\" srcset=\"https:\/\/esteling.com\/wp-content\/uploads\/2021\/03\/RoyaltonWhiteSands_4.jpg 1366w, https:\/\/esteling.com\/wp-content\/uploads\/2021\/03\/RoyaltonWhiteSands_4-300x169.jpg 300w, https:\/\/esteling.com\/wp-content\/uploads\/2021\/03\/RoyaltonWhiteSands_4-1024x576.jpg 1024w, https:\/\/esteling.com\/wp-content\/uploads\/2021\/03\/RoyaltonWhiteSands_4-768x432.jpg 768w\" sizes=\"(max-width: 1366px) 100vw, 1366px\" \/>\t\t<\/div>\n\t\t\t\t<div class=\"elementor-portfolio-item__overlay\">\n\t\t\t\t<h3 class=\"elementor-portfolio-item__title\">\n\t\tThe Royalton White Sands Resort\t\t<\/h3>\n\t\t\t\t<\/div>\n\t\t\t\t<\/a>\n\t\t<\/article>\n\t\t\t\t<article class=\"elementor-portfolio-item elementor-post elementor-filter-226 post-12822 proyectos type-proyectos status-publish format-standard has-post-thumbnail hentry sector-hotels pais-jamaica-en\" role=\"listitem\">\n\t\t\t<a class=\"elementor-post__thumbnail__link\" href=\"https:\/\/esteling.com\/en\/proyectos\/the-royalton-negril-resort-spa\/\">\n\t\t\t\t<div class=\"elementor-portfolio-item__img elementor-post__thumbnail\">\n\t\t\t<img loading=\"lazy\" decoding=\"async\" width=\"1366\" height=\"768\" src=\"https:\/\/esteling.com\/wp-content\/uploads\/2021\/03\/RoyaltonNegril_1.jpg\" class=\"attachment-full size-full wp-image-12825\" alt=\"\" srcset=\"https:\/\/esteling.com\/wp-content\/uploads\/2021\/03\/RoyaltonNegril_1.jpg 1366w, https:\/\/esteling.com\/wp-content\/uploads\/2021\/03\/RoyaltonNegril_1-300x169.jpg 300w, https:\/\/esteling.com\/wp-content\/uploads\/2021\/03\/RoyaltonNegril_1-1024x576.jpg 1024w, https:\/\/esteling.com\/wp-content\/uploads\/2021\/03\/RoyaltonNegril_1-768x432.jpg 768w\" sizes=\"(max-width: 1366px) 100vw, 1366px\" \/>\t\t<\/div>\n\t\t\t\t<div class=\"elementor-portfolio-item__overlay\">\n\t\t\t\t<h3 class=\"elementor-portfolio-item__title\">\n\t\tThe 5-star Royalton Negril Resort &#038; Spa\t\t<\/h3>\n\t\t\t\t<\/div>\n\t\t\t\t<\/a>\n\t\t<\/article>\n\t\t\t\t<article class=\"elementor-portfolio-item elementor-post elementor-filter-226 post-12804 proyectos type-proyectos status-publish format-standard has-post-thumbnail hentry sector-hotels pais-jamaica-en\" role=\"listitem\">\n\t\t\t<a class=\"elementor-post__thumbnail__link\" href=\"https:\/\/esteling.com\/en\/proyectos\/karisma-azul-beach-resort-negril\/\">\n\t\t\t\t<div class=\"elementor-portfolio-item__img elementor-post__thumbnail\">\n\t\t\t<img loading=\"lazy\" decoding=\"async\" width=\"1280\" height=\"853\" src=\"https:\/\/esteling.com\/wp-content\/uploads\/2021\/03\/AzulBeachResortNegril_3.jpg\" class=\"attachment-full size-full wp-image-12811\" alt=\"\" srcset=\"https:\/\/esteling.com\/wp-content\/uploads\/2021\/03\/AzulBeachResortNegril_3.jpg 1280w, https:\/\/esteling.com\/wp-content\/uploads\/2021\/03\/AzulBeachResortNegril_3-300x200.jpg 300w, https:\/\/esteling.com\/wp-content\/uploads\/2021\/03\/AzulBeachResortNegril_3-1024x682.jpg 1024w, https:\/\/esteling.com\/wp-content\/uploads\/2021\/03\/AzulBeachResortNegril_3-768x512.jpg 768w\" sizes=\"(max-width: 1280px) 100vw, 1280px\" \/>\t\t<\/div>\n\t\t\t\t<div class=\"elementor-portfolio-item__overlay\">\n\t\t\t\t<h3 class=\"elementor-portfolio-item__title\">\n\t\tKarisma Azul Beach Resort Negril\t\t<\/h3>\n\t\t\t\t<\/div>\n\t\t\t\t<\/a>\n\t\t<\/article>\n\t\t\t\t<article class=\"elementor-portfolio-item elementor-post elementor-filter-226 post-12790 proyectos type-proyectos status-publish format-standard has-post-thumbnail hentry sector-hotels pais-dominican-republic\" role=\"listitem\">\n\t\t\t<a class=\"elementor-post__thumbnail__link\" href=\"https:\/\/esteling.com\/en\/proyectos\/the-four-star-be-live-experience-hamaca-beach-resort\/\">\n\t\t\t\t<div class=\"elementor-portfolio-item__img elementor-post__thumbnail\">\n\t\t\t<img loading=\"lazy\" decoding=\"async\" width=\"1600\" height=\"1090\" src=\"https:\/\/esteling.com\/wp-content\/uploads\/2021\/03\/BeLiveExperience_4.jpg\" class=\"attachment-full size-full wp-image-12799\" alt=\"\" srcset=\"https:\/\/esteling.com\/wp-content\/uploads\/2021\/03\/BeLiveExperience_4.jpg 1600w, https:\/\/esteling.com\/wp-content\/uploads\/2021\/03\/BeLiveExperience_4-300x204.jpg 300w, https:\/\/esteling.com\/wp-content\/uploads\/2021\/03\/BeLiveExperience_4-1024x698.jpg 1024w, https:\/\/esteling.com\/wp-content\/uploads\/2021\/03\/BeLiveExperience_4-768x523.jpg 768w, https:\/\/esteling.com\/wp-content\/uploads\/2021\/03\/BeLiveExperience_4-1536x1046.jpg 1536w\" sizes=\"(max-width: 1600px) 100vw, 1600px\" \/>\t\t<\/div>\n\t\t\t\t<div class=\"elementor-portfolio-item__overlay\">\n\t\t\t\t<h3 class=\"elementor-portfolio-item__title\">\n\t\tThe four-star Be Live Experience Hamaca Beach Resort\t\t<\/h3>\n\t\t\t\t<\/div>\n\t\t\t\t<\/a>\n\t\t<\/article>\n\t\t\t\t<article class=\"elementor-portfolio-item elementor-post elementor-filter-226 elementor-filter-321 post-12773 proyectos type-proyectos status-publish format-standard has-post-thumbnail hentry sector-hotels sector-maintenance pais-dominican-republic\" role=\"listitem\">\n\t\t\t<a class=\"elementor-post__thumbnail__link\" href=\"https:\/\/esteling.com\/en\/proyectos\/cofresi-palm-beach-spa\/\">\n\t\t\t\t<div class=\"elementor-portfolio-item__img elementor-post__thumbnail\">\n\t\t\t<img loading=\"lazy\" decoding=\"async\" width=\"1280\" height=\"853\" src=\"https:\/\/esteling.com\/wp-content\/uploads\/2021\/03\/CofresiPalmBeach_4.jpg\" class=\"attachment-full size-full wp-image-12783\" alt=\"\" srcset=\"https:\/\/esteling.com\/wp-content\/uploads\/2021\/03\/CofresiPalmBeach_4.jpg 1280w, https:\/\/esteling.com\/wp-content\/uploads\/2021\/03\/CofresiPalmBeach_4-300x200.jpg 300w, https:\/\/esteling.com\/wp-content\/uploads\/2021\/03\/CofresiPalmBeach_4-1024x682.jpg 1024w, https:\/\/esteling.com\/wp-content\/uploads\/2021\/03\/CofresiPalmBeach_4-768x512.jpg 768w\" sizes=\"(max-width: 1280px) 100vw, 1280px\" \/>\t\t<\/div>\n\t\t\t\t<div class=\"elementor-portfolio-item__overlay\">\n\t\t\t\t<h3 class=\"elementor-portfolio-item__title\">\n\t\tCofresi Palm Beach &#038; Spa\t\t<\/h3>\n\t\t\t\t<\/div>\n\t\t\t\t<\/a>\n\t\t<\/article>\n\t\t\t\t<article class=\"elementor-portfolio-item elementor-post elementor-filter-226 elementor-filter-321 post-12757 proyectos type-proyectos status-publish format-standard has-post-thumbnail hentry sector-hotels sector-maintenance pais-dominican-republic\" role=\"listitem\">\n\t\t\t<a class=\"elementor-post__thumbnail__link\" href=\"https:\/\/esteling.com\/en\/proyectos\/now-larimar-punta-cana-2\/\">\n\t\t\t\t<div class=\"elementor-portfolio-item__img elementor-post__thumbnail\">\n\t\t\t<img loading=\"lazy\" decoding=\"async\" width=\"1800\" height=\"1350\" src=\"https:\/\/esteling.com\/wp-content\/uploads\/2021\/03\/NowLarimarPuntaCana_1.jpg\" class=\"attachment-full size-full wp-image-12760\" alt=\"\" srcset=\"https:\/\/esteling.com\/wp-content\/uploads\/2021\/03\/NowLarimarPuntaCana_1.jpg 1800w, https:\/\/esteling.com\/wp-content\/uploads\/2021\/03\/NowLarimarPuntaCana_1-300x225.jpg 300w, https:\/\/esteling.com\/wp-content\/uploads\/2021\/03\/NowLarimarPuntaCana_1-1024x768.jpg 1024w, https:\/\/esteling.com\/wp-content\/uploads\/2021\/03\/NowLarimarPuntaCana_1-768x576.jpg 768w, https:\/\/esteling.com\/wp-content\/uploads\/2021\/03\/NowLarimarPuntaCana_1-1536x1152.jpg 1536w\" sizes=\"(max-width: 1800px) 100vw, 1800px\" \/>\t\t<\/div>\n\t\t\t\t<div class=\"elementor-portfolio-item__overlay\">\n\t\t\t\t<h3 class=\"elementor-portfolio-item__title\">\n\t\tNow Larimar Punta Cana\t\t<\/h3>\n\t\t\t\t<\/div>\n\t\t\t\t<\/a>\n\t\t<\/article>\n\t\t\t\t<article class=\"elementor-portfolio-item elementor-post elementor-filter-226 elementor-filter-321 post-12743 proyectos type-proyectos status-publish format-standard has-post-thumbnail hentry sector-hotels sector-maintenance pais-dominican-republic\" role=\"listitem\">\n\t\t\t<a class=\"elementor-post__thumbnail__link\" href=\"https:\/\/esteling.com\/en\/proyectos\/the-royalton-punta-cana-resort-casino\/\">\n\t\t\t\t<div class=\"elementor-portfolio-item__img elementor-post__thumbnail\">\n\t\t\t<img loading=\"lazy\" decoding=\"async\" width=\"1140\" height=\"800\" src=\"https:\/\/esteling.com\/wp-content\/uploads\/2021\/03\/RoyaltonPuntaCana_4.jpg\" class=\"attachment-full size-full wp-image-12751\" alt=\"\" srcset=\"https:\/\/esteling.com\/wp-content\/uploads\/2021\/03\/RoyaltonPuntaCana_4.jpg 1140w, https:\/\/esteling.com\/wp-content\/uploads\/2021\/03\/RoyaltonPuntaCana_4-300x211.jpg 300w, https:\/\/esteling.com\/wp-content\/uploads\/2021\/03\/RoyaltonPuntaCana_4-1024x719.jpg 1024w, https:\/\/esteling.com\/wp-content\/uploads\/2021\/03\/RoyaltonPuntaCana_4-768x539.jpg 768w\" sizes=\"(max-width: 1140px) 100vw, 1140px\" \/>\t\t<\/div>\n\t\t\t\t<div class=\"elementor-portfolio-item__overlay\">\n\t\t\t\t<h3 class=\"elementor-portfolio-item__title\">\n\t\tThe Royalton Punta Cana Resort &#038; Casino\t\t<\/h3>\n\t\t\t\t<\/div>\n\t\t\t\t<\/a>\n\t\t<\/article>\n\t\t\t\t<article class=\"elementor-portfolio-item elementor-post elementor-filter-226 post-12728 proyectos type-proyectos status-publish format-standard has-post-thumbnail hentry sector-hotels pais-dominican-republic\" role=\"listitem\">\n\t\t\t<a class=\"elementor-post__thumbnail__link\" href=\"https:\/\/esteling.com\/en\/proyectos\/the-grand-palladium-bavaro-suites-resort-spa\/\">\n\t\t\t\t<div class=\"elementor-portfolio-item__img elementor-post__thumbnail\">\n\t\t\t<img loading=\"lazy\" decoding=\"async\" width=\"1280\" height=\"720\" src=\"https:\/\/esteling.com\/wp-content\/uploads\/2021\/03\/GrandPalladiumBavaro_3.jpg\" class=\"attachment-full size-full wp-image-12735\" alt=\"\" srcset=\"https:\/\/esteling.com\/wp-content\/uploads\/2021\/03\/GrandPalladiumBavaro_3.jpg 1280w, https:\/\/esteling.com\/wp-content\/uploads\/2021\/03\/GrandPalladiumBavaro_3-300x169.jpg 300w, https:\/\/esteling.com\/wp-content\/uploads\/2021\/03\/GrandPalladiumBavaro_3-1024x576.jpg 1024w, https:\/\/esteling.com\/wp-content\/uploads\/2021\/03\/GrandPalladiumBavaro_3-768x432.jpg 768w\" sizes=\"(max-width: 1280px) 100vw, 1280px\" \/>\t\t<\/div>\n\t\t\t\t<div class=\"elementor-portfolio-item__overlay\">\n\t\t\t\t<h3 class=\"elementor-portfolio-item__title\">\n\t\tThe Grand Palladium B\u00e1varo Suites Resort &#038; Spa\t\t<\/h3>\n\t\t\t\t<\/div>\n\t\t\t\t<\/a>\n\t\t<\/article>\n\t\t\t\t<article class=\"elementor-portfolio-item elementor-post elementor-filter-226 post-12714 proyectos type-proyectos status-publish format-standard has-post-thumbnail hentry sector-hotels pais-dominican-republic\" role=\"listitem\">\n\t\t\t<a class=\"elementor-post__thumbnail__link\" href=\"https:\/\/esteling.com\/en\/proyectos\/the-secrets-cap-cana-resort-spa\/\">\n\t\t\t\t<div class=\"elementor-portfolio-item__img elementor-post__thumbnail\">\n\t\t\t<img loading=\"lazy\" decoding=\"async\" width=\"2500\" height=\"1666\" src=\"https:\/\/esteling.com\/wp-content\/uploads\/2021\/03\/SecretsCapCana_1.jpg\" class=\"attachment-full size-full wp-image-12716\" alt=\"\" srcset=\"https:\/\/esteling.com\/wp-content\/uploads\/2021\/03\/SecretsCapCana_1.jpg 2500w, https:\/\/esteling.com\/wp-content\/uploads\/2021\/03\/SecretsCapCana_1-300x200.jpg 300w, https:\/\/esteling.com\/wp-content\/uploads\/2021\/03\/SecretsCapCana_1-1024x682.jpg 1024w, https:\/\/esteling.com\/wp-content\/uploads\/2021\/03\/SecretsCapCana_1-768x512.jpg 768w, https:\/\/esteling.com\/wp-content\/uploads\/2021\/03\/SecretsCapCana_1-1536x1024.jpg 1536w, https:\/\/esteling.com\/wp-content\/uploads\/2021\/03\/SecretsCapCana_1-2048x1365.jpg 2048w\" sizes=\"(max-width: 2500px) 100vw, 2500px\" \/>\t\t<\/div>\n\t\t\t\t<div class=\"elementor-portfolio-item__overlay\">\n\t\t\t\t<h3 class=\"elementor-portfolio-item__title\">\n\t\tThe Secrets Cap Cana Resort &#038; Spa\t\t<\/h3>\n\t\t\t\t<\/div>\n\t\t\t\t<\/a>\n\t\t<\/article>\n\t\t\t\t<article class=\"elementor-portfolio-item elementor-post elementor-filter-226 post-12696 proyectos type-proyectos status-publish format-standard has-post-thumbnail hentry sector-hotels pais-mexico-en\" role=\"listitem\">\n\t\t\t<a class=\"elementor-post__thumbnail__link\" href=\"https:\/\/esteling.com\/en\/proyectos\/the-secrets-akumal-resort\/\">\n\t\t\t\t<div class=\"elementor-portfolio-item__img elementor-post__thumbnail\">\n\t\t\t<img loading=\"lazy\" decoding=\"async\" width=\"2500\" height=\"1666\" src=\"https:\/\/esteling.com\/wp-content\/uploads\/2021\/03\/ResortSecretsAkumal_2.jpg\" class=\"attachment-full size-full wp-image-12700\" alt=\"\" srcset=\"https:\/\/esteling.com\/wp-content\/uploads\/2021\/03\/ResortSecretsAkumal_2.jpg 2500w, https:\/\/esteling.com\/wp-content\/uploads\/2021\/03\/ResortSecretsAkumal_2-300x200.jpg 300w, https:\/\/esteling.com\/wp-content\/uploads\/2021\/03\/ResortSecretsAkumal_2-1024x682.jpg 1024w, https:\/\/esteling.com\/wp-content\/uploads\/2021\/03\/ResortSecretsAkumal_2-768x512.jpg 768w, https:\/\/esteling.com\/wp-content\/uploads\/2021\/03\/ResortSecretsAkumal_2-1536x1024.jpg 1536w, https:\/\/esteling.com\/wp-content\/uploads\/2021\/03\/ResortSecretsAkumal_2-2048x1365.jpg 2048w\" sizes=\"(max-width: 2500px) 100vw, 2500px\" \/>\t\t<\/div>\n\t\t\t\t<div class=\"elementor-portfolio-item__overlay\">\n\t\t\t\t<h3 class=\"elementor-portfolio-item__title\">\n\t\tThe Secrets Akumal Resort\t\t<\/h3>\n\t\t\t\t<\/div>\n\t\t\t\t<\/a>\n\t\t<\/article>\n\t\t\t\t<article class=\"elementor-portfolio-item elementor-post elementor-filter-297 post-12682 proyectos type-proyectos status-publish format-standard has-post-thumbnail hentry sector-commerce-industry pais-spain\" role=\"listitem\">\n\t\t\t<a class=\"elementor-post__thumbnail__link\" href=\"https:\/\/esteling.com\/en\/proyectos\/the-olivar-market\/\">\n\t\t\t\t<div class=\"elementor-portfolio-item__img elementor-post__thumbnail\">\n\t\t\t<img loading=\"lazy\" decoding=\"async\" width=\"1181\" height=\"619\" src=\"https:\/\/esteling.com\/wp-content\/uploads\/2021\/03\/MercadoOlivar_1.png\" class=\"attachment-full size-full wp-image-12684\" alt=\"\" srcset=\"https:\/\/esteling.com\/wp-content\/uploads\/2021\/03\/MercadoOlivar_1.png 1181w, https:\/\/esteling.com\/wp-content\/uploads\/2021\/03\/MercadoOlivar_1-300x157.png 300w, https:\/\/esteling.com\/wp-content\/uploads\/2021\/03\/MercadoOlivar_1-1024x537.png 1024w, https:\/\/esteling.com\/wp-content\/uploads\/2021\/03\/MercadoOlivar_1-768x403.png 768w\" sizes=\"(max-width: 1181px) 100vw, 1181px\" \/>\t\t<\/div>\n\t\t\t\t<div class=\"elementor-portfolio-item__overlay\">\n\t\t\t\t<h3 class=\"elementor-portfolio-item__title\">\n\t\tThe Mercado del Olivar\t\t<\/h3>\n\t\t\t\t<\/div>\n\t\t\t\t<\/a>\n\t\t<\/article>\n\t\t\t\t<article class=\"elementor-portfolio-item elementor-post elementor-filter-225 post-12667 proyectos type-proyectos status-publish format-standard has-post-thumbnail hentry sector-culture pais-spain\" role=\"listitem\">\n\t\t\t<a class=\"elementor-post__thumbnail__link\" href=\"https:\/\/esteling.com\/en\/proyectos\/the-pueblo-espanol\/\">\n\t\t\t\t<div class=\"elementor-portfolio-item__img elementor-post__thumbnail\">\n\t\t\t<img loading=\"lazy\" decoding=\"async\" width=\"955\" height=\"505\" src=\"https:\/\/esteling.com\/wp-content\/uploads\/2021\/03\/PuebloEspan\u0303ol_2.jpg\" class=\"attachment-full size-full wp-image-12672\" alt=\"\" srcset=\"https:\/\/esteling.com\/wp-content\/uploads\/2021\/03\/PuebloEspan\u0303ol_2.jpg 955w, https:\/\/esteling.com\/wp-content\/uploads\/2021\/03\/PuebloEspan\u0303ol_2-300x159.jpg 300w, https:\/\/esteling.com\/wp-content\/uploads\/2021\/03\/PuebloEspan\u0303ol_2-768x406.jpg 768w\" sizes=\"(max-width: 955px) 100vw, 955px\" \/>\t\t<\/div>\n\t\t\t\t<div class=\"elementor-portfolio-item__overlay\">\n\t\t\t\t<h3 class=\"elementor-portfolio-item__title\">\n\t\tThe Pueblo Espa\u00f1ol\t\t<\/h3>\n\t\t\t\t<\/div>\n\t\t\t\t<\/a>\n\t\t<\/article>\n\t\t\t\t<article class=\"elementor-portfolio-item elementor-post elementor-filter-225 post-12651 proyectos type-proyectos status-publish format-standard has-post-thumbnail hentry sector-culture pais-spain\" role=\"listitem\">\n\t\t\t<a class=\"elementor-post__thumbnail__link\" href=\"https:\/\/esteling.com\/en\/proyectos\/the-juan-march-foundation\/\">\n\t\t\t\t<div class=\"elementor-portfolio-item__img elementor-post__thumbnail\">\n\t\t\t<img loading=\"lazy\" decoding=\"async\" width=\"2560\" height=\"1918\" src=\"https:\/\/esteling.com\/wp-content\/uploads\/2021\/03\/FundacionJuanMarch_1-scaled.jpg\" class=\"attachment-full size-full wp-image-12654\" alt=\"\" srcset=\"https:\/\/esteling.com\/wp-content\/uploads\/2021\/03\/FundacionJuanMarch_1-scaled.jpg 2560w, https:\/\/esteling.com\/wp-content\/uploads\/2021\/03\/FundacionJuanMarch_1-300x225.jpg 300w, https:\/\/esteling.com\/wp-content\/uploads\/2021\/03\/FundacionJuanMarch_1-1024x767.jpg 1024w, https:\/\/esteling.com\/wp-content\/uploads\/2021\/03\/FundacionJuanMarch_1-768x575.jpg 768w, https:\/\/esteling.com\/wp-content\/uploads\/2021\/03\/FundacionJuanMarch_1-1536x1151.jpg 1536w, https:\/\/esteling.com\/wp-content\/uploads\/2021\/03\/FundacionJuanMarch_1-2048x1534.jpg 2048w\" sizes=\"(max-width: 2560px) 100vw, 2560px\" \/>\t\t<\/div>\n\t\t\t\t<div class=\"elementor-portfolio-item__overlay\">\n\t\t\t\t<h3 class=\"elementor-portfolio-item__title\">\n\t\tThe Juan March Foundation\t\t<\/h3>\n\t\t\t\t<\/div>\n\t\t\t\t<\/a>\n\t\t<\/article>\n\t\t\t\t<article class=\"elementor-portfolio-item elementor-post elementor-filter-225 post-12640 proyectos type-proyectos status-publish format-standard has-post-thumbnail hentry sector-culture pais-spain\" role=\"listitem\">\n\t\t\t<a class=\"elementor-post__thumbnail__link\" href=\"https:\/\/esteling.com\/en\/proyectos\/the-pilar-y-joan-miro-foundation\/\">\n\t\t\t\t<div class=\"elementor-portfolio-item__img elementor-post__thumbnail\">\n\t\t\t<img loading=\"lazy\" decoding=\"async\" width=\"1700\" height=\"1153\" src=\"https:\/\/esteling.com\/wp-content\/uploads\/2021\/03\/home-hero__b.jpg\" class=\"attachment-full size-full wp-image-12644\" alt=\"\" srcset=\"https:\/\/esteling.com\/wp-content\/uploads\/2021\/03\/home-hero__b.jpg 1700w, https:\/\/esteling.com\/wp-content\/uploads\/2021\/03\/home-hero__b-300x203.jpg 300w, https:\/\/esteling.com\/wp-content\/uploads\/2021\/03\/home-hero__b-1024x695.jpg 1024w, https:\/\/esteling.com\/wp-content\/uploads\/2021\/03\/home-hero__b-768x521.jpg 768w, https:\/\/esteling.com\/wp-content\/uploads\/2021\/03\/home-hero__b-1536x1042.jpg 1536w\" sizes=\"(max-width: 1700px) 100vw, 1700px\" \/>\t\t<\/div>\n\t\t\t\t<div class=\"elementor-portfolio-item__overlay\">\n\t\t\t\t<h3 class=\"elementor-portfolio-item__title\">\n\t\tThe Pilar y Joan Mir\u00f3 Foundation\t\t<\/h3>\n\t\t\t\t<\/div>\n\t\t\t\t<\/a>\n\t\t<\/article>\n\t\t\t\t<article class=\"elementor-portfolio-item elementor-post elementor-filter-225 post-12630 proyectos type-proyectos status-publish format-standard has-post-thumbnail hentry sector-culture pais-spain\" role=\"listitem\">\n\t\t\t<a class=\"elementor-post__thumbnail__link\" href=\"https:\/\/esteling.com\/en\/proyectos\/the-public-library-of-palma\/\">\n\t\t\t\t<div class=\"elementor-portfolio-item__img elementor-post__thumbnail\">\n\t\t\t<img loading=\"lazy\" decoding=\"async\" width=\"1200\" height=\"900\" src=\"https:\/\/esteling.com\/wp-content\/uploads\/2021\/03\/CanSales_1.jpg\" class=\"attachment-full size-full wp-image-12633\" alt=\"\" srcset=\"https:\/\/esteling.com\/wp-content\/uploads\/2021\/03\/CanSales_1.jpg 1200w, https:\/\/esteling.com\/wp-content\/uploads\/2021\/03\/CanSales_1-300x225.jpg 300w, https:\/\/esteling.com\/wp-content\/uploads\/2021\/03\/CanSales_1-1024x768.jpg 1024w, https:\/\/esteling.com\/wp-content\/uploads\/2021\/03\/CanSales_1-768x576.jpg 768w\" sizes=\"(max-width: 1200px) 100vw, 1200px\" \/>\t\t<\/div>\n\t\t\t\t<div class=\"elementor-portfolio-item__overlay\">\n\t\t\t\t<h3 class=\"elementor-portfolio-item__title\">\n\t\tThe Public Library of Palma &#8211; Ca&#8217;n Sales\t\t<\/h3>\n\t\t\t\t<\/div>\n\t\t\t\t<\/a>\n\t\t<\/article>\n\t\t\t\t<article class=\"elementor-portfolio-item elementor-post elementor-filter-225 post-12615 proyectos type-proyectos status-publish format-standard has-post-thumbnail hentry sector-culture pais-spain\" role=\"listitem\">\n\t\t\t<a class=\"elementor-post__thumbnail__link\" href=\"https:\/\/esteling.com\/en\/proyectos\/es-baluard-facilities\/\">\n\t\t\t\t<div class=\"elementor-portfolio-item__img elementor-post__thumbnail\">\n\t\t\t<img loading=\"lazy\" decoding=\"async\" width=\"1280\" height=\"787\" src=\"https:\/\/esteling.com\/wp-content\/uploads\/2021\/03\/EsBaluard_4.jpg\" class=\"attachment-full size-full wp-image-12624\" alt=\"\" srcset=\"https:\/\/esteling.com\/wp-content\/uploads\/2021\/03\/EsBaluard_4.jpg 1280w, https:\/\/esteling.com\/wp-content\/uploads\/2021\/03\/EsBaluard_4-300x184.jpg 300w, https:\/\/esteling.com\/wp-content\/uploads\/2021\/03\/EsBaluard_4-1024x630.jpg 1024w, https:\/\/esteling.com\/wp-content\/uploads\/2021\/03\/EsBaluard_4-768x472.jpg 768w\" sizes=\"(max-width: 1280px) 100vw, 1280px\" \/>\t\t<\/div>\n\t\t\t\t<div class=\"elementor-portfolio-item__overlay\">\n\t\t\t\t<h3 class=\"elementor-portfolio-item__title\">\n\t\tEs Baluard\t\t<\/h3>\n\t\t\t\t<\/div>\n\t\t\t\t<\/a>\n\t\t<\/article>\n\t\t\t\t<article class=\"elementor-portfolio-item elementor-post elementor-filter-225 post-12597 proyectos type-proyectos status-publish format-standard has-post-thumbnail hentry sector-culture pais-spain\" role=\"listitem\">\n\t\t\t<a class=\"elementor-post__thumbnail__link\" href=\"https:\/\/esteling.com\/en\/proyectos\/the-victoria-convention-center\/\">\n\t\t\t\t<div class=\"elementor-portfolio-item__img elementor-post__thumbnail\">\n\t\t\t<img loading=\"lazy\" decoding=\"async\" width=\"512\" height=\"346\" src=\"https:\/\/esteling.com\/wp-content\/uploads\/2021\/03\/PalacioCongresos_2.jpg\" class=\"attachment-full size-full wp-image-12602\" alt=\"\" srcset=\"https:\/\/esteling.com\/wp-content\/uploads\/2021\/03\/PalacioCongresos_2.jpg 512w, https:\/\/esteling.com\/wp-content\/uploads\/2021\/03\/PalacioCongresos_2-300x203.jpg 300w\" sizes=\"(max-width: 512px) 100vw, 512px\" \/>\t\t<\/div>\n\t\t\t\t<div class=\"elementor-portfolio-item__overlay\">\n\t\t\t\t<h3 class=\"elementor-portfolio-item__title\">\n\t\tThe Victoria Convention Center, Gran Meli\u00e1 Victoria Hotel\t\t<\/h3>\n\t\t\t\t<\/div>\n\t\t\t\t<\/a>\n\t\t<\/article>\n\t\t\t\t<article class=\"elementor-portfolio-item elementor-post elementor-filter-213 post-12571 proyectos type-proyectos status-publish format-standard has-post-thumbnail hentry sector-infrastructures pais-spain\" role=\"listitem\">\n\t\t\t<a class=\"elementor-post__thumbnail__link\" href=\"https:\/\/esteling.com\/en\/proyectos\/global-work-for-sa-deixalleria\/\">\n\t\t\t\t<div class=\"elementor-portfolio-item__img elementor-post__thumbnail\">\n\t\t\t<img loading=\"lazy\" decoding=\"async\" width=\"696\" height=\"464\" src=\"https:\/\/esteling.com\/wp-content\/uploads\/2021\/03\/SaDeixalleria_3.jpg\" class=\"attachment-full size-full wp-image-12574\" alt=\"\" srcset=\"https:\/\/esteling.com\/wp-content\/uploads\/2021\/03\/SaDeixalleria_3.jpg 696w, https:\/\/esteling.com\/wp-content\/uploads\/2021\/03\/SaDeixalleria_3-300x200.jpg 300w\" sizes=\"(max-width: 696px) 100vw, 696px\" \/>\t\t<\/div>\n\t\t\t\t<div class=\"elementor-portfolio-item__overlay\">\n\t\t\t\t<h3 class=\"elementor-portfolio-item__title\">\n\t\tGlobal work for Sa Deixalleria\t\t<\/h3>\n\t\t\t\t<\/div>\n\t\t\t\t<\/a>\n\t\t<\/article>\n\t\t\t\t<article class=\"elementor-portfolio-item elementor-post elementor-filter-213 post-12556 proyectos type-proyectos status-publish format-standard has-post-thumbnail hentry sector-infrastructures pais-spain\" role=\"listitem\">\n\t\t\t<a class=\"elementor-post__thumbnail__link\" href=\"https:\/\/esteling.com\/en\/proyectos\/the-etaps-of-son-tugores-execution-of-installations\/\">\n\t\t\t\t<div class=\"elementor-portfolio-item__img elementor-post__thumbnail\">\n\t\t\t<img loading=\"lazy\" decoding=\"async\" width=\"850\" height=\"495\" src=\"https:\/\/esteling.com\/wp-content\/uploads\/2021\/03\/DepuradoraSonTugores_1.jpg\" class=\"attachment-full size-full wp-image-12559\" alt=\"\" srcset=\"https:\/\/esteling.com\/wp-content\/uploads\/2021\/03\/DepuradoraSonTugores_1.jpg 850w, https:\/\/esteling.com\/wp-content\/uploads\/2021\/03\/DepuradoraSonTugores_1-300x175.jpg 300w, https:\/\/esteling.com\/wp-content\/uploads\/2021\/03\/DepuradoraSonTugores_1-768x447.jpg 768w\" sizes=\"(max-width: 850px) 100vw, 850px\" \/>\t\t<\/div>\n\t\t\t\t<div class=\"elementor-portfolio-item__overlay\">\n\t\t\t\t<h3 class=\"elementor-portfolio-item__title\">\n\t\tThe ETAPs of Son Tugores\t\t<\/h3>\n\t\t\t\t<\/div>\n\t\t\t\t<\/a>\n\t\t<\/article>\n\t\t\t\t<article class=\"elementor-portfolio-item elementor-post elementor-filter-213 post-12545 proyectos type-proyectos status-publish format-standard has-post-thumbnail hentry sector-infrastructures pais-spain\" role=\"listitem\">\n\t\t\t<a class=\"elementor-post__thumbnail__link\" href=\"https:\/\/esteling.com\/en\/proyectos\/the-superior-police-headquarters\/\">\n\t\t\t\t<div class=\"elementor-portfolio-item__img elementor-post__thumbnail\">\n\t\t\t<img loading=\"lazy\" decoding=\"async\" width=\"1314\" height=\"712\" src=\"https:\/\/esteling.com\/wp-content\/uploads\/2021\/03\/JefaturaSuperiorPolicia_2.png\" class=\"attachment-full size-full wp-image-12547\" alt=\"\" srcset=\"https:\/\/esteling.com\/wp-content\/uploads\/2021\/03\/JefaturaSuperiorPolicia_2.png 1314w, https:\/\/esteling.com\/wp-content\/uploads\/2021\/03\/JefaturaSuperiorPolicia_2-300x163.png 300w, https:\/\/esteling.com\/wp-content\/uploads\/2021\/03\/JefaturaSuperiorPolicia_2-1024x555.png 1024w, https:\/\/esteling.com\/wp-content\/uploads\/2021\/03\/JefaturaSuperiorPolicia_2-768x416.png 768w\" sizes=\"(max-width: 1314px) 100vw, 1314px\" \/>\t\t<\/div>\n\t\t\t\t<div class=\"elementor-portfolio-item__overlay\">\n\t\t\t\t<h3 class=\"elementor-portfolio-item__title\">\n\t\tThe Superior Police Headquarters\t\t<\/h3>\n\t\t\t\t<\/div>\n\t\t\t\t<\/a>\n\t\t<\/article>\n\t\t\t\t<article class=\"elementor-portfolio-item elementor-post elementor-filter-213 post-12533 proyectos type-proyectos status-publish format-standard has-post-thumbnail hentry sector-infrastructures pais-spain\" role=\"listitem\">\n\t\t\t<a class=\"elementor-post__thumbnail__link\" href=\"https:\/\/esteling.com\/en\/proyectos\/the-parc-bit-is-a-business-park-that-from-the-technological-sector\/\">\n\t\t\t\t<div class=\"elementor-portfolio-item__img elementor-post__thumbnail\">\n\t\t\t<img loading=\"lazy\" decoding=\"async\" width=\"1200\" height=\"800\" src=\"https:\/\/esteling.com\/wp-content\/uploads\/2021\/03\/ParcBit_2.png\" class=\"attachment-full size-full wp-image-12535\" alt=\"\" srcset=\"https:\/\/esteling.com\/wp-content\/uploads\/2021\/03\/ParcBit_2.png 1200w, https:\/\/esteling.com\/wp-content\/uploads\/2021\/03\/ParcBit_2-300x200.png 300w, https:\/\/esteling.com\/wp-content\/uploads\/2021\/03\/ParcBit_2-1024x683.png 1024w, https:\/\/esteling.com\/wp-content\/uploads\/2021\/03\/ParcBit_2-768x512.png 768w\" sizes=\"(max-width: 1200px) 100vw, 1200px\" \/>\t\t<\/div>\n\t\t\t\t<div class=\"elementor-portfolio-item__overlay\">\n\t\t\t\t<h3 class=\"elementor-portfolio-item__title\">\n\t\tThe Parc BIT is a business park that from the technological sector\t\t<\/h3>\n\t\t\t\t<\/div>\n\t\t\t\t<\/a>\n\t\t<\/article>\n\t\t\t\t<article class=\"elementor-portfolio-item elementor-post elementor-filter-213 post-12517 proyectos type-proyectos status-publish format-standard has-post-thumbnail hentry sector-infrastructures pais-spain\" role=\"listitem\">\n\t\t\t<a class=\"elementor-post__thumbnail__link\" href=\"https:\/\/esteling.com\/en\/proyectos\/waste-management-environmental-technologies-park\/\">\n\t\t\t\t<div class=\"elementor-portfolio-item__img elementor-post__thumbnail\">\n\t\t\t<img loading=\"lazy\" decoding=\"async\" width=\"1009\" height=\"753\" src=\"https:\/\/esteling.com\/wp-content\/uploads\/2021\/03\/ParqueTecnologiasAmbientales_1.jpg\" class=\"attachment-full size-full wp-image-12519\" alt=\"\" srcset=\"https:\/\/esteling.com\/wp-content\/uploads\/2021\/03\/ParqueTecnologiasAmbientales_1.jpg 1009w, https:\/\/esteling.com\/wp-content\/uploads\/2021\/03\/ParqueTecnologiasAmbientales_1-300x224.jpg 300w, https:\/\/esteling.com\/wp-content\/uploads\/2021\/03\/ParqueTecnologiasAmbientales_1-768x573.jpg 768w\" sizes=\"(max-width: 1009px) 100vw, 1009px\" \/>\t\t<\/div>\n\t\t\t\t<div class=\"elementor-portfolio-item__overlay\">\n\t\t\t\t<h3 class=\"elementor-portfolio-item__title\">\n\t\tWaste Management Environmental Technologies Park\t\t<\/h3>\n\t\t\t\t<\/div>\n\t\t\t\t<\/a>\n\t\t<\/article>\n\t\t\t\t<article class=\"elementor-portfolio-item elementor-post elementor-filter-213 post-12507 proyectos type-proyectos status-publish format-standard has-post-thumbnail hentry sector-infrastructures pais-spain\" role=\"listitem\">\n\t\t\t<a class=\"elementor-post__thumbnail__link\" href=\"https:\/\/esteling.com\/en\/proyectos\/the-palma-train\/\">\n\t\t\t\t<div class=\"elementor-portfolio-item__img elementor-post__thumbnail\">\n\t\t\t<img loading=\"lazy\" decoding=\"async\" width=\"2560\" height=\"2195\" src=\"https:\/\/esteling.com\/wp-content\/uploads\/2021\/03\/TrenMallorca_2-scaled.jpg\" class=\"attachment-full size-full wp-image-12510\" alt=\"\" srcset=\"https:\/\/esteling.com\/wp-content\/uploads\/2021\/03\/TrenMallorca_2-scaled.jpg 2560w, https:\/\/esteling.com\/wp-content\/uploads\/2021\/03\/TrenMallorca_2-300x257.jpg 300w, https:\/\/esteling.com\/wp-content\/uploads\/2021\/03\/TrenMallorca_2-1024x878.jpg 1024w, https:\/\/esteling.com\/wp-content\/uploads\/2021\/03\/TrenMallorca_2-768x659.jpg 768w, https:\/\/esteling.com\/wp-content\/uploads\/2021\/03\/TrenMallorca_2-1536x1317.jpg 1536w, https:\/\/esteling.com\/wp-content\/uploads\/2021\/03\/TrenMallorca_2-2048x1756.jpg 2048w\" sizes=\"(max-width: 2560px) 100vw, 2560px\" \/>\t\t<\/div>\n\t\t\t\t<div class=\"elementor-portfolio-item__overlay\">\n\t\t\t\t<h3 class=\"elementor-portfolio-item__title\">\n\t\tThe Palma train\t\t<\/h3>\n\t\t\t\t<\/div>\n\t\t\t\t<\/a>\n\t\t<\/article>\n\t\t\t\t<article class=\"elementor-portfolio-item elementor-post elementor-filter-213 post-12480 proyectos type-proyectos status-publish format-standard has-post-thumbnail hentry sector-infrastructures pais-spain\" role=\"listitem\">\n\t\t\t<a class=\"elementor-post__thumbnail__link\" href=\"https:\/\/esteling.com\/en\/proyectos\/the-palma-subway\/\">\n\t\t\t\t<div class=\"elementor-portfolio-item__img elementor-post__thumbnail\">\n\t\t\t<img loading=\"lazy\" decoding=\"async\" width=\"2560\" height=\"1920\" src=\"https:\/\/esteling.com\/wp-content\/uploads\/2021\/03\/MetroPalma_1-scaled.jpg\" class=\"attachment-full size-full wp-image-12491\" alt=\"\" srcset=\"https:\/\/esteling.com\/wp-content\/uploads\/2021\/03\/MetroPalma_1-scaled.jpg 2560w, https:\/\/esteling.com\/wp-content\/uploads\/2021\/03\/MetroPalma_1-300x225.jpg 300w, https:\/\/esteling.com\/wp-content\/uploads\/2021\/03\/MetroPalma_1-1024x768.jpg 1024w, https:\/\/esteling.com\/wp-content\/uploads\/2021\/03\/MetroPalma_1-768x576.jpg 768w, https:\/\/esteling.com\/wp-content\/uploads\/2021\/03\/MetroPalma_1-1536x1152.jpg 1536w, https:\/\/esteling.com\/wp-content\/uploads\/2021\/03\/MetroPalma_1-2048x1536.jpg 2048w\" sizes=\"(max-width: 2560px) 100vw, 2560px\" \/>\t\t<\/div>\n\t\t\t\t<div class=\"elementor-portfolio-item__overlay\">\n\t\t\t\t<h3 class=\"elementor-portfolio-item__title\">\n\t\tThe Palma subway\t\t<\/h3>\n\t\t\t\t<\/div>\n\t\t\t\t<\/a>\n\t\t<\/article>\n\t\t\t\t<article class=\"elementor-portfolio-item elementor-post elementor-filter-226 elementor-filter-321 post-12367 proyectos type-proyectos status-publish format-standard has-post-thumbnail hentry sector-hotels sector-maintenance pais-dominican-republic\" role=\"listitem\">\n\t\t\t<a class=\"elementor-post__thumbnail__link\" href=\"https:\/\/esteling.com\/en\/proyectos\/club-med-punta-cana-integral-execution-of-installations\/\">\n\t\t\t\t<div class=\"elementor-portfolio-item__img elementor-post__thumbnail\">\n\t\t\t<img loading=\"lazy\" decoding=\"async\" width=\"2560\" height=\"1707\" src=\"https:\/\/esteling.com\/wp-content\/uploads\/2021\/02\/243353-uattox1alx-swhr.jpg\" class=\"attachment-full size-full wp-image-12369\" alt=\"\" srcset=\"https:\/\/esteling.com\/wp-content\/uploads\/2021\/02\/243353-uattox1alx-swhr.jpg 2560w, https:\/\/esteling.com\/wp-content\/uploads\/2021\/02\/243353-uattox1alx-swhr-300x200.jpg 300w, https:\/\/esteling.com\/wp-content\/uploads\/2021\/02\/243353-uattox1alx-swhr-1024x683.jpg 1024w, https:\/\/esteling.com\/wp-content\/uploads\/2021\/02\/243353-uattox1alx-swhr-768x512.jpg 768w, https:\/\/esteling.com\/wp-content\/uploads\/2021\/02\/243353-uattox1alx-swhr-1536x1024.jpg 1536w, https:\/\/esteling.com\/wp-content\/uploads\/2021\/02\/243353-uattox1alx-swhr-2048x1366.jpg 2048w\" sizes=\"(max-width: 2560px) 100vw, 2560px\" \/>\t\t<\/div>\n\t\t\t\t<div class=\"elementor-portfolio-item__overlay\">\n\t\t\t\t<h3 class=\"elementor-portfolio-item__title\">\n\t\tClub Med Punta Cana\t\t<\/h3>\n\t\t\t\t<\/div>\n\t\t\t\t<\/a>\n\t\t<\/article>\n\t\t\t\t<article class=\"elementor-portfolio-item elementor-post elementor-filter-226 post-12353 proyectos type-proyectos status-publish format-standard has-post-thumbnail hentry sector-hotels pais-dominican-republic\" role=\"listitem\">\n\t\t\t<a class=\"elementor-post__thumbnail__link\" href=\"https:\/\/esteling.com\/en\/proyectos\/excellence-el-carmen-integral-execution-of-installations\/\">\n\t\t\t\t<div class=\"elementor-portfolio-item__img elementor-post__thumbnail\">\n\t\t\t<img loading=\"lazy\" decoding=\"async\" width=\"1024\" height=\"767\" src=\"https:\/\/esteling.com\/wp-content\/uploads\/2021\/02\/IMG-20161004-WA0025-1024x767-1.jpg\" class=\"attachment-full size-full wp-image-12355\" alt=\"\" srcset=\"https:\/\/esteling.com\/wp-content\/uploads\/2021\/02\/IMG-20161004-WA0025-1024x767-1.jpg 1024w, https:\/\/esteling.com\/wp-content\/uploads\/2021\/02\/IMG-20161004-WA0025-1024x767-1-300x225.jpg 300w, https:\/\/esteling.com\/wp-content\/uploads\/2021\/02\/IMG-20161004-WA0025-1024x767-1-768x575.jpg 768w\" sizes=\"(max-width: 1024px) 100vw, 1024px\" \/>\t\t<\/div>\n\t\t\t\t<div class=\"elementor-portfolio-item__overlay\">\n\t\t\t\t<h3 class=\"elementor-portfolio-item__title\">\n\t\tExcellence El Carmen\t\t<\/h3>\n\t\t\t\t<\/div>\n\t\t\t\t<\/a>\n\t\t<\/article>\n\t\t\t\t<article class=\"elementor-portfolio-item elementor-post elementor-filter-226 elementor-filter-321 post-12340 proyectos type-proyectos status-publish format-standard has-post-thumbnail hentry sector-hotels sector-maintenance pais-mexico-en\" role=\"listitem\">\n\t\t\t<a class=\"elementor-post__thumbnail__link\" href=\"https:\/\/esteling.com\/en\/proyectos\/the-valentin-imperial-maya-hotel\/\">\n\t\t\t\t<div class=\"elementor-portfolio-item__img elementor-post__thumbnail\">\n\t\t\t<img loading=\"lazy\" decoding=\"async\" width=\"760\" height=\"427\" src=\"https:\/\/esteling.com\/wp-content\/uploads\/2021\/02\/valentin-imperial-maya-photos-exterior-hotel-information3.jpg\" class=\"attachment-full size-full wp-image-12348\" alt=\"\" srcset=\"https:\/\/esteling.com\/wp-content\/uploads\/2021\/02\/valentin-imperial-maya-photos-exterior-hotel-information3.jpg 760w, https:\/\/esteling.com\/wp-content\/uploads\/2021\/02\/valentin-imperial-maya-photos-exterior-hotel-information3-300x169.jpg 300w\" sizes=\"(max-width: 760px) 100vw, 760px\" \/>\t\t<\/div>\n\t\t\t\t<div class=\"elementor-portfolio-item__overlay\">\n\t\t\t\t<h3 class=\"elementor-portfolio-item__title\">\n\t\tThe Valentin Imperial Maya Hotel\t\t<\/h3>\n\t\t\t\t<\/div>\n\t\t\t\t<\/a>\n\t\t<\/article>\n\t\t\t\t<article class=\"elementor-portfolio-item elementor-post elementor-filter-226 elementor-filter-321 post-12324 proyectos type-proyectos status-publish format-standard has-post-thumbnail hentry sector-hotels sector-maintenance pais-mexico-en\" role=\"listitem\">\n\t\t\t<a class=\"elementor-post__thumbnail__link\" href=\"https:\/\/esteling.com\/en\/proyectos\/now-jade-riviera-cancun-redesign-and-integral-execution\/\">\n\t\t\t\t<div class=\"elementor-portfolio-item__img elementor-post__thumbnail\">\n\t\t\t<img loading=\"lazy\" decoding=\"async\" width=\"1024\" height=\"682\" src=\"https:\/\/esteling.com\/wp-content\/uploads\/2021\/02\/106261099.jpg\" class=\"attachment-full size-full wp-image-12328\" alt=\"\" srcset=\"https:\/\/esteling.com\/wp-content\/uploads\/2021\/02\/106261099.jpg 1024w, https:\/\/esteling.com\/wp-content\/uploads\/2021\/02\/106261099-300x200.jpg 300w, https:\/\/esteling.com\/wp-content\/uploads\/2021\/02\/106261099-768x512.jpg 768w\" sizes=\"(max-width: 1024px) 100vw, 1024px\" \/>\t\t<\/div>\n\t\t\t\t<div class=\"elementor-portfolio-item__overlay\">\n\t\t\t\t<h3 class=\"elementor-portfolio-item__title\">\n\t\tNow Jade Riviera Cancun\t\t<\/h3>\n\t\t\t\t<\/div>\n\t\t\t\t<\/a>\n\t\t<\/article>\n\t\t\t\t<article class=\"elementor-portfolio-item elementor-post elementor-filter-226 post-12298 proyectos type-proyectos status-publish format-standard has-post-thumbnail hentry sector-hotels pais-saudi-arabia\" role=\"listitem\">\n\t\t\t<a class=\"elementor-post__thumbnail__link\" href=\"https:\/\/esteling.com\/en\/proyectos\/waldorf-astoria-by-hilton-project\/\">\n\t\t\t\t<div class=\"elementor-portfolio-item__img elementor-post__thumbnail\">\n\t\t\t<img loading=\"lazy\" decoding=\"async\" width=\"689\" height=\"461\" src=\"https:\/\/esteling.com\/wp-content\/uploads\/2021\/02\/waldorf-doha-3.jpg\" class=\"attachment-full size-full wp-image-13502\" alt=\"\" srcset=\"https:\/\/esteling.com\/wp-content\/uploads\/2021\/02\/waldorf-doha-3.jpg 689w, https:\/\/esteling.com\/wp-content\/uploads\/2021\/02\/waldorf-doha-3-300x201.jpg 300w\" sizes=\"(max-width: 689px) 100vw, 689px\" \/>\t\t<\/div>\n\t\t\t\t<div class=\"elementor-portfolio-item__overlay\">\n\t\t\t\t<h3 class=\"elementor-portfolio-item__title\">\n\t\tWaldorf-Astoria by Hilton\t\t<\/h3>\n\t\t\t\t<\/div>\n\t\t\t\t<\/a>\n\t\t<\/article>\n\t\t\t\t<article class=\"elementor-portfolio-item elementor-post elementor-filter-226 post-12280 proyectos type-proyectos status-publish format-standard has-post-thumbnail hentry sector-hotels pais-uk\" role=\"listitem\">\n\t\t\t<a class=\"elementor-post__thumbnail__link\" href=\"https:\/\/esteling.com\/en\/proyectos\/me-london-by-melia-reengineering-integral-execution\/\">\n\t\t\t\t<div class=\"elementor-portfolio-item__img elementor-post__thumbnail\">\n\t\t\t<img loading=\"lazy\" decoding=\"async\" width=\"800\" height=\"508\" src=\"https:\/\/esteling.com\/wp-content\/uploads\/2021\/02\/imagenes3551a-1.jpg\" class=\"attachment-full size-full wp-image-12284\" alt=\"\" srcset=\"https:\/\/esteling.com\/wp-content\/uploads\/2021\/02\/imagenes3551a-1.jpg 800w, https:\/\/esteling.com\/wp-content\/uploads\/2021\/02\/imagenes3551a-1-300x191.jpg 300w, https:\/\/esteling.com\/wp-content\/uploads\/2021\/02\/imagenes3551a-1-768x488.jpg 768w\" sizes=\"(max-width: 800px) 100vw, 800px\" \/>\t\t<\/div>\n\t\t\t\t<div class=\"elementor-portfolio-item__overlay\">\n\t\t\t\t<h3 class=\"elementor-portfolio-item__title\">\n\t\tME London by Meli\u00e1\t\t<\/h3>\n\t\t\t\t<\/div>\n\t\t\t\t<\/a>\n\t\t<\/article>\n\t\t\t\t<article class=\"elementor-portfolio-item elementor-post elementor-filter-213 post-12271 proyectos type-proyectos status-publish format-standard has-post-thumbnail hentry sector-infrastructures tipo-de-trabajo-navigation-esp-master pais-spain\" role=\"listitem\">\n\t\t\t<a class=\"elementor-post__thumbnail__link\" href=\"https:\/\/esteling.com\/en\/proyectos\/palma-de-mallorca-airport\/\">\n\t\t\t\t<div class=\"elementor-portfolio-item__img elementor-post__thumbnail\">\n\t\t\t<img loading=\"lazy\" decoding=\"async\" width=\"2560\" height=\"1280\" src=\"https:\/\/esteling.com\/wp-content\/uploads\/2021\/01\/interislas--scaled.jpg\" class=\"attachment-full size-full wp-image-12227\" alt=\"\" srcset=\"https:\/\/esteling.com\/wp-content\/uploads\/2021\/01\/interislas--scaled.jpg 2560w, https:\/\/esteling.com\/wp-content\/uploads\/2021\/01\/interislas--300x150.jpg 300w, https:\/\/esteling.com\/wp-content\/uploads\/2021\/01\/interislas--1024x512.jpg 1024w, https:\/\/esteling.com\/wp-content\/uploads\/2021\/01\/interislas--768x384.jpg 768w, https:\/\/esteling.com\/wp-content\/uploads\/2021\/01\/interislas--1536x768.jpg 1536w, https:\/\/esteling.com\/wp-content\/uploads\/2021\/01\/interislas--2048x1024.jpg 2048w\" sizes=\"(max-width: 2560px) 100vw, 2560px\" \/>\t\t<\/div>\n\t\t\t\t<div class=\"elementor-portfolio-item__overlay\">\n\t\t\t\t<h3 class=\"elementor-portfolio-item__title\">\n\t\tPalma de Mallorca Airport\t\t<\/h3>\n\t\t\t\t<\/div>\n\t\t\t\t<\/a>\n\t\t<\/article>\n\t\t\t\t<article class=\"elementor-portfolio-item elementor-post elementor-filter-228 post-12266 proyectos type-proyectos status-publish format-standard has-post-thumbnail hentry sector-residential tipo-de-trabajo-navigation-esp-master pais-spain\" role=\"listitem\">\n\t\t\t<a class=\"elementor-post__thumbnail__link\" href=\"https:\/\/esteling.com\/en\/proyectos\/sa-caixota-residence\/\">\n\t\t\t\t<div class=\"elementor-portfolio-item__img elementor-post__thumbnail\">\n\t\t\t<img loading=\"lazy\" decoding=\"async\" width=\"1920\" height=\"1080\" src=\"https:\/\/esteling.com\/wp-content\/uploads\/2021\/01\/es_ibz_A_9200_Pool-View_02-2.jpg\" class=\"attachment-full size-full wp-image-12213\" alt=\"\" srcset=\"https:\/\/esteling.com\/wp-content\/uploads\/2021\/01\/es_ibz_A_9200_Pool-View_02-2.jpg 1920w, https:\/\/esteling.com\/wp-content\/uploads\/2021\/01\/es_ibz_A_9200_Pool-View_02-2-300x169.jpg 300w, https:\/\/esteling.com\/wp-content\/uploads\/2021\/01\/es_ibz_A_9200_Pool-View_02-2-1024x576.jpg 1024w, https:\/\/esteling.com\/wp-content\/uploads\/2021\/01\/es_ibz_A_9200_Pool-View_02-2-768x432.jpg 768w, https:\/\/esteling.com\/wp-content\/uploads\/2021\/01\/es_ibz_A_9200_Pool-View_02-2-1536x864.jpg 1536w\" sizes=\"(max-width: 1920px) 100vw, 1920px\" \/>\t\t<\/div>\n\t\t\t\t<div class=\"elementor-portfolio-item__overlay\">\n\t\t\t\t<h3 class=\"elementor-portfolio-item__title\">\n\t\tSa Caixota residence\t\t<\/h3>\n\t\t\t\t<\/div>\n\t\t\t\t<\/a>\n\t\t<\/article>\n\t\t\t\t<article class=\"elementor-portfolio-item elementor-post elementor-filter-228 post-12256 proyectos type-proyectos status-publish format-standard has-post-thumbnail hentry sector-residential tipo-de-trabajo-navigation-esp-master pais-spain\" role=\"listitem\">\n\t\t\t<a class=\"elementor-post__thumbnail__link\" href=\"https:\/\/esteling.com\/en\/proyectos\/punta-prima-residential\/\">\n\t\t\t\t<div class=\"elementor-portfolio-item__img elementor-post__thumbnail\">\n\t\t\t<img loading=\"lazy\" decoding=\"async\" width=\"1440\" height=\"971\" src=\"https:\/\/esteling.com\/wp-content\/uploads\/2021\/01\/Cap_LBox2019_18.jpg\" class=\"attachment-full size-full wp-image-12199\" alt=\"\" srcset=\"https:\/\/esteling.com\/wp-content\/uploads\/2021\/01\/Cap_LBox2019_18.jpg 1440w, https:\/\/esteling.com\/wp-content\/uploads\/2021\/01\/Cap_LBox2019_18-300x202.jpg 300w, https:\/\/esteling.com\/wp-content\/uploads\/2021\/01\/Cap_LBox2019_18-1024x690.jpg 1024w, https:\/\/esteling.com\/wp-content\/uploads\/2021\/01\/Cap_LBox2019_18-768x518.jpg 768w\" sizes=\"(max-width: 1440px) 100vw, 1440px\" \/>\t\t<\/div>\n\t\t\t\t<div class=\"elementor-portfolio-item__overlay\">\n\t\t\t\t<h3 class=\"elementor-portfolio-item__title\">\n\t\tPunta Prima Residential\t\t<\/h3>\n\t\t\t\t<\/div>\n\t\t\t\t<\/a>\n\t\t<\/article>\n\t\t\t\t<article class=\"elementor-portfolio-item elementor-post elementor-filter-228 post-12249 proyectos type-proyectos status-publish format-standard has-post-thumbnail hentry sector-residential tipo-de-trabajo-navigation-esp-master pais-spain\" role=\"listitem\">\n\t\t\t<a class=\"elementor-post__thumbnail__link\" href=\"https:\/\/esteling.com\/en\/proyectos\/casa-mila-integral-execution-of-installations\/\">\n\t\t\t\t<div class=\"elementor-portfolio-item__img elementor-post__thumbnail\">\n\t\t\t<img loading=\"lazy\" decoding=\"async\" width=\"2187\" height=\"1195\" src=\"https:\/\/esteling.com\/wp-content\/uploads\/2021\/01\/1-1.jpg\" class=\"attachment-full size-full wp-image-12173\" alt=\"\" srcset=\"https:\/\/esteling.com\/wp-content\/uploads\/2021\/01\/1-1.jpg 2187w, https:\/\/esteling.com\/wp-content\/uploads\/2021\/01\/1-1-300x164.jpg 300w, https:\/\/esteling.com\/wp-content\/uploads\/2021\/01\/1-1-1024x560.jpg 1024w, https:\/\/esteling.com\/wp-content\/uploads\/2021\/01\/1-1-768x420.jpg 768w, https:\/\/esteling.com\/wp-content\/uploads\/2021\/01\/1-1-1536x839.jpg 1536w, https:\/\/esteling.com\/wp-content\/uploads\/2021\/01\/1-1-2048x1119.jpg 2048w\" sizes=\"(max-width: 2187px) 100vw, 2187px\" \/>\t\t<\/div>\n\t\t\t\t<div class=\"elementor-portfolio-item__overlay\">\n\t\t\t\t<h3 class=\"elementor-portfolio-item__title\">\n\t\tCasa Mil\u00e0 luxury residence\t\t<\/h3>\n\t\t\t\t<\/div>\n\t\t\t\t<\/a>\n\t\t<\/article>\n\t\t\t\t<article class=\"elementor-portfolio-item elementor-post elementor-filter-228 post-12241 proyectos type-proyectos status-publish format-standard has-post-thumbnail hentry sector-residential tipo-de-trabajo-navigation-esp-master pais-spain\" role=\"listitem\">\n\t\t\t<a class=\"elementor-post__thumbnail__link\" href=\"https:\/\/esteling.com\/en\/proyectos\/can-nadal-residential\/\">\n\t\t\t\t<div class=\"elementor-portfolio-item__img elementor-post__thumbnail\">\n\t\t\t<img loading=\"lazy\" decoding=\"async\" width=\"1024\" height=\"683\" src=\"https:\/\/esteling.com\/wp-content\/uploads\/2021\/01\/1-5-1024x683-1.jpg\" class=\"attachment-full size-full wp-image-12162\" alt=\"\" srcset=\"https:\/\/esteling.com\/wp-content\/uploads\/2021\/01\/1-5-1024x683-1.jpg 1024w, https:\/\/esteling.com\/wp-content\/uploads\/2021\/01\/1-5-1024x683-1-300x200.jpg 300w, https:\/\/esteling.com\/wp-content\/uploads\/2021\/01\/1-5-1024x683-1-768x512.jpg 768w\" sizes=\"(max-width: 1024px) 100vw, 1024px\" \/>\t\t<\/div>\n\t\t\t\t<div class=\"elementor-portfolio-item__overlay\">\n\t\t\t\t<h3 class=\"elementor-portfolio-item__title\">\n\t\tCan Nadal residential\t\t<\/h3>\n\t\t\t\t<\/div>\n\t\t\t\t<\/a>\n\t\t<\/article>\n\t\t\t\t<article class=\"elementor-portfolio-item elementor-post elementor-filter-226 post-12041 proyectos type-proyectos status-publish format-standard has-post-thumbnail hentry sector-hotels pais-mexico-en\" role=\"listitem\">\n\t\t\t<a class=\"elementor-post__thumbnail__link\" href=\"https:\/\/esteling.com\/en\/proyectos\/excellence-the-finest%e2%80%8b-eng\/\">\n\t\t\t\t<div class=\"elementor-portfolio-item__img elementor-post__thumbnail\">\n\t\t\t<img loading=\"lazy\" decoding=\"async\" width=\"1400\" height=\"933\" src=\"https:\/\/esteling.com\/wp-content\/uploads\/2020\/12\/PUJ-Finest-Punta-Cana-Aerial-001.jpg\" class=\"attachment-full size-full wp-image-12043\" alt=\"\" srcset=\"https:\/\/esteling.com\/wp-content\/uploads\/2020\/12\/PUJ-Finest-Punta-Cana-Aerial-001.jpg 1400w, https:\/\/esteling.com\/wp-content\/uploads\/2020\/12\/PUJ-Finest-Punta-Cana-Aerial-001-300x200.jpg 300w, https:\/\/esteling.com\/wp-content\/uploads\/2020\/12\/PUJ-Finest-Punta-Cana-Aerial-001-1024x682.jpg 1024w, https:\/\/esteling.com\/wp-content\/uploads\/2020\/12\/PUJ-Finest-Punta-Cana-Aerial-001-768x512.jpg 768w\" sizes=\"(max-width: 1400px) 100vw, 1400px\" \/>\t\t<\/div>\n\t\t\t\t<div class=\"elementor-portfolio-item__overlay\">\n\t\t\t\t<h3 class=\"elementor-portfolio-item__title\">\n\t\tExcellence The Finest\u200b\t\t<\/h3>\n\t\t\t\t<\/div>\n\t\t\t\t<\/a>\n\t\t<\/article>\n\t\t\t\t<article class=\"elementor-portfolio-item elementor-post elementor-filter-226 elementor-filter-321 post-12058 proyectos type-proyectos status-publish format-standard has-post-thumbnail hentry sector-hotels sector-maintenance pais-mexico-en\" role=\"listitem\">\n\t\t\t<a class=\"elementor-post__thumbnail__link\" href=\"https:\/\/esteling.com\/en\/proyectos\/paradisus-la-perla-y-la-esmeralda-eng\/\">\n\t\t\t\t<div class=\"elementor-portfolio-item__img elementor-post__thumbnail\">\n\t\t\t<img loading=\"lazy\" decoding=\"async\" width=\"1024\" height=\"727\" src=\"https:\/\/esteling.com\/wp-content\/uploads\/2020\/12\/8bf1c6c7-46ae-48a8-a4c9-9514ff62c573.jpg\" class=\"attachment-full size-full wp-image-12071\" alt=\"\" srcset=\"https:\/\/esteling.com\/wp-content\/uploads\/2020\/12\/8bf1c6c7-46ae-48a8-a4c9-9514ff62c573.jpg 1024w, https:\/\/esteling.com\/wp-content\/uploads\/2020\/12\/8bf1c6c7-46ae-48a8-a4c9-9514ff62c573-300x213.jpg 300w, https:\/\/esteling.com\/wp-content\/uploads\/2020\/12\/8bf1c6c7-46ae-48a8-a4c9-9514ff62c573-768x545.jpg 768w\" sizes=\"(max-width: 1024px) 100vw, 1024px\" \/>\t\t<\/div>\n\t\t\t\t<div class=\"elementor-portfolio-item__overlay\">\n\t\t\t\t<h3 class=\"elementor-portfolio-item__title\">\n\t\tParadisus La Perla y La Esmeralda\t\t<\/h3>\n\t\t\t\t<\/div>\n\t\t\t\t<\/a>\n\t\t<\/article>\n\t\t\t\t<article class=\"elementor-portfolio-item elementor-post elementor-filter-226 elementor-filter-321 post-12076 proyectos type-proyectos status-publish format-standard has-post-thumbnail hentry sector-hotels sector-maintenance pais-mexico-en\" role=\"listitem\">\n\t\t\t<a class=\"elementor-post__thumbnail__link\" href=\"https:\/\/esteling.com\/en\/proyectos\/club-med-punta-nizuc-eng%e2%80%8b\/\">\n\t\t\t\t<div class=\"elementor-portfolio-item__img elementor-post__thumbnail\">\n\t\t\t<img loading=\"lazy\" decoding=\"async\" width=\"2048\" height=\"1535\" src=\"https:\/\/esteling.com\/wp-content\/uploads\/2020\/12\/195866-itjdc99xtk-swhr.jpg\" class=\"attachment-full size-full wp-image-12079\" alt=\"\" srcset=\"https:\/\/esteling.com\/wp-content\/uploads\/2020\/12\/195866-itjdc99xtk-swhr.jpg 2048w, https:\/\/esteling.com\/wp-content\/uploads\/2020\/12\/195866-itjdc99xtk-swhr-300x225.jpg 300w, https:\/\/esteling.com\/wp-content\/uploads\/2020\/12\/195866-itjdc99xtk-swhr-1024x768.jpg 1024w, https:\/\/esteling.com\/wp-content\/uploads\/2020\/12\/195866-itjdc99xtk-swhr-768x576.jpg 768w, https:\/\/esteling.com\/wp-content\/uploads\/2020\/12\/195866-itjdc99xtk-swhr-1536x1151.jpg 1536w\" sizes=\"(max-width: 2048px) 100vw, 2048px\" \/>\t\t<\/div>\n\t\t\t\t<div class=\"elementor-portfolio-item__overlay\">\n\t\t\t\t<h3 class=\"elementor-portfolio-item__title\">\n\t\tClub Med Punta Nizuc\u200b\t\t<\/h3>\n\t\t\t\t<\/div>\n\t\t\t\t<\/a>\n\t\t<\/article>\n\t\t\t\t<article class=\"elementor-portfolio-item elementor-post elementor-filter-226 post-12023 proyectos type-proyectos status-publish format-standard has-post-thumbnail hentry sector-hotels pais-mexico-en\" role=\"listitem\">\n\t\t\t<a class=\"elementor-post__thumbnail__link\" href=\"https:\/\/esteling.com\/en\/proyectos\/nizuc-resortspa-eng\/\">\n\t\t\t\t<div class=\"elementor-portfolio-item__img elementor-post__thumbnail\">\n\t\t\t<img loading=\"lazy\" decoding=\"async\" width=\"1024\" height=\"705\" src=\"https:\/\/esteling.com\/wp-content\/uploads\/2020\/12\/85f408eb8f7b0a43c876adfbf5ecfc9b.jpg\" class=\"attachment-full size-full wp-image-12025\" alt=\"\" srcset=\"https:\/\/esteling.com\/wp-content\/uploads\/2020\/12\/85f408eb8f7b0a43c876adfbf5ecfc9b.jpg 1024w, https:\/\/esteling.com\/wp-content\/uploads\/2020\/12\/85f408eb8f7b0a43c876adfbf5ecfc9b-300x207.jpg 300w, https:\/\/esteling.com\/wp-content\/uploads\/2020\/12\/85f408eb8f7b0a43c876adfbf5ecfc9b-768x529.jpg 768w\" sizes=\"(max-width: 1024px) 100vw, 1024px\" \/>\t\t<\/div>\n\t\t\t\t<div class=\"elementor-portfolio-item__overlay\">\n\t\t\t\t<h3 class=\"elementor-portfolio-item__title\">\n\t\tNizuc Resort&#038;Spa\t\t<\/h3>\n\t\t\t\t<\/div>\n\t\t\t\t<\/a>\n\t\t<\/article>\n\t\t\t\t<article class=\"elementor-portfolio-item elementor-post elementor-filter-226 post-11987 proyectos type-proyectos status-publish format-standard has-post-thumbnail hentry sector-hotels pais-mexico-en\" role=\"listitem\">\n\t\t\t<a class=\"elementor-post__thumbnail__link\" href=\"https:\/\/esteling.com\/en\/proyectos\/hotel-ocean-riviera-paradise\/\">\n\t\t\t\t<div class=\"elementor-portfolio-item__img elementor-post__thumbnail\">\n\t\t\t<img loading=\"lazy\" decoding=\"async\" width=\"1024\" height=\"683\" src=\"https:\/\/esteling.com\/wp-content\/uploads\/2020\/12\/186308978-1.jpg\" class=\"attachment-full size-full wp-image-12004\" alt=\"\" srcset=\"https:\/\/esteling.com\/wp-content\/uploads\/2020\/12\/186308978-1.jpg 1024w, https:\/\/esteling.com\/wp-content\/uploads\/2020\/12\/186308978-1-300x200.jpg 300w, https:\/\/esteling.com\/wp-content\/uploads\/2020\/12\/186308978-1-768x512.jpg 768w\" sizes=\"(max-width: 1024px) 100vw, 1024px\" \/>\t\t<\/div>\n\t\t\t\t<div class=\"elementor-portfolio-item__overlay\">\n\t\t\t\t<h3 class=\"elementor-portfolio-item__title\">\n\t\tHotel Ocean Riviera Paradise\t\t<\/h3>\n\t\t\t\t<\/div>\n\t\t\t\t<\/a>\n\t\t<\/article>\n\t\t\t\t<article class=\"elementor-portfolio-item elementor-post elementor-filter-229 post-11946 proyectos type-proyectos status-publish format-standard has-post-thumbnail hentry sector-health tipo-de-trabajo-navigation-esp-master tipo-de-trabajo-navigation-esp-master-en-4 tipo-de-trabajo-navigation-esp-master-en tipo-de-trabajo-navigation-esp-master-en-3 pais-spain\" role=\"listitem\">\n\t\t\t<a class=\"elementor-post__thumbnail__link\" href=\"https:\/\/esteling.com\/en\/proyectos\/son-dureta-hospital\/\">\n\t\t\t\t<div class=\"elementor-portfolio-item__img elementor-post__thumbnail\">\n\t\t\t<img loading=\"lazy\" decoding=\"async\" width=\"770\" height=\"578\" src=\"https:\/\/esteling.com\/wp-content\/uploads\/2020\/08\/son-dureta-fachada-lateral.jpg\" class=\"attachment-full size-full wp-image-11943\" alt=\"Hospital son dureta\" srcset=\"https:\/\/esteling.com\/wp-content\/uploads\/2020\/08\/son-dureta-fachada-lateral.jpg 770w, https:\/\/esteling.com\/wp-content\/uploads\/2020\/08\/son-dureta-fachada-lateral-300x225.jpg 300w, https:\/\/esteling.com\/wp-content\/uploads\/2020\/08\/son-dureta-fachada-lateral-768x576.jpg 768w\" sizes=\"(max-width: 770px) 100vw, 770px\" \/>\t\t<\/div>\n\t\t\t\t<div class=\"elementor-portfolio-item__overlay\">\n\t\t\t\t<h3 class=\"elementor-portfolio-item__title\">\n\t\tSon Dureta Hospital\t\t<\/h3>\n\t\t\t\t<\/div>\n\t\t\t\t<\/a>\n\t\t<\/article>\n\t\t\t\t<article class=\"elementor-portfolio-item elementor-post elementor-filter-229 post-11929 proyectos type-proyectos status-publish format-standard has-post-thumbnail hentry sector-health tipo-de-trabajo-navigation-esp-master pais-spain\" role=\"listitem\">\n\t\t\t<a class=\"elementor-post__thumbnail__link\" href=\"https:\/\/esteling.com\/en\/proyectos\/palmanova-medical-centre\/\">\n\t\t\t\t<div class=\"elementor-portfolio-item__img elementor-post__thumbnail\">\n\t\t\t<img loading=\"lazy\" decoding=\"async\" width=\"512\" height=\"288\" src=\"https:\/\/esteling.com\/wp-content\/uploads\/2020\/08\/2-4.jpg\" class=\"attachment-full size-full wp-image-11922\" alt=\"centro de salud Palmanova\" srcset=\"https:\/\/esteling.com\/wp-content\/uploads\/2020\/08\/2-4.jpg 512w, https:\/\/esteling.com\/wp-content\/uploads\/2020\/08\/2-4-300x169.jpg 300w\" sizes=\"(max-width: 512px) 100vw, 512px\" \/>\t\t<\/div>\n\t\t\t\t<div class=\"elementor-portfolio-item__overlay\">\n\t\t\t\t<h3 class=\"elementor-portfolio-item__title\">\n\t\tPalmanova Medical Centre\t\t<\/h3>\n\t\t\t\t<\/div>\n\t\t\t\t<\/a>\n\t\t<\/article>\n\t\t\t\t<article class=\"elementor-portfolio-item elementor-post elementor-filter-229 post-11906 proyectos type-proyectos status-publish format-standard has-post-thumbnail hentry sector-health tipo-de-trabajo-navigation-esp-master-en-4 tipo-de-trabajo-navigation-esp-master-en tipo-de-trabajo-navigation-esp-master-en-3 pais-spain\" role=\"listitem\">\n\t\t\t<a class=\"elementor-post__thumbnail__link\" href=\"https:\/\/esteling.com\/en\/proyectos\/son-rutlan-medical-centre\/\">\n\t\t\t\t<div class=\"elementor-portfolio-item__img elementor-post__thumbnail\">\n\t\t\t<img loading=\"lazy\" decoding=\"async\" width=\"500\" height=\"250\" src=\"https:\/\/esteling.com\/wp-content\/uploads\/2020\/08\/2-3.jpg\" class=\"attachment-full size-full wp-image-11900\" alt=\"centro salud palma\" srcset=\"https:\/\/esteling.com\/wp-content\/uploads\/2020\/08\/2-3.jpg 500w, https:\/\/esteling.com\/wp-content\/uploads\/2020\/08\/2-3-300x150.jpg 300w\" sizes=\"(max-width: 500px) 100vw, 500px\" \/>\t\t<\/div>\n\t\t\t\t<div class=\"elementor-portfolio-item__overlay\">\n\t\t\t\t<h3 class=\"elementor-portfolio-item__title\">\n\t\tSon Rutlan Medical centre\t\t<\/h3>\n\t\t\t\t<\/div>\n\t\t\t\t<\/a>\n\t\t<\/article>\n\t\t\t\t<article class=\"elementor-portfolio-item elementor-post elementor-filter-229 post-11892 proyectos type-proyectos status-publish format-standard has-post-thumbnail hentry sector-health tipo-de-trabajo-navigation-esp-master-en-4 tipo-de-trabajo-navigation-esp-master-en tipo-de-trabajo-navigation-esp-master-en-3 tipo-de-trabajo-navigation-esp-master pais-spain\" role=\"listitem\">\n\t\t\t<a class=\"elementor-post__thumbnail__link\" href=\"https:\/\/esteling.com\/en\/proyectos\/pere-garau-medical-centre\/\">\n\t\t\t\t<div class=\"elementor-portfolio-item__img elementor-post__thumbnail\">\n\t\t\t<img loading=\"lazy\" decoding=\"async\" width=\"646\" height=\"363\" src=\"https:\/\/esteling.com\/wp-content\/uploads\/2020\/08\/centro-salud-pere-garau.jpg\" class=\"attachment-full size-full wp-image-11889\" alt=\"centro de salud pere garau\" srcset=\"https:\/\/esteling.com\/wp-content\/uploads\/2020\/08\/centro-salud-pere-garau.jpg 646w, https:\/\/esteling.com\/wp-content\/uploads\/2020\/08\/centro-salud-pere-garau-300x169.jpg 300w\" sizes=\"(max-width: 646px) 100vw, 646px\" \/>\t\t<\/div>\n\t\t\t\t<div class=\"elementor-portfolio-item__overlay\">\n\t\t\t\t<h3 class=\"elementor-portfolio-item__title\">\n\t\tPere Garau Medical Centre\t\t<\/h3>\n\t\t\t\t<\/div>\n\t\t\t\t<\/a>\n\t\t<\/article>\n\t\t\t\t<article class=\"elementor-portfolio-item elementor-post elementor-filter-229 post-11879 proyectos type-proyectos status-publish format-standard has-post-thumbnail hentry sector-health tipo-de-trabajo-navigation-esp-master-en-3 tipo-de-trabajo-navigation-esp-master-en-4 tipo-de-trabajo-navigation-esp-master-en pais-spain\" role=\"listitem\">\n\t\t\t<a class=\"elementor-post__thumbnail__link\" href=\"https:\/\/esteling.com\/en\/proyectos\/hospital-mateu-orfila\/\">\n\t\t\t\t<div class=\"elementor-portfolio-item__img elementor-post__thumbnail\">\n\t\t\t<img loading=\"lazy\" decoding=\"async\" width=\"2784\" height=\"1848\" src=\"https:\/\/esteling.com\/wp-content\/uploads\/2020\/08\/3-2.jpg\" class=\"attachment-full size-full wp-image-11871\" alt=\"Hospital Mateu Orfila\" srcset=\"https:\/\/esteling.com\/wp-content\/uploads\/2020\/08\/3-2.jpg 2784w, https:\/\/esteling.com\/wp-content\/uploads\/2020\/08\/3-2-300x199.jpg 300w, https:\/\/esteling.com\/wp-content\/uploads\/2020\/08\/3-2-1024x680.jpg 1024w, https:\/\/esteling.com\/wp-content\/uploads\/2020\/08\/3-2-768x510.jpg 768w, https:\/\/esteling.com\/wp-content\/uploads\/2020\/08\/3-2-1536x1020.jpg 1536w, https:\/\/esteling.com\/wp-content\/uploads\/2020\/08\/3-2-2048x1359.jpg 2048w\" sizes=\"(max-width: 2784px) 100vw, 2784px\" \/>\t\t<\/div>\n\t\t\t\t<div class=\"elementor-portfolio-item__overlay\">\n\t\t\t\t<h3 class=\"elementor-portfolio-item__title\">\n\t\tHospital Mateu Orfila\t\t<\/h3>\n\t\t\t\t<\/div>\n\t\t\t\t<\/a>\n\t\t<\/article>\n\t\t\t\t<article class=\"elementor-portfolio-item elementor-post elementor-filter-229 post-11859 proyectos type-proyectos status-publish format-standard has-post-thumbnail hentry sector-health tipo-de-trabajo-navigation-esp-master-en-4 tipo-de-trabajo-navigation-esp-master tipo-de-trabajo-navigation-esp-master-en pais-spain\" role=\"listitem\">\n\t\t\t<a class=\"elementor-post__thumbnail__link\" href=\"https:\/\/esteling.com\/en\/proyectos\/inca-hospital\/\">\n\t\t\t\t<div class=\"elementor-portfolio-item__img elementor-post__thumbnail\">\n\t\t\t<img loading=\"lazy\" decoding=\"async\" width=\"900\" height=\"581\" src=\"https:\/\/esteling.com\/wp-content\/uploads\/2020\/08\/3-1.jpg\" class=\"attachment-full size-full wp-image-11853\" alt=\"Hospital comarcal de Inca\" srcset=\"https:\/\/esteling.com\/wp-content\/uploads\/2020\/08\/3-1.jpg 900w, https:\/\/esteling.com\/wp-content\/uploads\/2020\/08\/3-1-300x194.jpg 300w, https:\/\/esteling.com\/wp-content\/uploads\/2020\/08\/3-1-768x496.jpg 768w\" sizes=\"(max-width: 900px) 100vw, 900px\" \/>\t\t<\/div>\n\t\t\t\t<div class=\"elementor-portfolio-item__overlay\">\n\t\t\t\t<h3 class=\"elementor-portfolio-item__title\">\n\t\tInca Hospital\t\t<\/h3>\n\t\t\t\t<\/div>\n\t\t\t\t<\/a>\n\t\t<\/article>\n\t\t\t\t<article class=\"elementor-portfolio-item elementor-post elementor-filter-229 post-11837 proyectos type-proyectos status-publish format-standard has-post-thumbnail hentry sector-health tipo-de-trabajo-navigation-esp-master-en-4 tipo-de-trabajo-navigation-esp-master tipo-de-trabajo-navigation-esp-master-en pais-spain\" role=\"listitem\">\n\t\t\t<a class=\"elementor-post__thumbnail__link\" href=\"https:\/\/esteling.com\/en\/proyectos\/son-llatzer-hospital\/\">\n\t\t\t\t<div class=\"elementor-portfolio-item__img elementor-post__thumbnail\">\n\t\t\t<img loading=\"lazy\" decoding=\"async\" width=\"900\" height=\"600\" src=\"https:\/\/esteling.com\/wp-content\/uploads\/2020\/08\/2.jpg\" class=\"attachment-full size-full wp-image-11825\" alt=\"Hospital Son Ll\u00e0tzer Palma Mallorca\" srcset=\"https:\/\/esteling.com\/wp-content\/uploads\/2020\/08\/2.jpg 900w, https:\/\/esteling.com\/wp-content\/uploads\/2020\/08\/2-300x200.jpg 300w, https:\/\/esteling.com\/wp-content\/uploads\/2020\/08\/2-768x512.jpg 768w\" sizes=\"(max-width: 900px) 100vw, 900px\" \/>\t\t<\/div>\n\t\t\t\t<div class=\"elementor-portfolio-item__overlay\">\n\t\t\t\t<h3 class=\"elementor-portfolio-item__title\">\n\t\tSon Ll\u00e0tzer Hospital\t\t<\/h3>\n\t\t\t\t<\/div>\n\t\t\t\t<\/a>\n\t\t<\/article>\n\t\t\t\t<article class=\"elementor-portfolio-item elementor-post elementor-filter-229 post-11753 proyectos type-proyectos status-publish format-standard has-post-thumbnail hentry sector-health tipo-de-trabajo-navigation-esp-master pais-spain\" role=\"listitem\">\n\t\t\t<a class=\"elementor-post__thumbnail__link\" href=\"https:\/\/esteling.com\/en\/proyectos\/domusvi-palma\/\">\n\t\t\t\t<div class=\"elementor-portfolio-item__img elementor-post__thumbnail\">\n\t\t\t<img loading=\"lazy\" decoding=\"async\" width=\"1280\" height=\"854\" src=\"https:\/\/esteling.com\/wp-content\/uploads\/2020\/08\/10299413.jpg\" class=\"attachment-full size-full wp-image-11785\" alt=\"Domusvi Palma\" srcset=\"https:\/\/esteling.com\/wp-content\/uploads\/2020\/08\/10299413.jpg 1280w, https:\/\/esteling.com\/wp-content\/uploads\/2020\/08\/10299413-300x200.jpg 300w, https:\/\/esteling.com\/wp-content\/uploads\/2020\/08\/10299413-1024x683.jpg 1024w, https:\/\/esteling.com\/wp-content\/uploads\/2020\/08\/10299413-768x512.jpg 768w\" sizes=\"(max-width: 1280px) 100vw, 1280px\" \/>\t\t<\/div>\n\t\t\t\t<div class=\"elementor-portfolio-item__overlay\">\n\t\t\t\t<h3 class=\"elementor-portfolio-item__title\">\n\t\tDomusVi Palma\t\t<\/h3>\n\t\t\t\t<\/div>\n\t\t\t\t<\/a>\n\t\t<\/article>\n\t\t\t\t<article class=\"elementor-portfolio-item elementor-post elementor-filter-229 post-11718 proyectos type-proyectos status-publish format-standard has-post-thumbnail hentry sector-health tipo-de-trabajo-navigation-esp-master pais-spain\" role=\"listitem\">\n\t\t\t<a class=\"elementor-post__thumbnail__link\" href=\"https:\/\/esteling.com\/en\/proyectos\/instituto-balear-infertilidad\/\">\n\t\t\t\t<div class=\"elementor-portfolio-item__img elementor-post__thumbnail\">\n\t\t\t<img loading=\"lazy\" decoding=\"async\" width=\"2433\" height=\"1622\" src=\"https:\/\/esteling.com\/wp-content\/uploads\/2020\/08\/instituto-balear-de-fertilidad.jpg\" class=\"attachment-full size-full wp-image-11714\" alt=\"instituto balear de infertilidad\" srcset=\"https:\/\/esteling.com\/wp-content\/uploads\/2020\/08\/instituto-balear-de-fertilidad.jpg 2433w, https:\/\/esteling.com\/wp-content\/uploads\/2020\/08\/instituto-balear-de-fertilidad-300x200.jpg 300w, https:\/\/esteling.com\/wp-content\/uploads\/2020\/08\/instituto-balear-de-fertilidad-1024x683.jpg 1024w, https:\/\/esteling.com\/wp-content\/uploads\/2020\/08\/instituto-balear-de-fertilidad-768x512.jpg 768w, https:\/\/esteling.com\/wp-content\/uploads\/2020\/08\/instituto-balear-de-fertilidad-1536x1024.jpg 1536w, https:\/\/esteling.com\/wp-content\/uploads\/2020\/08\/instituto-balear-de-fertilidad-2048x1365.jpg 2048w\" sizes=\"(max-width: 2433px) 100vw, 2433px\" \/>\t\t<\/div>\n\t\t\t\t<div class=\"elementor-portfolio-item__overlay\">\n\t\t\t\t<h3 class=\"elementor-portfolio-item__title\">\n\t\tInstituto Balear de Infertilidad\t\t<\/h3>\n\t\t\t\t<\/div>\n\t\t\t\t<\/a>\n\t\t<\/article>\n\t\t\t\t<article class=\"elementor-portfolio-item elementor-post elementor-filter-229 post-11601 proyectos type-proyectos status-publish format-standard has-post-thumbnail hentry sector-health tipo-de-trabajo-navigation-esp-master pais-spain\" role=\"listitem\">\n\t\t\t<a class=\"elementor-post__thumbnail__link\" href=\"https:\/\/esteling.com\/en\/proyectos\/quironsalud-palmaplanas\/\">\n\t\t\t\t<div class=\"elementor-portfolio-item__img elementor-post__thumbnail\">\n\t\t\t<img loading=\"lazy\" decoding=\"async\" width=\"781\" height=\"828\" src=\"https:\/\/esteling.com\/wp-content\/uploads\/2020\/07\/Instalaciones-hospital-quieron-Palmaplanas-8.png\" class=\"attachment-full size-full wp-image-11582\" alt=\"Instalaciones hospital quieron Palmaplanas 8\" srcset=\"https:\/\/esteling.com\/wp-content\/uploads\/2020\/07\/Instalaciones-hospital-quieron-Palmaplanas-8.png 781w, https:\/\/esteling.com\/wp-content\/uploads\/2020\/07\/Instalaciones-hospital-quieron-Palmaplanas-8-283x300.png 283w, https:\/\/esteling.com\/wp-content\/uploads\/2020\/07\/Instalaciones-hospital-quieron-Palmaplanas-8-768x814.png 768w\" sizes=\"(max-width: 781px) 100vw, 781px\" \/>\t\t<\/div>\n\t\t\t\t<div class=\"elementor-portfolio-item__overlay\">\n\t\t\t\t<h3 class=\"elementor-portfolio-item__title\">\n\t\tHospital Quir\u00f3nsalud Palmaplanas\t\t<\/h3>\n\t\t\t\t<\/div>\n\t\t\t\t<\/a>\n\t\t<\/article>\n\t\t\t\t<article class=\"elementor-portfolio-item elementor-post elementor-filter-297 post-11596 proyectos type-proyectos status-publish format-standard has-post-thumbnail hentry sector-commerce-industry tipo-de-trabajo-navigation-esp-master pais-spain\" role=\"listitem\">\n\t\t\t<a class=\"elementor-post__thumbnail__link\" href=\"https:\/\/esteling.com\/en\/proyectos\/muller-majorca\/\">\n\t\t\t\t<div class=\"elementor-portfolio-item__img elementor-post__thumbnail\">\n\t\t\t<img loading=\"lazy\" decoding=\"async\" width=\"808\" height=\"803\" src=\"https:\/\/esteling.com\/wp-content\/uploads\/2020\/07\/Mu\u0308ller.png\" class=\"attachment-full size-full wp-image-11561\" alt=\"Mu\u0308ller\" srcset=\"https:\/\/esteling.com\/wp-content\/uploads\/2020\/07\/Mu\u0308ller.png 808w, https:\/\/esteling.com\/wp-content\/uploads\/2020\/07\/Mu\u0308ller-300x298.png 300w, https:\/\/esteling.com\/wp-content\/uploads\/2020\/07\/Mu\u0308ller-150x150.png 150w, https:\/\/esteling.com\/wp-content\/uploads\/2020\/07\/Mu\u0308ller-768x763.png 768w\" sizes=\"(max-width: 808px) 100vw, 808px\" \/>\t\t<\/div>\n\t\t\t\t<div class=\"elementor-portfolio-item__overlay\">\n\t\t\t\t<h3 class=\"elementor-portfolio-item__title\">\n\t\tM\u00fcller Majorca\t\t<\/h3>\n\t\t\t\t<\/div>\n\t\t\t\t<\/a>\n\t\t<\/article>\n\t\t\t\t<article class=\"elementor-portfolio-item elementor-post elementor-filter-229 post-11529 proyectos type-proyectos status-publish format-standard has-post-thumbnail hentry sector-health tipo-de-trabajo-navigation-esp-master pais-spain\" role=\"listitem\">\n\t\t\t<a class=\"elementor-post__thumbnail__link\" href=\"https:\/\/esteling.com\/en\/proyectos\/virgen-macarena-hospital\/\">\n\t\t\t\t<div class=\"elementor-portfolio-item__img elementor-post__thumbnail\">\n\t\t\t<img loading=\"lazy\" decoding=\"async\" width=\"675\" height=\"400\" src=\"https:\/\/esteling.com\/wp-content\/uploads\/2020\/06\/instalaciones-para-hospitales.jpg\" class=\"attachment-full size-full wp-image-11471\" alt=\"Hospital Virgen Macarena\" srcset=\"https:\/\/esteling.com\/wp-content\/uploads\/2020\/06\/instalaciones-para-hospitales.jpg 675w, https:\/\/esteling.com\/wp-content\/uploads\/2020\/06\/instalaciones-para-hospitales-300x178.jpg 300w\" sizes=\"(max-width: 675px) 100vw, 675px\" \/>\t\t<\/div>\n\t\t\t\t<div class=\"elementor-portfolio-item__overlay\">\n\t\t\t\t<h3 class=\"elementor-portfolio-item__title\">\n\t\tVirgen Macarena University Hospital\t\t<\/h3>\n\t\t\t\t<\/div>\n\t\t\t\t<\/a>\n\t\t<\/article>\n\t\t\t\t<article class=\"elementor-portfolio-item elementor-post elementor-filter-297 post-11525 proyectos type-proyectos status-publish format-standard has-post-thumbnail hentry sector-commerce-industry tipo-de-trabajo-navigation-esp-master pais-spain\" role=\"listitem\">\n\t\t\t<a class=\"elementor-post__thumbnail__link\" href=\"https:\/\/esteling.com\/en\/proyectos\/lidl-mallorca\/\">\n\t\t\t\t<div class=\"elementor-portfolio-item__img elementor-post__thumbnail\">\n\t\t\t<img loading=\"lazy\" decoding=\"async\" width=\"1106\" height=\"792\" src=\"https:\/\/esteling.com\/wp-content\/uploads\/2020\/06\/proyecto-lidl-estel.png\" class=\"attachment-full size-full wp-image-11458\" alt=\"proyecto lidl estel\" srcset=\"https:\/\/esteling.com\/wp-content\/uploads\/2020\/06\/proyecto-lidl-estel.png 1106w, https:\/\/esteling.com\/wp-content\/uploads\/2020\/06\/proyecto-lidl-estel-300x215.png 300w, https:\/\/esteling.com\/wp-content\/uploads\/2020\/06\/proyecto-lidl-estel-1024x733.png 1024w, https:\/\/esteling.com\/wp-content\/uploads\/2020\/06\/proyecto-lidl-estel-768x550.png 768w\" sizes=\"(max-width: 1106px) 100vw, 1106px\" \/>\t\t<\/div>\n\t\t\t\t<div class=\"elementor-portfolio-item__overlay\">\n\t\t\t\t<h3 class=\"elementor-portfolio-item__title\">\n\t\tLIDL Mallorca\t\t<\/h3>\n\t\t\t\t<\/div>\n\t\t\t\t<\/a>\n\t\t<\/article>\n\t\t\t\t<article class=\"elementor-portfolio-item elementor-post elementor-filter-229 post-11357 proyectos type-proyectos status-publish format-standard has-post-thumbnail hentry sector-health tipo-de-trabajo-navigation-esp-master-en-2 tipo-de-trabajo-navigation-esp-master pais-spain\" role=\"listitem\">\n\t\t\t<a class=\"elementor-post__thumbnail__link\" href=\"https:\/\/esteling.com\/en\/proyectos\/mallorca-general-hospital\/\">\n\t\t\t\t<div class=\"elementor-portfolio-item__img elementor-post__thumbnail\">\n\t\t\t<img loading=\"lazy\" decoding=\"async\" width=\"1500\" height=\"1000\" src=\"https:\/\/esteling.com\/wp-content\/uploads\/2020\/05\/Hospital-General-Mallorca-instalaciones-estel.jpg\" class=\"attachment-full size-full wp-image-11360\" alt=\"Hospital General Mallorca instalaciones estel\" srcset=\"https:\/\/esteling.com\/wp-content\/uploads\/2020\/05\/Hospital-General-Mallorca-instalaciones-estel.jpg 1500w, https:\/\/esteling.com\/wp-content\/uploads\/2020\/05\/Hospital-General-Mallorca-instalaciones-estel-300x200.jpg 300w, https:\/\/esteling.com\/wp-content\/uploads\/2020\/05\/Hospital-General-Mallorca-instalaciones-estel-1024x683.jpg 1024w, https:\/\/esteling.com\/wp-content\/uploads\/2020\/05\/Hospital-General-Mallorca-instalaciones-estel-768x512.jpg 768w\" sizes=\"(max-width: 1500px) 100vw, 1500px\" \/>\t\t<\/div>\n\t\t\t\t<div class=\"elementor-portfolio-item__overlay\">\n\t\t\t\t<h3 class=\"elementor-portfolio-item__title\">\n\t\tMallorca General Hospital\t\t<\/h3>\n\t\t\t\t<\/div>\n\t\t\t\t<\/a>\n\t\t<\/article>\n\t\t\t\t<article class=\"elementor-portfolio-item elementor-post elementor-filter-297 post-11324 proyectos type-proyectos status-publish format-standard has-post-thumbnail hentry sector-commerce-industry pais-spain\" role=\"listitem\">\n\t\t\t<a class=\"elementor-post__thumbnail__link\" href=\"https:\/\/esteling.com\/en\/proyectos\/mercadona-mallorca\/\">\n\t\t\t\t<div class=\"elementor-portfolio-item__img elementor-post__thumbnail\">\n\t\t\t<img loading=\"lazy\" decoding=\"async\" width=\"1248\" height=\"770\" src=\"https:\/\/esteling.com\/wp-content\/uploads\/2020\/05\/mercadona-instalaciones-para-supermercados-y-grandes-superficies.jpg\" class=\"attachment-full size-full wp-image-11339\" alt=\"mercadona instalaciones para supermercados y grandes superficies\" srcset=\"https:\/\/esteling.com\/wp-content\/uploads\/2020\/05\/mercadona-instalaciones-para-supermercados-y-grandes-superficies.jpg 1248w, https:\/\/esteling.com\/wp-content\/uploads\/2020\/05\/mercadona-instalaciones-para-supermercados-y-grandes-superficies-300x185.jpg 300w, https:\/\/esteling.com\/wp-content\/uploads\/2020\/05\/mercadona-instalaciones-para-supermercados-y-grandes-superficies-1024x632.jpg 1024w, https:\/\/esteling.com\/wp-content\/uploads\/2020\/05\/mercadona-instalaciones-para-supermercados-y-grandes-superficies-768x474.jpg 768w\" sizes=\"(max-width: 1248px) 100vw, 1248px\" \/>\t\t<\/div>\n\t\t\t\t<div class=\"elementor-portfolio-item__overlay\">\n\t\t\t\t<h3 class=\"elementor-portfolio-item__title\">\n\t\tMercadona Mallorca\t\t<\/h3>\n\t\t\t\t<\/div>\n\t\t\t\t<\/a>\n\t\t<\/article>\n\t\t\t\t<article class=\"elementor-portfolio-item elementor-post elementor-filter-226 post-10101 proyectos type-proyectos status-publish format-standard has-post-thumbnail hentry sector-hotels pais-jamaica-en\" role=\"listitem\">\n\t\t\t<a class=\"elementor-post__thumbnail__link\" href=\"https:\/\/esteling.com\/en\/proyectos\/excellence-oyster-bay\/\">\n\t\t\t\t<div class=\"elementor-portfolio-item__img elementor-post__thumbnail\">\n\t\t\t<img loading=\"lazy\" decoding=\"async\" width=\"1400\" height=\"933\" src=\"https:\/\/esteling.com\/wp-content\/uploads\/2019\/07\/Karisma-Excellence-Oyster-Bay-Jamaica.jpeg\" class=\"attachment-full size-full wp-image-10102\" alt=\"\" srcset=\"https:\/\/esteling.com\/wp-content\/uploads\/2019\/07\/Karisma-Excellence-Oyster-Bay-Jamaica.jpeg 1400w, https:\/\/esteling.com\/wp-content\/uploads\/2019\/07\/Karisma-Excellence-Oyster-Bay-Jamaica-300x200.jpeg 300w, https:\/\/esteling.com\/wp-content\/uploads\/2019\/07\/Karisma-Excellence-Oyster-Bay-Jamaica-768x512.jpeg 768w, https:\/\/esteling.com\/wp-content\/uploads\/2019\/07\/Karisma-Excellence-Oyster-Bay-Jamaica-1024x682.jpeg 1024w, https:\/\/esteling.com\/wp-content\/uploads\/2019\/07\/Karisma-Excellence-Oyster-Bay-Jamaica-600x400.jpeg 600w\" sizes=\"(max-width: 1400px) 100vw, 1400px\" \/>\t\t<\/div>\n\t\t\t\t<div class=\"elementor-portfolio-item__overlay\">\n\t\t\t\t<h3 class=\"elementor-portfolio-item__title\">\n\t\tExcellence Oyster Bay\t\t<\/h3>\n\t\t\t\t<\/div>\n\t\t\t\t<\/a>\n\t\t<\/article>\n\t\t\t\t<article class=\"elementor-portfolio-item elementor-post elementor-filter-213 post-10245 proyectos type-proyectos status-publish format-standard has-post-thumbnail hentry sector-infrastructures pais-mexico-en\" role=\"listitem\">\n\t\t\t<a class=\"elementor-post__thumbnail__link\" href=\"https:\/\/esteling.com\/en\/proyectos\/aeropuerto-internacional-los-mochis\/\">\n\t\t\t\t<div class=\"elementor-portfolio-item__img elementor-post__thumbnail\">\n\t\t\t<img loading=\"lazy\" decoding=\"async\" width=\"1280\" height=\"856\" src=\"https:\/\/esteling.com\/wp-content\/uploads\/2019\/07\/aeropuerto-Mexico-Los-Mochis-Sinaloa.jpeg\" class=\"attachment-full size-full wp-image-10246\" alt=\"aeropuerto Los Mochis Sinaloa\" srcset=\"https:\/\/esteling.com\/wp-content\/uploads\/2019\/07\/aeropuerto-Mexico-Los-Mochis-Sinaloa.jpeg 1280w, https:\/\/esteling.com\/wp-content\/uploads\/2019\/07\/aeropuerto-Mexico-Los-Mochis-Sinaloa-300x201.jpeg 300w, https:\/\/esteling.com\/wp-content\/uploads\/2019\/07\/aeropuerto-Mexico-Los-Mochis-Sinaloa-768x514.jpeg 768w, https:\/\/esteling.com\/wp-content\/uploads\/2019\/07\/aeropuerto-Mexico-Los-Mochis-Sinaloa-1024x685.jpeg 1024w, https:\/\/esteling.com\/wp-content\/uploads\/2019\/07\/aeropuerto-Mexico-Los-Mochis-Sinaloa-600x401.jpeg 600w\" sizes=\"(max-width: 1280px) 100vw, 1280px\" \/>\t\t<\/div>\n\t\t\t\t<div class=\"elementor-portfolio-item__overlay\">\n\t\t\t\t<h3 class=\"elementor-portfolio-item__title\">\n\t\tAeropuerto Internacional Los Mochis\t\t<\/h3>\n\t\t\t\t<\/div>\n\t\t\t\t<\/a>\n\t\t<\/article>\n\t\t\t\t<article class=\"elementor-portfolio-item elementor-post elementor-filter-225 post-10247 proyectos type-proyectos status-publish format-standard has-post-thumbnail hentry sector-culture pais-mexico-en\" role=\"listitem\">\n\t\t\t<a class=\"elementor-post__thumbnail__link\" href=\"https:\/\/esteling.com\/en\/proyectos\/museo-barroco-de-puebla\/\">\n\t\t\t\t<div class=\"elementor-portfolio-item__img elementor-post__thumbnail\">\n\t\t\t<img loading=\"lazy\" decoding=\"async\" width=\"2000\" height=\"1333\" src=\"https:\/\/esteling.com\/wp-content\/uploads\/2019\/07\/museo-barroco-puebla-zaragoza-mexico.jpg\" class=\"attachment-full size-full wp-image-10248\" alt=\"\" srcset=\"https:\/\/esteling.com\/wp-content\/uploads\/2019\/07\/museo-barroco-puebla-zaragoza-mexico.jpg 2000w, https:\/\/esteling.com\/wp-content\/uploads\/2019\/07\/museo-barroco-puebla-zaragoza-mexico-300x200.jpg 300w, https:\/\/esteling.com\/wp-content\/uploads\/2019\/07\/museo-barroco-puebla-zaragoza-mexico-768x512.jpg 768w, https:\/\/esteling.com\/wp-content\/uploads\/2019\/07\/museo-barroco-puebla-zaragoza-mexico-1024x682.jpg 1024w, https:\/\/esteling.com\/wp-content\/uploads\/2019\/07\/museo-barroco-puebla-zaragoza-mexico-600x400.jpg 600w\" sizes=\"(max-width: 2000px) 100vw, 2000px\" \/>\t\t<\/div>\n\t\t\t\t<div class=\"elementor-portfolio-item__overlay\">\n\t\t\t\t<h3 class=\"elementor-portfolio-item__title\">\n\t\tMuseo Barroco de Puebla\t\t<\/h3>\n\t\t\t\t<\/div>\n\t\t\t\t<\/a>\n\t\t<\/article>\n\t\t\t\t<article class=\"elementor-portfolio-item elementor-post elementor-filter-213 elementor-filter-321 post-10250 proyectos type-proyectos status-publish format-standard has-post-thumbnail hentry sector-infrastructures sector-maintenance pais-spain\" role=\"listitem\">\n\t\t\t<a class=\"elementor-post__thumbnail__link\" href=\"https:\/\/esteling.com\/en\/proyectos\/parque-de-bomberos-de-palma\/\">\n\t\t\t\t<div class=\"elementor-portfolio-item__img elementor-post__thumbnail\">\n\t\t\t<img loading=\"lazy\" decoding=\"async\" width=\"1250\" height=\"1000\" src=\"https:\/\/esteling.com\/wp-content\/uploads\/2019\/07\/Parque-de-los-bomberos-de-Palma-de-Mallorca.jpg\" class=\"attachment-full size-full wp-image-10251\" alt=\"Parque bomberos Palma\" srcset=\"https:\/\/esteling.com\/wp-content\/uploads\/2019\/07\/Parque-de-los-bomberos-de-Palma-de-Mallorca.jpg 1250w, https:\/\/esteling.com\/wp-content\/uploads\/2019\/07\/Parque-de-los-bomberos-de-Palma-de-Mallorca-300x240.jpg 300w, https:\/\/esteling.com\/wp-content\/uploads\/2019\/07\/Parque-de-los-bomberos-de-Palma-de-Mallorca-768x614.jpg 768w, https:\/\/esteling.com\/wp-content\/uploads\/2019\/07\/Parque-de-los-bomberos-de-Palma-de-Mallorca-1024x819.jpg 1024w, https:\/\/esteling.com\/wp-content\/uploads\/2019\/07\/Parque-de-los-bomberos-de-Palma-de-Mallorca-600x480.jpg 600w\" sizes=\"(max-width: 1250px) 100vw, 1250px\" \/>\t\t<\/div>\n\t\t\t\t<div class=\"elementor-portfolio-item__overlay\">\n\t\t\t\t<h3 class=\"elementor-portfolio-item__title\">\n\t\tParque de bomberos de Palma\t\t<\/h3>\n\t\t\t\t<\/div>\n\t\t\t\t<\/a>\n\t\t<\/article>\n\t\t\t\t<article class=\"elementor-portfolio-item elementor-post elementor-filter-229 post-10253 proyectos type-proyectos status-publish format-standard has-post-thumbnail hentry sector-health pais-spain\" role=\"listitem\">\n\t\t\t<a class=\"elementor-post__thumbnail__link\" href=\"https:\/\/esteling.com\/en\/proyectos\/hospital-universitario-son-espases\/\">\n\t\t\t\t<div class=\"elementor-portfolio-item__img elementor-post__thumbnail\">\n\t\t\t<img loading=\"lazy\" decoding=\"async\" width=\"1500\" height=\"998\" src=\"https:\/\/esteling.com\/wp-content\/uploads\/2019\/07\/chsonespases-2.jpg\" class=\"attachment-full size-full wp-image-10254\" alt=\"Son Espases Palma Mallorca\" srcset=\"https:\/\/esteling.com\/wp-content\/uploads\/2019\/07\/chsonespases-2.jpg 1500w, https:\/\/esteling.com\/wp-content\/uploads\/2019\/07\/chsonespases-2-300x200.jpg 300w, https:\/\/esteling.com\/wp-content\/uploads\/2019\/07\/chsonespases-2-768x511.jpg 768w, https:\/\/esteling.com\/wp-content\/uploads\/2019\/07\/chsonespases-2-1024x681.jpg 1024w, https:\/\/esteling.com\/wp-content\/uploads\/2019\/07\/chsonespases-2-600x399.jpg 600w\" sizes=\"(max-width: 1500px) 100vw, 1500px\" \/>\t\t<\/div>\n\t\t\t\t<div class=\"elementor-portfolio-item__overlay\">\n\t\t\t\t<h3 class=\"elementor-portfolio-item__title\">\n\t\tHospital Universitario Son Espases\t\t<\/h3>\n\t\t\t\t<\/div>\n\t\t\t\t<\/a>\n\t\t<\/article>\n\t\t\t\t<article class=\"elementor-portfolio-item elementor-post elementor-filter-213 post-10255 proyectos type-proyectos status-publish format-standard has-post-thumbnail hentry sector-infrastructures pais-saudi-arabia\" role=\"listitem\">\n\t\t\t<a class=\"elementor-post__thumbnail__link\" href=\"https:\/\/esteling.com\/en\/proyectos\/king-abdullah-economic-city\/\">\n\t\t\t\t<div class=\"elementor-portfolio-item__img elementor-post__thumbnail\">\n\t\t\t<img loading=\"lazy\" decoding=\"async\" width=\"1920\" height=\"999\" src=\"https:\/\/esteling.com\/wp-content\/uploads\/2019\/07\/King-Abdullah-Economic-City.jpg\" class=\"attachment-full size-full wp-image-10256\" alt=\"King Abdullah\" srcset=\"https:\/\/esteling.com\/wp-content\/uploads\/2019\/07\/King-Abdullah-Economic-City.jpg 1920w, https:\/\/esteling.com\/wp-content\/uploads\/2019\/07\/King-Abdullah-Economic-City-300x156.jpg 300w, https:\/\/esteling.com\/wp-content\/uploads\/2019\/07\/King-Abdullah-Economic-City-768x400.jpg 768w, https:\/\/esteling.com\/wp-content\/uploads\/2019\/07\/King-Abdullah-Economic-City-1024x533.jpg 1024w, https:\/\/esteling.com\/wp-content\/uploads\/2019\/07\/King-Abdullah-Economic-City-600x312.jpg 600w\" sizes=\"(max-width: 1920px) 100vw, 1920px\" \/>\t\t<\/div>\n\t\t\t\t<div class=\"elementor-portfolio-item__overlay\">\n\t\t\t\t<h3 class=\"elementor-portfolio-item__title\">\n\t\tKing Abdullah Economic City\t\t<\/h3>\n\t\t\t\t<\/div>\n\t\t\t\t<\/a>\n\t\t<\/article>\n\t\t\t\t<article class=\"elementor-portfolio-item elementor-post elementor-filter-226 post-10257 proyectos type-proyectos status-publish format-standard has-post-thumbnail hentry sector-hotels pais-spain\" role=\"listitem\">\n\t\t\t<a class=\"elementor-post__thumbnail__link\" href=\"https:\/\/esteling.com\/en\/proyectos\/fergus-style-tobago\/\">\n\t\t\t\t<div class=\"elementor-portfolio-item__img elementor-post__thumbnail\">\n\t\t\t<img loading=\"lazy\" decoding=\"async\" width=\"1500\" height=\"2260\" src=\"https:\/\/esteling.com\/wp-content\/uploads\/2019\/07\/foto-fondo-11.jpg\" class=\"attachment-full size-full wp-image-10258\" alt=\"\" srcset=\"https:\/\/esteling.com\/wp-content\/uploads\/2019\/07\/foto-fondo-11.jpg 1500w, https:\/\/esteling.com\/wp-content\/uploads\/2019\/07\/foto-fondo-11-199x300.jpg 199w, https:\/\/esteling.com\/wp-content\/uploads\/2019\/07\/foto-fondo-11-768x1157.jpg 768w, https:\/\/esteling.com\/wp-content\/uploads\/2019\/07\/foto-fondo-11-680x1024.jpg 680w, https:\/\/esteling.com\/wp-content\/uploads\/2019\/07\/foto-fondo-11-600x904.jpg 600w\" sizes=\"(max-width: 1500px) 100vw, 1500px\" \/>\t\t<\/div>\n\t\t\t\t<div class=\"elementor-portfolio-item__overlay\">\n\t\t\t\t<h3 class=\"elementor-portfolio-item__title\">\n\t\tFERGUS Style Tobago\t\t<\/h3>\n\t\t\t\t<\/div>\n\t\t\t\t<\/a>\n\t\t<\/article>\n\t\t\t\t<article class=\"elementor-portfolio-item elementor-post elementor-filter-226 post-10259 proyectos type-proyectos status-publish format-standard has-post-thumbnail hentry sector-hotels pais-jamaica-en\" role=\"listitem\">\n\t\t\t<a class=\"elementor-post__thumbnail__link\" href=\"https:\/\/esteling.com\/en\/proyectos\/royalton-blue-waters\/\">\n\t\t\t\t<div class=\"elementor-portfolio-item__img elementor-post__thumbnail\">\n\t\t\t<img loading=\"lazy\" decoding=\"async\" width=\"4000\" height=\"3000\" src=\"https:\/\/esteling.com\/wp-content\/uploads\/2019\/07\/Royalton-Hotels-blue-waters-jamaica.jpg\" class=\"attachment-full size-full wp-image-10260\" alt=\"Instalaciones hotel jamaica\" srcset=\"https:\/\/esteling.com\/wp-content\/uploads\/2019\/07\/Royalton-Hotels-blue-waters-jamaica.jpg 4000w, https:\/\/esteling.com\/wp-content\/uploads\/2019\/07\/Royalton-Hotels-blue-waters-jamaica-300x225.jpg 300w, https:\/\/esteling.com\/wp-content\/uploads\/2019\/07\/Royalton-Hotels-blue-waters-jamaica-768x576.jpg 768w, https:\/\/esteling.com\/wp-content\/uploads\/2019\/07\/Royalton-Hotels-blue-waters-jamaica-1024x768.jpg 1024w, https:\/\/esteling.com\/wp-content\/uploads\/2019\/07\/Royalton-Hotels-blue-waters-jamaica-600x450.jpg 600w\" sizes=\"(max-width: 4000px) 100vw, 4000px\" \/>\t\t<\/div>\n\t\t\t\t<div class=\"elementor-portfolio-item__overlay\">\n\t\t\t\t<h3 class=\"elementor-portfolio-item__title\">\n\t\tRoyalton Blue Waters\t\t<\/h3>\n\t\t\t\t<\/div>\n\t\t\t\t<\/a>\n\t\t<\/article>\n\t\t\t\t<article class=\"elementor-portfolio-item elementor-post elementor-filter-226 post-10261 proyectos type-proyectos status-publish format-standard has-post-thumbnail hentry sector-hotels pais-dominican-republic\" role=\"listitem\">\n\t\t\t<a class=\"elementor-post__thumbnail__link\" href=\"https:\/\/esteling.com\/en\/proyectos\/hilton-la-romana\/\">\n\t\t\t\t<div class=\"elementor-portfolio-item__img elementor-post__thumbnail\">\n\t\t\t<img loading=\"lazy\" decoding=\"async\" width=\"1474\" height=\"765\" src=\"https:\/\/esteling.com\/wp-content\/uploads\/2019\/07\/hilton-la-romana-hotel.jpg\" class=\"attachment-full size-full wp-image-10262\" alt=\"instalaciones hoteleras\" srcset=\"https:\/\/esteling.com\/wp-content\/uploads\/2019\/07\/hilton-la-romana-hotel.jpg 1474w, https:\/\/esteling.com\/wp-content\/uploads\/2019\/07\/hilton-la-romana-hotel-300x156.jpg 300w, https:\/\/esteling.com\/wp-content\/uploads\/2019\/07\/hilton-la-romana-hotel-768x399.jpg 768w, https:\/\/esteling.com\/wp-content\/uploads\/2019\/07\/hilton-la-romana-hotel-1024x531.jpg 1024w, https:\/\/esteling.com\/wp-content\/uploads\/2019\/07\/hilton-la-romana-hotel-600x311.jpg 600w\" sizes=\"(max-width: 1474px) 100vw, 1474px\" \/>\t\t<\/div>\n\t\t\t\t<div class=\"elementor-portfolio-item__overlay\">\n\t\t\t\t<h3 class=\"elementor-portfolio-item__title\">\n\t\tHilton La Romana\t\t<\/h3>\n\t\t\t\t<\/div>\n\t\t\t\t<\/a>\n\t\t<\/article>\n\t\t\t\t<article class=\"elementor-portfolio-item elementor-post elementor-filter-226 post-10263 proyectos type-proyectos status-publish format-standard has-post-thumbnail hentry sector-hotels pais-dominican-republic\" role=\"listitem\">\n\t\t\t<a class=\"elementor-post__thumbnail__link\" href=\"https:\/\/esteling.com\/en\/proyectos\/h10-ocean-el-faro\/\">\n\t\t\t\t<div class=\"elementor-portfolio-item__img elementor-post__thumbnail\">\n\t\t\t<img loading=\"lazy\" decoding=\"async\" width=\"3905\" height=\"2603\" src=\"https:\/\/esteling.com\/wp-content\/uploads\/2019\/07\/Instalaciones-Hotel-H10-El-Faro.jpg\" class=\"attachment-full size-full wp-image-10264\" alt=\"\" srcset=\"https:\/\/esteling.com\/wp-content\/uploads\/2019\/07\/Instalaciones-Hotel-H10-El-Faro.jpg 3905w, https:\/\/esteling.com\/wp-content\/uploads\/2019\/07\/Instalaciones-Hotel-H10-El-Faro-300x200.jpg 300w, https:\/\/esteling.com\/wp-content\/uploads\/2019\/07\/Instalaciones-Hotel-H10-El-Faro-768x512.jpg 768w, https:\/\/esteling.com\/wp-content\/uploads\/2019\/07\/Instalaciones-Hotel-H10-El-Faro-1024x683.jpg 1024w, https:\/\/esteling.com\/wp-content\/uploads\/2019\/07\/Instalaciones-Hotel-H10-El-Faro-600x400.jpg 600w\" sizes=\"(max-width: 3905px) 100vw, 3905px\" \/>\t\t<\/div>\n\t\t\t\t<div class=\"elementor-portfolio-item__overlay\">\n\t\t\t\t<h3 class=\"elementor-portfolio-item__title\">\n\t\tH10 Ocean El Faro\t\t<\/h3>\n\t\t\t\t<\/div>\n\t\t\t\t<\/a>\n\t\t<\/article>\n\t\t\t\t<article class=\"elementor-portfolio-item elementor-post elementor-filter-226 post-10265 proyectos type-proyectos status-publish format-standard has-post-thumbnail hentry sector-hotels pais-dominican-republic\" role=\"listitem\">\n\t\t\t<a class=\"elementor-post__thumbnail__link\" href=\"https:\/\/esteling.com\/en\/proyectos\/finest-punta-cana-resort\/\">\n\t\t\t\t<div class=\"elementor-portfolio-item__img elementor-post__thumbnail\">\n\t\t\t<img loading=\"lazy\" decoding=\"async\" width=\"3796\" height=\"2531\" src=\"https:\/\/esteling.com\/wp-content\/uploads\/2019\/07\/Hotel-Finest-proyecto-instalaciones-integrales.jpg\" class=\"attachment-full size-full wp-image-10266\" alt=\"Finest punta cana resort\" srcset=\"https:\/\/esteling.com\/wp-content\/uploads\/2019\/07\/Hotel-Finest-proyecto-instalaciones-integrales.jpg 3796w, https:\/\/esteling.com\/wp-content\/uploads\/2019\/07\/Hotel-Finest-proyecto-instalaciones-integrales-300x200.jpg 300w, https:\/\/esteling.com\/wp-content\/uploads\/2019\/07\/Hotel-Finest-proyecto-instalaciones-integrales-768x512.jpg 768w, https:\/\/esteling.com\/wp-content\/uploads\/2019\/07\/Hotel-Finest-proyecto-instalaciones-integrales-1024x683.jpg 1024w, https:\/\/esteling.com\/wp-content\/uploads\/2019\/07\/Hotel-Finest-proyecto-instalaciones-integrales-600x400.jpg 600w\" sizes=\"(max-width: 3796px) 100vw, 3796px\" \/>\t\t<\/div>\n\t\t\t\t<div class=\"elementor-portfolio-item__overlay\">\n\t\t\t\t<h3 class=\"elementor-portfolio-item__title\">\n\t\tFinest Punta Cana Resort\t\t<\/h3>\n\t\t\t\t<\/div>\n\t\t\t\t<\/a>\n\t\t<\/article>\n\t\t\t\t<article class=\"elementor-portfolio-item elementor-post elementor-filter-226 post-10267 proyectos type-proyectos status-publish format-standard has-post-thumbnail hentry sector-hotels pais-dominican-republic\" role=\"listitem\">\n\t\t\t<a class=\"elementor-post__thumbnail__link\" href=\"https:\/\/esteling.com\/en\/proyectos\/paradisus-palma-real\/\">\n\t\t\t\t<div class=\"elementor-portfolio-item__img elementor-post__thumbnail\">\n\t\t\t<img loading=\"lazy\" decoding=\"async\" width=\"2637\" height=\"3955\" src=\"https:\/\/esteling.com\/wp-content\/uploads\/2019\/08\/paradisus-palma-real.jpg\" class=\"attachment-full size-full wp-image-5163\" alt=\"Circle at Paradisus Palma Real Melia\" srcset=\"https:\/\/esteling.com\/wp-content\/uploads\/2019\/08\/paradisus-palma-real.jpg 2637w, https:\/\/esteling.com\/wp-content\/uploads\/2019\/08\/paradisus-palma-real-200x300.jpg 200w, https:\/\/esteling.com\/wp-content\/uploads\/2019\/08\/paradisus-palma-real-768x1152.jpg 768w, https:\/\/esteling.com\/wp-content\/uploads\/2019\/08\/paradisus-palma-real-683x1024.jpg 683w, https:\/\/esteling.com\/wp-content\/uploads\/2019\/08\/paradisus-palma-real-600x900.jpg 600w\" sizes=\"(max-width: 2637px) 100vw, 2637px\" \/>\t\t<\/div>\n\t\t\t\t<div class=\"elementor-portfolio-item__overlay\">\n\t\t\t\t<h3 class=\"elementor-portfolio-item__title\">\n\t\tParadisus Palma Real\t\t<\/h3>\n\t\t\t\t<\/div>\n\t\t\t\t<\/a>\n\t\t<\/article>\n\t\t\t\t<article class=\"elementor-portfolio-item elementor-post elementor-filter-228 post-10268 proyectos type-proyectos status-publish format-standard has-post-thumbnail hentry sector-residential pais-spain\" role=\"listitem\">\n\t\t\t<a class=\"elementor-post__thumbnail__link\" href=\"https:\/\/esteling.com\/en\/proyectos\/luxury-homes-can-cavalleria\/\">\n\t\t\t\t<div class=\"elementor-portfolio-item__img elementor-post__thumbnail\">\n\t\t\t<img loading=\"lazy\" decoding=\"async\" width=\"1024\" height=\"683\" src=\"https:\/\/esteling.com\/wp-content\/uploads\/2019\/08\/CanCavalleria-palma-instalaciones-lujo.jpg\" class=\"attachment-full size-full wp-image-5518\" alt=\"can cavalleria vivienda palma\" srcset=\"https:\/\/esteling.com\/wp-content\/uploads\/2019\/08\/CanCavalleria-palma-instalaciones-lujo.jpg 1024w, https:\/\/esteling.com\/wp-content\/uploads\/2019\/08\/CanCavalleria-palma-instalaciones-lujo-300x200.jpg 300w, https:\/\/esteling.com\/wp-content\/uploads\/2019\/08\/CanCavalleria-palma-instalaciones-lujo-768x512.jpg 768w, https:\/\/esteling.com\/wp-content\/uploads\/2019\/08\/CanCavalleria-palma-instalaciones-lujo-600x400.jpg 600w\" sizes=\"(max-width: 1024px) 100vw, 1024px\" \/>\t\t<\/div>\n\t\t\t\t<div class=\"elementor-portfolio-item__overlay\">\n\t\t\t\t<h3 class=\"elementor-portfolio-item__title\">\n\t\tLuxury homes: Can Cavalleria\t\t<\/h3>\n\t\t\t\t<\/div>\n\t\t\t\t<\/a>\n\t\t<\/article>\n\t\t\t\t<article class=\"elementor-portfolio-item elementor-post elementor-filter-226 post-10269 proyectos type-proyectos status-publish format-standard has-post-thumbnail hentry sector-hotels pais-mexico-en\" role=\"listitem\">\n\t\t\t<a class=\"elementor-post__thumbnail__link\" href=\"https:\/\/esteling.com\/en\/proyectos\/planet-hollywood-beach-resort-cancun\/\">\n\t\t\t\t<div class=\"elementor-portfolio-item__img elementor-post__thumbnail\">\n\t\t\t<img loading=\"lazy\" decoding=\"async\" width=\"700\" height=\"384\" src=\"https:\/\/esteling.com\/wp-content\/uploads\/2019\/09\/planet-hollywood-beach-resort-ingenieria.jpg\" class=\"attachment-full size-full wp-image-6883\" alt=\"planet hollywood beach resort ingenieria\" srcset=\"https:\/\/esteling.com\/wp-content\/uploads\/2019\/09\/planet-hollywood-beach-resort-ingenieria.jpg 700w, https:\/\/esteling.com\/wp-content\/uploads\/2019\/09\/planet-hollywood-beach-resort-ingenieria-300x165.jpg 300w\" sizes=\"(max-width: 700px) 100vw, 700px\" \/>\t\t<\/div>\n\t\t\t\t<div class=\"elementor-portfolio-item__overlay\">\n\t\t\t\t<h3 class=\"elementor-portfolio-item__title\">\n\t\tPlanet Hollywood Beach Resort Canc\u00fan\t\t<\/h3>\n\t\t\t\t<\/div>\n\t\t\t\t<\/a>\n\t\t<\/article>\n\t\t\t\t<article class=\"elementor-portfolio-item elementor-post elementor-filter-226 post-10270 proyectos type-proyectos status-publish format-standard has-post-thumbnail hentry sector-hotels pais-spain\" role=\"listitem\">\n\t\t\t<a class=\"elementor-post__thumbnail__link\" href=\"https:\/\/esteling.com\/en\/proyectos\/innside-calvia-beach\/\">\n\t\t\t\t<div class=\"elementor-portfolio-item__img elementor-post__thumbnail\">\n\t\t\t<img loading=\"lazy\" decoding=\"async\" width=\"903\" height=\"500\" src=\"https:\/\/esteling.com\/wp-content\/uploads\/2019\/09\/innside-calvia-beach-instalaciones-hoteleras-estel.jpg\" class=\"attachment-full size-full wp-image-6912\" alt=\"innside calvia beach instalaciones hoteleras estel\" srcset=\"https:\/\/esteling.com\/wp-content\/uploads\/2019\/09\/innside-calvia-beach-instalaciones-hoteleras-estel.jpg 903w, https:\/\/esteling.com\/wp-content\/uploads\/2019\/09\/innside-calvia-beach-instalaciones-hoteleras-estel-300x166.jpg 300w, https:\/\/esteling.com\/wp-content\/uploads\/2019\/09\/innside-calvia-beach-instalaciones-hoteleras-estel-768x425.jpg 768w\" sizes=\"(max-width: 903px) 100vw, 903px\" \/>\t\t<\/div>\n\t\t\t\t<div class=\"elementor-portfolio-item__overlay\">\n\t\t\t\t<h3 class=\"elementor-portfolio-item__title\">\n\t\tInnside Calvi\u00e0 Beach\t\t<\/h3>\n\t\t\t\t<\/div>\n\t\t\t\t<\/a>\n\t\t<\/article>\n\t\t\t\t<article class=\"elementor-portfolio-item elementor-post elementor-filter-226 post-10272 proyectos type-proyectos status-publish format-standard has-post-thumbnail hentry sector-hotels pais-spain\" role=\"listitem\">\n\t\t\t<a class=\"elementor-post__thumbnail__link\" href=\"https:\/\/esteling.com\/en\/proyectos\/innside-zaragoza-by-melia\/\">\n\t\t\t\t<div class=\"elementor-portfolio-item__img elementor-post__thumbnail\">\n\t\t\t<img loading=\"lazy\" decoding=\"async\" width=\"800\" height=\"500\" src=\"https:\/\/esteling.com\/wp-content\/uploads\/2019\/09\/fachada-hotel-melia-zaragoza.jpg\" class=\"attachment-full size-full wp-image-6961\" alt=\"innside melia zaragoza\" srcset=\"https:\/\/esteling.com\/wp-content\/uploads\/2019\/09\/fachada-hotel-melia-zaragoza.jpg 800w, https:\/\/esteling.com\/wp-content\/uploads\/2019\/09\/fachada-hotel-melia-zaragoza-300x188.jpg 300w, https:\/\/esteling.com\/wp-content\/uploads\/2019\/09\/fachada-hotel-melia-zaragoza-768x480.jpg 768w\" sizes=\"(max-width: 800px) 100vw, 800px\" \/>\t\t<\/div>\n\t\t\t\t<div class=\"elementor-portfolio-item__overlay\">\n\t\t\t\t<h3 class=\"elementor-portfolio-item__title\">\n\t\tInnside Zaragoza by Meli\u00e1\t\t<\/h3>\n\t\t\t\t<\/div>\n\t\t\t\t<\/a>\n\t\t<\/article>\n\t\t\t\t<article class=\"elementor-portfolio-item elementor-post elementor-filter-226 post-10273 proyectos type-proyectos status-publish format-standard has-post-thumbnail hentry sector-hotels pais-spain\" role=\"listitem\">\n\t\t\t<a class=\"elementor-post__thumbnail__link\" href=\"https:\/\/esteling.com\/en\/proyectos\/el-puerto-ibiza-hotel-spa\/\">\n\t\t\t\t<div class=\"elementor-portfolio-item__img elementor-post__thumbnail\">\n\t\t\t<img loading=\"lazy\" decoding=\"async\" width=\"820\" height=\"720\" src=\"https:\/\/esteling.com\/wp-content\/uploads\/2019\/09\/el-puerto-ibiza.jpg\" class=\"attachment-full size-full wp-image-6981\" alt=\"el puerto hotel ibiza\" srcset=\"https:\/\/esteling.com\/wp-content\/uploads\/2019\/09\/el-puerto-ibiza.jpg 820w, https:\/\/esteling.com\/wp-content\/uploads\/2019\/09\/el-puerto-ibiza-300x263.jpg 300w, https:\/\/esteling.com\/wp-content\/uploads\/2019\/09\/el-puerto-ibiza-768x674.jpg 768w\" sizes=\"(max-width: 820px) 100vw, 820px\" \/>\t\t<\/div>\n\t\t\t\t<div class=\"elementor-portfolio-item__overlay\">\n\t\t\t\t<h3 class=\"elementor-portfolio-item__title\">\n\t\tEl Puerto Ibiza Hotel &#038; Spa\t\t<\/h3>\n\t\t\t\t<\/div>\n\t\t\t\t<\/a>\n\t\t<\/article>\n\t\t\t\t<article class=\"elementor-portfolio-item elementor-post elementor-filter-226 post-10274 proyectos type-proyectos status-publish format-standard has-post-thumbnail hentry sector-hotels pais-spain\" role=\"listitem\">\n\t\t\t<a class=\"elementor-post__thumbnail__link\" href=\"https:\/\/esteling.com\/en\/proyectos\/hm-ayron-park\/\">\n\t\t\t\t<div class=\"elementor-portfolio-item__img elementor-post__thumbnail\">\n\t\t\t<img loading=\"lazy\" decoding=\"async\" width=\"1000\" height=\"1000\" src=\"https:\/\/esteling.com\/wp-content\/uploads\/2019\/09\/proyecto-instalaciones-hotel-ayron-park-palma-mallorca.jpg\" class=\"attachment-full size-full wp-image-7060\" alt=\"proyecto instalaciones hotel ayron park palma mallorca\" srcset=\"https:\/\/esteling.com\/wp-content\/uploads\/2019\/09\/proyecto-instalaciones-hotel-ayron-park-palma-mallorca.jpg 1000w, https:\/\/esteling.com\/wp-content\/uploads\/2019\/09\/proyecto-instalaciones-hotel-ayron-park-palma-mallorca-150x150.jpg 150w, https:\/\/esteling.com\/wp-content\/uploads\/2019\/09\/proyecto-instalaciones-hotel-ayron-park-palma-mallorca-300x300.jpg 300w, https:\/\/esteling.com\/wp-content\/uploads\/2019\/09\/proyecto-instalaciones-hotel-ayron-park-palma-mallorca-768x768.jpg 768w\" sizes=\"(max-width: 1000px) 100vw, 1000px\" \/>\t\t<\/div>\n\t\t\t\t<div class=\"elementor-portfolio-item__overlay\">\n\t\t\t\t<h3 class=\"elementor-portfolio-item__title\">\n\t\tHM Ayron Park\t\t<\/h3>\n\t\t\t\t<\/div>\n\t\t\t\t<\/a>\n\t\t<\/article>\n\t\t\t\t<article class=\"elementor-portfolio-item elementor-post elementor-filter-226 post-10410 proyectos type-proyectos status-publish format-standard has-post-thumbnail hentry sector-hotels pais-spain\" role=\"listitem\">\n\t\t\t<a class=\"elementor-post__thumbnail__link\" href=\"https:\/\/esteling.com\/en\/proyectos\/sol-calas-de-mallorca\/\">\n\t\t\t\t<div class=\"elementor-portfolio-item__img elementor-post__thumbnail\">\n\t\t\t<img loading=\"lazy\" decoding=\"async\" width=\"1024\" height=\"683\" src=\"https:\/\/esteling.com\/wp-content\/uploads\/2019\/09\/sol-calas-de-mallorca-instalaciones.jpg\" class=\"attachment-full size-full wp-image-7084\" alt=\"sol calas de mallorca instalaciones\" srcset=\"https:\/\/esteling.com\/wp-content\/uploads\/2019\/09\/sol-calas-de-mallorca-instalaciones.jpg 1024w, https:\/\/esteling.com\/wp-content\/uploads\/2019\/09\/sol-calas-de-mallorca-instalaciones-300x200.jpg 300w, https:\/\/esteling.com\/wp-content\/uploads\/2019\/09\/sol-calas-de-mallorca-instalaciones-768x512.jpg 768w\" sizes=\"(max-width: 1024px) 100vw, 1024px\" \/>\t\t<\/div>\n\t\t\t\t<div class=\"elementor-portfolio-item__overlay\">\n\t\t\t\t<h3 class=\"elementor-portfolio-item__title\">\n\t\tSol Calas de Mallorca\t\t<\/h3>\n\t\t\t\t<\/div>\n\t\t\t\t<\/a>\n\t\t<\/article>\n\t\t\t\t<article class=\"elementor-portfolio-item elementor-post elementor-filter-226 post-10275 proyectos type-proyectos status-publish format-standard has-post-thumbnail hentry sector-hotels tipo-de-trabajo-navigation-esp-master-en-3 tipo-de-trabajo-navigation-esp-master-en tipo-de-trabajo-navigation-esp-master-en-4 tipo-de-trabajo-navigation-esp-master-en-2 tipo-de-trabajo-navigation-esp-master pais-spain\" role=\"listitem\">\n\t\t\t<a class=\"elementor-post__thumbnail__link\" href=\"https:\/\/esteling.com\/en\/proyectos\/aparthotel-sol-alcudia-center\/\">\n\t\t\t\t<div class=\"elementor-portfolio-item__img elementor-post__thumbnail\">\n\t\t\t<img loading=\"lazy\" decoding=\"async\" width=\"1000\" height=\"635\" src=\"https:\/\/esteling.com\/wp-content\/uploads\/2019\/09\/sol-alcudia-center-instalaciones-hotel.jpg\" class=\"attachment-full size-full wp-image-7111\" alt=\"sol alcudia center instalaciones hotel\" srcset=\"https:\/\/esteling.com\/wp-content\/uploads\/2019\/09\/sol-alcudia-center-instalaciones-hotel.jpg 1000w, https:\/\/esteling.com\/wp-content\/uploads\/2019\/09\/sol-alcudia-center-instalaciones-hotel-300x191.jpg 300w, https:\/\/esteling.com\/wp-content\/uploads\/2019\/09\/sol-alcudia-center-instalaciones-hotel-768x488.jpg 768w\" sizes=\"(max-width: 1000px) 100vw, 1000px\" \/>\t\t<\/div>\n\t\t\t\t<div class=\"elementor-portfolio-item__overlay\">\n\t\t\t\t<h3 class=\"elementor-portfolio-item__title\">\n\t\tAparthotel Sol Alcudia Center\t\t<\/h3>\n\t\t\t\t<\/div>\n\t\t\t\t<\/a>\n\t\t<\/article>\n\t\t\t\t<article class=\"elementor-portfolio-item elementor-post elementor-filter-226 post-10276 proyectos type-proyectos status-publish format-standard has-post-thumbnail hentry sector-hotels pais-spain\" role=\"listitem\">\n\t\t\t<a class=\"elementor-post__thumbnail__link\" href=\"https:\/\/esteling.com\/en\/proyectos\/hm-dunas-blancas\/\">\n\t\t\t\t<div class=\"elementor-portfolio-item__img elementor-post__thumbnail\">\n\t\t\t<img loading=\"lazy\" decoding=\"async\" width=\"1280\" height=\"853\" src=\"https:\/\/esteling.com\/wp-content\/uploads\/2019\/09\/dunas-blancas-hm-hotels-mallorca.jpg\" class=\"attachment-full size-full wp-image-7165\" alt=\"dunas blancas hm hotels mallorca\" srcset=\"https:\/\/esteling.com\/wp-content\/uploads\/2019\/09\/dunas-blancas-hm-hotels-mallorca.jpg 1280w, https:\/\/esteling.com\/wp-content\/uploads\/2019\/09\/dunas-blancas-hm-hotels-mallorca-300x200.jpg 300w, https:\/\/esteling.com\/wp-content\/uploads\/2019\/09\/dunas-blancas-hm-hotels-mallorca-768x512.jpg 768w, https:\/\/esteling.com\/wp-content\/uploads\/2019\/09\/dunas-blancas-hm-hotels-mallorca-1024x682.jpg 1024w\" sizes=\"(max-width: 1280px) 100vw, 1280px\" \/>\t\t<\/div>\n\t\t\t\t<div class=\"elementor-portfolio-item__overlay\">\n\t\t\t\t<h3 class=\"elementor-portfolio-item__title\">\n\t\tHM Dunas Blancas\t\t<\/h3>\n\t\t\t\t<\/div>\n\t\t\t\t<\/a>\n\t\t<\/article>\n\t\t\t\t<article class=\"elementor-portfolio-item elementor-post elementor-filter-226 post-10277 proyectos type-proyectos status-publish format-standard has-post-thumbnail hentry sector-hotels pais-spain\" role=\"listitem\">\n\t\t\t<a class=\"elementor-post__thumbnail__link\" href=\"https:\/\/esteling.com\/en\/proyectos\/sol-mirador-de-calas\/\">\n\t\t\t\t<div class=\"elementor-portfolio-item__img elementor-post__thumbnail\">\n\t\t\t<img loading=\"lazy\" decoding=\"async\" width=\"1280\" height=\"1015\" src=\"https:\/\/esteling.com\/wp-content\/uploads\/2019\/09\/mirador-calas-de-mallorca-sol-melia.jpg\" class=\"attachment-full size-full wp-image-7205\" alt=\"mirador calas de mallorca sol melia\" srcset=\"https:\/\/esteling.com\/wp-content\/uploads\/2019\/09\/mirador-calas-de-mallorca-sol-melia.jpg 1280w, https:\/\/esteling.com\/wp-content\/uploads\/2019\/09\/mirador-calas-de-mallorca-sol-melia-300x238.jpg 300w, https:\/\/esteling.com\/wp-content\/uploads\/2019\/09\/mirador-calas-de-mallorca-sol-melia-768x609.jpg 768w, https:\/\/esteling.com\/wp-content\/uploads\/2019\/09\/mirador-calas-de-mallorca-sol-melia-1024x812.jpg 1024w\" sizes=\"(max-width: 1280px) 100vw, 1280px\" \/>\t\t<\/div>\n\t\t\t\t<div class=\"elementor-portfolio-item__overlay\">\n\t\t\t\t<h3 class=\"elementor-portfolio-item__title\">\n\t\tSol Mirador de Calas\t\t<\/h3>\n\t\t\t\t<\/div>\n\t\t\t\t<\/a>\n\t\t<\/article>\n\t\t\t\t<article class=\"elementor-portfolio-item elementor-post elementor-filter-226 post-10278 proyectos type-proyectos status-publish format-standard has-post-thumbnail hentry sector-hotels pais-spain\" role=\"listitem\">\n\t\t\t<a class=\"elementor-post__thumbnail__link\" href=\"https:\/\/esteling.com\/en\/proyectos\/hotel-roc-leo\/\">\n\t\t\t\t<div class=\"elementor-portfolio-item__img elementor-post__thumbnail\">\n\t\t\t<img loading=\"lazy\" decoding=\"async\" width=\"950\" height=\"600\" src=\"https:\/\/esteling.com\/wp-content\/uploads\/2019\/09\/roc-leo-can-pastilla.jpg\" class=\"attachment-full size-full wp-image-7249\" alt=\"roc leo can pastilla\" srcset=\"https:\/\/esteling.com\/wp-content\/uploads\/2019\/09\/roc-leo-can-pastilla.jpg 950w, https:\/\/esteling.com\/wp-content\/uploads\/2019\/09\/roc-leo-can-pastilla-300x189.jpg 300w, https:\/\/esteling.com\/wp-content\/uploads\/2019\/09\/roc-leo-can-pastilla-768x485.jpg 768w\" sizes=\"(max-width: 950px) 100vw, 950px\" \/>\t\t<\/div>\n\t\t\t\t<div class=\"elementor-portfolio-item__overlay\">\n\t\t\t\t<h3 class=\"elementor-portfolio-item__title\">\n\t\tHotel Roc Leo\t\t<\/h3>\n\t\t\t\t<\/div>\n\t\t\t\t<\/a>\n\t\t<\/article>\n\t\t\t\t<article class=\"elementor-portfolio-item elementor-post elementor-filter-226 post-10279 proyectos type-proyectos status-publish format-standard has-post-thumbnail hentry sector-hotels pais-spain\" role=\"listitem\">\n\t\t\t<a class=\"elementor-post__thumbnail__link\" href=\"https:\/\/esteling.com\/en\/proyectos\/hotel-whala-fun\/\">\n\t\t\t\t<div class=\"elementor-portfolio-item__img elementor-post__thumbnail\">\n\t\t\t<img loading=\"lazy\" decoding=\"async\" width=\"1900\" height=\"900\" src=\"https:\/\/esteling.com\/wp-content\/uploads\/2019\/09\/terraza-whala-fun-instalaciones-piscina-azotea.jpg\" class=\"attachment-full size-full wp-image-7286\" alt=\"terraza whala fun instalaciones piscina azotea\" srcset=\"https:\/\/esteling.com\/wp-content\/uploads\/2019\/09\/terraza-whala-fun-instalaciones-piscina-azotea.jpg 1900w, https:\/\/esteling.com\/wp-content\/uploads\/2019\/09\/terraza-whala-fun-instalaciones-piscina-azotea-300x142.jpg 300w, https:\/\/esteling.com\/wp-content\/uploads\/2019\/09\/terraza-whala-fun-instalaciones-piscina-azotea-768x364.jpg 768w, https:\/\/esteling.com\/wp-content\/uploads\/2019\/09\/terraza-whala-fun-instalaciones-piscina-azotea-1024x485.jpg 1024w\" sizes=\"(max-width: 1900px) 100vw, 1900px\" \/>\t\t<\/div>\n\t\t\t\t<div class=\"elementor-portfolio-item__overlay\">\n\t\t\t\t<h3 class=\"elementor-portfolio-item__title\">\n\t\tHotel Whala Fun\t\t<\/h3>\n\t\t\t\t<\/div>\n\t\t\t\t<\/a>\n\t\t<\/article>\n\t\t\t\t<article class=\"elementor-portfolio-item elementor-post elementor-filter-226 post-10280 proyectos type-proyectos status-publish format-standard has-post-thumbnail hentry sector-hotels pais-spain\" role=\"listitem\">\n\t\t\t<a class=\"elementor-post__thumbnail__link\" href=\"https:\/\/esteling.com\/en\/proyectos\/sol-katmandu-park-resort\/\">\n\t\t\t\t<div class=\"elementor-portfolio-item__img elementor-post__thumbnail\">\n\t\t\t<img loading=\"lazy\" decoding=\"async\" width=\"1000\" height=\"805\" src=\"https:\/\/esteling.com\/wp-content\/uploads\/2019\/09\/sol-katmandu-park-instalaciones-hotel.jpg\" class=\"attachment-full size-full wp-image-7356\" alt=\"sol katmandu park instalaciones hotel\" srcset=\"https:\/\/esteling.com\/wp-content\/uploads\/2019\/09\/sol-katmandu-park-instalaciones-hotel.jpg 1000w, https:\/\/esteling.com\/wp-content\/uploads\/2019\/09\/sol-katmandu-park-instalaciones-hotel-300x242.jpg 300w, https:\/\/esteling.com\/wp-content\/uploads\/2019\/09\/sol-katmandu-park-instalaciones-hotel-768x618.jpg 768w\" sizes=\"(max-width: 1000px) 100vw, 1000px\" \/>\t\t<\/div>\n\t\t\t\t<div class=\"elementor-portfolio-item__overlay\">\n\t\t\t\t<h3 class=\"elementor-portfolio-item__title\">\n\t\tSol Katmandu Park &#038; Resort\t\t<\/h3>\n\t\t\t\t<\/div>\n\t\t\t\t<\/a>\n\t\t<\/article>\n\t\t\t\t<article class=\"elementor-portfolio-item elementor-post elementor-filter-226 post-10281 proyectos type-proyectos status-publish format-standard has-post-thumbnail hentry sector-hotels pais-spain\" role=\"listitem\">\n\t\t\t<a class=\"elementor-post__thumbnail__link\" href=\"https:\/\/esteling.com\/en\/proyectos\/hotel-roc-boccaccio\/\">\n\t\t\t\t<div class=\"elementor-portfolio-item__img elementor-post__thumbnail\">\n\t\t\t<img loading=\"lazy\" decoding=\"async\" width=\"950\" height=\"600\" src=\"https:\/\/esteling.com\/wp-content\/uploads\/2019\/09\/hotel-roc-boccaccio-instalaciones-exteriores.jpg\" class=\"attachment-full size-full wp-image-7376\" alt=\"hotel roc boccaccio instalaciones exteriores\" srcset=\"https:\/\/esteling.com\/wp-content\/uploads\/2019\/09\/hotel-roc-boccaccio-instalaciones-exteriores.jpg 950w, https:\/\/esteling.com\/wp-content\/uploads\/2019\/09\/hotel-roc-boccaccio-instalaciones-exteriores-300x189.jpg 300w, https:\/\/esteling.com\/wp-content\/uploads\/2019\/09\/hotel-roc-boccaccio-instalaciones-exteriores-768x485.jpg 768w\" sizes=\"(max-width: 950px) 100vw, 950px\" \/>\t\t<\/div>\n\t\t\t\t<div class=\"elementor-portfolio-item__overlay\">\n\t\t\t\t<h3 class=\"elementor-portfolio-item__title\">\n\t\tHotel Roc Boccaccio\t\t<\/h3>\n\t\t\t\t<\/div>\n\t\t\t\t<\/a>\n\t\t<\/article>\n\t\t\t\t<article class=\"elementor-portfolio-item elementor-post elementor-filter-226 post-10282 proyectos type-proyectos status-publish format-standard has-post-thumbnail hentry sector-hotels pais-mexico-en\" role=\"listitem\">\n\t\t\t<a class=\"elementor-post__thumbnail__link\" href=\"https:\/\/esteling.com\/en\/proyectos\/catalonia-costa-mujeres-all-suites-spa-resort\/\">\n\t\t\t\t<div class=\"elementor-portfolio-item__img elementor-post__thumbnail\">\n\t\t\t<img loading=\"lazy\" decoding=\"async\" width=\"4000\" height=\"2250\" src=\"https:\/\/esteling.com\/wp-content\/uploads\/2019\/09\/hotel-catalonia-costa-mujeres-instalaciones.jpg\" class=\"attachment-full size-full wp-image-7421\" alt=\"hotel catalonia costa mujeres instalaciones\" srcset=\"https:\/\/esteling.com\/wp-content\/uploads\/2019\/09\/hotel-catalonia-costa-mujeres-instalaciones.jpg 4000w, https:\/\/esteling.com\/wp-content\/uploads\/2019\/09\/hotel-catalonia-costa-mujeres-instalaciones-300x169.jpg 300w, https:\/\/esteling.com\/wp-content\/uploads\/2019\/09\/hotel-catalonia-costa-mujeres-instalaciones-768x432.jpg 768w, https:\/\/esteling.com\/wp-content\/uploads\/2019\/09\/hotel-catalonia-costa-mujeres-instalaciones-1024x576.jpg 1024w\" sizes=\"(max-width: 4000px) 100vw, 4000px\" \/>\t\t<\/div>\n\t\t\t\t<div class=\"elementor-portfolio-item__overlay\">\n\t\t\t\t<h3 class=\"elementor-portfolio-item__title\">\n\t\tCatalonia Costa Mujeres All Suites &#038; Spa Resort\t\t<\/h3>\n\t\t\t\t<\/div>\n\t\t\t\t<\/a>\n\t\t<\/article>\n\t\t\t\t<article class=\"elementor-portfolio-item elementor-post elementor-filter-226 post-10283 proyectos type-proyectos status-publish format-standard has-post-thumbnail hentry sector-hotels pais-mexico-en\" role=\"listitem\">\n\t\t\t<a class=\"elementor-post__thumbnail__link\" href=\"https:\/\/esteling.com\/en\/proyectos\/grand-palladium-costa-mujeres-resort-spa\/\">\n\t\t\t\t<div class=\"elementor-portfolio-item__img elementor-post__thumbnail\">\n\t\t\t<img loading=\"lazy\" decoding=\"async\" width=\"3000\" height=\"2000\" src=\"https:\/\/esteling.com\/wp-content\/uploads\/2019\/09\/gran-palladium-costa-mujeres-Resort-and-spa.jpg\" class=\"attachment-full size-full wp-image-7463\" alt=\"gran palladium costa mujeres Resort and spa\" srcset=\"https:\/\/esteling.com\/wp-content\/uploads\/2019\/09\/gran-palladium-costa-mujeres-Resort-and-spa.jpg 3000w, https:\/\/esteling.com\/wp-content\/uploads\/2019\/09\/gran-palladium-costa-mujeres-Resort-and-spa-300x200.jpg 300w, https:\/\/esteling.com\/wp-content\/uploads\/2019\/09\/gran-palladium-costa-mujeres-Resort-and-spa-768x512.jpg 768w, https:\/\/esteling.com\/wp-content\/uploads\/2019\/09\/gran-palladium-costa-mujeres-Resort-and-spa-1024x683.jpg 1024w\" sizes=\"(max-width: 3000px) 100vw, 3000px\" \/>\t\t<\/div>\n\t\t\t\t<div class=\"elementor-portfolio-item__overlay\">\n\t\t\t\t<h3 class=\"elementor-portfolio-item__title\">\n\t\tGrand Palladium Costa Mujeres Resort &#038; Spa\t\t<\/h3>\n\t\t\t\t<\/div>\n\t\t\t\t<\/a>\n\t\t<\/article>\n\t\t\t\t<article class=\"elementor-portfolio-item elementor-post elementor-filter-226 post-10284 proyectos type-proyectos status-publish format-standard has-post-thumbnail hentry sector-hotels pais-mexico-en\" role=\"listitem\">\n\t\t\t<a class=\"elementor-post__thumbnail__link\" href=\"https:\/\/esteling.com\/en\/proyectos\/royalton-suites-cancun-resort-spa\/\">\n\t\t\t\t<div class=\"elementor-portfolio-item__img elementor-post__thumbnail\">\n\t\t\t<img loading=\"lazy\" decoding=\"async\" width=\"1350\" height=\"900\" src=\"https:\/\/esteling.com\/wp-content\/uploads\/2019\/09\/royalton-suites-cancun-piscinas-infinity-instalacion.jpg\" class=\"attachment-full size-full wp-image-7492\" alt=\"royalton suites cancun piscinas infinity instalacion\" srcset=\"https:\/\/esteling.com\/wp-content\/uploads\/2019\/09\/royalton-suites-cancun-piscinas-infinity-instalacion.jpg 1350w, https:\/\/esteling.com\/wp-content\/uploads\/2019\/09\/royalton-suites-cancun-piscinas-infinity-instalacion-300x200.jpg 300w, https:\/\/esteling.com\/wp-content\/uploads\/2019\/09\/royalton-suites-cancun-piscinas-infinity-instalacion-768x512.jpg 768w, https:\/\/esteling.com\/wp-content\/uploads\/2019\/09\/royalton-suites-cancun-piscinas-infinity-instalacion-1024x683.jpg 1024w\" sizes=\"(max-width: 1350px) 100vw, 1350px\" \/>\t\t<\/div>\n\t\t\t\t<div class=\"elementor-portfolio-item__overlay\">\n\t\t\t\t<h3 class=\"elementor-portfolio-item__title\">\n\t\tRoyalton Suites Canc\u00fan Resort &#038; Spa\t\t<\/h3>\n\t\t\t\t<\/div>\n\t\t\t\t<\/a>\n\t\t<\/article>\n\t\t\t\t<\/div>\n\t\t\t\t\t\t<\/div>\n\t\t\t\t<\/div>\n\t\t\t\t\t<\/div>\n\t\t<\/div>\n\t\t\t\t\t<\/div>\n\t\t<\/section>\n\t\t\t\t<\/div>\n\t\t<\/div><div id=\"jet-tabs-content-9872\" class=\"jet-tabs__content \" data-tab=\"2\" role=\"tabpanel\" aria-hidden=\"true\" data-template-id=\"8432\">\t\t<div data-elementor-type=\"section\" data-elementor-id=\"8432\" class=\"elementor elementor-8432\" data-elementor-post-type=\"elementor_library\">\n\t\t\t\t\t<section class=\"elementor-section elementor-top-section elementor-element elementor-element-763dcf1 elementor-section-boxed elementor-section-height-default elementor-section-height-default\" data-id=\"763dcf1\" data-element_type=\"section\" data-e-type=\"section\">\n\t\t\t\t\t\t<div class=\"elementor-container elementor-column-gap-default\">\n\t\t\t\t\t<div class=\"elementor-column elementor-col-100 elementor-top-column elementor-element elementor-element-0143543\" data-id=\"0143543\" data-element_type=\"column\" data-e-type=\"column\">\n\t\t\t<div class=\"elementor-widget-wrap elementor-element-populated\">\n\t\t\t\t\t\t<div class=\"elementor-element elementor-element-be11e14 elementor-grid-3 elementor-grid-tablet-2 elementor-grid-mobile-1 elementor-widget elementor-widget-portfolio\" data-id=\"be11e14\" data-element_type=\"widget\" data-e-type=\"widget\" data-settings=\"{&quot;item_ratio&quot;:{&quot;unit&quot;:&quot;px&quot;,&quot;size&quot;:0.85,&quot;sizes&quot;:[]},&quot;row_gap&quot;:{&quot;unit&quot;:&quot;px&quot;,&quot;size&quot;:10,&quot;sizes&quot;:[]},&quot;columns&quot;:&quot;3&quot;,&quot;columns_tablet&quot;:&quot;2&quot;,&quot;columns_mobile&quot;:&quot;1&quot;,&quot;item_gap&quot;:{&quot;unit&quot;:&quot;px&quot;,&quot;size&quot;:&quot;&quot;,&quot;sizes&quot;:[]}}\" data-widget_type=\"portfolio.default\">\n\t\t\t\t<div class=\"elementor-widget-container\">\n\t\t\t\t\t\t\t<ul class=\"elementor-portfolio__filters\">\n\t\t\t<li class=\"elementor-portfolio__filter elementor-active\" tabindex=\"0\" data-filter=\"__all\">All<\/li>\n\t\t\t\t\t\t\t<li class=\"elementor-portfolio__filter\" tabindex=\"0\" data-filter=\"335\">Alemania<\/li>\n\t\t\t\t\t\t\t<li class=\"elementor-portfolio__filter\" tabindex=\"0\" data-filter=\"329\">Costa Rica<\/li>\n\t\t\t\t\t\t\t<li class=\"elementor-portfolio__filter\" tabindex=\"0\" data-filter=\"210\">Dominican Republic<\/li>\n\t\t\t\t\t\t\t<li class=\"elementor-portfolio__filter\" tabindex=\"0\" data-filter=\"331\">France<\/li>\n\t\t\t\t\t\t\t<li class=\"elementor-portfolio__filter\" tabindex=\"0\" data-filter=\"333\">Italy<\/li>\n\t\t\t\t\t\t\t<li class=\"elementor-portfolio__filter\" tabindex=\"0\" data-filter=\"208\">Jamaica<\/li>\n\t\t\t\t\t\t\t<li class=\"elementor-portfolio__filter\" tabindex=\"0\" data-filter=\"209\">Mexico<\/li>\n\t\t\t\t\t\t\t<li class=\"elementor-portfolio__filter\" tabindex=\"0\" data-filter=\"323\">Morocco<\/li>\n\t\t\t\t\t\t\t<li class=\"elementor-portfolio__filter\" tabindex=\"0\" data-filter=\"327\">PANAMA<\/li>\n\t\t\t\t\t\t\t<li class=\"elementor-portfolio__filter\" tabindex=\"0\" data-filter=\"337\">Portugal<\/li>\n\t\t\t\t\t\t\t<li class=\"elementor-portfolio__filter\" tabindex=\"0\" data-filter=\"206\">Saudi Arabia<\/li>\n\t\t\t\t\t\t\t<li class=\"elementor-portfolio__filter\" tabindex=\"0\" data-filter=\"187\">Spain<\/li>\n\t\t\t\t\t\t\t<li class=\"elementor-portfolio__filter\" tabindex=\"0\" data-filter=\"326\">Turks &amp; Caicos<\/li>\n\t\t\t\t\t\t\t<li class=\"elementor-portfolio__filter\" tabindex=\"0\" data-filter=\"318\">UK<\/li>\n\t\t\t\t\t<\/ul>\n\t\t\t\t<div class=\"elementor-portfolio elementor-grid elementor-posts-container\" role=\"list\">\n\t\t\t\t<article class=\"elementor-portfolio-item elementor-post  post-15552 proyectos type-proyectos status-publish format-standard has-post-thumbnail hentry sector-hotels tipo-de-trabajo-navigation-esp-master-en-6 tipo-de-trabajo-navigation-esp-master-en-3 tipo-de-trabajo-navigation-esp-master tipo-de-trabajo-navigation-esp-master-en\" role=\"listitem\">\n\t\t\t<a class=\"elementor-post__thumbnail__link\" href=\"https:\/\/esteling.com\/en\/proyectos\/hotel-club-med-punta-cana\/\">\n\t\t\t\t<div class=\"elementor-portfolio-item__img elementor-post__thumbnail\">\n\t\t\t<img decoding=\"async\" width=\"1254\" height=\"835\" src=\"https:\/\/esteling.com\/wp-content\/uploads\/2024\/05\/Habitaci\u0e02n-Club-Med.png\" class=\"attachment-full size-full wp-image-15550\" alt=\"\" srcset=\"https:\/\/esteling.com\/wp-content\/uploads\/2024\/05\/Habitaci\u0e02n-Club-Med.png 1254w, https:\/\/esteling.com\/wp-content\/uploads\/2024\/05\/Habitaci\u0e02n-Club-Med-600x400.png 600w, https:\/\/esteling.com\/wp-content\/uploads\/2024\/05\/Habitaci\u0e02n-Club-Med-768x511.png 768w\" sizes=\"(max-width: 1254px) 100vw, 1254px\" \/>\t\t<\/div>\n\t\t\t\t<div class=\"elementor-portfolio-item__overlay\">\n\t\t\t\t<h3 class=\"elementor-portfolio-item__title\">\n\t\tHOTEL CLUB MED PUNTA CANA\t\t<\/h3>\n\t\t\t\t<\/div>\n\t\t\t\t<\/a>\n\t\t<\/article>\n\t\t\t\t<article class=\"elementor-portfolio-item elementor-post  post-15538 proyectos type-proyectos status-publish format-standard has-post-thumbnail hentry sector-hotels tipo-de-trabajo-navigation-esp-master-en-2\" role=\"listitem\">\n\t\t\t<a class=\"elementor-post__thumbnail__link\" href=\"https:\/\/esteling.com\/en\/proyectos\/hotel-melia-innside-alcudia\/\">\n\t\t\t\t<div class=\"elementor-portfolio-item__img elementor-post__thumbnail\">\n\t\t\t<img decoding=\"async\" width=\"2048\" height=\"1536\" src=\"https:\/\/esteling.com\/wp-content\/uploads\/2024\/05\/Hotel-Melia-Innside-Alcudia-placas-fotovoltaicas.jpeg\" class=\"attachment-full size-full wp-image-15532\" alt=\"\" srcset=\"https:\/\/esteling.com\/wp-content\/uploads\/2024\/05\/Hotel-Melia-Innside-Alcudia-placas-fotovoltaicas.jpeg 2048w, https:\/\/esteling.com\/wp-content\/uploads\/2024\/05\/Hotel-Melia-Innside-Alcudia-placas-fotovoltaicas-600x450.jpeg 600w, https:\/\/esteling.com\/wp-content\/uploads\/2024\/05\/Hotel-Melia-Innside-Alcudia-placas-fotovoltaicas-1920x1440.jpeg 1920w, https:\/\/esteling.com\/wp-content\/uploads\/2024\/05\/Hotel-Melia-Innside-Alcudia-placas-fotovoltaicas-768x576.jpeg 768w, https:\/\/esteling.com\/wp-content\/uploads\/2024\/05\/Hotel-Melia-Innside-Alcudia-placas-fotovoltaicas-1536x1152.jpeg 1536w\" sizes=\"(max-width: 2048px) 100vw, 2048px\" \/>\t\t<\/div>\n\t\t\t\t<div class=\"elementor-portfolio-item__overlay\">\n\t\t\t\t<h3 class=\"elementor-portfolio-item__title\">\n\t\tHOTEL MELI\u00c1 INNSIDE ALCUDIA\t\t<\/h3>\n\t\t\t\t<\/div>\n\t\t\t\t<\/a>\n\t\t<\/article>\n\t\t\t\t<article class=\"elementor-portfolio-item elementor-post  post-15528 proyectos type-proyectos status-publish format-standard has-post-thumbnail hentry sector-hotels tipo-de-trabajo-navigation-esp-master-en-2 tipo-de-trabajo-navigation-esp-master tipo-de-trabajo-navigation-esp-master-en-4 tipo-de-trabajo-navigation-esp-master-en\" role=\"listitem\">\n\t\t\t<a class=\"elementor-post__thumbnail__link\" href=\"https:\/\/esteling.com\/en\/proyectos\/hotel-hapimag\/\">\n\t\t\t\t<div class=\"elementor-portfolio-item__img elementor-post__thumbnail\">\n\t\t\t<img loading=\"lazy\" decoding=\"async\" width=\"974\" height=\"731\" src=\"https:\/\/esteling.com\/wp-content\/uploads\/2024\/05\/Hotel-Hapimag-hall.jpeg\" class=\"attachment-full size-full wp-image-15520\" alt=\"\" srcset=\"https:\/\/esteling.com\/wp-content\/uploads\/2024\/05\/Hotel-Hapimag-hall.jpeg 974w, https:\/\/esteling.com\/wp-content\/uploads\/2024\/05\/Hotel-Hapimag-hall-600x450.jpeg 600w, https:\/\/esteling.com\/wp-content\/uploads\/2024\/05\/Hotel-Hapimag-hall-768x576.jpeg 768w\" sizes=\"(max-width: 974px) 100vw, 974px\" \/>\t\t<\/div>\n\t\t\t\t<div class=\"elementor-portfolio-item__overlay\">\n\t\t\t\t<h3 class=\"elementor-portfolio-item__title\">\n\t\tHAPIMAG HOTEL\t\t<\/h3>\n\t\t\t\t<\/div>\n\t\t\t\t<\/a>\n\t\t<\/article>\n\t\t\t\t<article class=\"elementor-portfolio-item elementor-post  post-15515 proyectos type-proyectos status-publish format-standard has-post-thumbnail hentry sector-infrastructures tipo-de-trabajo-navigation-esp-master tipo-de-trabajo-navigation-esp-master-en\" role=\"listitem\">\n\t\t\t<a class=\"elementor-post__thumbnail__link\" href=\"https:\/\/esteling.com\/en\/proyectos\/complejo-cientifico-parc-bit\/\">\n\t\t\t\t<div class=\"elementor-portfolio-item__img elementor-post__thumbnail\">\n\t\t\t<img loading=\"lazy\" decoding=\"async\" width=\"2048\" height=\"1536\" src=\"https:\/\/esteling.com\/wp-content\/uploads\/2024\/05\/Laboratorio-CSIC-2.jpeg\" class=\"attachment-full size-full wp-image-15509\" alt=\"\" srcset=\"https:\/\/esteling.com\/wp-content\/uploads\/2024\/05\/Laboratorio-CSIC-2.jpeg 2048w, https:\/\/esteling.com\/wp-content\/uploads\/2024\/05\/Laboratorio-CSIC-2-600x450.jpeg 600w, https:\/\/esteling.com\/wp-content\/uploads\/2024\/05\/Laboratorio-CSIC-2-1920x1440.jpeg 1920w, https:\/\/esteling.com\/wp-content\/uploads\/2024\/05\/Laboratorio-CSIC-2-768x576.jpeg 768w, https:\/\/esteling.com\/wp-content\/uploads\/2024\/05\/Laboratorio-CSIC-2-1536x1152.jpeg 1536w\" sizes=\"(max-width: 2048px) 100vw, 2048px\" \/>\t\t<\/div>\n\t\t\t\t<div class=\"elementor-portfolio-item__overlay\">\n\t\t\t\t<h3 class=\"elementor-portfolio-item__title\">\n\t\tPARC BIT SCIENTIFIC COMPLEX\t\t<\/h3>\n\t\t\t\t<\/div>\n\t\t\t\t<\/a>\n\t\t<\/article>\n\t\t\t\t<article class=\"elementor-portfolio-item elementor-post  post-15504 proyectos type-proyectos status-publish format-standard has-post-thumbnail hentry sector-hotels tipo-de-trabajo-navigation-esp-master-en-3 tipo-de-trabajo-navigation-esp-master\" role=\"listitem\">\n\t\t\t<a class=\"elementor-post__thumbnail__link\" href=\"https:\/\/esteling.com\/en\/proyectos\/hotel-catalonia-bavaro\/\">\n\t\t\t\t<div class=\"elementor-portfolio-item__img elementor-post__thumbnail\">\n\t\t\t<img loading=\"lazy\" decoding=\"async\" width=\"2398\" height=\"1600\" src=\"https:\/\/esteling.com\/wp-content\/uploads\/2024\/05\/Hotel-Catalonia-B-varo-piscina.webp\" class=\"attachment-full size-full wp-image-15499\" alt=\"\" srcset=\"https:\/\/esteling.com\/wp-content\/uploads\/2024\/05\/Hotel-Catalonia-B-varo-piscina.webp 2398w, https:\/\/esteling.com\/wp-content\/uploads\/2024\/05\/Hotel-Catalonia-B-varo-piscina-600x400.webp 600w, https:\/\/esteling.com\/wp-content\/uploads\/2024\/05\/Hotel-Catalonia-B-varo-piscina-1920x1281.webp 1920w, https:\/\/esteling.com\/wp-content\/uploads\/2024\/05\/Hotel-Catalonia-B-varo-piscina-768x512.webp 768w, https:\/\/esteling.com\/wp-content\/uploads\/2024\/05\/Hotel-Catalonia-B-varo-piscina-1536x1025.webp 1536w, https:\/\/esteling.com\/wp-content\/uploads\/2024\/05\/Hotel-Catalonia-B-varo-piscina-2048x1366.webp 2048w\" sizes=\"(max-width: 2398px) 100vw, 2398px\" \/>\t\t<\/div>\n\t\t\t\t<div class=\"elementor-portfolio-item__overlay\">\n\t\t\t\t<h3 class=\"elementor-portfolio-item__title\">\n\t\tHOTEL CATALONIA B\u00c1VARO\t\t<\/h3>\n\t\t\t\t<\/div>\n\t\t\t\t<\/a>\n\t\t<\/article>\n\t\t\t\t<article class=\"elementor-portfolio-item elementor-post elementor-filter-209 post-15425 proyectos type-proyectos status-publish format-standard has-post-thumbnail hentry sector-hotels tipo-de-trabajo-navigation-esp-master tipo-de-trabajo-navigation-esp-master-en tipo-de-trabajo-navigation-esp-master-en-2 pais-mexico-en\" role=\"listitem\">\n\t\t\t<a class=\"elementor-post__thumbnail__link\" href=\"https:\/\/esteling.com\/en\/proyectos\/hotel-gran-palladium-kantenah\/\">\n\t\t\t\t<div class=\"elementor-portfolio-item__img elementor-post__thumbnail\">\n\t\t\t<img loading=\"lazy\" decoding=\"async\" width=\"1920\" height=\"1277\" src=\"https:\/\/esteling.com\/wp-content\/uploads\/2024\/05\/Hotel-Grand-Palladium-Kantenah-Bar-La-isla.webp\" class=\"attachment-full size-full wp-image-15410\" alt=\"\" srcset=\"https:\/\/esteling.com\/wp-content\/uploads\/2024\/05\/Hotel-Grand-Palladium-Kantenah-Bar-La-isla.webp 1920w, https:\/\/esteling.com\/wp-content\/uploads\/2024\/05\/Hotel-Grand-Palladium-Kantenah-Bar-La-isla-600x399.webp 600w, https:\/\/esteling.com\/wp-content\/uploads\/2024\/05\/Hotel-Grand-Palladium-Kantenah-Bar-La-isla-768x511.webp 768w, https:\/\/esteling.com\/wp-content\/uploads\/2024\/05\/Hotel-Grand-Palladium-Kantenah-Bar-La-isla-1536x1022.webp 1536w\" sizes=\"(max-width: 1920px) 100vw, 1920px\" \/>\t\t<\/div>\n\t\t\t\t<div class=\"elementor-portfolio-item__overlay\">\n\t\t\t\t<h3 class=\"elementor-portfolio-item__title\">\n\t\tHOTEL GRAN PALLADIUM KANTENAH\t\t<\/h3>\n\t\t\t\t<\/div>\n\t\t\t\t<\/a>\n\t\t<\/article>\n\t\t\t\t<article class=\"elementor-portfolio-item elementor-post elementor-filter-187 post-15232 proyectos type-proyectos status-publish format-standard has-post-thumbnail hentry sector-hotels tipo-de-trabajo-navigation-esp-master tipo-de-trabajo-navigation-esp-master-en-2 pais-spain\" role=\"listitem\">\n\t\t\t<a class=\"elementor-post__thumbnail__link\" href=\"https:\/\/esteling.com\/en\/proyectos\/hotel-hipotels-bahia-grande\/\">\n\t\t\t\t<div class=\"elementor-portfolio-item__img elementor-post__thumbnail\">\n\t\t\t<img loading=\"lazy\" decoding=\"async\" width=\"1023\" height=\"680\" src=\"https:\/\/esteling.com\/wp-content\/uploads\/2023\/09\/hotel-bahia-grande-esteling.webp\" class=\"attachment-full size-full wp-image-15228\" alt=\"Piscina del Hotel Bah\u00eda Grande de Estel Instalaci\u00f3n integral hoteles\" srcset=\"https:\/\/esteling.com\/wp-content\/uploads\/2023\/09\/hotel-bahia-grande-esteling.webp 1023w, https:\/\/esteling.com\/wp-content\/uploads\/2023\/09\/hotel-bahia-grande-esteling-600x399.webp 600w, https:\/\/esteling.com\/wp-content\/uploads\/2023\/09\/hotel-bahia-grande-esteling-768x510.webp 768w\" sizes=\"(max-width: 1023px) 100vw, 1023px\" \/>\t\t<\/div>\n\t\t\t\t<div class=\"elementor-portfolio-item__overlay\">\n\t\t\t\t<h3 class=\"elementor-portfolio-item__title\">\n\t\tHOTEL HIPOTELS BAH\u00cdA GRANDE\t\t<\/h3>\n\t\t\t\t<\/div>\n\t\t\t\t<\/a>\n\t\t<\/article>\n\t\t\t\t<article class=\"elementor-portfolio-item elementor-post elementor-filter-187 post-15222 proyectos type-proyectos status-publish format-standard has-post-thumbnail hentry sector-hotels tipo-de-trabajo-navigation-esp-master-en-3 tipo-de-trabajo-navigation-esp-master-en tipo-de-trabajo-navigation-esp-master-en-6 tipo-de-trabajo-navigation-esp-master-en-4 tipo-de-trabajo-navigation-esp-master-en-2 tipo-de-trabajo-navigation-esp-master pais-spain\" role=\"listitem\">\n\t\t\t<a class=\"elementor-post__thumbnail__link\" href=\"https:\/\/esteling.com\/en\/proyectos\/tui-blue-victoria-menorca\/\">\n\t\t\t\t<div class=\"elementor-portfolio-item__img elementor-post__thumbnail\">\n\t\t\t<img loading=\"lazy\" decoding=\"async\" width=\"1200\" height=\"658\" src=\"https:\/\/esteling.com\/wp-content\/uploads\/2023\/09\/tui-menorca-estel-hotel-instalaciones.webp\" class=\"attachment-full size-full wp-image-15214\" alt=\"Fachada del hotel Tui Menorca, Instalaci\u00f3n integral hoteles\" srcset=\"https:\/\/esteling.com\/wp-content\/uploads\/2023\/09\/tui-menorca-estel-hotel-instalaciones.webp 1200w, https:\/\/esteling.com\/wp-content\/uploads\/2023\/09\/tui-menorca-estel-hotel-instalaciones-600x329.webp 600w, https:\/\/esteling.com\/wp-content\/uploads\/2023\/09\/tui-menorca-estel-hotel-instalaciones-768x421.webp 768w\" sizes=\"(max-width: 1200px) 100vw, 1200px\" \/>\t\t<\/div>\n\t\t\t\t<div class=\"elementor-portfolio-item__overlay\">\n\t\t\t\t<h3 class=\"elementor-portfolio-item__title\">\n\t\tTUI BLUE VICTORIA MENORCA\t\t<\/h3>\n\t\t\t\t<\/div>\n\t\t\t\t<\/a>\n\t\t<\/article>\n\t\t\t\t<article class=\"elementor-portfolio-item elementor-post elementor-filter-187 post-15210 proyectos type-proyectos status-publish format-standard has-post-thumbnail hentry sector-hotels tipo-de-trabajo-navigation-esp-master-en-4 tipo-de-trabajo-navigation-esp-master-en-2 tipo-de-trabajo-navigation-esp-master tipo-de-trabajo-navigation-esp-master-en-3 tipo-de-trabajo-navigation-esp-master-en tipo-de-trabajo-navigation-esp-master-en-6 pais-spain\" role=\"listitem\">\n\t\t\t<a class=\"elementor-post__thumbnail__link\" href=\"https:\/\/esteling.com\/en\/proyectos\/hotel-club-mac\/\">\n\t\t\t\t<div class=\"elementor-portfolio-item__img elementor-post__thumbnail\">\n\t\t\t<img loading=\"lazy\" decoding=\"async\" width=\"1350\" height=\"758\" src=\"https:\/\/esteling.com\/wp-content\/uploads\/2023\/09\/Habitacion-Club-Mac-estel-hotel-instalaciones.webp\" class=\"attachment-full size-full wp-image-15206\" alt=\"Panoramic picture of the hotel Club Maf of Mallorca, Integral installation hotels\" srcset=\"https:\/\/esteling.com\/wp-content\/uploads\/2023\/09\/Habitacion-Club-Mac-estel-hotel-instalaciones.webp 1350w, https:\/\/esteling.com\/wp-content\/uploads\/2023\/09\/Habitacion-Club-Mac-estel-hotel-instalaciones-600x337.webp 600w, https:\/\/esteling.com\/wp-content\/uploads\/2023\/09\/Habitacion-Club-Mac-estel-hotel-instalaciones-768x431.webp 768w\" sizes=\"(max-width: 1350px) 100vw, 1350px\" \/>\t\t<\/div>\n\t\t\t\t<div class=\"elementor-portfolio-item__overlay\">\n\t\t\t\t<h3 class=\"elementor-portfolio-item__title\">\n\t\tHOTEL CLUB MAC\t\t<\/h3>\n\t\t\t\t<\/div>\n\t\t\t\t<\/a>\n\t\t<\/article>\n\t\t\t\t<article class=\"elementor-portfolio-item elementor-post elementor-filter-187 post-15202 proyectos type-proyectos status-publish format-standard has-post-thumbnail hentry sector-hotels tipo-de-trabajo-navigation-esp-master-en-2 tipo-de-trabajo-navigation-esp-master-en-6 tipo-de-trabajo-navigation-esp-master tipo-de-trabajo-navigation-esp-master-en-3 tipo-de-trabajo-navigation-esp-master-en pais-spain\" role=\"listitem\">\n\t\t\t<a class=\"elementor-post__thumbnail__link\" href=\"https:\/\/esteling.com\/en\/proyectos\/hotel-inmood-aucanada\/\">\n\t\t\t\t<div class=\"elementor-portfolio-item__img elementor-post__thumbnail\">\n\t\t\t<img loading=\"lazy\" decoding=\"async\" width=\"1024\" height=\"733\" src=\"https:\/\/esteling.com\/wp-content\/uploads\/2023\/09\/Habitacion-Inmmod-Aucada-hotel-Estel-instalaciones.webp\" class=\"attachment-full size-full wp-image-15198\" alt=\"Vista panor\u00e1mica del hotel Inmood Aucanada, Instalaci\u00f3n integral hoteles\" srcset=\"https:\/\/esteling.com\/wp-content\/uploads\/2023\/09\/Habitacion-Inmmod-Aucada-hotel-Estel-instalaciones.webp 1024w, https:\/\/esteling.com\/wp-content\/uploads\/2023\/09\/Habitacion-Inmmod-Aucada-hotel-Estel-instalaciones-600x429.webp 600w, https:\/\/esteling.com\/wp-content\/uploads\/2023\/09\/Habitacion-Inmmod-Aucada-hotel-Estel-instalaciones-768x550.webp 768w\" sizes=\"(max-width: 1024px) 100vw, 1024px\" \/>\t\t<\/div>\n\t\t\t\t<div class=\"elementor-portfolio-item__overlay\">\n\t\t\t\t<h3 class=\"elementor-portfolio-item__title\">\n\t\tHOTEL INMOOD AUCANADA\t\t<\/h3>\n\t\t\t\t<\/div>\n\t\t\t\t<\/a>\n\t\t<\/article>\n\t\t\t\t<article class=\"elementor-portfolio-item elementor-post elementor-filter-187 post-15192 proyectos type-proyectos status-publish format-standard has-post-thumbnail hentry sector-hotels tipo-de-trabajo-navigation-esp-master-en-2 tipo-de-trabajo-navigation-esp-master pais-spain\" role=\"listitem\">\n\t\t\t<a class=\"elementor-post__thumbnail__link\" href=\"https:\/\/esteling.com\/en\/proyectos\/hotel-viva-sunrise\/\">\n\t\t\t\t<div class=\"elementor-portfolio-item__img elementor-post__thumbnail\">\n\t\t\t<img loading=\"lazy\" decoding=\"async\" width=\"1500\" height=\"1126\" src=\"https:\/\/esteling.com\/wp-content\/uploads\/2023\/09\/viva-sunrise-estel.webp\" class=\"attachment-full size-full wp-image-15188\" alt=\"Panor\u00e1mica de la piscina del Hotel Viva Sunrise - Ejecuci\u00f3n de instalaciones\" srcset=\"https:\/\/esteling.com\/wp-content\/uploads\/2023\/09\/viva-sunrise-estel.webp 1500w, https:\/\/esteling.com\/wp-content\/uploads\/2023\/09\/viva-sunrise-estel-600x450.webp 600w, https:\/\/esteling.com\/wp-content\/uploads\/2023\/09\/viva-sunrise-estel-768x577.webp 768w\" sizes=\"(max-width: 1500px) 100vw, 1500px\" \/>\t\t<\/div>\n\t\t\t\t<div class=\"elementor-portfolio-item__overlay\">\n\t\t\t\t<h3 class=\"elementor-portfolio-item__title\">\n\t\tHOTEL VIVA SUNRISE\t\t<\/h3>\n\t\t\t\t<\/div>\n\t\t\t\t<\/a>\n\t\t<\/article>\n\t\t\t\t<article class=\"elementor-portfolio-item elementor-post elementor-filter-187 post-15184 proyectos type-proyectos status-publish format-standard has-post-thumbnail hentry sector-hotels tipo-de-trabajo-navigation-esp-master-en-2 tipo-de-trabajo-navigation-esp-master-en-3 tipo-de-trabajo-navigation-esp-master pais-spain\" role=\"listitem\">\n\t\t\t<a class=\"elementor-post__thumbnail__link\" href=\"https:\/\/esteling.com\/en\/proyectos\/hotel-viva-cala-mesquida-resort\/\">\n\t\t\t\t<div class=\"elementor-portfolio-item__img elementor-post__thumbnail\">\n\t\t\t<img loading=\"lazy\" decoding=\"async\" width=\"1154\" height=\"838\" src=\"https:\/\/esteling.com\/wp-content\/uploads\/2023\/09\/Viva-cala-mesquida-estel-instalaciones.webp\" class=\"attachment-full size-full wp-image-15180\" alt=\"Vista panor\u00e1mica del Hotel Viva Cala Mesquida Resort - Ejecuci\u00f3n de las instalaciones\" srcset=\"https:\/\/esteling.com\/wp-content\/uploads\/2023\/09\/Viva-cala-mesquida-estel-instalaciones.webp 1154w, https:\/\/esteling.com\/wp-content\/uploads\/2023\/09\/Viva-cala-mesquida-estel-instalaciones-600x436.webp 600w, https:\/\/esteling.com\/wp-content\/uploads\/2023\/09\/Viva-cala-mesquida-estel-instalaciones-768x558.webp 768w\" sizes=\"(max-width: 1154px) 100vw, 1154px\" \/>\t\t<\/div>\n\t\t\t\t<div class=\"elementor-portfolio-item__overlay\">\n\t\t\t\t<h3 class=\"elementor-portfolio-item__title\">\n\t\tHOTEL VIVA CALA MESQUIDA RESORT\t\t<\/h3>\n\t\t\t\t<\/div>\n\t\t\t\t<\/a>\n\t\t<\/article>\n\t\t\t\t<article class=\"elementor-portfolio-item elementor-post elementor-filter-187 post-15174 proyectos type-proyectos status-publish format-standard has-post-thumbnail hentry sector-hotels tipo-de-trabajo-navigation-esp-master-en-2 pais-spain\" role=\"listitem\">\n\t\t\t<a class=\"elementor-post__thumbnail__link\" href=\"https:\/\/esteling.com\/en\/proyectos\/hotel-st-regis-mardavall\/\">\n\t\t\t\t<div class=\"elementor-portfolio-item__img elementor-post__thumbnail\">\n\t\t\t<img loading=\"lazy\" decoding=\"async\" width=\"1135\" height=\"758\" src=\"https:\/\/esteling.com\/wp-content\/uploads\/2023\/09\/Hotel-St-Regis-Mardavall-Estel.webp\" class=\"attachment-full size-full wp-image-15168\" alt=\"Hotel St. Regis Mardavall - Ejecuci\u00f3n integral de las instalaciones de los restaurantes\" srcset=\"https:\/\/esteling.com\/wp-content\/uploads\/2023\/09\/Hotel-St-Regis-Mardavall-Estel.webp 1135w, https:\/\/esteling.com\/wp-content\/uploads\/2023\/09\/Hotel-St-Regis-Mardavall-Estel-600x401.webp 600w, https:\/\/esteling.com\/wp-content\/uploads\/2023\/09\/Hotel-St-Regis-Mardavall-Estel-768x513.webp 768w\" sizes=\"(max-width: 1135px) 100vw, 1135px\" \/>\t\t<\/div>\n\t\t\t\t<div class=\"elementor-portfolio-item__overlay\">\n\t\t\t\t<h3 class=\"elementor-portfolio-item__title\">\n\t\tHOTEL ST. REGIS MARDAVALL\t\t<\/h3>\n\t\t\t\t<\/div>\n\t\t\t\t<\/a>\n\t\t<\/article>\n\t\t\t\t<article class=\"elementor-portfolio-item elementor-post elementor-filter-337 post-15005 proyectos type-proyectos status-publish format-standard has-post-thumbnail hentry sector-hotels tipo-de-trabajo-navigation-esp-master-en-2 pais-portugal-en\" role=\"listitem\">\n\t\t\t<a class=\"elementor-post__thumbnail__link\" href=\"https:\/\/esteling.com\/en\/proyectos\/melia-gaia-porto\/\">\n\t\t\t\t<div class=\"elementor-portfolio-item__img elementor-post__thumbnail\">\n\t\t\t<img loading=\"lazy\" decoding=\"async\" width=\"1276\" height=\"1920\" src=\"https:\/\/esteling.com\/wp-content\/uploads\/2023\/05\/MeliaGaiaPorto0-Estel.jpeg\" class=\"attachment-full size-full wp-image-15001\" alt=\"Fachada del Hotel Meli\u00e1 Gaia Porto - Ejecuci\u00f3n integral de las instalaciones\" srcset=\"https:\/\/esteling.com\/wp-content\/uploads\/2023\/05\/MeliaGaiaPorto0-Estel.jpeg 1276w, https:\/\/esteling.com\/wp-content\/uploads\/2023\/05\/MeliaGaiaPorto0-Estel-399x600.jpeg 399w, https:\/\/esteling.com\/wp-content\/uploads\/2023\/05\/MeliaGaiaPorto0-Estel-768x1156.jpeg 768w, https:\/\/esteling.com\/wp-content\/uploads\/2023\/05\/MeliaGaiaPorto0-Estel-1021x1536.jpeg 1021w\" sizes=\"(max-width: 1276px) 100vw, 1276px\" \/>\t\t<\/div>\n\t\t\t\t<div class=\"elementor-portfolio-item__overlay\">\n\t\t\t\t<h3 class=\"elementor-portfolio-item__title\">\n\t\tMELI\u00c1 GAIA PORTO\t\t<\/h3>\n\t\t\t\t<\/div>\n\t\t\t\t<\/a>\n\t\t<\/article>\n\t\t\t\t<article class=\"elementor-portfolio-item elementor-post elementor-filter-335 post-14997 proyectos type-proyectos status-publish format-standard has-post-thumbnail hentry sector-hotels tipo-de-trabajo-navigation-esp-master-en-2 pais-alemania-en\" role=\"listitem\">\n\t\t\t<a class=\"elementor-post__thumbnail__link\" href=\"https:\/\/esteling.com\/en\/proyectos\/tryp-frankfurt\/\">\n\t\t\t\t<div class=\"elementor-portfolio-item__img elementor-post__thumbnail\">\n\t\t\t<img loading=\"lazy\" decoding=\"async\" width=\"1122\" height=\"784\" src=\"https:\/\/esteling.com\/wp-content\/uploads\/2023\/05\/tryp-frankfurt-estel.jpeg\" class=\"attachment-full size-full wp-image-14993\" alt=\"Fachada Hotel Tryp Frankfurt - Ejecuci\u00f3n integral de las instalaciones\" srcset=\"https:\/\/esteling.com\/wp-content\/uploads\/2023\/05\/tryp-frankfurt-estel.jpeg 1122w, https:\/\/esteling.com\/wp-content\/uploads\/2023\/05\/tryp-frankfurt-estel-600x419.jpeg 600w, https:\/\/esteling.com\/wp-content\/uploads\/2023\/05\/tryp-frankfurt-estel-768x537.jpeg 768w\" sizes=\"(max-width: 1122px) 100vw, 1122px\" \/>\t\t<\/div>\n\t\t\t\t<div class=\"elementor-portfolio-item__overlay\">\n\t\t\t\t<h3 class=\"elementor-portfolio-item__title\">\n\t\tTRYP FRANKFURT\t\t<\/h3>\n\t\t\t\t<\/div>\n\t\t\t\t<\/a>\n\t\t<\/article>\n\t\t\t\t<article class=\"elementor-portfolio-item elementor-post elementor-filter-333 post-14989 proyectos type-proyectos status-publish format-standard has-post-thumbnail hentry sector-hotels tipo-de-trabajo-navigation-esp-master-en-2 pais-italia-en\" role=\"listitem\">\n\t\t\t<a class=\"elementor-post__thumbnail__link\" href=\"https:\/\/esteling.com\/en\/proyectos\/grand-hotel-poltu-quatu\/\">\n\t\t\t\t<div class=\"elementor-portfolio-item__img elementor-post__thumbnail\">\n\t\t\t<img loading=\"lazy\" decoding=\"async\" width=\"1280\" height=\"960\" src=\"https:\/\/esteling.com\/wp-content\/uploads\/2023\/05\/hotel-poltu-estel.jpg\" class=\"attachment-full size-full wp-image-14985\" alt=\"Piscina del Grand Hotel Poltu Quatu - Ejecuci\u00f3n integral de las instalaciones\" srcset=\"https:\/\/esteling.com\/wp-content\/uploads\/2023\/05\/hotel-poltu-estel.jpg 1280w, https:\/\/esteling.com\/wp-content\/uploads\/2023\/05\/hotel-poltu-estel-600x450.jpg 600w, https:\/\/esteling.com\/wp-content\/uploads\/2023\/05\/hotel-poltu-estel-768x576.jpg 768w\" sizes=\"(max-width: 1280px) 100vw, 1280px\" \/>\t\t<\/div>\n\t\t\t\t<div class=\"elementor-portfolio-item__overlay\">\n\t\t\t\t<h3 class=\"elementor-portfolio-item__title\">\n\t\tGRAND HOTEL POLTU QUATU\t\t<\/h3>\n\t\t\t\t<\/div>\n\t\t\t\t<\/a>\n\t\t<\/article>\n\t\t\t\t<article class=\"elementor-portfolio-item elementor-post elementor-filter-331 post-14981 proyectos type-proyectos status-publish format-standard has-post-thumbnail hentry sector-hotels tipo-de-trabajo-navigation-esp-master-en-2 pais-francia-en\" role=\"listitem\">\n\t\t\t<a class=\"elementor-post__thumbnail__link\" href=\"https:\/\/esteling.com\/en\/proyectos\/tryp-paris-boulogne\/\">\n\t\t\t\t<div class=\"elementor-portfolio-item__img elementor-post__thumbnail\">\n\t\t\t<img loading=\"lazy\" decoding=\"async\" width=\"1920\" height=\"1496\" src=\"https:\/\/esteling.com\/wp-content\/uploads\/2023\/05\/TrypParisBoulogne-Estel.jpeg\" class=\"attachment-full size-full wp-image-14979\" alt=\"Fachada del Hotel Tryp Par\u00eds Boulogne - Ejecuci\u00f3n integral de las instalaciones\" srcset=\"https:\/\/esteling.com\/wp-content\/uploads\/2023\/05\/TrypParisBoulogne-Estel.jpeg 1920w, https:\/\/esteling.com\/wp-content\/uploads\/2023\/05\/TrypParisBoulogne-Estel-600x468.jpeg 600w, https:\/\/esteling.com\/wp-content\/uploads\/2023\/05\/TrypParisBoulogne-Estel-768x598.jpeg 768w, https:\/\/esteling.com\/wp-content\/uploads\/2023\/05\/TrypParisBoulogne-Estel-1536x1197.jpeg 1536w\" sizes=\"(max-width: 1920px) 100vw, 1920px\" \/>\t\t<\/div>\n\t\t\t\t<div class=\"elementor-portfolio-item__overlay\">\n\t\t\t\t<h3 class=\"elementor-portfolio-item__title\">\n\t\tTRYP PAR\u00cdS BOULOGNE\t\t<\/h3>\n\t\t\t\t<\/div>\n\t\t\t\t<\/a>\n\t\t<\/article>\n\t\t\t\t<article class=\"elementor-portfolio-item elementor-post elementor-filter-331 post-14975 proyectos type-proyectos status-publish format-standard has-post-thumbnail hentry sector-hotels tipo-de-trabajo-navigation-esp-master-en-2 pais-francia-en\" role=\"listitem\">\n\t\t\t<a class=\"elementor-post__thumbnail__link\" href=\"https:\/\/esteling.com\/en\/proyectos\/vendome\/\">\n\t\t\t\t<div class=\"elementor-portfolio-item__img elementor-post__thumbnail\">\n\t\t\t<img loading=\"lazy\" decoding=\"async\" width=\"919\" height=\"785\" src=\"https:\/\/esteling.com\/wp-content\/uploads\/2023\/05\/vendome-estel.jpeg\" class=\"attachment-full size-full wp-image-14965\" alt=\"Fachada del Hotel Vendome - Ejecuci\u00f3n de las instalaciones\" srcset=\"https:\/\/esteling.com\/wp-content\/uploads\/2023\/05\/vendome-estel.jpeg 919w, https:\/\/esteling.com\/wp-content\/uploads\/2023\/05\/vendome-estel-600x513.jpeg 600w, https:\/\/esteling.com\/wp-content\/uploads\/2023\/05\/vendome-estel-768x656.jpeg 768w\" sizes=\"(max-width: 919px) 100vw, 919px\" \/>\t\t<\/div>\n\t\t\t\t<div class=\"elementor-portfolio-item__overlay\">\n\t\t\t\t<h3 class=\"elementor-portfolio-item__title\">\n\t\tVENDOME\t\t<\/h3>\n\t\t\t\t<\/div>\n\t\t\t\t<\/a>\n\t\t<\/article>\n\t\t\t\t<article class=\"elementor-portfolio-item elementor-post elementor-filter-329 post-14961 proyectos type-proyectos status-publish format-standard has-post-thumbnail hentry sector-hotels tipo-de-trabajo-navigation-esp-master-en-2 pais-costa-rica-en\" role=\"listitem\">\n\t\t\t<a class=\"elementor-post__thumbnail__link\" href=\"https:\/\/esteling.com\/en\/proyectos\/melia-vacations-club\/\">\n\t\t\t\t<div class=\"elementor-portfolio-item__img elementor-post__thumbnail\">\n\t\t\t<img loading=\"lazy\" decoding=\"async\" width=\"500\" height=\"400\" src=\"https:\/\/esteling.com\/wp-content\/uploads\/2023\/05\/melia-puerto-rico-estel.jpg\" class=\"attachment-full size-full wp-image-14957\" alt=\"Piscina del Hotel Meli\u00e1 Vacations Club - Ejecuci\u00f3n de las instalaciones\" \/>\t\t<\/div>\n\t\t\t\t<div class=\"elementor-portfolio-item__overlay\">\n\t\t\t\t<h3 class=\"elementor-portfolio-item__title\">\n\t\tMELI\u00c1 VACATIONS CLUB\t\t<\/h3>\n\t\t\t\t<\/div>\n\t\t\t\t<\/a>\n\t\t<\/article>\n\t\t\t\t<article class=\"elementor-portfolio-item elementor-post elementor-filter-329 post-14953 proyectos type-proyectos status-publish format-standard has-post-thumbnail hentry sector-hotels tipo-de-trabajo-navigation-esp-master-en-2 pais-costa-rica-en\" role=\"listitem\">\n\t\t\t<a class=\"elementor-post__thumbnail__link\" href=\"https:\/\/esteling.com\/en\/proyectos\/royalton-papagayo\/\">\n\t\t\t\t<div class=\"elementor-portfolio-item__img elementor-post__thumbnail\">\n\t\t\t<img loading=\"lazy\" decoding=\"async\" width=\"1000\" height=\"500\" src=\"https:\/\/esteling.com\/wp-content\/uploads\/2023\/05\/royalton-papagayp-estel.jpg\" class=\"attachment-full size-full wp-image-14949\" alt=\"Panor\u00e1mica del Hotel Royalton Papagayo - Ejecuci\u00f3n de las instalaciones\" srcset=\"https:\/\/esteling.com\/wp-content\/uploads\/2023\/05\/royalton-papagayp-estel.jpg 1000w, https:\/\/esteling.com\/wp-content\/uploads\/2023\/05\/royalton-papagayp-estel-600x300.jpg 600w, https:\/\/esteling.com\/wp-content\/uploads\/2023\/05\/royalton-papagayp-estel-768x384.jpg 768w\" sizes=\"(max-width: 1000px) 100vw, 1000px\" \/>\t\t<\/div>\n\t\t\t\t<div class=\"elementor-portfolio-item__overlay\">\n\t\t\t\t<h3 class=\"elementor-portfolio-item__title\">\n\t\tROYALTON PAPAGAYO\t\t<\/h3>\n\t\t\t\t<\/div>\n\t\t\t\t<\/a>\n\t\t<\/article>\n\t\t\t\t<article class=\"elementor-portfolio-item elementor-post elementor-filter-187 post-14936 proyectos type-proyectos status-publish format-standard has-post-thumbnail hentry sector-hotels tipo-de-trabajo-navigation-esp-master-en-2 pais-spain\" role=\"listitem\">\n\t\t\t<a class=\"elementor-post__thumbnail__link\" href=\"https:\/\/esteling.com\/en\/proyectos\/paradisus-gran-canaria\/\">\n\t\t\t\t<div class=\"elementor-portfolio-item__img elementor-post__thumbnail\">\n\t\t\t<img loading=\"lazy\" decoding=\"async\" width=\"1590\" height=\"738\" src=\"https:\/\/esteling.com\/wp-content\/uploads\/2023\/04\/Paradisus-gran-canaria-esteling-2.jpeg\" class=\"attachment-full size-full wp-image-14930\" alt=\"Restaurante del Hotel Paradisus Gran Canaria - Remodelaci\u00f3n de las instalaciones\" srcset=\"https:\/\/esteling.com\/wp-content\/uploads\/2023\/04\/Paradisus-gran-canaria-esteling-2.jpeg 1590w, https:\/\/esteling.com\/wp-content\/uploads\/2023\/04\/Paradisus-gran-canaria-esteling-2-600x278.jpeg 600w, https:\/\/esteling.com\/wp-content\/uploads\/2023\/04\/Paradisus-gran-canaria-esteling-2-768x356.jpeg 768w, https:\/\/esteling.com\/wp-content\/uploads\/2023\/04\/Paradisus-gran-canaria-esteling-2-1536x713.jpeg 1536w\" sizes=\"(max-width: 1590px) 100vw, 1590px\" \/>\t\t<\/div>\n\t\t\t\t<div class=\"elementor-portfolio-item__overlay\">\n\t\t\t\t<h3 class=\"elementor-portfolio-item__title\">\n\t\tPARADISUS GRAN CANARIA\t\t<\/h3>\n\t\t\t\t<\/div>\n\t\t\t\t<\/a>\n\t\t<\/article>\n\t\t\t\t<article class=\"elementor-portfolio-item elementor-post elementor-filter-187 post-14869 proyectos type-proyectos status-publish format-standard has-post-thumbnail hentry sector-hotels tipo-de-trabajo-navigation-esp-master-en-2 pais-spain\" role=\"listitem\">\n\t\t\t<a class=\"elementor-post__thumbnail__link\" href=\"https:\/\/esteling.com\/en\/proyectos\/prinsotel-la-caleta\/\">\n\t\t\t\t<div class=\"elementor-portfolio-item__img elementor-post__thumbnail\">\n\t\t\t<img loading=\"lazy\" decoding=\"async\" width=\"1920\" height=\"1080\" src=\"https:\/\/esteling.com\/wp-content\/uploads\/2023\/02\/Prinsotel_la_Caleta.jpg\" class=\"attachment-full size-full wp-image-14865\" alt=\"Panor\u00e1mica del Hotel Prinsotel La Caleta - Remodelaci\u00f3n de las instalaciones\" srcset=\"https:\/\/esteling.com\/wp-content\/uploads\/2023\/02\/Prinsotel_la_Caleta.jpg 1920w, https:\/\/esteling.com\/wp-content\/uploads\/2023\/02\/Prinsotel_la_Caleta-600x338.jpg 600w, https:\/\/esteling.com\/wp-content\/uploads\/2023\/02\/Prinsotel_la_Caleta-768x432.jpg 768w, https:\/\/esteling.com\/wp-content\/uploads\/2023\/02\/Prinsotel_la_Caleta-1536x864.jpg 1536w\" sizes=\"(max-width: 1920px) 100vw, 1920px\" \/>\t\t<\/div>\n\t\t\t\t<div class=\"elementor-portfolio-item__overlay\">\n\t\t\t\t<h3 class=\"elementor-portfolio-item__title\">\n\t\tPRINSOTEL LA CALETA\t\t<\/h3>\n\t\t\t\t<\/div>\n\t\t\t\t<\/a>\n\t\t<\/article>\n\t\t\t\t<article class=\"elementor-portfolio-item elementor-post elementor-filter-187 post-14859 proyectos type-proyectos status-publish format-standard has-post-thumbnail hentry sector-hotels tipo-de-trabajo-navigation-esp-master-en-2 pais-spain\" role=\"listitem\">\n\t\t\t<a class=\"elementor-post__thumbnail__link\" href=\"https:\/\/esteling.com\/en\/proyectos\/prinsotel-la-dorada\/\">\n\t\t\t\t<div class=\"elementor-portfolio-item__img elementor-post__thumbnail\">\n\t\t\t<img loading=\"lazy\" decoding=\"async\" width=\"1920\" height=\"1080\" src=\"https:\/\/esteling.com\/wp-content\/uploads\/2023\/02\/La_dorada-ubicacion.jpg\" class=\"attachment-full size-full wp-image-14853\" alt=\"Restaurante del Hotel Prinsotel La Dorada - Remodelaci\u00f3n de las instalaciones\" srcset=\"https:\/\/esteling.com\/wp-content\/uploads\/2023\/02\/La_dorada-ubicacion.jpg 1920w, https:\/\/esteling.com\/wp-content\/uploads\/2023\/02\/La_dorada-ubicacion-600x338.jpg 600w, https:\/\/esteling.com\/wp-content\/uploads\/2023\/02\/La_dorada-ubicacion-768x432.jpg 768w, https:\/\/esteling.com\/wp-content\/uploads\/2023\/02\/La_dorada-ubicacion-1536x864.jpg 1536w\" sizes=\"(max-width: 1920px) 100vw, 1920px\" \/>\t\t<\/div>\n\t\t\t\t<div class=\"elementor-portfolio-item__overlay\">\n\t\t\t\t<h3 class=\"elementor-portfolio-item__title\">\n\t\tPRINSOTEL LA DORADA\t\t<\/h3>\n\t\t\t\t<\/div>\n\t\t\t\t<\/a>\n\t\t<\/article>\n\t\t\t\t<article class=\"elementor-portfolio-item elementor-post elementor-filter-318 post-14849 proyectos type-proyectos status-publish format-standard has-post-thumbnail hentry sector-hotels tipo-de-trabajo-navigation-esp-master-en-2 pais-uk\" role=\"listitem\">\n\t\t\t<a class=\"elementor-post__thumbnail__link\" href=\"https:\/\/esteling.com\/en\/proyectos\/the-caesar\/\">\n\t\t\t\t<div class=\"elementor-portfolio-item__img elementor-post__thumbnail\">\n\t\t\t<img loading=\"lazy\" decoding=\"async\" width=\"1953\" height=\"1300\" src=\"https:\/\/esteling.com\/wp-content\/uploads\/2023\/02\/caesar-hotel-londres.jpeg\" class=\"attachment-full size-full wp-image-14845\" alt=\"Fachada iluminada del Hotel The Caesar - Remodelaci\u00f3n de las instalaciones\" srcset=\"https:\/\/esteling.com\/wp-content\/uploads\/2023\/02\/caesar-hotel-londres.jpeg 1953w, https:\/\/esteling.com\/wp-content\/uploads\/2023\/02\/caesar-hotel-londres-600x399.jpeg 600w, https:\/\/esteling.com\/wp-content\/uploads\/2023\/02\/caesar-hotel-londres-1920x1278.jpeg 1920w, https:\/\/esteling.com\/wp-content\/uploads\/2023\/02\/caesar-hotel-londres-768x511.jpeg 768w, https:\/\/esteling.com\/wp-content\/uploads\/2023\/02\/caesar-hotel-londres-1536x1022.jpeg 1536w\" sizes=\"(max-width: 1953px) 100vw, 1953px\" \/>\t\t<\/div>\n\t\t\t\t<div class=\"elementor-portfolio-item__overlay\">\n\t\t\t\t<h3 class=\"elementor-portfolio-item__title\">\n\t\tTHE CAESAR\t\t<\/h3>\n\t\t\t\t<\/div>\n\t\t\t\t<\/a>\n\t\t<\/article>\n\t\t\t\t<article class=\"elementor-portfolio-item elementor-post elementor-filter-209 post-14841 proyectos type-proyectos status-publish format-standard has-post-thumbnail hentry sector-hotels tipo-de-trabajo-navigation-esp-master-en-2 pais-mexico-en\" role=\"listitem\">\n\t\t\t<a class=\"elementor-post__thumbnail__link\" href=\"https:\/\/esteling.com\/en\/proyectos\/sha-wellness-clinic-cancun\/\">\n\t\t\t\t<div class=\"elementor-portfolio-item__img elementor-post__thumbnail\">\n\t\t\t<img loading=\"lazy\" decoding=\"async\" width=\"700\" height=\"700\" src=\"https:\/\/esteling.com\/wp-content\/uploads\/2023\/02\/sha-wellness.jpeg\" class=\"attachment-full size-full wp-image-14839\" alt=\"Vistas al mar del Hotel Sha Wellness Clinic Canc\u00fan - Ejecuci\u00f3n de las instalaciones\" srcset=\"https:\/\/esteling.com\/wp-content\/uploads\/2023\/02\/sha-wellness.jpeg 700w, https:\/\/esteling.com\/wp-content\/uploads\/2023\/02\/sha-wellness-600x600.jpeg 600w, https:\/\/esteling.com\/wp-content\/uploads\/2023\/02\/sha-wellness-150x150.jpeg 150w\" sizes=\"(max-width: 700px) 100vw, 700px\" \/>\t\t<\/div>\n\t\t\t\t<div class=\"elementor-portfolio-item__overlay\">\n\t\t\t\t<h3 class=\"elementor-portfolio-item__title\">\n\t\tSHA WELLNESS CLINIC CANC\u00daN\t\t<\/h3>\n\t\t\t\t<\/div>\n\t\t\t\t<\/a>\n\t\t<\/article>\n\t\t\t\t<article class=\"elementor-portfolio-item elementor-post elementor-filter-187 post-14833 proyectos type-proyectos status-publish format-standard has-post-thumbnail hentry sector-culture tipo-de-trabajo-navigation-esp-master-en-2 pais-spain\" role=\"listitem\">\n\t\t\t<a class=\"elementor-post__thumbnail__link\" href=\"https:\/\/esteling.com\/en\/proyectos\/teatro-albeniz\/\">\n\t\t\t\t<div class=\"elementor-portfolio-item__img elementor-post__thumbnail\">\n\t\t\t<img loading=\"lazy\" decoding=\"async\" width=\"1024\" height=\"683\" src=\"https:\/\/esteling.com\/wp-content\/uploads\/2023\/02\/teatro-albeniz-madrid-1024x683-1.jpg\" class=\"attachment-full size-full wp-image-14829\" alt=\"Sala del Teatro Alb\u00e9niz Madrid - Ejecuci\u00f3n de las instalaciones\" srcset=\"https:\/\/esteling.com\/wp-content\/uploads\/2023\/02\/teatro-albeniz-madrid-1024x683-1.jpg 1024w, https:\/\/esteling.com\/wp-content\/uploads\/2023\/02\/teatro-albeniz-madrid-1024x683-1-600x400.jpg 600w, https:\/\/esteling.com\/wp-content\/uploads\/2023\/02\/teatro-albeniz-madrid-1024x683-1-768x512.jpg 768w\" sizes=\"(max-width: 1024px) 100vw, 1024px\" \/>\t\t<\/div>\n\t\t\t\t<div class=\"elementor-portfolio-item__overlay\">\n\t\t\t\t<h3 class=\"elementor-portfolio-item__title\">\n\t\tTEATRO ALBENIZ\t\t<\/h3>\n\t\t\t\t<\/div>\n\t\t\t\t<\/a>\n\t\t<\/article>\n\t\t\t\t<article class=\"elementor-portfolio-item elementor-post elementor-filter-187 post-14823 proyectos type-proyectos status-publish format-standard has-post-thumbnail hentry sector-hotels tipo-de-trabajo-navigation-esp-master-en-2 pais-spain\" role=\"listitem\">\n\t\t\t<a class=\"elementor-post__thumbnail__link\" href=\"https:\/\/esteling.com\/en\/proyectos\/tent-palmanova\/\">\n\t\t\t\t<div class=\"elementor-portfolio-item__img elementor-post__thumbnail\">\n\t\t\t<img loading=\"lazy\" decoding=\"async\" width=\"1315\" height=\"870\" src=\"https:\/\/esteling.com\/wp-content\/uploads\/2023\/02\/tent-hotels.jpeg\" class=\"attachment-full size-full wp-image-14821\" alt=\"Terraza Bar del Hotel Tent Palmanova - Remodelaci\u00f3n de las instalaciones\" srcset=\"https:\/\/esteling.com\/wp-content\/uploads\/2023\/02\/tent-hotels.jpeg 1315w, https:\/\/esteling.com\/wp-content\/uploads\/2023\/02\/tent-hotels-600x397.jpeg 600w, https:\/\/esteling.com\/wp-content\/uploads\/2023\/02\/tent-hotels-768x508.jpeg 768w\" sizes=\"(max-width: 1315px) 100vw, 1315px\" \/>\t\t<\/div>\n\t\t\t\t<div class=\"elementor-portfolio-item__overlay\">\n\t\t\t\t<h3 class=\"elementor-portfolio-item__title\">\n\t\tTENT PALMANOVA\t\t<\/h3>\n\t\t\t\t<\/div>\n\t\t\t\t<\/a>\n\t\t<\/article>\n\t\t\t\t<article class=\"elementor-portfolio-item elementor-post elementor-filter-187 post-14746 proyectos type-proyectos status-publish format-standard has-post-thumbnail hentry sector-hotels tipo-de-trabajo-navigation-esp-master-en-2 pais-spain\" role=\"listitem\">\n\t\t\t<a class=\"elementor-post__thumbnail__link\" href=\"https:\/\/esteling.com\/en\/proyectos\/melia-villa-le-blanc\/\">\n\t\t\t\t<div class=\"elementor-portfolio-item__img elementor-post__thumbnail\">\n\t\t\t<img loading=\"lazy\" decoding=\"async\" width=\"1200\" height=\"680\" src=\"https:\/\/esteling.com\/wp-content\/uploads\/2023\/01\/DHSHSHSF.jpg\" class=\"attachment-full size-full wp-image-14872\" alt=\"Restaurante del hotel Meli\u00e1 Villa Le Blanc - Remodelaci\u00f3n de las instalaciones\" srcset=\"https:\/\/esteling.com\/wp-content\/uploads\/2023\/01\/DHSHSHSF.jpg 1200w, https:\/\/esteling.com\/wp-content\/uploads\/2023\/01\/DHSHSHSF-600x340.jpg 600w, https:\/\/esteling.com\/wp-content\/uploads\/2023\/01\/DHSHSHSF-768x435.jpg 768w\" sizes=\"(max-width: 1200px) 100vw, 1200px\" \/>\t\t<\/div>\n\t\t\t\t<div class=\"elementor-portfolio-item__overlay\">\n\t\t\t\t<h3 class=\"elementor-portfolio-item__title\">\n\t\tMELI\u00c1 VILLA LE BLANC\t\t<\/h3>\n\t\t\t\t<\/div>\n\t\t\t\t<\/a>\n\t\t<\/article>\n\t\t\t\t<article class=\"elementor-portfolio-item elementor-post elementor-filter-187 post-14615 proyectos type-proyectos status-publish format-standard has-post-thumbnail hentry sector-hotels tipo-de-trabajo-navigation-esp-master-en-2 pais-spain\" role=\"listitem\">\n\t\t\t<a class=\"elementor-post__thumbnail__link\" href=\"https:\/\/esteling.com\/en\/proyectos\/barcelo-aguamarina\/\">\n\t\t\t\t<div class=\"elementor-portfolio-item__img elementor-post__thumbnail\">\n\t\t\t<img loading=\"lazy\" decoding=\"async\" width=\"1000\" height=\"500\" src=\"https:\/\/esteling.com\/wp-content\/uploads\/2022\/08\/1639492327676.jpg\" class=\"attachment-full size-full wp-image-14605\" alt=\"Piscina del hotel Barcel\u00f3 Aguamarina - Remodelaci\u00f3n de las instalaciones\" srcset=\"https:\/\/esteling.com\/wp-content\/uploads\/2022\/08\/1639492327676.jpg 1000w, https:\/\/esteling.com\/wp-content\/uploads\/2022\/08\/1639492327676-600x300.jpg 600w, https:\/\/esteling.com\/wp-content\/uploads\/2022\/08\/1639492327676-768x384.jpg 768w\" sizes=\"(max-width: 1000px) 100vw, 1000px\" \/>\t\t<\/div>\n\t\t\t\t<div class=\"elementor-portfolio-item__overlay\">\n\t\t\t\t<h3 class=\"elementor-portfolio-item__title\">\n\t\tBARCEL\u00d3 AGUAMARINA\t\t<\/h3>\n\t\t\t\t<\/div>\n\t\t\t\t<\/a>\n\t\t<\/article>\n\t\t\t\t<article class=\"elementor-portfolio-item elementor-post elementor-filter-209 post-14601 proyectos type-proyectos status-publish format-standard has-post-thumbnail hentry sector-hotels tipo-de-trabajo-navigation-esp-master-en-2 pais-mexico-en\" role=\"listitem\">\n\t\t\t<a class=\"elementor-post__thumbnail__link\" href=\"https:\/\/esteling.com\/en\/proyectos\/paradisus-cancun\/\">\n\t\t\t\t<div class=\"elementor-portfolio-item__img elementor-post__thumbnail\">\n\t\t\t<img loading=\"lazy\" decoding=\"async\" width=\"1600\" height=\"1147\" src=\"https:\/\/esteling.com\/wp-content\/uploads\/2022\/08\/paradisus-cancun-esteling-3.jpeg\" class=\"attachment-full size-full wp-image-14593\" alt=\"Vista a\u00e9rea panor\u00e1mica del hotel Paradisus Canc\u00fan - Remodelaci\u00f3n de las instalaciones\" srcset=\"https:\/\/esteling.com\/wp-content\/uploads\/2022\/08\/paradisus-cancun-esteling-3.jpeg 1600w, https:\/\/esteling.com\/wp-content\/uploads\/2022\/08\/paradisus-cancun-esteling-3-600x430.jpeg 600w, https:\/\/esteling.com\/wp-content\/uploads\/2022\/08\/paradisus-cancun-esteling-3-768x551.jpeg 768w, https:\/\/esteling.com\/wp-content\/uploads\/2022\/08\/paradisus-cancun-esteling-3-1536x1101.jpeg 1536w\" sizes=\"(max-width: 1600px) 100vw, 1600px\" \/>\t\t<\/div>\n\t\t\t\t<div class=\"elementor-portfolio-item__overlay\">\n\t\t\t\t<h3 class=\"elementor-portfolio-item__title\">\n\t\tPARADISUS CANC\u00daN\t\t<\/h3>\n\t\t\t\t<\/div>\n\t\t\t\t<\/a>\n\t\t<\/article>\n\t\t\t\t<article class=\"elementor-portfolio-item elementor-post elementor-filter-187 post-14587 proyectos type-proyectos status-publish format-standard has-post-thumbnail hentry sector-hotels tipo-de-trabajo-navigation-esp-master-en-2 pais-spain\" role=\"listitem\">\n\t\t\t<a class=\"elementor-post__thumbnail__link\" href=\"https:\/\/esteling.com\/en\/proyectos\/barcelo-fuerteventura-mar\/\">\n\t\t\t\t<div class=\"elementor-portfolio-item__img elementor-post__thumbnail\">\n\t\t\t<img loading=\"lazy\" decoding=\"async\" width=\"1000\" height=\"500\" src=\"https:\/\/esteling.com\/wp-content\/uploads\/2022\/08\/1639577952141.jpg\" class=\"attachment-full size-full wp-image-14582\" alt=\"Bar piscina del hotel Barcel\u00f3 Fuerteventura Mar - Remodelaci\u00f3n de las instalaciones\" srcset=\"https:\/\/esteling.com\/wp-content\/uploads\/2022\/08\/1639577952141.jpg 1000w, https:\/\/esteling.com\/wp-content\/uploads\/2022\/08\/1639577952141-600x300.jpg 600w, https:\/\/esteling.com\/wp-content\/uploads\/2022\/08\/1639577952141-768x384.jpg 768w\" sizes=\"(max-width: 1000px) 100vw, 1000px\" \/>\t\t<\/div>\n\t\t\t\t<div class=\"elementor-portfolio-item__overlay\">\n\t\t\t\t<h3 class=\"elementor-portfolio-item__title\">\n\t\tBARCEL\u00d3 FUERTEVENTURA MAR\t\t<\/h3>\n\t\t\t\t<\/div>\n\t\t\t\t<\/a>\n\t\t<\/article>\n\t\t\t\t<article class=\"elementor-portfolio-item elementor-post elementor-filter-187 post-14549 proyectos type-proyectos status-publish format-standard has-post-thumbnail hentry sector-hotels tipo-de-trabajo-navigation-esp-master-en tipo-de-trabajo-navigation-esp-master-en-2 pais-spain\" role=\"listitem\">\n\t\t\t<a class=\"elementor-post__thumbnail__link\" href=\"https:\/\/esteling.com\/en\/proyectos\/purohotel-palma-boutique-hotel\/\">\n\t\t\t\t<div class=\"elementor-portfolio-item__img elementor-post__thumbnail\">\n\t\t\t<img loading=\"lazy\" decoding=\"async\" width=\"1284\" height=\"821\" src=\"https:\/\/esteling.com\/wp-content\/uploads\/2022\/06\/puro-hotels-2.jpg\" class=\"attachment-full size-full wp-image-14541\" alt=\"Patio interior del Purohotel Palma Boutique Hotel - Ejecuci\u00f3n de las instalaciones\" srcset=\"https:\/\/esteling.com\/wp-content\/uploads\/2022\/06\/puro-hotels-2.jpg 1284w, https:\/\/esteling.com\/wp-content\/uploads\/2022\/06\/puro-hotels-2-600x384.jpg 600w, https:\/\/esteling.com\/wp-content\/uploads\/2022\/06\/puro-hotels-2-768x491.jpg 768w\" sizes=\"(max-width: 1284px) 100vw, 1284px\" \/>\t\t<\/div>\n\t\t\t\t<div class=\"elementor-portfolio-item__overlay\">\n\t\t\t\t<h3 class=\"elementor-portfolio-item__title\">\n\t\tPurohotel Palma \u2013 Boutique Hotel\t\t<\/h3>\n\t\t\t\t<\/div>\n\t\t\t\t<\/a>\n\t\t<\/article>\n\t\t\t\t<article class=\"elementor-portfolio-item elementor-post elementor-filter-209 post-14534 proyectos type-proyectos status-publish format-standard has-post-thumbnail hentry sector-culture tipo-de-trabajo-navigation-esp-master-en-2 pais-mexico-en\" role=\"listitem\">\n\t\t\t<a class=\"elementor-post__thumbnail__link\" href=\"https:\/\/esteling.com\/en\/proyectos\/teatro-vidanta\/\">\n\t\t\t\t<div class=\"elementor-portfolio-item__img elementor-post__thumbnail\">\n\t\t\t<img loading=\"lazy\" decoding=\"async\" width=\"1600\" height=\"1066\" src=\"https:\/\/esteling.com\/wp-content\/uploads\/2022\/06\/teatro-vidanta.jpg\" class=\"attachment-full size-full wp-image-14528\" alt=\"Panor\u00e1mica del Teatro Vidanta - Ejecuci\u00f3n integral de las instalaciones\" srcset=\"https:\/\/esteling.com\/wp-content\/uploads\/2022\/06\/teatro-vidanta.jpg 1600w, https:\/\/esteling.com\/wp-content\/uploads\/2022\/06\/teatro-vidanta-600x400.jpg 600w, https:\/\/esteling.com\/wp-content\/uploads\/2022\/06\/teatro-vidanta-768x512.jpg 768w, https:\/\/esteling.com\/wp-content\/uploads\/2022\/06\/teatro-vidanta-1536x1023.jpg 1536w\" sizes=\"(max-width: 1600px) 100vw, 1600px\" \/>\t\t<\/div>\n\t\t\t\t<div class=\"elementor-portfolio-item__overlay\">\n\t\t\t\t<h3 class=\"elementor-portfolio-item__title\">\n\t\tTeatro Vidanta\t\t<\/h3>\n\t\t\t\t<\/div>\n\t\t\t\t<\/a>\n\t\t<\/article>\n\t\t\t\t<article class=\"elementor-portfolio-item elementor-post elementor-filter-210 post-14518 proyectos type-proyectos status-publish format-standard has-post-thumbnail hentry sector-hotels tipo-de-trabajo-navigation-esp-master-en-2 pais-dominican-republic\" role=\"listitem\">\n\t\t\t<a class=\"elementor-post__thumbnail__link\" href=\"https:\/\/esteling.com\/en\/proyectos\/hard-rock-punta-cana-hotel-casino-resort\/\">\n\t\t\t\t<div class=\"elementor-portfolio-item__img elementor-post__thumbnail\">\n\t\t\t<img loading=\"lazy\" decoding=\"async\" width=\"1600\" height=\"1067\" src=\"https:\/\/esteling.com\/wp-content\/uploads\/2022\/06\/HRHC_Punta_Cana_Exterior_Dusk.jpeg\" class=\"attachment-full size-full wp-image-14514\" alt=\"Spa Hard Rock Punta Cana Hotel &amp; Casino Resort - Ejecuci\u00f3n de las instalaciones\" srcset=\"https:\/\/esteling.com\/wp-content\/uploads\/2022\/06\/HRHC_Punta_Cana_Exterior_Dusk.jpeg 1600w, https:\/\/esteling.com\/wp-content\/uploads\/2022\/06\/HRHC_Punta_Cana_Exterior_Dusk-600x400.jpeg 600w, https:\/\/esteling.com\/wp-content\/uploads\/2022\/06\/HRHC_Punta_Cana_Exterior_Dusk-768x512.jpeg 768w, https:\/\/esteling.com\/wp-content\/uploads\/2022\/06\/HRHC_Punta_Cana_Exterior_Dusk-1536x1024.jpeg 1536w\" sizes=\"(max-width: 1600px) 100vw, 1600px\" \/>\t\t<\/div>\n\t\t\t\t<div class=\"elementor-portfolio-item__overlay\">\n\t\t\t\t<h3 class=\"elementor-portfolio-item__title\">\n\t\tHard Rock Punta Cana Hotel &#038; Casino Resort\t\t<\/h3>\n\t\t\t\t<\/div>\n\t\t\t\t<\/a>\n\t\t<\/article>\n\t\t\t\t<article class=\"elementor-portfolio-item elementor-post elementor-filter-209 post-14500 proyectos type-proyectos status-publish format-standard has-post-thumbnail hentry sector-hotels tipo-de-trabajo-navigation-esp-master-en-2 pais-mexico-en\" role=\"listitem\">\n\t\t\t<a class=\"elementor-post__thumbnail__link\" href=\"https:\/\/esteling.com\/en\/proyectos\/melia-puerto-vallarta\/\">\n\t\t\t\t<div class=\"elementor-portfolio-item__img elementor-post__thumbnail\">\n\t\t\t<img loading=\"lazy\" decoding=\"async\" width=\"1343\" height=\"832\" src=\"https:\/\/esteling.com\/wp-content\/uploads\/2022\/06\/melia-puerto-vallarta-3.jpg\" class=\"attachment-full size-full wp-image-14484\" alt=\"Piscina principal y vistas al mar del hotel Meli\u00e1 Puerto Vallarta - Ejecuci\u00f3n integral de las instalaciones\" srcset=\"https:\/\/esteling.com\/wp-content\/uploads\/2022\/06\/melia-puerto-vallarta-3.jpg 1343w, https:\/\/esteling.com\/wp-content\/uploads\/2022\/06\/melia-puerto-vallarta-3-600x372.jpg 600w, https:\/\/esteling.com\/wp-content\/uploads\/2022\/06\/melia-puerto-vallarta-3-768x476.jpg 768w\" sizes=\"(max-width: 1343px) 100vw, 1343px\" \/>\t\t<\/div>\n\t\t\t\t<div class=\"elementor-portfolio-item__overlay\">\n\t\t\t\t<h3 class=\"elementor-portfolio-item__title\">\n\t\tMeli\u00e1 Puerto Vallarta\t\t<\/h3>\n\t\t\t\t<\/div>\n\t\t\t\t<\/a>\n\t\t<\/article>\n\t\t\t\t<article class=\"elementor-portfolio-item elementor-post elementor-filter-187 post-14371 proyectos type-proyectos status-publish format-standard has-post-thumbnail hentry sector-hotels tipo-de-trabajo-navigation-esp-master-en-2 pais-spain\" role=\"listitem\">\n\t\t\t<a class=\"elementor-post__thumbnail__link\" href=\"https:\/\/esteling.com\/en\/proyectos\/viva-eden-lago\/\">\n\t\t\t\t<div class=\"elementor-portfolio-item__img elementor-post__thumbnail\">\n\t\t\t<img loading=\"lazy\" decoding=\"async\" width=\"1024\" height=\"683\" src=\"https:\/\/esteling.com\/wp-content\/uploads\/2022\/02\/VIVAEdenLago4.jpg\" class=\"attachment-full size-full wp-image-14369\" alt=\"Piscina del hotel VIVA Eden Lago - Ejecuci\u00f3n integral de las instalaciones\" srcset=\"https:\/\/esteling.com\/wp-content\/uploads\/2022\/02\/VIVAEdenLago4.jpg 1024w, https:\/\/esteling.com\/wp-content\/uploads\/2022\/02\/VIVAEdenLago4-600x400.jpg 600w, https:\/\/esteling.com\/wp-content\/uploads\/2022\/02\/VIVAEdenLago4-768x512.jpg 768w\" sizes=\"(max-width: 1024px) 100vw, 1024px\" \/>\t\t<\/div>\n\t\t\t\t<div class=\"elementor-portfolio-item__overlay\">\n\t\t\t\t<h3 class=\"elementor-portfolio-item__title\">\n\t\tVIVA Eden Lago\t\t<\/h3>\n\t\t\t\t<\/div>\n\t\t\t\t<\/a>\n\t\t<\/article>\n\t\t\t\t<article class=\"elementor-portfolio-item elementor-post elementor-filter-187 post-14359 proyectos type-proyectos status-publish format-standard has-post-thumbnail hentry sector-hotels tipo-de-trabajo-navigation-esp-master-en-2 pais-spain\" role=\"listitem\">\n\t\t\t<a class=\"elementor-post__thumbnail__link\" href=\"https:\/\/esteling.com\/en\/proyectos\/hotel-senses-santa-ponsa\/\">\n\t\t\t\t<div class=\"elementor-portfolio-item__img elementor-post__thumbnail\">\n\t\t\t<img loading=\"lazy\" decoding=\"async\" width=\"1280\" height=\"772\" src=\"https:\/\/esteling.com\/wp-content\/uploads\/2022\/02\/SensesSantaPonsa3.jpg\" class=\"attachment-full size-full wp-image-14353\" alt=\"Fachada del Hotel Senses Santa Ponsa - Ejecuci\u00f3n de las instalaciones de energ\u00eda renovable\" srcset=\"https:\/\/esteling.com\/wp-content\/uploads\/2022\/02\/SensesSantaPonsa3.jpg 1280w, https:\/\/esteling.com\/wp-content\/uploads\/2022\/02\/SensesSantaPonsa3-600x362.jpg 600w, https:\/\/esteling.com\/wp-content\/uploads\/2022\/02\/SensesSantaPonsa3-768x463.jpg 768w\" sizes=\"(max-width: 1280px) 100vw, 1280px\" \/>\t\t<\/div>\n\t\t\t\t<div class=\"elementor-portfolio-item__overlay\">\n\t\t\t\t<h3 class=\"elementor-portfolio-item__title\">\n\t\tHotel Senses Santa Ponsa\t\t<\/h3>\n\t\t\t\t<\/div>\n\t\t\t\t<\/a>\n\t\t<\/article>\n\t\t\t\t<article class=\"elementor-portfolio-item elementor-post elementor-filter-187 post-14345 proyectos type-proyectos status-publish format-standard has-post-thumbnail hentry sector-infrastructures tipo-de-trabajo-navigation-esp-master-en-2 pais-spain\" role=\"listitem\">\n\t\t\t<a class=\"elementor-post__thumbnail__link\" href=\"https:\/\/esteling.com\/en\/proyectos\/volkswagen-llucmajor\/\">\n\t\t\t\t<div class=\"elementor-portfolio-item__img elementor-post__thumbnail\">\n\t\t\t<img loading=\"lazy\" decoding=\"async\" width=\"1600\" height=\"1226\" src=\"https:\/\/esteling.com\/wp-content\/uploads\/2022\/02\/VolkswagenLlucmajor-esteling.jpeg\" class=\"attachment-full size-full wp-image-14339\" alt=\"Placas fotovolt\u00e1icas de Volkswagen Llucmajor - Ejecuci\u00f3n de las instalaciones de energ\u00eda renovable\" srcset=\"https:\/\/esteling.com\/wp-content\/uploads\/2022\/02\/VolkswagenLlucmajor-esteling.jpeg 1600w, https:\/\/esteling.com\/wp-content\/uploads\/2022\/02\/VolkswagenLlucmajor-esteling-600x460.jpeg 600w, https:\/\/esteling.com\/wp-content\/uploads\/2022\/02\/VolkswagenLlucmajor-esteling-768x588.jpeg 768w, https:\/\/esteling.com\/wp-content\/uploads\/2022\/02\/VolkswagenLlucmajor-esteling-1536x1177.jpeg 1536w\" sizes=\"(max-width: 1600px) 100vw, 1600px\" \/>\t\t<\/div>\n\t\t\t\t<div class=\"elementor-portfolio-item__overlay\">\n\t\t\t\t<h3 class=\"elementor-portfolio-item__title\">\n\t\tVolkswagen Llucmajor\t\t<\/h3>\n\t\t\t\t<\/div>\n\t\t\t\t<\/a>\n\t\t<\/article>\n\t\t\t\t<article class=\"elementor-portfolio-item elementor-post elementor-filter-187 post-14335 proyectos type-proyectos status-publish format-standard has-post-thumbnail hentry sector-hotels tipo-de-trabajo-navigation-esp-master-en-2 pais-spain\" role=\"listitem\">\n\t\t\t<a class=\"elementor-post__thumbnail__link\" href=\"https:\/\/esteling.com\/en\/proyectos\/hm-palma-blanc\/\">\n\t\t\t\t<div class=\"elementor-portfolio-item__img elementor-post__thumbnail\">\n\t\t\t<img loading=\"lazy\" decoding=\"async\" width=\"1920\" height=\"1200\" src=\"https:\/\/esteling.com\/wp-content\/uploads\/2022\/02\/HMPalmaBlanc2.jpg\" class=\"attachment-full size-full wp-image-14331\" alt=\"Piscina del hotel HM Palma Blanc - Ejecuci\u00f3n integral de las instalaciones\" srcset=\"https:\/\/esteling.com\/wp-content\/uploads\/2022\/02\/HMPalmaBlanc2.jpg 1920w, https:\/\/esteling.com\/wp-content\/uploads\/2022\/02\/HMPalmaBlanc2-600x375.jpg 600w, https:\/\/esteling.com\/wp-content\/uploads\/2022\/02\/HMPalmaBlanc2-768x480.jpg 768w, https:\/\/esteling.com\/wp-content\/uploads\/2022\/02\/HMPalmaBlanc2-1536x960.jpg 1536w\" sizes=\"(max-width: 1920px) 100vw, 1920px\" \/>\t\t<\/div>\n\t\t\t\t<div class=\"elementor-portfolio-item__overlay\">\n\t\t\t\t<h3 class=\"elementor-portfolio-item__title\">\n\t\tHM Palma Blanc\t\t<\/h3>\n\t\t\t\t<\/div>\n\t\t\t\t<\/a>\n\t\t<\/article>\n\t\t\t\t<article class=\"elementor-portfolio-item elementor-post elementor-filter-187 post-14226 proyectos type-proyectos status-publish format-standard has-post-thumbnail hentry sector-residential tipo-de-trabajo-navigation-esp-master-en-2 pais-spain\" role=\"listitem\">\n\t\t\t<a class=\"elementor-post__thumbnail__link\" href=\"https:\/\/esteling.com\/en\/proyectos\/jordi-bosh-houses\/\">\n\t\t\t\t<div class=\"elementor-portfolio-item__img elementor-post__thumbnail\">\n\t\t\t<img loading=\"lazy\" decoding=\"async\" width=\"1825\" height=\"1038\" src=\"https:\/\/esteling.com\/wp-content\/uploads\/2022\/01\/JordiBosch22.jpeg\" class=\"attachment-full size-full wp-image-14220\" alt=\"Vista cenital de la terraza y piscina de Casas Jordi Bosch - Ejecuci\u00f3n integral de las instalaciones\" srcset=\"https:\/\/esteling.com\/wp-content\/uploads\/2022\/01\/JordiBosch22.jpeg 1825w, https:\/\/esteling.com\/wp-content\/uploads\/2022\/01\/JordiBosch22-600x341.jpeg 600w, https:\/\/esteling.com\/wp-content\/uploads\/2022\/01\/JordiBosch22-768x437.jpeg 768w, https:\/\/esteling.com\/wp-content\/uploads\/2022\/01\/JordiBosch22-1536x874.jpeg 1536w\" sizes=\"(max-width: 1825px) 100vw, 1825px\" \/>\t\t<\/div>\n\t\t\t\t<div class=\"elementor-portfolio-item__overlay\">\n\t\t\t\t<h3 class=\"elementor-portfolio-item__title\">\n\t\tJordi Bosh Houses\t\t<\/h3>\n\t\t\t\t<\/div>\n\t\t\t\t<\/a>\n\t\t<\/article>\n\t\t\t\t<article class=\"elementor-portfolio-item elementor-post elementor-filter-326 post-14216 proyectos type-proyectos status-publish format-standard has-post-thumbnail hentry sector-hotels tipo-de-trabajo-navigation-esp-master-en-2 pais-islas-turcas-y-calcos-en\" role=\"listitem\">\n\t\t\t<a class=\"elementor-post__thumbnail__link\" href=\"https:\/\/esteling.com\/en\/proyectos\/club-med-turkoise\/\">\n\t\t\t\t<div class=\"elementor-portfolio-item__img elementor-post__thumbnail\">\n\t\t\t<img loading=\"lazy\" decoding=\"async\" width=\"2560\" height=\"1734\" src=\"https:\/\/esteling.com\/wp-content\/uploads\/2022\/01\/171895-3nq9q3vf6s-swhr.jpg\" class=\"attachment-full size-full wp-image-14212\" alt=\"Habitaci\u00f3n del Club Med Turkoise - Ejecuci\u00f3n de las instalaciones\" srcset=\"https:\/\/esteling.com\/wp-content\/uploads\/2022\/01\/171895-3nq9q3vf6s-swhr.jpg 2560w, https:\/\/esteling.com\/wp-content\/uploads\/2022\/01\/171895-3nq9q3vf6s-swhr-600x406.jpg 600w, https:\/\/esteling.com\/wp-content\/uploads\/2022\/01\/171895-3nq9q3vf6s-swhr-1920x1301.jpg 1920w, https:\/\/esteling.com\/wp-content\/uploads\/2022\/01\/171895-3nq9q3vf6s-swhr-768x520.jpg 768w, https:\/\/esteling.com\/wp-content\/uploads\/2022\/01\/171895-3nq9q3vf6s-swhr-1536x1040.jpg 1536w, https:\/\/esteling.com\/wp-content\/uploads\/2022\/01\/171895-3nq9q3vf6s-swhr-2048x1387.jpg 2048w\" sizes=\"(max-width: 2560px) 100vw, 2560px\" \/>\t\t<\/div>\n\t\t\t\t<div class=\"elementor-portfolio-item__overlay\">\n\t\t\t\t<h3 class=\"elementor-portfolio-item__title\">\n\t\tClub Med Turkoise\t\t<\/h3>\n\t\t\t\t<\/div>\n\t\t\t\t<\/a>\n\t\t<\/article>\n\t\t\t\t<article class=\"elementor-portfolio-item elementor-post elementor-filter-208 post-14206 proyectos type-proyectos status-publish format-standard has-post-thumbnail hentry sector-hotels tipo-de-trabajo-navigation-esp-master-en-5 tipo-de-trabajo-navigation-esp-master-en-2 pais-jamaica-en\" role=\"listitem\">\n\t\t\t<a class=\"elementor-post__thumbnail__link\" href=\"https:\/\/esteling.com\/en\/proyectos\/iberostar-rose-hall\/\">\n\t\t\t\t<div class=\"elementor-portfolio-item__img elementor-post__thumbnail\">\n\t\t\t<img loading=\"lazy\" decoding=\"async\" width=\"1280\" height=\"854\" src=\"https:\/\/esteling.com\/wp-content\/uploads\/2022\/01\/hotel-rose-hall33.jpeg\" class=\"attachment-full size-full wp-image-14199\" alt=\"Iberostar Rose Hall - Ejecuci\u00f3n de las instalaciones y Mantenimiento realizado\" srcset=\"https:\/\/esteling.com\/wp-content\/uploads\/2022\/01\/hotel-rose-hall33.jpeg 1280w, https:\/\/esteling.com\/wp-content\/uploads\/2022\/01\/hotel-rose-hall33-600x400.jpeg 600w, https:\/\/esteling.com\/wp-content\/uploads\/2022\/01\/hotel-rose-hall33-768x512.jpeg 768w\" sizes=\"(max-width: 1280px) 100vw, 1280px\" \/>\t\t<\/div>\n\t\t\t\t<div class=\"elementor-portfolio-item__overlay\">\n\t\t\t\t<h3 class=\"elementor-portfolio-item__title\">\n\t\tIberostar Rose Hall\t\t<\/h3>\n\t\t\t\t<\/div>\n\t\t\t\t<\/a>\n\t\t<\/article>\n\t\t\t\t<article class=\"elementor-portfolio-item elementor-post elementor-filter-187 post-14195 proyectos type-proyectos status-publish format-standard has-post-thumbnail hentry sector-hotels tipo-de-trabajo-navigation-esp-master-en-2 pais-spain\" role=\"listitem\">\n\t\t\t<a class=\"elementor-post__thumbnail__link\" href=\"https:\/\/esteling.com\/en\/proyectos\/me-ibiza\/\">\n\t\t\t\t<div class=\"elementor-portfolio-item__img elementor-post__thumbnail\">\n\t\t\t<img loading=\"lazy\" decoding=\"async\" width=\"1618\" height=\"1080\" src=\"https:\/\/esteling.com\/wp-content\/uploads\/2022\/01\/MeIbiza1.jpg\" class=\"attachment-full size-full wp-image-14189\" alt=\"ME Ibiza - Ejecuci\u00f3n integral de las instalaciones\" srcset=\"https:\/\/esteling.com\/wp-content\/uploads\/2022\/01\/MeIbiza1.jpg 1618w, https:\/\/esteling.com\/wp-content\/uploads\/2022\/01\/MeIbiza1-600x400.jpg 600w, https:\/\/esteling.com\/wp-content\/uploads\/2022\/01\/MeIbiza1-768x513.jpg 768w, https:\/\/esteling.com\/wp-content\/uploads\/2022\/01\/MeIbiza1-1536x1025.jpg 1536w\" sizes=\"(max-width: 1618px) 100vw, 1618px\" \/>\t\t<\/div>\n\t\t\t\t<div class=\"elementor-portfolio-item__overlay\">\n\t\t\t\t<h3 class=\"elementor-portfolio-item__title\">\n\t\tME Ibiza\t\t<\/h3>\n\t\t\t\t<\/div>\n\t\t\t\t<\/a>\n\t\t<\/article>\n\t\t\t\t<article class=\"elementor-portfolio-item elementor-post elementor-filter-187 post-14183 proyectos type-proyectos status-publish format-standard has-post-thumbnail hentry sector-hotels tipo-de-trabajo-navigation-esp-master-en-2 pais-spain\" role=\"listitem\">\n\t\t\t<a class=\"elementor-post__thumbnail__link\" href=\"https:\/\/esteling.com\/en\/proyectos\/iberostar-royal-andalus\/\">\n\t\t\t\t<div class=\"elementor-portfolio-item__img elementor-post__thumbnail\">\n\t\t\t<img loading=\"lazy\" decoding=\"async\" width=\"1200\" height=\"674\" src=\"https:\/\/esteling.com\/wp-content\/uploads\/2022\/01\/RoyalalAndalus22.jpeg\" class=\"attachment-full size-full wp-image-14177\" alt=\"Ejecuci\u00f3n de las instalaciones\" srcset=\"https:\/\/esteling.com\/wp-content\/uploads\/2022\/01\/RoyalalAndalus22.jpeg 1200w, https:\/\/esteling.com\/wp-content\/uploads\/2022\/01\/RoyalalAndalus22-600x337.jpeg 600w, https:\/\/esteling.com\/wp-content\/uploads\/2022\/01\/RoyalalAndalus22-768x431.jpeg 768w\" sizes=\"(max-width: 1200px) 100vw, 1200px\" \/>\t\t<\/div>\n\t\t\t\t<div class=\"elementor-portfolio-item__overlay\">\n\t\t\t\t<h3 class=\"elementor-portfolio-item__title\">\n\t\tIberostar Royal Andalus\t\t<\/h3>\n\t\t\t\t<\/div>\n\t\t\t\t<\/a>\n\t\t<\/article>\n\t\t\t\t<article class=\"elementor-portfolio-item elementor-post elementor-filter-187 post-14117 proyectos type-proyectos status-publish format-standard has-post-thumbnail hentry sector-hotels tipo-de-trabajo-navigation-esp-master-en-2 pais-spain\" role=\"listitem\">\n\t\t\t<a class=\"elementor-post__thumbnail__link\" href=\"https:\/\/esteling.com\/en\/proyectos\/hotel-antigua-palma\/\">\n\t\t\t\t<div class=\"elementor-portfolio-item__img elementor-post__thumbnail\">\n\t\t\t<img loading=\"lazy\" decoding=\"async\" width=\"1280\" height=\"720\" src=\"https:\/\/esteling.com\/wp-content\/uploads\/2021\/12\/HotelAntigua1.jpg\" class=\"attachment-full size-full wp-image-14102\" alt=\"\" srcset=\"https:\/\/esteling.com\/wp-content\/uploads\/2021\/12\/HotelAntigua1.jpg 1280w, https:\/\/esteling.com\/wp-content\/uploads\/2021\/12\/HotelAntigua1-600x338.jpg 600w, https:\/\/esteling.com\/wp-content\/uploads\/2021\/12\/HotelAntigua1-768x432.jpg 768w\" sizes=\"(max-width: 1280px) 100vw, 1280px\" \/>\t\t<\/div>\n\t\t\t\t<div class=\"elementor-portfolio-item__overlay\">\n\t\t\t\t<h3 class=\"elementor-portfolio-item__title\">\n\t\tAntigua Palma Hotel\t\t<\/h3>\n\t\t\t\t<\/div>\n\t\t\t\t<\/a>\n\t\t<\/article>\n\t\t\t\t<article class=\"elementor-portfolio-item elementor-post elementor-filter-187 post-14098 proyectos type-proyectos status-publish format-standard has-post-thumbnail hentry sector-hotels tipo-de-trabajo-navigation-esp-master-en-2 pais-spain\" role=\"listitem\">\n\t\t\t<a class=\"elementor-post__thumbnail__link\" href=\"https:\/\/esteling.com\/en\/proyectos\/hotel-ushuaia-ibiza-beach\/\">\n\t\t\t\t<div class=\"elementor-portfolio-item__img elementor-post__thumbnail\">\n\t\t\t<img loading=\"lazy\" decoding=\"async\" width=\"1200\" height=\"843\" src=\"https:\/\/esteling.com\/wp-content\/uploads\/2021\/12\/Ushuaia.jpg\" class=\"attachment-full size-full wp-image-14089\" alt=\"\" srcset=\"https:\/\/esteling.com\/wp-content\/uploads\/2021\/12\/Ushuaia.jpg 1200w, https:\/\/esteling.com\/wp-content\/uploads\/2021\/12\/Ushuaia-600x422.jpg 600w, https:\/\/esteling.com\/wp-content\/uploads\/2021\/12\/Ushuaia-768x540.jpg 768w\" sizes=\"(max-width: 1200px) 100vw, 1200px\" \/>\t\t<\/div>\n\t\t\t\t<div class=\"elementor-portfolio-item__overlay\">\n\t\t\t\t<h3 class=\"elementor-portfolio-item__title\">\n\t\tUshuaia Ibiza Beach Hotel\t\t<\/h3>\n\t\t\t\t<\/div>\n\t\t\t\t<\/a>\n\t\t<\/article>\n\t\t\t\t<article class=\"elementor-portfolio-item elementor-post elementor-filter-187 post-14085 proyectos type-proyectos status-publish format-standard has-post-thumbnail hentry sector-infrastructures tipo-de-trabajo-navigation-esp-master-en-2 pais-spain\" role=\"listitem\">\n\t\t\t<a class=\"elementor-post__thumbnail__link\" href=\"https:\/\/esteling.com\/en\/proyectos\/tennis-country-club-santa-ponca\/\">\n\t\t\t\t<div class=\"elementor-portfolio-item__img elementor-post__thumbnail\">\n\t\t\t<img loading=\"lazy\" decoding=\"async\" width=\"1100\" height=\"748\" src=\"https:\/\/esteling.com\/wp-content\/uploads\/2021\/12\/TennisCountryClub2.jpg\" class=\"attachment-full size-full wp-image-14080\" alt=\"\" srcset=\"https:\/\/esteling.com\/wp-content\/uploads\/2021\/12\/TennisCountryClub2.jpg 1100w, https:\/\/esteling.com\/wp-content\/uploads\/2021\/12\/TennisCountryClub2-600x408.jpg 600w, https:\/\/esteling.com\/wp-content\/uploads\/2021\/12\/TennisCountryClub2-768x522.jpg 768w\" sizes=\"(max-width: 1100px) 100vw, 1100px\" \/>\t\t<\/div>\n\t\t\t\t<div class=\"elementor-portfolio-item__overlay\">\n\t\t\t\t<h3 class=\"elementor-portfolio-item__title\">\n\t\tTennis Country Club Santa Pon\u00e7a\t\t<\/h3>\n\t\t\t\t<\/div>\n\t\t\t\t<\/a>\n\t\t<\/article>\n\t\t\t\t<article class=\"elementor-portfolio-item elementor-post elementor-filter-209 post-14074 proyectos type-proyectos status-publish format-standard has-post-thumbnail hentry sector-culture tipo-de-trabajo-navigation-esp-master-en-2 pais-mexico-en\" role=\"listitem\">\n\t\t\t<a class=\"elementor-post__thumbnail__link\" href=\"https:\/\/esteling.com\/en\/proyectos\/iberostar-playa-paraiso-convention-center\/\">\n\t\t\t\t<div class=\"elementor-portfolio-item__img elementor-post__thumbnail\">\n\t\t\t<img loading=\"lazy\" decoding=\"async\" width=\"1200\" height=\"675\" src=\"https:\/\/esteling.com\/wp-content\/uploads\/2021\/12\/CentroConvencionesParaiso1estel.jpg\" class=\"attachment-full size-full wp-image-14065\" alt=\"\" srcset=\"https:\/\/esteling.com\/wp-content\/uploads\/2021\/12\/CentroConvencionesParaiso1estel.jpg 1200w, https:\/\/esteling.com\/wp-content\/uploads\/2021\/12\/CentroConvencionesParaiso1estel-600x338.jpg 600w, https:\/\/esteling.com\/wp-content\/uploads\/2021\/12\/CentroConvencionesParaiso1estel-768x432.jpg 768w\" sizes=\"(max-width: 1200px) 100vw, 1200px\" \/>\t\t<\/div>\n\t\t\t\t<div class=\"elementor-portfolio-item__overlay\">\n\t\t\t\t<h3 class=\"elementor-portfolio-item__title\">\n\t\tIberostar Playa Para\u00edso Convention Center\t\t<\/h3>\n\t\t\t\t<\/div>\n\t\t\t\t<\/a>\n\t\t<\/article>\n\t\t\t\t<article class=\"elementor-portfolio-item elementor-post elementor-filter-187 post-14055 proyectos type-proyectos status-publish format-standard has-post-thumbnail hentry sector-culture tipo-de-trabajo-navigation-esp-master-en-2 pais-spain\" role=\"listitem\">\n\t\t\t<a class=\"elementor-post__thumbnail__link\" href=\"https:\/\/esteling.com\/en\/proyectos\/palma-main-theatre\/\">\n\t\t\t\t<div class=\"elementor-portfolio-item__img elementor-post__thumbnail\">\n\t\t\t<img loading=\"lazy\" decoding=\"async\" width=\"2560\" height=\"1536\" src=\"https:\/\/esteling.com\/wp-content\/uploads\/2021\/12\/TeatroPrincipalPalma1-scaled.jpg\" class=\"attachment-full size-full wp-image-14045\" alt=\"\" srcset=\"https:\/\/esteling.com\/wp-content\/uploads\/2021\/12\/TeatroPrincipalPalma1-scaled.jpg 2560w, https:\/\/esteling.com\/wp-content\/uploads\/2021\/12\/TeatroPrincipalPalma1-600x360.jpg 600w, https:\/\/esteling.com\/wp-content\/uploads\/2021\/12\/TeatroPrincipalPalma1-1920x1152.jpg 1920w, https:\/\/esteling.com\/wp-content\/uploads\/2021\/12\/TeatroPrincipalPalma1-768x461.jpg 768w, https:\/\/esteling.com\/wp-content\/uploads\/2021\/12\/TeatroPrincipalPalma1-1536x922.jpg 1536w, https:\/\/esteling.com\/wp-content\/uploads\/2021\/12\/TeatroPrincipalPalma1-2048x1229.jpg 2048w\" sizes=\"(max-width: 2560px) 100vw, 2560px\" \/>\t\t<\/div>\n\t\t\t\t<div class=\"elementor-portfolio-item__overlay\">\n\t\t\t\t<h3 class=\"elementor-portfolio-item__title\">\n\t\tPalma Main Theatre\t\t<\/h3>\n\t\t\t\t<\/div>\n\t\t\t\t<\/a>\n\t\t<\/article>\n\t\t\t\t<article class=\"elementor-portfolio-item elementor-post elementor-filter-209 post-14002 proyectos type-proyectos status-publish format-standard has-post-thumbnail hentry sector-infrastructures tipo-de-trabajo-navigation-esp-master-en-2 pais-mexico-en\" role=\"listitem\">\n\t\t\t<a class=\"elementor-post__thumbnail__link\" href=\"https:\/\/esteling.com\/en\/proyectos\/mexicali-airport\/\">\n\t\t\t\t<div class=\"elementor-portfolio-item__img elementor-post__thumbnail\">\n\t\t\t<img loading=\"lazy\" decoding=\"async\" width=\"1200\" height=\"675\" src=\"https:\/\/esteling.com\/wp-content\/uploads\/2021\/11\/aeropuerto_mexli.jpg_554688468.jpg\" class=\"attachment-full size-full wp-image-13998\" alt=\"\" srcset=\"https:\/\/esteling.com\/wp-content\/uploads\/2021\/11\/aeropuerto_mexli.jpg_554688468.jpg 1200w, https:\/\/esteling.com\/wp-content\/uploads\/2021\/11\/aeropuerto_mexli.jpg_554688468-600x338.jpg 600w, https:\/\/esteling.com\/wp-content\/uploads\/2021\/11\/aeropuerto_mexli.jpg_554688468-768x432.jpg 768w\" sizes=\"(max-width: 1200px) 100vw, 1200px\" \/>\t\t<\/div>\n\t\t\t\t<div class=\"elementor-portfolio-item__overlay\">\n\t\t\t\t<h3 class=\"elementor-portfolio-item__title\">\n\t\tMexicali Airport\t\t<\/h3>\n\t\t\t\t<\/div>\n\t\t\t\t<\/a>\n\t\t<\/article>\n\t\t\t\t<article class=\"elementor-portfolio-item elementor-post elementor-filter-209 post-13994 proyectos type-proyectos status-publish format-standard has-post-thumbnail hentry sector-infrastructures tipo-de-trabajo-navigation-esp-master-en-2 pais-mexico-en\" role=\"listitem\">\n\t\t\t<a class=\"elementor-post__thumbnail__link\" href=\"https:\/\/esteling.com\/en\/proyectos\/metal-extrusions-plant\/\">\n\t\t\t\t<div class=\"elementor-portfolio-item__img elementor-post__thumbnail\">\n\t\t\t<img loading=\"lazy\" decoding=\"async\" width=\"800\" height=\"500\" src=\"https:\/\/esteling.com\/wp-content\/uploads\/2021\/11\/extrusion-06.jpg\" class=\"attachment-full size-full wp-image-13992\" alt=\"\" srcset=\"https:\/\/esteling.com\/wp-content\/uploads\/2021\/11\/extrusion-06.jpg 800w, https:\/\/esteling.com\/wp-content\/uploads\/2021\/11\/extrusion-06-600x375.jpg 600w, https:\/\/esteling.com\/wp-content\/uploads\/2021\/11\/extrusion-06-768x480.jpg 768w\" sizes=\"(max-width: 800px) 100vw, 800px\" \/>\t\t<\/div>\n\t\t\t\t<div class=\"elementor-portfolio-item__overlay\">\n\t\t\t\t<h3 class=\"elementor-portfolio-item__title\">\n\t\tMetal Extrusions Plant\t\t<\/h3>\n\t\t\t\t<\/div>\n\t\t\t\t<\/a>\n\t\t<\/article>\n\t\t\t\t<article class=\"elementor-portfolio-item elementor-post elementor-filter-187 post-13982 proyectos type-proyectos status-publish format-standard has-post-thumbnail hentry sector-hotels tipo-de-trabajo-navigation-esp-master-en-2 pais-spain\" role=\"listitem\">\n\t\t\t<a class=\"elementor-post__thumbnail__link\" href=\"https:\/\/esteling.com\/en\/proyectos\/siau-ibiza-beach-hotel\/\">\n\t\t\t\t<div class=\"elementor-portfolio-item__img elementor-post__thumbnail\">\n\t\t\t<img loading=\"lazy\" decoding=\"async\" width=\"2048\" height=\"914\" src=\"https:\/\/esteling.com\/wp-content\/uploads\/2021\/11\/SG2144-9842-2-digital.jpg\" class=\"attachment-full size-full wp-image-13980\" alt=\"\" srcset=\"https:\/\/esteling.com\/wp-content\/uploads\/2021\/11\/SG2144-9842-2-digital.jpg 2048w, https:\/\/esteling.com\/wp-content\/uploads\/2021\/11\/SG2144-9842-2-digital-600x268.jpg 600w, https:\/\/esteling.com\/wp-content\/uploads\/2021\/11\/SG2144-9842-2-digital-1920x857.jpg 1920w, https:\/\/esteling.com\/wp-content\/uploads\/2021\/11\/SG2144-9842-2-digital-768x343.jpg 768w, https:\/\/esteling.com\/wp-content\/uploads\/2021\/11\/SG2144-9842-2-digital-1536x686.jpg 1536w\" sizes=\"(max-width: 2048px) 100vw, 2048px\" \/>\t\t<\/div>\n\t\t\t\t<div class=\"elementor-portfolio-item__overlay\">\n\t\t\t\t<h3 class=\"elementor-portfolio-item__title\">\n\t\tSiau Ibiza Beach Hotel\t\t<\/h3>\n\t\t\t\t<\/div>\n\t\t\t\t<\/a>\n\t\t<\/article>\n\t\t\t\t<article class=\"elementor-portfolio-item elementor-post elementor-filter-187 post-13964 proyectos type-proyectos status-publish format-standard has-post-thumbnail hentry sector-hotels tipo-de-trabajo-navigation-esp-master-en-2 pais-spain\" role=\"listitem\">\n\t\t\t<a class=\"elementor-post__thumbnail__link\" href=\"https:\/\/esteling.com\/en\/proyectos\/js-sol-de-alcudia\/\">\n\t\t\t\t<div class=\"elementor-portfolio-item__img elementor-post__thumbnail\">\n\t\t\t<img loading=\"lazy\" decoding=\"async\" width=\"1280\" height=\"849\" src=\"https:\/\/esteling.com\/wp-content\/uploads\/2021\/11\/JSSolAlcudia_2.jpg\" class=\"attachment-full size-full wp-image-13958\" alt=\"\" srcset=\"https:\/\/esteling.com\/wp-content\/uploads\/2021\/11\/JSSolAlcudia_2.jpg 1280w, https:\/\/esteling.com\/wp-content\/uploads\/2021\/11\/JSSolAlcudia_2-600x398.jpg 600w, https:\/\/esteling.com\/wp-content\/uploads\/2021\/11\/JSSolAlcudia_2-768x509.jpg 768w\" sizes=\"(max-width: 1280px) 100vw, 1280px\" \/>\t\t<\/div>\n\t\t\t\t<div class=\"elementor-portfolio-item__overlay\">\n\t\t\t\t<h3 class=\"elementor-portfolio-item__title\">\n\t\tJS Sol de Alcudia\t\t<\/h3>\n\t\t\t\t<\/div>\n\t\t\t\t<\/a>\n\t\t<\/article>\n\t\t\t\t<article class=\"elementor-portfolio-item elementor-post elementor-filter-187 post-13954 proyectos type-proyectos status-publish format-standard has-post-thumbnail hentry sector-hotels tipo-de-trabajo-navigation-esp-master-en-2 pais-spain\" role=\"listitem\">\n\t\t\t<a class=\"elementor-post__thumbnail__link\" href=\"https:\/\/esteling.com\/en\/proyectos\/gran-melia-colon\/\">\n\t\t\t\t<div class=\"elementor-portfolio-item__img elementor-post__thumbnail\">\n\t\t\t<img loading=\"lazy\" decoding=\"async\" width=\"1024\" height=\"683\" src=\"https:\/\/esteling.com\/wp-content\/uploads\/2021\/11\/GranMeliaColon_1.jpg\" class=\"attachment-full size-full wp-image-13946\" alt=\"\" srcset=\"https:\/\/esteling.com\/wp-content\/uploads\/2021\/11\/GranMeliaColon_1.jpg 1024w, https:\/\/esteling.com\/wp-content\/uploads\/2021\/11\/GranMeliaColon_1-600x400.jpg 600w, https:\/\/esteling.com\/wp-content\/uploads\/2021\/11\/GranMeliaColon_1-768x512.jpg 768w\" sizes=\"(max-width: 1024px) 100vw, 1024px\" \/>\t\t<\/div>\n\t\t\t\t<div class=\"elementor-portfolio-item__overlay\">\n\t\t\t\t<h3 class=\"elementor-portfolio-item__title\">\n\t\tGran Meli\u00e0 Colon\t\t<\/h3>\n\t\t\t\t<\/div>\n\t\t\t\t<\/a>\n\t\t<\/article>\n\t\t\t\t<article class=\"elementor-portfolio-item elementor-post elementor-filter-187 post-13603 proyectos type-proyectos status-publish format-standard has-post-thumbnail hentry sector-residential tipo-de-trabajo-navigation-esp-master-en-2 tipo-de-trabajo-navigation-esp-master tipo-de-trabajo-navigation-esp-master-en-4 tipo-de-trabajo-navigation-esp-master-en pais-spain\" role=\"listitem\">\n\t\t\t<a class=\"elementor-post__thumbnail__link\" href=\"https:\/\/esteling.com\/en\/proyectos\/maioris-house\/\">\n\t\t\t\t<div class=\"elementor-portfolio-item__img elementor-post__thumbnail\">\n\t\t\t<img loading=\"lazy\" decoding=\"async\" width=\"1800\" height=\"1000\" src=\"https:\/\/esteling.com\/wp-content\/uploads\/2021\/10\/Maoris-Esteling-1.jpeg\" class=\"attachment-full size-full wp-image-13597\" alt=\"\" srcset=\"https:\/\/esteling.com\/wp-content\/uploads\/2021\/10\/Maoris-Esteling-1.jpeg 1800w, https:\/\/esteling.com\/wp-content\/uploads\/2021\/10\/Maoris-Esteling-1-300x167.jpeg 300w, https:\/\/esteling.com\/wp-content\/uploads\/2021\/10\/Maoris-Esteling-1-1024x569.jpeg 1024w, https:\/\/esteling.com\/wp-content\/uploads\/2021\/10\/Maoris-Esteling-1-768x427.jpeg 768w, https:\/\/esteling.com\/wp-content\/uploads\/2021\/10\/Maoris-Esteling-1-1536x853.jpeg 1536w\" sizes=\"(max-width: 1800px) 100vw, 1800px\" \/>\t\t<\/div>\n\t\t\t\t<div class=\"elementor-portfolio-item__overlay\">\n\t\t\t\t<h3 class=\"elementor-portfolio-item__title\">\n\t\tMaioris House\t\t<\/h3>\n\t\t\t\t<\/div>\n\t\t\t\t<\/a>\n\t\t<\/article>\n\t\t\t\t<article class=\"elementor-portfolio-item elementor-post elementor-filter-187 post-13593 proyectos type-proyectos status-publish format-standard has-post-thumbnail hentry sector-residential tipo-de-trabajo-navigation-esp-master-en tipo-de-trabajo-navigation-esp-master-en-2 tipo-de-trabajo-navigation-esp-master tipo-de-trabajo-navigation-esp-master-en-4 pais-spain\" role=\"listitem\">\n\t\t\t<a class=\"elementor-post__thumbnail__link\" href=\"https:\/\/esteling.com\/en\/proyectos\/sirvi-house\/\">\n\t\t\t\t<div class=\"elementor-portfolio-item__img elementor-post__thumbnail\">\n\t\t\t<img loading=\"lazy\" decoding=\"async\" width=\"1600\" height=\"900\" src=\"https:\/\/esteling.com\/wp-content\/uploads\/2021\/10\/casa_sirvi-esteling1.jpeg\" class=\"attachment-full size-full wp-image-13591\" alt=\"\" srcset=\"https:\/\/esteling.com\/wp-content\/uploads\/2021\/10\/casa_sirvi-esteling1.jpeg 1600w, https:\/\/esteling.com\/wp-content\/uploads\/2021\/10\/casa_sirvi-esteling1-300x169.jpeg 300w, https:\/\/esteling.com\/wp-content\/uploads\/2021\/10\/casa_sirvi-esteling1-1024x576.jpeg 1024w, https:\/\/esteling.com\/wp-content\/uploads\/2021\/10\/casa_sirvi-esteling1-768x432.jpeg 768w, https:\/\/esteling.com\/wp-content\/uploads\/2021\/10\/casa_sirvi-esteling1-1536x864.jpeg 1536w\" sizes=\"(max-width: 1600px) 100vw, 1600px\" \/>\t\t<\/div>\n\t\t\t\t<div class=\"elementor-portfolio-item__overlay\">\n\t\t\t\t<h3 class=\"elementor-portfolio-item__title\">\n\t\tSirvi House\t\t<\/h3>\n\t\t\t\t<\/div>\n\t\t\t\t<\/a>\n\t\t<\/article>\n\t\t\t\t<article class=\"elementor-portfolio-item elementor-post elementor-filter-187 post-13577 proyectos type-proyectos status-publish format-standard has-post-thumbnail hentry sector-residential tipo-de-trabajo-navigation-esp-master-en-4 tipo-de-trabajo-navigation-esp-master-en tipo-de-trabajo-navigation-esp-master-en-2 pais-spain\" role=\"listitem\">\n\t\t\t<a class=\"elementor-post__thumbnail__link\" href=\"https:\/\/esteling.com\/en\/proyectos\/harbour-lofts\/\">\n\t\t\t\t<div class=\"elementor-portfolio-item__img elementor-post__thumbnail\">\n\t\t\t<img loading=\"lazy\" decoding=\"async\" width=\"1920\" height=\"1327\" src=\"https:\/\/esteling.com\/wp-content\/uploads\/2021\/10\/Harbour1-esteling.jpeg\" class=\"attachment-full size-full wp-image-13569\" alt=\"\" srcset=\"https:\/\/esteling.com\/wp-content\/uploads\/2021\/10\/Harbour1-esteling.jpeg 1920w, https:\/\/esteling.com\/wp-content\/uploads\/2021\/10\/Harbour1-esteling-300x207.jpeg 300w, https:\/\/esteling.com\/wp-content\/uploads\/2021\/10\/Harbour1-esteling-1024x708.jpeg 1024w, https:\/\/esteling.com\/wp-content\/uploads\/2021\/10\/Harbour1-esteling-768x531.jpeg 768w, https:\/\/esteling.com\/wp-content\/uploads\/2021\/10\/Harbour1-esteling-1536x1062.jpeg 1536w\" sizes=\"(max-width: 1920px) 100vw, 1920px\" \/>\t\t<\/div>\n\t\t\t\t<div class=\"elementor-portfolio-item__overlay\">\n\t\t\t\t<h3 class=\"elementor-portfolio-item__title\">\n\t\tHarbour Lofts\t\t<\/h3>\n\t\t\t\t<\/div>\n\t\t\t\t<\/a>\n\t\t<\/article>\n\t\t\t\t<article class=\"elementor-portfolio-item elementor-post elementor-filter-187 post-13565 proyectos type-proyectos status-publish format-standard has-post-thumbnail hentry sector-residential tipo-de-trabajo-navigation-esp-master-en-2 pais-spain\" role=\"listitem\">\n\t\t\t<a class=\"elementor-post__thumbnail__link\" href=\"https:\/\/esteling.com\/en\/proyectos\/mirador-homes\/\">\n\t\t\t\t<div class=\"elementor-portfolio-item__img elementor-post__thumbnail\">\n\t\t\t<img loading=\"lazy\" decoding=\"async\" width=\"1500\" height=\"1000\" src=\"https:\/\/esteling.com\/wp-content\/uploads\/2021\/10\/Mirador1-esteling.jpeg\" class=\"attachment-full size-full wp-image-13563\" alt=\"\" srcset=\"https:\/\/esteling.com\/wp-content\/uploads\/2021\/10\/Mirador1-esteling.jpeg 1500w, https:\/\/esteling.com\/wp-content\/uploads\/2021\/10\/Mirador1-esteling-300x200.jpeg 300w, https:\/\/esteling.com\/wp-content\/uploads\/2021\/10\/Mirador1-esteling-1024x683.jpeg 1024w, https:\/\/esteling.com\/wp-content\/uploads\/2021\/10\/Mirador1-esteling-768x512.jpeg 768w\" sizes=\"(max-width: 1500px) 100vw, 1500px\" \/>\t\t<\/div>\n\t\t\t\t<div class=\"elementor-portfolio-item__overlay\">\n\t\t\t\t<h3 class=\"elementor-portfolio-item__title\">\n\t\tMirador Homes\t\t<\/h3>\n\t\t\t\t<\/div>\n\t\t\t\t<\/a>\n\t\t<\/article>\n\t\t\t\t<article class=\"elementor-portfolio-item elementor-post elementor-filter-187 post-13528 proyectos type-proyectos status-publish format-standard has-post-thumbnail hentry sector-residential tipo-de-trabajo-navigation-esp-master-en-2 pais-spain\" role=\"listitem\">\n\t\t\t<a class=\"elementor-post__thumbnail__link\" href=\"https:\/\/esteling.com\/en\/proyectos\/pont-i-vic\/\">\n\t\t\t\t<div class=\"elementor-portfolio-item__img elementor-post__thumbnail\">\n\t\t\t<img loading=\"lazy\" decoding=\"async\" width=\"1500\" height=\"1059\" src=\"https:\/\/esteling.com\/wp-content\/uploads\/2021\/10\/3PontiVic1-estel.jpeg\" class=\"attachment-full size-full wp-image-13529\" alt=\"\" srcset=\"https:\/\/esteling.com\/wp-content\/uploads\/2021\/10\/3PontiVic1-estel.jpeg 1500w, https:\/\/esteling.com\/wp-content\/uploads\/2021\/10\/3PontiVic1-estel-300x212.jpeg 300w, https:\/\/esteling.com\/wp-content\/uploads\/2021\/10\/3PontiVic1-estel-1024x723.jpeg 1024w, https:\/\/esteling.com\/wp-content\/uploads\/2021\/10\/3PontiVic1-estel-768x542.jpeg 768w\" sizes=\"(max-width: 1500px) 100vw, 1500px\" \/>\t\t<\/div>\n\t\t\t\t<div class=\"elementor-portfolio-item__overlay\">\n\t\t\t\t<h3 class=\"elementor-portfolio-item__title\">\n\t\tPont i Vic\t\t<\/h3>\n\t\t\t\t<\/div>\n\t\t\t\t<\/a>\n\t\t<\/article>\n\t\t\t\t<article class=\"elementor-portfolio-item elementor-post elementor-filter-187 post-13493 proyectos type-proyectos status-publish format-standard has-post-thumbnail hentry sector-infrastructures tipo-de-trabajo-navigation-esp-master-en-2 pais-spain\" role=\"listitem\">\n\t\t\t<a class=\"elementor-post__thumbnail__link\" href=\"https:\/\/esteling.com\/en\/proyectos\/second-belt-palma-de-mallorca\/\">\n\t\t\t\t<div class=\"elementor-portfolio-item__img elementor-post__thumbnail\">\n\t\t\t<img loading=\"lazy\" decoding=\"async\" width=\"1400\" height=\"976\" src=\"https:\/\/esteling.com\/wp-content\/uploads\/2021\/09\/SegundoCinturon-Mallorca.jpeg\" class=\"attachment-full size-full wp-image-13491\" alt=\"\" srcset=\"https:\/\/esteling.com\/wp-content\/uploads\/2021\/09\/SegundoCinturon-Mallorca.jpeg 1400w, https:\/\/esteling.com\/wp-content\/uploads\/2021\/09\/SegundoCinturon-Mallorca-300x209.jpeg 300w, https:\/\/esteling.com\/wp-content\/uploads\/2021\/09\/SegundoCinturon-Mallorca-1024x714.jpeg 1024w, https:\/\/esteling.com\/wp-content\/uploads\/2021\/09\/SegundoCinturon-Mallorca-768x535.jpeg 768w\" sizes=\"(max-width: 1400px) 100vw, 1400px\" \/>\t\t<\/div>\n\t\t\t\t<div class=\"elementor-portfolio-item__overlay\">\n\t\t\t\t<h3 class=\"elementor-portfolio-item__title\">\n\t\tSecond Belt Palma de Mallorca\t\t<\/h3>\n\t\t\t\t<\/div>\n\t\t\t\t<\/a>\n\t\t<\/article>\n\t\t\t\t<article class=\"elementor-portfolio-item elementor-post elementor-filter-318 post-13481 proyectos type-proyectos status-publish format-standard has-post-thumbnail hentry sector-hotels tipo-de-trabajo-navigation-esp-master-en-2 pais-uk\" role=\"listitem\">\n\t\t\t<a class=\"elementor-post__thumbnail__link\" href=\"https:\/\/esteling.com\/en\/proyectos\/h10-london-waterloo-hotel\/\">\n\t\t\t\t<div class=\"elementor-portfolio-item__img elementor-post__thumbnail\">\n\t\t\t<img loading=\"lazy\" decoding=\"async\" width=\"765\" height=\"900\" src=\"https:\/\/esteling.com\/wp-content\/uploads\/2021\/09\/H10-London-Waterloo-4.jpg\" class=\"attachment-full size-full wp-image-13473\" alt=\"\" srcset=\"https:\/\/esteling.com\/wp-content\/uploads\/2021\/09\/H10-London-Waterloo-4.jpg 765w, https:\/\/esteling.com\/wp-content\/uploads\/2021\/09\/H10-London-Waterloo-4-255x300.jpg 255w\" sizes=\"(max-width: 765px) 100vw, 765px\" \/>\t\t<\/div>\n\t\t\t\t<div class=\"elementor-portfolio-item__overlay\">\n\t\t\t\t<h3 class=\"elementor-portfolio-item__title\">\n\t\tH10 London Waterloo Hotel\t\t<\/h3>\n\t\t\t\t<\/div>\n\t\t\t\t<\/a>\n\t\t<\/article>\n\t\t\t\t<article class=\"elementor-portfolio-item elementor-post elementor-filter-323 post-13465 proyectos type-proyectos status-publish format-standard has-post-thumbnail hentry sector-hotels tipo-de-trabajo-navigation-esp-master-en-2 tipo-de-trabajo-navigation-esp-master-en-4 tipo-de-trabajo-navigation-esp-master pais-morocco\" role=\"listitem\">\n\t\t\t<a class=\"elementor-post__thumbnail__link\" href=\"https:\/\/esteling.com\/en\/proyectos\/be-live-collection-saidia\/\">\n\t\t\t\t<div class=\"elementor-portfolio-item__img elementor-post__thumbnail\">\n\t\t\t<img loading=\"lazy\" decoding=\"async\" width=\"1600\" height=\"1090\" src=\"https:\/\/esteling.com\/wp-content\/uploads\/2021\/09\/saidia_14.png\" class=\"attachment-full size-full wp-image-13461\" alt=\"\" srcset=\"https:\/\/esteling.com\/wp-content\/uploads\/2021\/09\/saidia_14.png 1600w, https:\/\/esteling.com\/wp-content\/uploads\/2021\/09\/saidia_14-300x204.png 300w, https:\/\/esteling.com\/wp-content\/uploads\/2021\/09\/saidia_14-1024x698.png 1024w, https:\/\/esteling.com\/wp-content\/uploads\/2021\/09\/saidia_14-768x523.png 768w, https:\/\/esteling.com\/wp-content\/uploads\/2021\/09\/saidia_14-1536x1046.png 1536w\" sizes=\"(max-width: 1600px) 100vw, 1600px\" \/>\t\t<\/div>\n\t\t\t\t<div class=\"elementor-portfolio-item__overlay\">\n\t\t\t\t<h3 class=\"elementor-portfolio-item__title\">\n\t\tBe Live Collection Sa\u00efdia\t\t<\/h3>\n\t\t\t\t<\/div>\n\t\t\t\t<\/a>\n\t\t<\/article>\n\t\t\t\t<article class=\"elementor-portfolio-item elementor-post elementor-filter-208 post-13453 proyectos type-proyectos status-publish format-standard has-post-thumbnail hentry sector-hotels tipo-de-trabajo-navigation-esp-master-en tipo-de-trabajo-navigation-esp-master-en-2 tipo-de-trabajo-navigation-esp-master pais-jamaica-en\" role=\"listitem\">\n\t\t\t<a class=\"elementor-post__thumbnail__link\" href=\"https:\/\/esteling.com\/en\/proyectos\/princess-hotel-jamaica\/\">\n\t\t\t\t<div class=\"elementor-portfolio-item__img elementor-post__thumbnail\">\n\t\t\t<img loading=\"lazy\" decoding=\"async\" width=\"1200\" height=\"800\" src=\"https:\/\/esteling.com\/wp-content\/uploads\/2021\/09\/Campamento-Princess-Jamaica.jpeg\" class=\"attachment-full size-full wp-image-13451\" alt=\"\" srcset=\"https:\/\/esteling.com\/wp-content\/uploads\/2021\/09\/Campamento-Princess-Jamaica.jpeg 1200w, https:\/\/esteling.com\/wp-content\/uploads\/2021\/09\/Campamento-Princess-Jamaica-300x200.jpeg 300w, https:\/\/esteling.com\/wp-content\/uploads\/2021\/09\/Campamento-Princess-Jamaica-1024x683.jpeg 1024w, https:\/\/esteling.com\/wp-content\/uploads\/2021\/09\/Campamento-Princess-Jamaica-768x512.jpeg 768w\" sizes=\"(max-width: 1200px) 100vw, 1200px\" \/>\t\t<\/div>\n\t\t\t\t<div class=\"elementor-portfolio-item__overlay\">\n\t\t\t\t<h3 class=\"elementor-portfolio-item__title\">\n\t\tPrincess Hotel Jamaica\t\t<\/h3>\n\t\t\t\t<\/div>\n\t\t\t\t<\/a>\n\t\t<\/article>\n\t\t\t\t<article class=\"elementor-portfolio-item elementor-post elementor-filter-206 post-13445 proyectos type-proyectos status-publish format-standard has-post-thumbnail hentry sector-infrastructures pais-saudi-arabia\" role=\"listitem\">\n\t\t\t<a class=\"elementor-post__thumbnail__link\" href=\"https:\/\/esteling.com\/en\/proyectos\/270-villas-king-abdullah-economic-city\/\">\n\t\t\t\t<div class=\"elementor-portfolio-item__img elementor-post__thumbnail\">\n\t\t\t<img loading=\"lazy\" decoding=\"async\" width=\"500\" height=\"334\" src=\"https:\/\/esteling.com\/wp-content\/uploads\/2021\/09\/img_2.jpg\" class=\"attachment-full size-full wp-image-13439\" alt=\"\" srcset=\"https:\/\/esteling.com\/wp-content\/uploads\/2021\/09\/img_2.jpg 500w, https:\/\/esteling.com\/wp-content\/uploads\/2021\/09\/img_2-300x200.jpg 300w\" sizes=\"(max-width: 500px) 100vw, 500px\" \/>\t\t<\/div>\n\t\t\t\t<div class=\"elementor-portfolio-item__overlay\">\n\t\t\t\t<h3 class=\"elementor-portfolio-item__title\">\n\t\t270 villas: King Abdullah Economic City\t\t<\/h3>\n\t\t\t\t<\/div>\n\t\t\t\t<\/a>\n\t\t<\/article>\n\t\t\t\t<article class=\"elementor-portfolio-item elementor-post elementor-filter-187 post-13019 proyectos type-proyectos status-publish format-standard has-post-thumbnail hentry sector-hotels pais-spain\" role=\"listitem\">\n\t\t\t<a class=\"elementor-post__thumbnail__link\" href=\"https:\/\/esteling.com\/en\/proyectos\/the-summum-boutique-hotel\/\">\n\t\t\t\t<div class=\"elementor-portfolio-item__img elementor-post__thumbnail\">\n\t\t\t<img loading=\"lazy\" decoding=\"async\" width=\"1200\" height=\"800\" src=\"https:\/\/esteling.com\/wp-content\/uploads\/2021\/03\/HotelSummum_1.jpg\" class=\"attachment-full size-full wp-image-13022\" alt=\"\" srcset=\"https:\/\/esteling.com\/wp-content\/uploads\/2021\/03\/HotelSummum_1.jpg 1200w, https:\/\/esteling.com\/wp-content\/uploads\/2021\/03\/HotelSummum_1-300x200.jpg 300w, https:\/\/esteling.com\/wp-content\/uploads\/2021\/03\/HotelSummum_1-1024x683.jpg 1024w, https:\/\/esteling.com\/wp-content\/uploads\/2021\/03\/HotelSummum_1-768x512.jpg 768w\" sizes=\"(max-width: 1200px) 100vw, 1200px\" \/>\t\t<\/div>\n\t\t\t\t<div class=\"elementor-portfolio-item__overlay\">\n\t\t\t\t<h3 class=\"elementor-portfolio-item__title\">\n\t\tThe Summum Boutique Hotel\t\t<\/h3>\n\t\t\t\t<\/div>\n\t\t\t\t<\/a>\n\t\t<\/article>\n\t\t\t\t<article class=\"elementor-portfolio-item elementor-post elementor-filter-323 post-13003 proyectos type-proyectos status-publish format-standard has-post-thumbnail hentry sector-hotels pais-morocco\" role=\"listitem\">\n\t\t\t<a class=\"elementor-post__thumbnail__link\" href=\"https:\/\/esteling.com\/en\/proyectos\/the-aman-amanjena\/\">\n\t\t\t\t<div class=\"elementor-portfolio-item__img elementor-post__thumbnail\">\n\t\t\t<img loading=\"lazy\" decoding=\"async\" width=\"2284\" height=\"1176\" src=\"https:\/\/esteling.com\/wp-content\/uploads\/2021\/03\/AmanAmanjena_3.jpg\" class=\"attachment-full size-full wp-image-13009\" alt=\"\" srcset=\"https:\/\/esteling.com\/wp-content\/uploads\/2021\/03\/AmanAmanjena_3.jpg 2284w, https:\/\/esteling.com\/wp-content\/uploads\/2021\/03\/AmanAmanjena_3-300x154.jpg 300w, https:\/\/esteling.com\/wp-content\/uploads\/2021\/03\/AmanAmanjena_3-1024x527.jpg 1024w, https:\/\/esteling.com\/wp-content\/uploads\/2021\/03\/AmanAmanjena_3-768x395.jpg 768w, https:\/\/esteling.com\/wp-content\/uploads\/2021\/03\/AmanAmanjena_3-1536x791.jpg 1536w, https:\/\/esteling.com\/wp-content\/uploads\/2021\/03\/AmanAmanjena_3-2048x1054.jpg 2048w\" sizes=\"(max-width: 2284px) 100vw, 2284px\" \/>\t\t<\/div>\n\t\t\t\t<div class=\"elementor-portfolio-item__overlay\">\n\t\t\t\t<h3 class=\"elementor-portfolio-item__title\">\n\t\tThe Aman Amanjena\t\t<\/h3>\n\t\t\t\t<\/div>\n\t\t\t\t<\/a>\n\t\t<\/article>\n\t\t\t\t<article class=\"elementor-portfolio-item elementor-post elementor-filter-318 post-12987 proyectos type-proyectos status-publish format-standard has-post-thumbnail hentry sector-hotels pais-uk\" role=\"listitem\">\n\t\t\t<a class=\"elementor-post__thumbnail__link\" href=\"https:\/\/esteling.com\/en\/proyectos\/the-white-house-melia\/\">\n\t\t\t\t<div class=\"elementor-portfolio-item__img elementor-post__thumbnail\">\n\t\t\t<img loading=\"lazy\" decoding=\"async\" width=\"1024\" height=\"683\" src=\"https:\/\/esteling.com\/wp-content\/uploads\/2021\/03\/WhiteHouseMelia_4.jpg\" class=\"attachment-full size-full wp-image-12996\" alt=\"\" srcset=\"https:\/\/esteling.com\/wp-content\/uploads\/2021\/03\/WhiteHouseMelia_4.jpg 1024w, https:\/\/esteling.com\/wp-content\/uploads\/2021\/03\/WhiteHouseMelia_4-300x200.jpg 300w, https:\/\/esteling.com\/wp-content\/uploads\/2021\/03\/WhiteHouseMelia_4-768x512.jpg 768w\" sizes=\"(max-width: 1024px) 100vw, 1024px\" \/>\t\t<\/div>\n\t\t\t\t<div class=\"elementor-portfolio-item__overlay\">\n\t\t\t\t<h3 class=\"elementor-portfolio-item__title\">\n\t\tThe White House Meli\u00e1\t\t<\/h3>\n\t\t\t\t<\/div>\n\t\t\t\t<\/a>\n\t\t<\/article>\n\t\t\t\t<article class=\"elementor-portfolio-item elementor-post elementor-filter-187 post-12974 proyectos type-proyectos status-publish format-standard has-post-thumbnail hentry sector-hotels pais-spain\" role=\"listitem\">\n\t\t\t<a class=\"elementor-post__thumbnail__link\" href=\"https:\/\/esteling.com\/en\/proyectos\/the-fergus-style-palmanova-hotel\/\">\n\t\t\t\t<div class=\"elementor-portfolio-item__img elementor-post__thumbnail\">\n\t\t\t<img loading=\"lazy\" decoding=\"async\" width=\"1315\" height=\"870\" src=\"https:\/\/esteling.com\/wp-content\/uploads\/2021\/03\/FergusStylePalmanova_3.jpg\" class=\"attachment-full size-full wp-image-12979\" alt=\"\" srcset=\"https:\/\/esteling.com\/wp-content\/uploads\/2021\/03\/FergusStylePalmanova_3.jpg 1315w, https:\/\/esteling.com\/wp-content\/uploads\/2021\/03\/FergusStylePalmanova_3-300x198.jpg 300w, https:\/\/esteling.com\/wp-content\/uploads\/2021\/03\/FergusStylePalmanova_3-1024x677.jpg 1024w, https:\/\/esteling.com\/wp-content\/uploads\/2021\/03\/FergusStylePalmanova_3-768x508.jpg 768w\" sizes=\"(max-width: 1315px) 100vw, 1315px\" \/>\t\t<\/div>\n\t\t\t\t<div class=\"elementor-portfolio-item__overlay\">\n\t\t\t\t<h3 class=\"elementor-portfolio-item__title\">\n\t\tThe Fergus Style Palmanova hotel\t\t<\/h3>\n\t\t\t\t<\/div>\n\t\t\t\t<\/a>\n\t\t<\/article>\n\t\t\t\t<article class=\"elementor-portfolio-item elementor-post elementor-filter-187 post-12961 proyectos type-proyectos status-publish format-standard has-post-thumbnail hentry sector-hotels pais-spain\" role=\"listitem\">\n\t\t\t<a class=\"elementor-post__thumbnail__link\" href=\"https:\/\/esteling.com\/en\/proyectos\/the-sol-beach-house-ibiza-hotel\/\">\n\t\t\t\t<div class=\"elementor-portfolio-item__img elementor-post__thumbnail\">\n\t\t\t<img loading=\"lazy\" decoding=\"async\" width=\"999\" height=\"644\" src=\"https:\/\/esteling.com\/wp-content\/uploads\/2019\/09\/Captura-de-pantalla-2019-09-18-a-las-17.22.54.png\" class=\"attachment-full size-full wp-image-6940\" alt=\"sol beach house ibiza\" srcset=\"https:\/\/esteling.com\/wp-content\/uploads\/2019\/09\/Captura-de-pantalla-2019-09-18-a-las-17.22.54.png 999w, https:\/\/esteling.com\/wp-content\/uploads\/2019\/09\/Captura-de-pantalla-2019-09-18-a-las-17.22.54-300x193.png 300w, https:\/\/esteling.com\/wp-content\/uploads\/2019\/09\/Captura-de-pantalla-2019-09-18-a-las-17.22.54-768x495.png 768w\" sizes=\"(max-width: 999px) 100vw, 999px\" \/>\t\t<\/div>\n\t\t\t\t<div class=\"elementor-portfolio-item__overlay\">\n\t\t\t\t<h3 class=\"elementor-portfolio-item__title\">\n\t\tSol Beach House Ibiza hotel\t\t<\/h3>\n\t\t\t\t<\/div>\n\t\t\t\t<\/a>\n\t\t<\/article>\n\t\t\t\t<article class=\"elementor-portfolio-item elementor-post elementor-filter-187 post-12946 proyectos type-proyectos status-publish format-standard has-post-thumbnail hentry sector-hotels pais-spain\" role=\"listitem\">\n\t\t\t<a class=\"elementor-post__thumbnail__link\" href=\"https:\/\/esteling.com\/en\/proyectos\/the-iberostar-jardin-del-sol\/\">\n\t\t\t\t<div class=\"elementor-portfolio-item__img elementor-post__thumbnail\">\n\t\t\t<img loading=\"lazy\" decoding=\"async\" width=\"1920\" height=\"1080\" src=\"https:\/\/esteling.com\/wp-content\/uploads\/2021\/03\/IberostarJardinDelSol_3.jpeg\" class=\"attachment-full size-full wp-image-12953\" alt=\"\" srcset=\"https:\/\/esteling.com\/wp-content\/uploads\/2021\/03\/IberostarJardinDelSol_3.jpeg 1920w, https:\/\/esteling.com\/wp-content\/uploads\/2021\/03\/IberostarJardinDelSol_3-300x169.jpeg 300w, https:\/\/esteling.com\/wp-content\/uploads\/2021\/03\/IberostarJardinDelSol_3-1024x576.jpeg 1024w, https:\/\/esteling.com\/wp-content\/uploads\/2021\/03\/IberostarJardinDelSol_3-768x432.jpeg 768w, https:\/\/esteling.com\/wp-content\/uploads\/2021\/03\/IberostarJardinDelSol_3-1536x864.jpeg 1536w\" sizes=\"(max-width: 1920px) 100vw, 1920px\" \/>\t\t<\/div>\n\t\t\t\t<div class=\"elementor-portfolio-item__overlay\">\n\t\t\t\t<h3 class=\"elementor-portfolio-item__title\">\n\t\tThe Iberostar Jard\u00edn del Sol\t\t<\/h3>\n\t\t\t\t<\/div>\n\t\t\t\t<\/a>\n\t\t<\/article>\n\t\t\t\t<article class=\"elementor-portfolio-item elementor-post elementor-filter-187 post-12929 proyectos type-proyectos status-publish format-standard has-post-thumbnail hentry sector-hotels pais-spain\" role=\"listitem\">\n\t\t\t<a class=\"elementor-post__thumbnail__link\" href=\"https:\/\/esteling.com\/en\/proyectos\/the-globales-montemar-apartments\/\">\n\t\t\t\t<div class=\"elementor-portfolio-item__img elementor-post__thumbnail\">\n\t\t\t<img loading=\"lazy\" decoding=\"async\" width=\"1280\" height=\"884\" src=\"https:\/\/esteling.com\/wp-content\/uploads\/2021\/03\/ApartamentosGlobalesMontemar_1.jpg\" class=\"attachment-full size-full wp-image-12932\" alt=\"\" srcset=\"https:\/\/esteling.com\/wp-content\/uploads\/2021\/03\/ApartamentosGlobalesMontemar_1.jpg 1280w, https:\/\/esteling.com\/wp-content\/uploads\/2021\/03\/ApartamentosGlobalesMontemar_1-300x207.jpg 300w, https:\/\/esteling.com\/wp-content\/uploads\/2021\/03\/ApartamentosGlobalesMontemar_1-1024x707.jpg 1024w, https:\/\/esteling.com\/wp-content\/uploads\/2021\/03\/ApartamentosGlobalesMontemar_1-768x530.jpg 768w\" sizes=\"(max-width: 1280px) 100vw, 1280px\" \/>\t\t<\/div>\n\t\t\t\t<div class=\"elementor-portfolio-item__overlay\">\n\t\t\t\t<h3 class=\"elementor-portfolio-item__title\">\n\t\tThe Globales Montemar Apartments\t\t<\/h3>\n\t\t\t\t<\/div>\n\t\t\t\t<\/a>\n\t\t<\/article>\n\t\t\t\t<article class=\"elementor-portfolio-item elementor-post elementor-filter-187 post-12915 proyectos type-proyectos status-publish format-standard has-post-thumbnail hentry sector-hotels pais-spain\" role=\"listitem\">\n\t\t\t<a class=\"elementor-post__thumbnail__link\" href=\"https:\/\/esteling.com\/en\/proyectos\/the-hsm-sunset-beach\/\">\n\t\t\t\t<div class=\"elementor-portfolio-item__img elementor-post__thumbnail\">\n\t\t\t<img loading=\"lazy\" decoding=\"async\" width=\"1280\" height=\"853\" src=\"https:\/\/esteling.com\/wp-content\/uploads\/2021\/03\/HSMSunsetBeach_1.jpg\" class=\"attachment-full size-full wp-image-12918\" alt=\"\" srcset=\"https:\/\/esteling.com\/wp-content\/uploads\/2021\/03\/HSMSunsetBeach_1.jpg 1280w, https:\/\/esteling.com\/wp-content\/uploads\/2021\/03\/HSMSunsetBeach_1-300x200.jpg 300w, https:\/\/esteling.com\/wp-content\/uploads\/2021\/03\/HSMSunsetBeach_1-1024x682.jpg 1024w, https:\/\/esteling.com\/wp-content\/uploads\/2021\/03\/HSMSunsetBeach_1-768x512.jpg 768w\" sizes=\"(max-width: 1280px) 100vw, 1280px\" \/>\t\t<\/div>\n\t\t\t\t<div class=\"elementor-portfolio-item__overlay\">\n\t\t\t\t<h3 class=\"elementor-portfolio-item__title\">\n\t\tThe HSM Sunset Beach\t\t<\/h3>\n\t\t\t\t<\/div>\n\t\t\t\t<\/a>\n\t\t<\/article>\n\t\t\t\t<article class=\"elementor-portfolio-item elementor-post elementor-filter-187 post-12901 proyectos type-proyectos status-publish format-standard has-post-thumbnail hentry sector-hotels pais-spain\" role=\"listitem\">\n\t\t\t<a class=\"elementor-post__thumbnail__link\" href=\"https:\/\/esteling.com\/en\/proyectos\/the-nakar-boutique-hotel\/\">\n\t\t\t\t<div class=\"elementor-portfolio-item__img elementor-post__thumbnail\">\n\t\t\t<img loading=\"lazy\" decoding=\"async\" width=\"1200\" height=\"900\" src=\"https:\/\/esteling.com\/wp-content\/uploads\/2021\/03\/NakarHotel_2.jpg\" class=\"attachment-full size-full wp-image-12906\" alt=\"\" srcset=\"https:\/\/esteling.com\/wp-content\/uploads\/2021\/03\/NakarHotel_2.jpg 1200w, https:\/\/esteling.com\/wp-content\/uploads\/2021\/03\/NakarHotel_2-300x225.jpg 300w, https:\/\/esteling.com\/wp-content\/uploads\/2021\/03\/NakarHotel_2-1024x768.jpg 1024w, https:\/\/esteling.com\/wp-content\/uploads\/2021\/03\/NakarHotel_2-768x576.jpg 768w\" sizes=\"(max-width: 1200px) 100vw, 1200px\" \/>\t\t<\/div>\n\t\t\t\t<div class=\"elementor-portfolio-item__overlay\">\n\t\t\t\t<h3 class=\"elementor-portfolio-item__title\">\n\t\tThe Nakar Boutique Hotel\t\t<\/h3>\n\t\t\t\t<\/div>\n\t\t\t\t<\/a>\n\t\t<\/article>\n\t\t\t\t<article class=\"elementor-portfolio-item elementor-post elementor-filter-187 post-12886 proyectos type-proyectos status-publish format-standard has-post-thumbnail hentry sector-hotels pais-spain\" role=\"listitem\">\n\t\t\t<a class=\"elementor-post__thumbnail__link\" href=\"https:\/\/esteling.com\/en\/proyectos\/the-bh-mallorca-adults-only-hotel\/\">\n\t\t\t\t<div class=\"elementor-portfolio-item__img elementor-post__thumbnail\">\n\t\t\t<img loading=\"lazy\" decoding=\"async\" width=\"1200\" height=\"800\" src=\"https:\/\/esteling.com\/wp-content\/uploads\/2021\/03\/BHMallorca_1.jpg\" class=\"attachment-full size-full wp-image-12889\" alt=\"\" srcset=\"https:\/\/esteling.com\/wp-content\/uploads\/2021\/03\/BHMallorca_1.jpg 1200w, https:\/\/esteling.com\/wp-content\/uploads\/2021\/03\/BHMallorca_1-300x200.jpg 300w, https:\/\/esteling.com\/wp-content\/uploads\/2021\/03\/BHMallorca_1-1024x683.jpg 1024w, https:\/\/esteling.com\/wp-content\/uploads\/2021\/03\/BHMallorca_1-768x512.jpg 768w\" sizes=\"(max-width: 1200px) 100vw, 1200px\" \/>\t\t<\/div>\n\t\t\t\t<div class=\"elementor-portfolio-item__overlay\">\n\t\t\t\t<h3 class=\"elementor-portfolio-item__title\">\n\t\tThe BH Mallorca Adults Only hotel\t\t<\/h3>\n\t\t\t\t<\/div>\n\t\t\t\t<\/a>\n\t\t<\/article>\n\t\t\t\t<article class=\"elementor-portfolio-item elementor-post elementor-filter-187 post-12872 proyectos type-proyectos status-publish format-standard has-post-thumbnail hentry sector-hotels pais-spain\" role=\"listitem\">\n\t\t\t<a class=\"elementor-post__thumbnail__link\" href=\"https:\/\/esteling.com\/en\/proyectos\/the-calas-de-mallorca-complex\/\">\n\t\t\t\t<div class=\"elementor-portfolio-item__img elementor-post__thumbnail\">\n\t\t\t<img loading=\"lazy\" decoding=\"async\" width=\"1280\" height=\"1015\" src=\"https:\/\/esteling.com\/wp-content\/uploads\/2021\/03\/CalasDeMallorca_1.jpg\" class=\"attachment-full size-full wp-image-12874\" alt=\"\" srcset=\"https:\/\/esteling.com\/wp-content\/uploads\/2021\/03\/CalasDeMallorca_1.jpg 1280w, https:\/\/esteling.com\/wp-content\/uploads\/2021\/03\/CalasDeMallorca_1-300x238.jpg 300w, https:\/\/esteling.com\/wp-content\/uploads\/2021\/03\/CalasDeMallorca_1-1024x812.jpg 1024w, https:\/\/esteling.com\/wp-content\/uploads\/2021\/03\/CalasDeMallorca_1-768x609.jpg 768w\" sizes=\"(max-width: 1280px) 100vw, 1280px\" \/>\t\t<\/div>\n\t\t\t\t<div class=\"elementor-portfolio-item__overlay\">\n\t\t\t\t<h3 class=\"elementor-portfolio-item__title\">\n\t\tThe Calas de Mallorca Complex: Execution of installations\t\t<\/h3>\n\t\t\t\t<\/div>\n\t\t\t\t<\/a>\n\t\t<\/article>\n\t\t\t\t<article class=\"elementor-portfolio-item elementor-post elementor-filter-327 post-12853 proyectos type-proyectos status-publish format-standard has-post-thumbnail hentry sector-hotels pais-panama-en\" role=\"listitem\">\n\t\t\t<a class=\"elementor-post__thumbnail__link\" href=\"https:\/\/esteling.com\/en\/proyectos\/the-melia-panama-hotel\/\">\n\t\t\t\t<div class=\"elementor-portfolio-item__img elementor-post__thumbnail\">\n\t\t\t<img loading=\"lazy\" decoding=\"async\" width=\"1280\" height=\"853\" src=\"https:\/\/esteling.com\/wp-content\/uploads\/2021\/03\/MeliaPanama_1.jpg\" class=\"attachment-full size-full wp-image-12855\" alt=\"\" srcset=\"https:\/\/esteling.com\/wp-content\/uploads\/2021\/03\/MeliaPanama_1.jpg 1280w, https:\/\/esteling.com\/wp-content\/uploads\/2021\/03\/MeliaPanama_1-300x200.jpg 300w, https:\/\/esteling.com\/wp-content\/uploads\/2021\/03\/MeliaPanama_1-1024x682.jpg 1024w, https:\/\/esteling.com\/wp-content\/uploads\/2021\/03\/MeliaPanama_1-768x512.jpg 768w\" sizes=\"(max-width: 1280px) 100vw, 1280px\" \/>\t\t<\/div>\n\t\t\t\t<div class=\"elementor-portfolio-item__overlay\">\n\t\t\t\t<h3 class=\"elementor-portfolio-item__title\">\n\t\tThe Meli\u00e1 Panama hotel: Execution of installations\t\t<\/h3>\n\t\t\t\t<\/div>\n\t\t\t\t<\/a>\n\t\t<\/article>\n\t\t\t\t<article class=\"elementor-portfolio-item elementor-post elementor-filter-208 post-12837 proyectos type-proyectos status-publish format-standard has-post-thumbnail hentry sector-hotels pais-jamaica-en\" role=\"listitem\">\n\t\t\t<a class=\"elementor-post__thumbnail__link\" href=\"https:\/\/esteling.com\/en\/proyectos\/the-royalton-white-sands-resort\/\">\n\t\t\t\t<div class=\"elementor-portfolio-item__img elementor-post__thumbnail\">\n\t\t\t<img loading=\"lazy\" decoding=\"async\" width=\"1366\" height=\"768\" src=\"https:\/\/esteling.com\/wp-content\/uploads\/2021\/03\/RoyaltonWhiteSands_4.jpg\" class=\"attachment-full size-full wp-image-12846\" alt=\"\" srcset=\"https:\/\/esteling.com\/wp-content\/uploads\/2021\/03\/RoyaltonWhiteSands_4.jpg 1366w, https:\/\/esteling.com\/wp-content\/uploads\/2021\/03\/RoyaltonWhiteSands_4-300x169.jpg 300w, https:\/\/esteling.com\/wp-content\/uploads\/2021\/03\/RoyaltonWhiteSands_4-1024x576.jpg 1024w, https:\/\/esteling.com\/wp-content\/uploads\/2021\/03\/RoyaltonWhiteSands_4-768x432.jpg 768w\" sizes=\"(max-width: 1366px) 100vw, 1366px\" \/>\t\t<\/div>\n\t\t\t\t<div class=\"elementor-portfolio-item__overlay\">\n\t\t\t\t<h3 class=\"elementor-portfolio-item__title\">\n\t\tThe Royalton White Sands Resort\t\t<\/h3>\n\t\t\t\t<\/div>\n\t\t\t\t<\/a>\n\t\t<\/article>\n\t\t\t\t<article class=\"elementor-portfolio-item elementor-post elementor-filter-208 post-12822 proyectos type-proyectos status-publish format-standard has-post-thumbnail hentry sector-hotels pais-jamaica-en\" role=\"listitem\">\n\t\t\t<a class=\"elementor-post__thumbnail__link\" href=\"https:\/\/esteling.com\/en\/proyectos\/the-royalton-negril-resort-spa\/\">\n\t\t\t\t<div class=\"elementor-portfolio-item__img elementor-post__thumbnail\">\n\t\t\t<img loading=\"lazy\" decoding=\"async\" width=\"1366\" height=\"768\" src=\"https:\/\/esteling.com\/wp-content\/uploads\/2021\/03\/RoyaltonNegril_1.jpg\" class=\"attachment-full size-full wp-image-12825\" alt=\"\" srcset=\"https:\/\/esteling.com\/wp-content\/uploads\/2021\/03\/RoyaltonNegril_1.jpg 1366w, https:\/\/esteling.com\/wp-content\/uploads\/2021\/03\/RoyaltonNegril_1-300x169.jpg 300w, https:\/\/esteling.com\/wp-content\/uploads\/2021\/03\/RoyaltonNegril_1-1024x576.jpg 1024w, https:\/\/esteling.com\/wp-content\/uploads\/2021\/03\/RoyaltonNegril_1-768x432.jpg 768w\" sizes=\"(max-width: 1366px) 100vw, 1366px\" \/>\t\t<\/div>\n\t\t\t\t<div class=\"elementor-portfolio-item__overlay\">\n\t\t\t\t<h3 class=\"elementor-portfolio-item__title\">\n\t\tThe 5-star Royalton Negril Resort &#038; Spa\t\t<\/h3>\n\t\t\t\t<\/div>\n\t\t\t\t<\/a>\n\t\t<\/article>\n\t\t\t\t<article class=\"elementor-portfolio-item elementor-post elementor-filter-208 post-12804 proyectos type-proyectos status-publish format-standard has-post-thumbnail hentry sector-hotels pais-jamaica-en\" role=\"listitem\">\n\t\t\t<a class=\"elementor-post__thumbnail__link\" href=\"https:\/\/esteling.com\/en\/proyectos\/karisma-azul-beach-resort-negril\/\">\n\t\t\t\t<div class=\"elementor-portfolio-item__img elementor-post__thumbnail\">\n\t\t\t<img loading=\"lazy\" decoding=\"async\" width=\"1280\" height=\"853\" src=\"https:\/\/esteling.com\/wp-content\/uploads\/2021\/03\/AzulBeachResortNegril_3.jpg\" class=\"attachment-full size-full wp-image-12811\" alt=\"\" srcset=\"https:\/\/esteling.com\/wp-content\/uploads\/2021\/03\/AzulBeachResortNegril_3.jpg 1280w, https:\/\/esteling.com\/wp-content\/uploads\/2021\/03\/AzulBeachResortNegril_3-300x200.jpg 300w, https:\/\/esteling.com\/wp-content\/uploads\/2021\/03\/AzulBeachResortNegril_3-1024x682.jpg 1024w, https:\/\/esteling.com\/wp-content\/uploads\/2021\/03\/AzulBeachResortNegril_3-768x512.jpg 768w\" sizes=\"(max-width: 1280px) 100vw, 1280px\" \/>\t\t<\/div>\n\t\t\t\t<div class=\"elementor-portfolio-item__overlay\">\n\t\t\t\t<h3 class=\"elementor-portfolio-item__title\">\n\t\tKarisma Azul Beach Resort Negril\t\t<\/h3>\n\t\t\t\t<\/div>\n\t\t\t\t<\/a>\n\t\t<\/article>\n\t\t\t\t<article class=\"elementor-portfolio-item elementor-post elementor-filter-210 post-12790 proyectos type-proyectos status-publish format-standard has-post-thumbnail hentry sector-hotels pais-dominican-republic\" role=\"listitem\">\n\t\t\t<a class=\"elementor-post__thumbnail__link\" href=\"https:\/\/esteling.com\/en\/proyectos\/the-four-star-be-live-experience-hamaca-beach-resort\/\">\n\t\t\t\t<div class=\"elementor-portfolio-item__img elementor-post__thumbnail\">\n\t\t\t<img loading=\"lazy\" decoding=\"async\" width=\"1600\" height=\"1090\" src=\"https:\/\/esteling.com\/wp-content\/uploads\/2021\/03\/BeLiveExperience_4.jpg\" class=\"attachment-full size-full wp-image-12799\" alt=\"\" srcset=\"https:\/\/esteling.com\/wp-content\/uploads\/2021\/03\/BeLiveExperience_4.jpg 1600w, https:\/\/esteling.com\/wp-content\/uploads\/2021\/03\/BeLiveExperience_4-300x204.jpg 300w, https:\/\/esteling.com\/wp-content\/uploads\/2021\/03\/BeLiveExperience_4-1024x698.jpg 1024w, https:\/\/esteling.com\/wp-content\/uploads\/2021\/03\/BeLiveExperience_4-768x523.jpg 768w, https:\/\/esteling.com\/wp-content\/uploads\/2021\/03\/BeLiveExperience_4-1536x1046.jpg 1536w\" sizes=\"(max-width: 1600px) 100vw, 1600px\" \/>\t\t<\/div>\n\t\t\t\t<div class=\"elementor-portfolio-item__overlay\">\n\t\t\t\t<h3 class=\"elementor-portfolio-item__title\">\n\t\tThe four-star Be Live Experience Hamaca Beach Resort\t\t<\/h3>\n\t\t\t\t<\/div>\n\t\t\t\t<\/a>\n\t\t<\/article>\n\t\t\t\t<article class=\"elementor-portfolio-item elementor-post elementor-filter-210 post-12773 proyectos type-proyectos status-publish format-standard has-post-thumbnail hentry sector-hotels sector-maintenance pais-dominican-republic\" role=\"listitem\">\n\t\t\t<a class=\"elementor-post__thumbnail__link\" href=\"https:\/\/esteling.com\/en\/proyectos\/cofresi-palm-beach-spa\/\">\n\t\t\t\t<div class=\"elementor-portfolio-item__img elementor-post__thumbnail\">\n\t\t\t<img loading=\"lazy\" decoding=\"async\" width=\"1280\" height=\"853\" src=\"https:\/\/esteling.com\/wp-content\/uploads\/2021\/03\/CofresiPalmBeach_4.jpg\" class=\"attachment-full size-full wp-image-12783\" alt=\"\" srcset=\"https:\/\/esteling.com\/wp-content\/uploads\/2021\/03\/CofresiPalmBeach_4.jpg 1280w, https:\/\/esteling.com\/wp-content\/uploads\/2021\/03\/CofresiPalmBeach_4-300x200.jpg 300w, https:\/\/esteling.com\/wp-content\/uploads\/2021\/03\/CofresiPalmBeach_4-1024x682.jpg 1024w, https:\/\/esteling.com\/wp-content\/uploads\/2021\/03\/CofresiPalmBeach_4-768x512.jpg 768w\" sizes=\"(max-width: 1280px) 100vw, 1280px\" \/>\t\t<\/div>\n\t\t\t\t<div class=\"elementor-portfolio-item__overlay\">\n\t\t\t\t<h3 class=\"elementor-portfolio-item__title\">\n\t\tCofresi Palm Beach &#038; Spa\t\t<\/h3>\n\t\t\t\t<\/div>\n\t\t\t\t<\/a>\n\t\t<\/article>\n\t\t\t\t<article class=\"elementor-portfolio-item elementor-post elementor-filter-210 post-12757 proyectos type-proyectos status-publish format-standard has-post-thumbnail hentry sector-hotels sector-maintenance pais-dominican-republic\" role=\"listitem\">\n\t\t\t<a class=\"elementor-post__thumbnail__link\" href=\"https:\/\/esteling.com\/en\/proyectos\/now-larimar-punta-cana-2\/\">\n\t\t\t\t<div class=\"elementor-portfolio-item__img elementor-post__thumbnail\">\n\t\t\t<img loading=\"lazy\" decoding=\"async\" width=\"1800\" height=\"1350\" src=\"https:\/\/esteling.com\/wp-content\/uploads\/2021\/03\/NowLarimarPuntaCana_1.jpg\" class=\"attachment-full size-full wp-image-12760\" alt=\"\" srcset=\"https:\/\/esteling.com\/wp-content\/uploads\/2021\/03\/NowLarimarPuntaCana_1.jpg 1800w, https:\/\/esteling.com\/wp-content\/uploads\/2021\/03\/NowLarimarPuntaCana_1-300x225.jpg 300w, https:\/\/esteling.com\/wp-content\/uploads\/2021\/03\/NowLarimarPuntaCana_1-1024x768.jpg 1024w, https:\/\/esteling.com\/wp-content\/uploads\/2021\/03\/NowLarimarPuntaCana_1-768x576.jpg 768w, https:\/\/esteling.com\/wp-content\/uploads\/2021\/03\/NowLarimarPuntaCana_1-1536x1152.jpg 1536w\" sizes=\"(max-width: 1800px) 100vw, 1800px\" \/>\t\t<\/div>\n\t\t\t\t<div class=\"elementor-portfolio-item__overlay\">\n\t\t\t\t<h3 class=\"elementor-portfolio-item__title\">\n\t\tNow Larimar Punta Cana\t\t<\/h3>\n\t\t\t\t<\/div>\n\t\t\t\t<\/a>\n\t\t<\/article>\n\t\t\t\t<article class=\"elementor-portfolio-item elementor-post elementor-filter-210 post-12743 proyectos type-proyectos status-publish format-standard has-post-thumbnail hentry sector-hotels sector-maintenance pais-dominican-republic\" role=\"listitem\">\n\t\t\t<a class=\"elementor-post__thumbnail__link\" href=\"https:\/\/esteling.com\/en\/proyectos\/the-royalton-punta-cana-resort-casino\/\">\n\t\t\t\t<div class=\"elementor-portfolio-item__img elementor-post__thumbnail\">\n\t\t\t<img loading=\"lazy\" decoding=\"async\" width=\"1140\" height=\"800\" src=\"https:\/\/esteling.com\/wp-content\/uploads\/2021\/03\/RoyaltonPuntaCana_4.jpg\" class=\"attachment-full size-full wp-image-12751\" alt=\"\" srcset=\"https:\/\/esteling.com\/wp-content\/uploads\/2021\/03\/RoyaltonPuntaCana_4.jpg 1140w, https:\/\/esteling.com\/wp-content\/uploads\/2021\/03\/RoyaltonPuntaCana_4-300x211.jpg 300w, https:\/\/esteling.com\/wp-content\/uploads\/2021\/03\/RoyaltonPuntaCana_4-1024x719.jpg 1024w, https:\/\/esteling.com\/wp-content\/uploads\/2021\/03\/RoyaltonPuntaCana_4-768x539.jpg 768w\" sizes=\"(max-width: 1140px) 100vw, 1140px\" \/>\t\t<\/div>\n\t\t\t\t<div class=\"elementor-portfolio-item__overlay\">\n\t\t\t\t<h3 class=\"elementor-portfolio-item__title\">\n\t\tThe Royalton Punta Cana Resort &#038; Casino\t\t<\/h3>\n\t\t\t\t<\/div>\n\t\t\t\t<\/a>\n\t\t<\/article>\n\t\t\t\t<article class=\"elementor-portfolio-item elementor-post elementor-filter-210 post-12728 proyectos type-proyectos status-publish format-standard has-post-thumbnail hentry sector-hotels pais-dominican-republic\" role=\"listitem\">\n\t\t\t<a class=\"elementor-post__thumbnail__link\" href=\"https:\/\/esteling.com\/en\/proyectos\/the-grand-palladium-bavaro-suites-resort-spa\/\">\n\t\t\t\t<div class=\"elementor-portfolio-item__img elementor-post__thumbnail\">\n\t\t\t<img loading=\"lazy\" decoding=\"async\" width=\"1280\" height=\"720\" src=\"https:\/\/esteling.com\/wp-content\/uploads\/2021\/03\/GrandPalladiumBavaro_3.jpg\" class=\"attachment-full size-full wp-image-12735\" alt=\"\" srcset=\"https:\/\/esteling.com\/wp-content\/uploads\/2021\/03\/GrandPalladiumBavaro_3.jpg 1280w, https:\/\/esteling.com\/wp-content\/uploads\/2021\/03\/GrandPalladiumBavaro_3-300x169.jpg 300w, https:\/\/esteling.com\/wp-content\/uploads\/2021\/03\/GrandPalladiumBavaro_3-1024x576.jpg 1024w, https:\/\/esteling.com\/wp-content\/uploads\/2021\/03\/GrandPalladiumBavaro_3-768x432.jpg 768w\" sizes=\"(max-width: 1280px) 100vw, 1280px\" \/>\t\t<\/div>\n\t\t\t\t<div class=\"elementor-portfolio-item__overlay\">\n\t\t\t\t<h3 class=\"elementor-portfolio-item__title\">\n\t\tThe Grand Palladium B\u00e1varo Suites Resort &#038; Spa\t\t<\/h3>\n\t\t\t\t<\/div>\n\t\t\t\t<\/a>\n\t\t<\/article>\n\t\t\t\t<article class=\"elementor-portfolio-item elementor-post elementor-filter-210 post-12714 proyectos type-proyectos status-publish format-standard has-post-thumbnail hentry sector-hotels pais-dominican-republic\" role=\"listitem\">\n\t\t\t<a class=\"elementor-post__thumbnail__link\" href=\"https:\/\/esteling.com\/en\/proyectos\/the-secrets-cap-cana-resort-spa\/\">\n\t\t\t\t<div class=\"elementor-portfolio-item__img elementor-post__thumbnail\">\n\t\t\t<img loading=\"lazy\" decoding=\"async\" width=\"2500\" height=\"1666\" src=\"https:\/\/esteling.com\/wp-content\/uploads\/2021\/03\/SecretsCapCana_1.jpg\" class=\"attachment-full size-full wp-image-12716\" alt=\"\" srcset=\"https:\/\/esteling.com\/wp-content\/uploads\/2021\/03\/SecretsCapCana_1.jpg 2500w, https:\/\/esteling.com\/wp-content\/uploads\/2021\/03\/SecretsCapCana_1-300x200.jpg 300w, https:\/\/esteling.com\/wp-content\/uploads\/2021\/03\/SecretsCapCana_1-1024x682.jpg 1024w, https:\/\/esteling.com\/wp-content\/uploads\/2021\/03\/SecretsCapCana_1-768x512.jpg 768w, https:\/\/esteling.com\/wp-content\/uploads\/2021\/03\/SecretsCapCana_1-1536x1024.jpg 1536w, https:\/\/esteling.com\/wp-content\/uploads\/2021\/03\/SecretsCapCana_1-2048x1365.jpg 2048w\" sizes=\"(max-width: 2500px) 100vw, 2500px\" \/>\t\t<\/div>\n\t\t\t\t<div class=\"elementor-portfolio-item__overlay\">\n\t\t\t\t<h3 class=\"elementor-portfolio-item__title\">\n\t\tThe Secrets Cap Cana Resort &#038; Spa\t\t<\/h3>\n\t\t\t\t<\/div>\n\t\t\t\t<\/a>\n\t\t<\/article>\n\t\t\t\t<article class=\"elementor-portfolio-item elementor-post elementor-filter-209 post-12696 proyectos type-proyectos status-publish format-standard has-post-thumbnail hentry sector-hotels pais-mexico-en\" role=\"listitem\">\n\t\t\t<a class=\"elementor-post__thumbnail__link\" href=\"https:\/\/esteling.com\/en\/proyectos\/the-secrets-akumal-resort\/\">\n\t\t\t\t<div class=\"elementor-portfolio-item__img elementor-post__thumbnail\">\n\t\t\t<img loading=\"lazy\" decoding=\"async\" width=\"2500\" height=\"1666\" src=\"https:\/\/esteling.com\/wp-content\/uploads\/2021\/03\/ResortSecretsAkumal_2.jpg\" class=\"attachment-full size-full wp-image-12700\" alt=\"\" srcset=\"https:\/\/esteling.com\/wp-content\/uploads\/2021\/03\/ResortSecretsAkumal_2.jpg 2500w, https:\/\/esteling.com\/wp-content\/uploads\/2021\/03\/ResortSecretsAkumal_2-300x200.jpg 300w, https:\/\/esteling.com\/wp-content\/uploads\/2021\/03\/ResortSecretsAkumal_2-1024x682.jpg 1024w, https:\/\/esteling.com\/wp-content\/uploads\/2021\/03\/ResortSecretsAkumal_2-768x512.jpg 768w, https:\/\/esteling.com\/wp-content\/uploads\/2021\/03\/ResortSecretsAkumal_2-1536x1024.jpg 1536w, https:\/\/esteling.com\/wp-content\/uploads\/2021\/03\/ResortSecretsAkumal_2-2048x1365.jpg 2048w\" sizes=\"(max-width: 2500px) 100vw, 2500px\" \/>\t\t<\/div>\n\t\t\t\t<div class=\"elementor-portfolio-item__overlay\">\n\t\t\t\t<h3 class=\"elementor-portfolio-item__title\">\n\t\tThe Secrets Akumal Resort\t\t<\/h3>\n\t\t\t\t<\/div>\n\t\t\t\t<\/a>\n\t\t<\/article>\n\t\t\t\t<article class=\"elementor-portfolio-item elementor-post elementor-filter-187 post-12682 proyectos type-proyectos status-publish format-standard has-post-thumbnail hentry sector-commerce-industry pais-spain\" role=\"listitem\">\n\t\t\t<a class=\"elementor-post__thumbnail__link\" href=\"https:\/\/esteling.com\/en\/proyectos\/the-olivar-market\/\">\n\t\t\t\t<div class=\"elementor-portfolio-item__img elementor-post__thumbnail\">\n\t\t\t<img loading=\"lazy\" decoding=\"async\" width=\"1181\" height=\"619\" src=\"https:\/\/esteling.com\/wp-content\/uploads\/2021\/03\/MercadoOlivar_1.png\" class=\"attachment-full size-full wp-image-12684\" alt=\"\" srcset=\"https:\/\/esteling.com\/wp-content\/uploads\/2021\/03\/MercadoOlivar_1.png 1181w, https:\/\/esteling.com\/wp-content\/uploads\/2021\/03\/MercadoOlivar_1-300x157.png 300w, https:\/\/esteling.com\/wp-content\/uploads\/2021\/03\/MercadoOlivar_1-1024x537.png 1024w, https:\/\/esteling.com\/wp-content\/uploads\/2021\/03\/MercadoOlivar_1-768x403.png 768w\" sizes=\"(max-width: 1181px) 100vw, 1181px\" \/>\t\t<\/div>\n\t\t\t\t<div class=\"elementor-portfolio-item__overlay\">\n\t\t\t\t<h3 class=\"elementor-portfolio-item__title\">\n\t\tThe Mercado del Olivar\t\t<\/h3>\n\t\t\t\t<\/div>\n\t\t\t\t<\/a>\n\t\t<\/article>\n\t\t\t\t<article class=\"elementor-portfolio-item elementor-post elementor-filter-187 post-12667 proyectos type-proyectos status-publish format-standard has-post-thumbnail hentry sector-culture pais-spain\" role=\"listitem\">\n\t\t\t<a class=\"elementor-post__thumbnail__link\" href=\"https:\/\/esteling.com\/en\/proyectos\/the-pueblo-espanol\/\">\n\t\t\t\t<div class=\"elementor-portfolio-item__img elementor-post__thumbnail\">\n\t\t\t<img loading=\"lazy\" decoding=\"async\" width=\"955\" height=\"505\" src=\"https:\/\/esteling.com\/wp-content\/uploads\/2021\/03\/PuebloEspan\u0303ol_2.jpg\" class=\"attachment-full size-full wp-image-12672\" alt=\"\" srcset=\"https:\/\/esteling.com\/wp-content\/uploads\/2021\/03\/PuebloEspan\u0303ol_2.jpg 955w, https:\/\/esteling.com\/wp-content\/uploads\/2021\/03\/PuebloEspan\u0303ol_2-300x159.jpg 300w, https:\/\/esteling.com\/wp-content\/uploads\/2021\/03\/PuebloEspan\u0303ol_2-768x406.jpg 768w\" sizes=\"(max-width: 955px) 100vw, 955px\" \/>\t\t<\/div>\n\t\t\t\t<div class=\"elementor-portfolio-item__overlay\">\n\t\t\t\t<h3 class=\"elementor-portfolio-item__title\">\n\t\tThe Pueblo Espa\u00f1ol\t\t<\/h3>\n\t\t\t\t<\/div>\n\t\t\t\t<\/a>\n\t\t<\/article>\n\t\t\t\t<article class=\"elementor-portfolio-item elementor-post elementor-filter-187 post-12651 proyectos type-proyectos status-publish format-standard has-post-thumbnail hentry sector-culture pais-spain\" role=\"listitem\">\n\t\t\t<a class=\"elementor-post__thumbnail__link\" href=\"https:\/\/esteling.com\/en\/proyectos\/the-juan-march-foundation\/\">\n\t\t\t\t<div class=\"elementor-portfolio-item__img elementor-post__thumbnail\">\n\t\t\t<img loading=\"lazy\" decoding=\"async\" width=\"2560\" height=\"1918\" src=\"https:\/\/esteling.com\/wp-content\/uploads\/2021\/03\/FundacionJuanMarch_1-scaled.jpg\" class=\"attachment-full size-full wp-image-12654\" alt=\"\" srcset=\"https:\/\/esteling.com\/wp-content\/uploads\/2021\/03\/FundacionJuanMarch_1-scaled.jpg 2560w, https:\/\/esteling.com\/wp-content\/uploads\/2021\/03\/FundacionJuanMarch_1-300x225.jpg 300w, https:\/\/esteling.com\/wp-content\/uploads\/2021\/03\/FundacionJuanMarch_1-1024x767.jpg 1024w, https:\/\/esteling.com\/wp-content\/uploads\/2021\/03\/FundacionJuanMarch_1-768x575.jpg 768w, https:\/\/esteling.com\/wp-content\/uploads\/2021\/03\/FundacionJuanMarch_1-1536x1151.jpg 1536w, https:\/\/esteling.com\/wp-content\/uploads\/2021\/03\/FundacionJuanMarch_1-2048x1534.jpg 2048w\" sizes=\"(max-width: 2560px) 100vw, 2560px\" \/>\t\t<\/div>\n\t\t\t\t<div class=\"elementor-portfolio-item__overlay\">\n\t\t\t\t<h3 class=\"elementor-portfolio-item__title\">\n\t\tThe Juan March Foundation\t\t<\/h3>\n\t\t\t\t<\/div>\n\t\t\t\t<\/a>\n\t\t<\/article>\n\t\t\t\t<article class=\"elementor-portfolio-item elementor-post elementor-filter-187 post-12640 proyectos type-proyectos status-publish format-standard has-post-thumbnail hentry sector-culture pais-spain\" role=\"listitem\">\n\t\t\t<a class=\"elementor-post__thumbnail__link\" href=\"https:\/\/esteling.com\/en\/proyectos\/the-pilar-y-joan-miro-foundation\/\">\n\t\t\t\t<div class=\"elementor-portfolio-item__img elementor-post__thumbnail\">\n\t\t\t<img loading=\"lazy\" decoding=\"async\" width=\"1700\" height=\"1153\" src=\"https:\/\/esteling.com\/wp-content\/uploads\/2021\/03\/home-hero__b.jpg\" class=\"attachment-full size-full wp-image-12644\" alt=\"\" srcset=\"https:\/\/esteling.com\/wp-content\/uploads\/2021\/03\/home-hero__b.jpg 1700w, https:\/\/esteling.com\/wp-content\/uploads\/2021\/03\/home-hero__b-300x203.jpg 300w, https:\/\/esteling.com\/wp-content\/uploads\/2021\/03\/home-hero__b-1024x695.jpg 1024w, https:\/\/esteling.com\/wp-content\/uploads\/2021\/03\/home-hero__b-768x521.jpg 768w, https:\/\/esteling.com\/wp-content\/uploads\/2021\/03\/home-hero__b-1536x1042.jpg 1536w\" sizes=\"(max-width: 1700px) 100vw, 1700px\" \/>\t\t<\/div>\n\t\t\t\t<div class=\"elementor-portfolio-item__overlay\">\n\t\t\t\t<h3 class=\"elementor-portfolio-item__title\">\n\t\tThe Pilar y Joan Mir\u00f3 Foundation\t\t<\/h3>\n\t\t\t\t<\/div>\n\t\t\t\t<\/a>\n\t\t<\/article>\n\t\t\t\t<article class=\"elementor-portfolio-item elementor-post elementor-filter-187 post-12630 proyectos type-proyectos status-publish format-standard has-post-thumbnail hentry sector-culture pais-spain\" role=\"listitem\">\n\t\t\t<a class=\"elementor-post__thumbnail__link\" href=\"https:\/\/esteling.com\/en\/proyectos\/the-public-library-of-palma\/\">\n\t\t\t\t<div class=\"elementor-portfolio-item__img elementor-post__thumbnail\">\n\t\t\t<img loading=\"lazy\" decoding=\"async\" width=\"1200\" height=\"900\" src=\"https:\/\/esteling.com\/wp-content\/uploads\/2021\/03\/CanSales_1.jpg\" class=\"attachment-full size-full wp-image-12633\" alt=\"\" srcset=\"https:\/\/esteling.com\/wp-content\/uploads\/2021\/03\/CanSales_1.jpg 1200w, https:\/\/esteling.com\/wp-content\/uploads\/2021\/03\/CanSales_1-300x225.jpg 300w, https:\/\/esteling.com\/wp-content\/uploads\/2021\/03\/CanSales_1-1024x768.jpg 1024w, https:\/\/esteling.com\/wp-content\/uploads\/2021\/03\/CanSales_1-768x576.jpg 768w\" sizes=\"(max-width: 1200px) 100vw, 1200px\" \/>\t\t<\/div>\n\t\t\t\t<div class=\"elementor-portfolio-item__overlay\">\n\t\t\t\t<h3 class=\"elementor-portfolio-item__title\">\n\t\tThe Public Library of Palma &#8211; Ca&#8217;n Sales\t\t<\/h3>\n\t\t\t\t<\/div>\n\t\t\t\t<\/a>\n\t\t<\/article>\n\t\t\t\t<article class=\"elementor-portfolio-item elementor-post elementor-filter-187 post-12615 proyectos type-proyectos status-publish format-standard has-post-thumbnail hentry sector-culture pais-spain\" role=\"listitem\">\n\t\t\t<a class=\"elementor-post__thumbnail__link\" href=\"https:\/\/esteling.com\/en\/proyectos\/es-baluard-facilities\/\">\n\t\t\t\t<div class=\"elementor-portfolio-item__img elementor-post__thumbnail\">\n\t\t\t<img loading=\"lazy\" decoding=\"async\" width=\"1280\" height=\"787\" src=\"https:\/\/esteling.com\/wp-content\/uploads\/2021\/03\/EsBaluard_4.jpg\" class=\"attachment-full size-full wp-image-12624\" alt=\"\" srcset=\"https:\/\/esteling.com\/wp-content\/uploads\/2021\/03\/EsBaluard_4.jpg 1280w, https:\/\/esteling.com\/wp-content\/uploads\/2021\/03\/EsBaluard_4-300x184.jpg 300w, https:\/\/esteling.com\/wp-content\/uploads\/2021\/03\/EsBaluard_4-1024x630.jpg 1024w, https:\/\/esteling.com\/wp-content\/uploads\/2021\/03\/EsBaluard_4-768x472.jpg 768w\" sizes=\"(max-width: 1280px) 100vw, 1280px\" \/>\t\t<\/div>\n\t\t\t\t<div class=\"elementor-portfolio-item__overlay\">\n\t\t\t\t<h3 class=\"elementor-portfolio-item__title\">\n\t\tEs Baluard\t\t<\/h3>\n\t\t\t\t<\/div>\n\t\t\t\t<\/a>\n\t\t<\/article>\n\t\t\t\t<article class=\"elementor-portfolio-item elementor-post elementor-filter-187 post-12597 proyectos type-proyectos status-publish format-standard has-post-thumbnail hentry sector-culture pais-spain\" role=\"listitem\">\n\t\t\t<a class=\"elementor-post__thumbnail__link\" href=\"https:\/\/esteling.com\/en\/proyectos\/the-victoria-convention-center\/\">\n\t\t\t\t<div class=\"elementor-portfolio-item__img elementor-post__thumbnail\">\n\t\t\t<img loading=\"lazy\" decoding=\"async\" width=\"512\" height=\"346\" src=\"https:\/\/esteling.com\/wp-content\/uploads\/2021\/03\/PalacioCongresos_2.jpg\" class=\"attachment-full size-full wp-image-12602\" alt=\"\" srcset=\"https:\/\/esteling.com\/wp-content\/uploads\/2021\/03\/PalacioCongresos_2.jpg 512w, https:\/\/esteling.com\/wp-content\/uploads\/2021\/03\/PalacioCongresos_2-300x203.jpg 300w\" sizes=\"(max-width: 512px) 100vw, 512px\" \/>\t\t<\/div>\n\t\t\t\t<div class=\"elementor-portfolio-item__overlay\">\n\t\t\t\t<h3 class=\"elementor-portfolio-item__title\">\n\t\tThe Victoria Convention Center, Gran Meli\u00e1 Victoria Hotel\t\t<\/h3>\n\t\t\t\t<\/div>\n\t\t\t\t<\/a>\n\t\t<\/article>\n\t\t\t\t<article class=\"elementor-portfolio-item elementor-post elementor-filter-187 post-12571 proyectos type-proyectos status-publish format-standard has-post-thumbnail hentry sector-infrastructures pais-spain\" role=\"listitem\">\n\t\t\t<a class=\"elementor-post__thumbnail__link\" href=\"https:\/\/esteling.com\/en\/proyectos\/global-work-for-sa-deixalleria\/\">\n\t\t\t\t<div class=\"elementor-portfolio-item__img elementor-post__thumbnail\">\n\t\t\t<img loading=\"lazy\" decoding=\"async\" width=\"696\" height=\"464\" src=\"https:\/\/esteling.com\/wp-content\/uploads\/2021\/03\/SaDeixalleria_3.jpg\" class=\"attachment-full size-full wp-image-12574\" alt=\"\" srcset=\"https:\/\/esteling.com\/wp-content\/uploads\/2021\/03\/SaDeixalleria_3.jpg 696w, https:\/\/esteling.com\/wp-content\/uploads\/2021\/03\/SaDeixalleria_3-300x200.jpg 300w\" sizes=\"(max-width: 696px) 100vw, 696px\" \/>\t\t<\/div>\n\t\t\t\t<div class=\"elementor-portfolio-item__overlay\">\n\t\t\t\t<h3 class=\"elementor-portfolio-item__title\">\n\t\tGlobal work for Sa Deixalleria\t\t<\/h3>\n\t\t\t\t<\/div>\n\t\t\t\t<\/a>\n\t\t<\/article>\n\t\t\t\t<article class=\"elementor-portfolio-item elementor-post elementor-filter-187 post-12556 proyectos type-proyectos status-publish format-standard has-post-thumbnail hentry sector-infrastructures pais-spain\" role=\"listitem\">\n\t\t\t<a class=\"elementor-post__thumbnail__link\" href=\"https:\/\/esteling.com\/en\/proyectos\/the-etaps-of-son-tugores-execution-of-installations\/\">\n\t\t\t\t<div class=\"elementor-portfolio-item__img elementor-post__thumbnail\">\n\t\t\t<img loading=\"lazy\" decoding=\"async\" width=\"850\" height=\"495\" src=\"https:\/\/esteling.com\/wp-content\/uploads\/2021\/03\/DepuradoraSonTugores_1.jpg\" class=\"attachment-full size-full wp-image-12559\" alt=\"\" srcset=\"https:\/\/esteling.com\/wp-content\/uploads\/2021\/03\/DepuradoraSonTugores_1.jpg 850w, https:\/\/esteling.com\/wp-content\/uploads\/2021\/03\/DepuradoraSonTugores_1-300x175.jpg 300w, https:\/\/esteling.com\/wp-content\/uploads\/2021\/03\/DepuradoraSonTugores_1-768x447.jpg 768w\" sizes=\"(max-width: 850px) 100vw, 850px\" \/>\t\t<\/div>\n\t\t\t\t<div class=\"elementor-portfolio-item__overlay\">\n\t\t\t\t<h3 class=\"elementor-portfolio-item__title\">\n\t\tThe ETAPs of Son Tugores\t\t<\/h3>\n\t\t\t\t<\/div>\n\t\t\t\t<\/a>\n\t\t<\/article>\n\t\t\t\t<article class=\"elementor-portfolio-item elementor-post elementor-filter-187 post-12545 proyectos type-proyectos status-publish format-standard has-post-thumbnail hentry sector-infrastructures pais-spain\" role=\"listitem\">\n\t\t\t<a class=\"elementor-post__thumbnail__link\" href=\"https:\/\/esteling.com\/en\/proyectos\/the-superior-police-headquarters\/\">\n\t\t\t\t<div class=\"elementor-portfolio-item__img elementor-post__thumbnail\">\n\t\t\t<img loading=\"lazy\" decoding=\"async\" width=\"1314\" height=\"712\" src=\"https:\/\/esteling.com\/wp-content\/uploads\/2021\/03\/JefaturaSuperiorPolicia_2.png\" class=\"attachment-full size-full wp-image-12547\" alt=\"\" srcset=\"https:\/\/esteling.com\/wp-content\/uploads\/2021\/03\/JefaturaSuperiorPolicia_2.png 1314w, https:\/\/esteling.com\/wp-content\/uploads\/2021\/03\/JefaturaSuperiorPolicia_2-300x163.png 300w, https:\/\/esteling.com\/wp-content\/uploads\/2021\/03\/JefaturaSuperiorPolicia_2-1024x555.png 1024w, https:\/\/esteling.com\/wp-content\/uploads\/2021\/03\/JefaturaSuperiorPolicia_2-768x416.png 768w\" sizes=\"(max-width: 1314px) 100vw, 1314px\" \/>\t\t<\/div>\n\t\t\t\t<div class=\"elementor-portfolio-item__overlay\">\n\t\t\t\t<h3 class=\"elementor-portfolio-item__title\">\n\t\tThe Superior Police Headquarters\t\t<\/h3>\n\t\t\t\t<\/div>\n\t\t\t\t<\/a>\n\t\t<\/article>\n\t\t\t\t<article class=\"elementor-portfolio-item elementor-post elementor-filter-187 post-12533 proyectos type-proyectos status-publish format-standard has-post-thumbnail hentry sector-infrastructures pais-spain\" role=\"listitem\">\n\t\t\t<a class=\"elementor-post__thumbnail__link\" href=\"https:\/\/esteling.com\/en\/proyectos\/the-parc-bit-is-a-business-park-that-from-the-technological-sector\/\">\n\t\t\t\t<div class=\"elementor-portfolio-item__img elementor-post__thumbnail\">\n\t\t\t<img loading=\"lazy\" decoding=\"async\" width=\"1200\" height=\"800\" src=\"https:\/\/esteling.com\/wp-content\/uploads\/2021\/03\/ParcBit_2.png\" class=\"attachment-full size-full wp-image-12535\" alt=\"\" srcset=\"https:\/\/esteling.com\/wp-content\/uploads\/2021\/03\/ParcBit_2.png 1200w, https:\/\/esteling.com\/wp-content\/uploads\/2021\/03\/ParcBit_2-300x200.png 300w, https:\/\/esteling.com\/wp-content\/uploads\/2021\/03\/ParcBit_2-1024x683.png 1024w, https:\/\/esteling.com\/wp-content\/uploads\/2021\/03\/ParcBit_2-768x512.png 768w\" sizes=\"(max-width: 1200px) 100vw, 1200px\" \/>\t\t<\/div>\n\t\t\t\t<div class=\"elementor-portfolio-item__overlay\">\n\t\t\t\t<h3 class=\"elementor-portfolio-item__title\">\n\t\tThe Parc BIT is a business park that from the technological sector\t\t<\/h3>\n\t\t\t\t<\/div>\n\t\t\t\t<\/a>\n\t\t<\/article>\n\t\t\t\t<article class=\"elementor-portfolio-item elementor-post elementor-filter-187 post-12517 proyectos type-proyectos status-publish format-standard has-post-thumbnail hentry sector-infrastructures pais-spain\" role=\"listitem\">\n\t\t\t<a class=\"elementor-post__thumbnail__link\" href=\"https:\/\/esteling.com\/en\/proyectos\/waste-management-environmental-technologies-park\/\">\n\t\t\t\t<div class=\"elementor-portfolio-item__img elementor-post__thumbnail\">\n\t\t\t<img loading=\"lazy\" decoding=\"async\" width=\"1009\" height=\"753\" src=\"https:\/\/esteling.com\/wp-content\/uploads\/2021\/03\/ParqueTecnologiasAmbientales_1.jpg\" class=\"attachment-full size-full wp-image-12519\" alt=\"\" srcset=\"https:\/\/esteling.com\/wp-content\/uploads\/2021\/03\/ParqueTecnologiasAmbientales_1.jpg 1009w, https:\/\/esteling.com\/wp-content\/uploads\/2021\/03\/ParqueTecnologiasAmbientales_1-300x224.jpg 300w, https:\/\/esteling.com\/wp-content\/uploads\/2021\/03\/ParqueTecnologiasAmbientales_1-768x573.jpg 768w\" sizes=\"(max-width: 1009px) 100vw, 1009px\" \/>\t\t<\/div>\n\t\t\t\t<div class=\"elementor-portfolio-item__overlay\">\n\t\t\t\t<h3 class=\"elementor-portfolio-item__title\">\n\t\tWaste Management Environmental Technologies Park\t\t<\/h3>\n\t\t\t\t<\/div>\n\t\t\t\t<\/a>\n\t\t<\/article>\n\t\t\t\t<article class=\"elementor-portfolio-item elementor-post elementor-filter-187 post-12507 proyectos type-proyectos status-publish format-standard has-post-thumbnail hentry sector-infrastructures pais-spain\" role=\"listitem\">\n\t\t\t<a class=\"elementor-post__thumbnail__link\" href=\"https:\/\/esteling.com\/en\/proyectos\/the-palma-train\/\">\n\t\t\t\t<div class=\"elementor-portfolio-item__img elementor-post__thumbnail\">\n\t\t\t<img loading=\"lazy\" decoding=\"async\" width=\"2560\" height=\"2195\" src=\"https:\/\/esteling.com\/wp-content\/uploads\/2021\/03\/TrenMallorca_2-scaled.jpg\" class=\"attachment-full size-full wp-image-12510\" alt=\"\" srcset=\"https:\/\/esteling.com\/wp-content\/uploads\/2021\/03\/TrenMallorca_2-scaled.jpg 2560w, https:\/\/esteling.com\/wp-content\/uploads\/2021\/03\/TrenMallorca_2-300x257.jpg 300w, https:\/\/esteling.com\/wp-content\/uploads\/2021\/03\/TrenMallorca_2-1024x878.jpg 1024w, https:\/\/esteling.com\/wp-content\/uploads\/2021\/03\/TrenMallorca_2-768x659.jpg 768w, https:\/\/esteling.com\/wp-content\/uploads\/2021\/03\/TrenMallorca_2-1536x1317.jpg 1536w, https:\/\/esteling.com\/wp-content\/uploads\/2021\/03\/TrenMallorca_2-2048x1756.jpg 2048w\" sizes=\"(max-width: 2560px) 100vw, 2560px\" \/>\t\t<\/div>\n\t\t\t\t<div class=\"elementor-portfolio-item__overlay\">\n\t\t\t\t<h3 class=\"elementor-portfolio-item__title\">\n\t\tThe Palma train\t\t<\/h3>\n\t\t\t\t<\/div>\n\t\t\t\t<\/a>\n\t\t<\/article>\n\t\t\t\t<article class=\"elementor-portfolio-item elementor-post elementor-filter-187 post-12480 proyectos type-proyectos status-publish format-standard has-post-thumbnail hentry sector-infrastructures pais-spain\" role=\"listitem\">\n\t\t\t<a class=\"elementor-post__thumbnail__link\" href=\"https:\/\/esteling.com\/en\/proyectos\/the-palma-subway\/\">\n\t\t\t\t<div class=\"elementor-portfolio-item__img elementor-post__thumbnail\">\n\t\t\t<img loading=\"lazy\" decoding=\"async\" width=\"2560\" height=\"1920\" src=\"https:\/\/esteling.com\/wp-content\/uploads\/2021\/03\/MetroPalma_1-scaled.jpg\" class=\"attachment-full size-full wp-image-12491\" alt=\"\" srcset=\"https:\/\/esteling.com\/wp-content\/uploads\/2021\/03\/MetroPalma_1-scaled.jpg 2560w, https:\/\/esteling.com\/wp-content\/uploads\/2021\/03\/MetroPalma_1-300x225.jpg 300w, https:\/\/esteling.com\/wp-content\/uploads\/2021\/03\/MetroPalma_1-1024x768.jpg 1024w, https:\/\/esteling.com\/wp-content\/uploads\/2021\/03\/MetroPalma_1-768x576.jpg 768w, https:\/\/esteling.com\/wp-content\/uploads\/2021\/03\/MetroPalma_1-1536x1152.jpg 1536w, https:\/\/esteling.com\/wp-content\/uploads\/2021\/03\/MetroPalma_1-2048x1536.jpg 2048w\" sizes=\"(max-width: 2560px) 100vw, 2560px\" \/>\t\t<\/div>\n\t\t\t\t<div class=\"elementor-portfolio-item__overlay\">\n\t\t\t\t<h3 class=\"elementor-portfolio-item__title\">\n\t\tThe Palma subway\t\t<\/h3>\n\t\t\t\t<\/div>\n\t\t\t\t<\/a>\n\t\t<\/article>\n\t\t\t\t<article class=\"elementor-portfolio-item elementor-post elementor-filter-210 post-12367 proyectos type-proyectos status-publish format-standard has-post-thumbnail hentry sector-hotels sector-maintenance pais-dominican-republic\" role=\"listitem\">\n\t\t\t<a class=\"elementor-post__thumbnail__link\" href=\"https:\/\/esteling.com\/en\/proyectos\/club-med-punta-cana-integral-execution-of-installations\/\">\n\t\t\t\t<div class=\"elementor-portfolio-item__img elementor-post__thumbnail\">\n\t\t\t<img loading=\"lazy\" decoding=\"async\" width=\"2560\" height=\"1707\" src=\"https:\/\/esteling.com\/wp-content\/uploads\/2021\/02\/243353-uattox1alx-swhr.jpg\" class=\"attachment-full size-full wp-image-12369\" alt=\"\" srcset=\"https:\/\/esteling.com\/wp-content\/uploads\/2021\/02\/243353-uattox1alx-swhr.jpg 2560w, https:\/\/esteling.com\/wp-content\/uploads\/2021\/02\/243353-uattox1alx-swhr-300x200.jpg 300w, https:\/\/esteling.com\/wp-content\/uploads\/2021\/02\/243353-uattox1alx-swhr-1024x683.jpg 1024w, https:\/\/esteling.com\/wp-content\/uploads\/2021\/02\/243353-uattox1alx-swhr-768x512.jpg 768w, https:\/\/esteling.com\/wp-content\/uploads\/2021\/02\/243353-uattox1alx-swhr-1536x1024.jpg 1536w, https:\/\/esteling.com\/wp-content\/uploads\/2021\/02\/243353-uattox1alx-swhr-2048x1366.jpg 2048w\" sizes=\"(max-width: 2560px) 100vw, 2560px\" \/>\t\t<\/div>\n\t\t\t\t<div class=\"elementor-portfolio-item__overlay\">\n\t\t\t\t<h3 class=\"elementor-portfolio-item__title\">\n\t\tClub Med Punta Cana\t\t<\/h3>\n\t\t\t\t<\/div>\n\t\t\t\t<\/a>\n\t\t<\/article>\n\t\t\t\t<article class=\"elementor-portfolio-item elementor-post elementor-filter-210 post-12353 proyectos type-proyectos status-publish format-standard has-post-thumbnail hentry sector-hotels pais-dominican-republic\" role=\"listitem\">\n\t\t\t<a class=\"elementor-post__thumbnail__link\" href=\"https:\/\/esteling.com\/en\/proyectos\/excellence-el-carmen-integral-execution-of-installations\/\">\n\t\t\t\t<div class=\"elementor-portfolio-item__img elementor-post__thumbnail\">\n\t\t\t<img loading=\"lazy\" decoding=\"async\" width=\"1024\" height=\"767\" src=\"https:\/\/esteling.com\/wp-content\/uploads\/2021\/02\/IMG-20161004-WA0025-1024x767-1.jpg\" class=\"attachment-full size-full wp-image-12355\" alt=\"\" srcset=\"https:\/\/esteling.com\/wp-content\/uploads\/2021\/02\/IMG-20161004-WA0025-1024x767-1.jpg 1024w, https:\/\/esteling.com\/wp-content\/uploads\/2021\/02\/IMG-20161004-WA0025-1024x767-1-300x225.jpg 300w, https:\/\/esteling.com\/wp-content\/uploads\/2021\/02\/IMG-20161004-WA0025-1024x767-1-768x575.jpg 768w\" sizes=\"(max-width: 1024px) 100vw, 1024px\" \/>\t\t<\/div>\n\t\t\t\t<div class=\"elementor-portfolio-item__overlay\">\n\t\t\t\t<h3 class=\"elementor-portfolio-item__title\">\n\t\tExcellence El Carmen\t\t<\/h3>\n\t\t\t\t<\/div>\n\t\t\t\t<\/a>\n\t\t<\/article>\n\t\t\t\t<article class=\"elementor-portfolio-item elementor-post elementor-filter-209 post-12340 proyectos type-proyectos status-publish format-standard has-post-thumbnail hentry sector-hotels sector-maintenance pais-mexico-en\" role=\"listitem\">\n\t\t\t<a class=\"elementor-post__thumbnail__link\" href=\"https:\/\/esteling.com\/en\/proyectos\/the-valentin-imperial-maya-hotel\/\">\n\t\t\t\t<div class=\"elementor-portfolio-item__img elementor-post__thumbnail\">\n\t\t\t<img loading=\"lazy\" decoding=\"async\" width=\"760\" height=\"427\" src=\"https:\/\/esteling.com\/wp-content\/uploads\/2021\/02\/valentin-imperial-maya-photos-exterior-hotel-information3.jpg\" class=\"attachment-full size-full wp-image-12348\" alt=\"\" srcset=\"https:\/\/esteling.com\/wp-content\/uploads\/2021\/02\/valentin-imperial-maya-photos-exterior-hotel-information3.jpg 760w, https:\/\/esteling.com\/wp-content\/uploads\/2021\/02\/valentin-imperial-maya-photos-exterior-hotel-information3-300x169.jpg 300w\" sizes=\"(max-width: 760px) 100vw, 760px\" \/>\t\t<\/div>\n\t\t\t\t<div class=\"elementor-portfolio-item__overlay\">\n\t\t\t\t<h3 class=\"elementor-portfolio-item__title\">\n\t\tThe Valentin Imperial Maya Hotel\t\t<\/h3>\n\t\t\t\t<\/div>\n\t\t\t\t<\/a>\n\t\t<\/article>\n\t\t\t\t<article class=\"elementor-portfolio-item elementor-post elementor-filter-209 post-12324 proyectos type-proyectos status-publish format-standard has-post-thumbnail hentry sector-hotels sector-maintenance pais-mexico-en\" role=\"listitem\">\n\t\t\t<a class=\"elementor-post__thumbnail__link\" href=\"https:\/\/esteling.com\/en\/proyectos\/now-jade-riviera-cancun-redesign-and-integral-execution\/\">\n\t\t\t\t<div class=\"elementor-portfolio-item__img elementor-post__thumbnail\">\n\t\t\t<img loading=\"lazy\" decoding=\"async\" width=\"1024\" height=\"682\" src=\"https:\/\/esteling.com\/wp-content\/uploads\/2021\/02\/106261099.jpg\" class=\"attachment-full size-full wp-image-12328\" alt=\"\" srcset=\"https:\/\/esteling.com\/wp-content\/uploads\/2021\/02\/106261099.jpg 1024w, https:\/\/esteling.com\/wp-content\/uploads\/2021\/02\/106261099-300x200.jpg 300w, https:\/\/esteling.com\/wp-content\/uploads\/2021\/02\/106261099-768x512.jpg 768w\" sizes=\"(max-width: 1024px) 100vw, 1024px\" \/>\t\t<\/div>\n\t\t\t\t<div class=\"elementor-portfolio-item__overlay\">\n\t\t\t\t<h3 class=\"elementor-portfolio-item__title\">\n\t\tNow Jade Riviera Cancun\t\t<\/h3>\n\t\t\t\t<\/div>\n\t\t\t\t<\/a>\n\t\t<\/article>\n\t\t\t\t<article class=\"elementor-portfolio-item elementor-post elementor-filter-206 post-12298 proyectos type-proyectos status-publish format-standard has-post-thumbnail hentry sector-hotels pais-saudi-arabia\" role=\"listitem\">\n\t\t\t<a class=\"elementor-post__thumbnail__link\" href=\"https:\/\/esteling.com\/en\/proyectos\/waldorf-astoria-by-hilton-project\/\">\n\t\t\t\t<div class=\"elementor-portfolio-item__img elementor-post__thumbnail\">\n\t\t\t<img loading=\"lazy\" decoding=\"async\" width=\"689\" height=\"461\" src=\"https:\/\/esteling.com\/wp-content\/uploads\/2021\/02\/waldorf-doha-3.jpg\" class=\"attachment-full size-full wp-image-13502\" alt=\"\" srcset=\"https:\/\/esteling.com\/wp-content\/uploads\/2021\/02\/waldorf-doha-3.jpg 689w, https:\/\/esteling.com\/wp-content\/uploads\/2021\/02\/waldorf-doha-3-300x201.jpg 300w\" sizes=\"(max-width: 689px) 100vw, 689px\" \/>\t\t<\/div>\n\t\t\t\t<div class=\"elementor-portfolio-item__overlay\">\n\t\t\t\t<h3 class=\"elementor-portfolio-item__title\">\n\t\tWaldorf-Astoria by Hilton\t\t<\/h3>\n\t\t\t\t<\/div>\n\t\t\t\t<\/a>\n\t\t<\/article>\n\t\t\t\t<article class=\"elementor-portfolio-item elementor-post elementor-filter-318 post-12280 proyectos type-proyectos status-publish format-standard has-post-thumbnail hentry sector-hotels pais-uk\" role=\"listitem\">\n\t\t\t<a class=\"elementor-post__thumbnail__link\" href=\"https:\/\/esteling.com\/en\/proyectos\/me-london-by-melia-reengineering-integral-execution\/\">\n\t\t\t\t<div class=\"elementor-portfolio-item__img elementor-post__thumbnail\">\n\t\t\t<img loading=\"lazy\" decoding=\"async\" width=\"800\" height=\"508\" src=\"https:\/\/esteling.com\/wp-content\/uploads\/2021\/02\/imagenes3551a-1.jpg\" class=\"attachment-full size-full wp-image-12284\" alt=\"\" srcset=\"https:\/\/esteling.com\/wp-content\/uploads\/2021\/02\/imagenes3551a-1.jpg 800w, https:\/\/esteling.com\/wp-content\/uploads\/2021\/02\/imagenes3551a-1-300x191.jpg 300w, https:\/\/esteling.com\/wp-content\/uploads\/2021\/02\/imagenes3551a-1-768x488.jpg 768w\" sizes=\"(max-width: 800px) 100vw, 800px\" \/>\t\t<\/div>\n\t\t\t\t<div class=\"elementor-portfolio-item__overlay\">\n\t\t\t\t<h3 class=\"elementor-portfolio-item__title\">\n\t\tME London by Meli\u00e1\t\t<\/h3>\n\t\t\t\t<\/div>\n\t\t\t\t<\/a>\n\t\t<\/article>\n\t\t\t\t<article class=\"elementor-portfolio-item elementor-post elementor-filter-187 post-12271 proyectos type-proyectos status-publish format-standard has-post-thumbnail hentry sector-infrastructures tipo-de-trabajo-navigation-esp-master pais-spain\" role=\"listitem\">\n\t\t\t<a class=\"elementor-post__thumbnail__link\" href=\"https:\/\/esteling.com\/en\/proyectos\/palma-de-mallorca-airport\/\">\n\t\t\t\t<div class=\"elementor-portfolio-item__img elementor-post__thumbnail\">\n\t\t\t<img loading=\"lazy\" decoding=\"async\" width=\"2560\" height=\"1280\" src=\"https:\/\/esteling.com\/wp-content\/uploads\/2021\/01\/interislas--scaled.jpg\" class=\"attachment-full size-full wp-image-12227\" alt=\"\" srcset=\"https:\/\/esteling.com\/wp-content\/uploads\/2021\/01\/interislas--scaled.jpg 2560w, https:\/\/esteling.com\/wp-content\/uploads\/2021\/01\/interislas--300x150.jpg 300w, https:\/\/esteling.com\/wp-content\/uploads\/2021\/01\/interislas--1024x512.jpg 1024w, https:\/\/esteling.com\/wp-content\/uploads\/2021\/01\/interislas--768x384.jpg 768w, https:\/\/esteling.com\/wp-content\/uploads\/2021\/01\/interislas--1536x768.jpg 1536w, https:\/\/esteling.com\/wp-content\/uploads\/2021\/01\/interislas--2048x1024.jpg 2048w\" sizes=\"(max-width: 2560px) 100vw, 2560px\" \/>\t\t<\/div>\n\t\t\t\t<div class=\"elementor-portfolio-item__overlay\">\n\t\t\t\t<h3 class=\"elementor-portfolio-item__title\">\n\t\tPalma de Mallorca Airport\t\t<\/h3>\n\t\t\t\t<\/div>\n\t\t\t\t<\/a>\n\t\t<\/article>\n\t\t\t\t<article class=\"elementor-portfolio-item elementor-post elementor-filter-187 post-12266 proyectos type-proyectos status-publish format-standard has-post-thumbnail hentry sector-residential tipo-de-trabajo-navigation-esp-master pais-spain\" role=\"listitem\">\n\t\t\t<a class=\"elementor-post__thumbnail__link\" href=\"https:\/\/esteling.com\/en\/proyectos\/sa-caixota-residence\/\">\n\t\t\t\t<div class=\"elementor-portfolio-item__img elementor-post__thumbnail\">\n\t\t\t<img loading=\"lazy\" decoding=\"async\" width=\"1920\" height=\"1080\" src=\"https:\/\/esteling.com\/wp-content\/uploads\/2021\/01\/es_ibz_A_9200_Pool-View_02-2.jpg\" class=\"attachment-full size-full wp-image-12213\" alt=\"\" srcset=\"https:\/\/esteling.com\/wp-content\/uploads\/2021\/01\/es_ibz_A_9200_Pool-View_02-2.jpg 1920w, https:\/\/esteling.com\/wp-content\/uploads\/2021\/01\/es_ibz_A_9200_Pool-View_02-2-300x169.jpg 300w, https:\/\/esteling.com\/wp-content\/uploads\/2021\/01\/es_ibz_A_9200_Pool-View_02-2-1024x576.jpg 1024w, https:\/\/esteling.com\/wp-content\/uploads\/2021\/01\/es_ibz_A_9200_Pool-View_02-2-768x432.jpg 768w, https:\/\/esteling.com\/wp-content\/uploads\/2021\/01\/es_ibz_A_9200_Pool-View_02-2-1536x864.jpg 1536w\" sizes=\"(max-width: 1920px) 100vw, 1920px\" \/>\t\t<\/div>\n\t\t\t\t<div class=\"elementor-portfolio-item__overlay\">\n\t\t\t\t<h3 class=\"elementor-portfolio-item__title\">\n\t\tSa Caixota residence\t\t<\/h3>\n\t\t\t\t<\/div>\n\t\t\t\t<\/a>\n\t\t<\/article>\n\t\t\t\t<article class=\"elementor-portfolio-item elementor-post elementor-filter-187 post-12256 proyectos type-proyectos status-publish format-standard has-post-thumbnail hentry sector-residential tipo-de-trabajo-navigation-esp-master pais-spain\" role=\"listitem\">\n\t\t\t<a class=\"elementor-post__thumbnail__link\" href=\"https:\/\/esteling.com\/en\/proyectos\/punta-prima-residential\/\">\n\t\t\t\t<div class=\"elementor-portfolio-item__img elementor-post__thumbnail\">\n\t\t\t<img loading=\"lazy\" decoding=\"async\" width=\"1440\" height=\"971\" src=\"https:\/\/esteling.com\/wp-content\/uploads\/2021\/01\/Cap_LBox2019_18.jpg\" class=\"attachment-full size-full wp-image-12199\" alt=\"\" srcset=\"https:\/\/esteling.com\/wp-content\/uploads\/2021\/01\/Cap_LBox2019_18.jpg 1440w, https:\/\/esteling.com\/wp-content\/uploads\/2021\/01\/Cap_LBox2019_18-300x202.jpg 300w, https:\/\/esteling.com\/wp-content\/uploads\/2021\/01\/Cap_LBox2019_18-1024x690.jpg 1024w, https:\/\/esteling.com\/wp-content\/uploads\/2021\/01\/Cap_LBox2019_18-768x518.jpg 768w\" sizes=\"(max-width: 1440px) 100vw, 1440px\" \/>\t\t<\/div>\n\t\t\t\t<div class=\"elementor-portfolio-item__overlay\">\n\t\t\t\t<h3 class=\"elementor-portfolio-item__title\">\n\t\tPunta Prima Residential\t\t<\/h3>\n\t\t\t\t<\/div>\n\t\t\t\t<\/a>\n\t\t<\/article>\n\t\t\t\t<article class=\"elementor-portfolio-item elementor-post elementor-filter-187 post-12249 proyectos type-proyectos status-publish format-standard has-post-thumbnail hentry sector-residential tipo-de-trabajo-navigation-esp-master pais-spain\" role=\"listitem\">\n\t\t\t<a class=\"elementor-post__thumbnail__link\" href=\"https:\/\/esteling.com\/en\/proyectos\/casa-mila-integral-execution-of-installations\/\">\n\t\t\t\t<div class=\"elementor-portfolio-item__img elementor-post__thumbnail\">\n\t\t\t<img loading=\"lazy\" decoding=\"async\" width=\"2187\" height=\"1195\" src=\"https:\/\/esteling.com\/wp-content\/uploads\/2021\/01\/1-1.jpg\" class=\"attachment-full size-full wp-image-12173\" alt=\"\" srcset=\"https:\/\/esteling.com\/wp-content\/uploads\/2021\/01\/1-1.jpg 2187w, https:\/\/esteling.com\/wp-content\/uploads\/2021\/01\/1-1-300x164.jpg 300w, https:\/\/esteling.com\/wp-content\/uploads\/2021\/01\/1-1-1024x560.jpg 1024w, https:\/\/esteling.com\/wp-content\/uploads\/2021\/01\/1-1-768x420.jpg 768w, https:\/\/esteling.com\/wp-content\/uploads\/2021\/01\/1-1-1536x839.jpg 1536w, https:\/\/esteling.com\/wp-content\/uploads\/2021\/01\/1-1-2048x1119.jpg 2048w\" sizes=\"(max-width: 2187px) 100vw, 2187px\" \/>\t\t<\/div>\n\t\t\t\t<div class=\"elementor-portfolio-item__overlay\">\n\t\t\t\t<h3 class=\"elementor-portfolio-item__title\">\n\t\tCasa Mil\u00e0 luxury residence\t\t<\/h3>\n\t\t\t\t<\/div>\n\t\t\t\t<\/a>\n\t\t<\/article>\n\t\t\t\t<article class=\"elementor-portfolio-item elementor-post elementor-filter-187 post-12241 proyectos type-proyectos status-publish format-standard has-post-thumbnail hentry sector-residential tipo-de-trabajo-navigation-esp-master pais-spain\" role=\"listitem\">\n\t\t\t<a class=\"elementor-post__thumbnail__link\" href=\"https:\/\/esteling.com\/en\/proyectos\/can-nadal-residential\/\">\n\t\t\t\t<div class=\"elementor-portfolio-item__img elementor-post__thumbnail\">\n\t\t\t<img loading=\"lazy\" decoding=\"async\" width=\"1024\" height=\"683\" src=\"https:\/\/esteling.com\/wp-content\/uploads\/2021\/01\/1-5-1024x683-1.jpg\" class=\"attachment-full size-full wp-image-12162\" alt=\"\" srcset=\"https:\/\/esteling.com\/wp-content\/uploads\/2021\/01\/1-5-1024x683-1.jpg 1024w, https:\/\/esteling.com\/wp-content\/uploads\/2021\/01\/1-5-1024x683-1-300x200.jpg 300w, https:\/\/esteling.com\/wp-content\/uploads\/2021\/01\/1-5-1024x683-1-768x512.jpg 768w\" sizes=\"(max-width: 1024px) 100vw, 1024px\" \/>\t\t<\/div>\n\t\t\t\t<div class=\"elementor-portfolio-item__overlay\">\n\t\t\t\t<h3 class=\"elementor-portfolio-item__title\">\n\t\tCan Nadal residential\t\t<\/h3>\n\t\t\t\t<\/div>\n\t\t\t\t<\/a>\n\t\t<\/article>\n\t\t\t\t<article class=\"elementor-portfolio-item elementor-post elementor-filter-209 post-12041 proyectos type-proyectos status-publish format-standard has-post-thumbnail hentry sector-hotels pais-mexico-en\" role=\"listitem\">\n\t\t\t<a class=\"elementor-post__thumbnail__link\" href=\"https:\/\/esteling.com\/en\/proyectos\/excellence-the-finest%e2%80%8b-eng\/\">\n\t\t\t\t<div class=\"elementor-portfolio-item__img elementor-post__thumbnail\">\n\t\t\t<img loading=\"lazy\" decoding=\"async\" width=\"1400\" height=\"933\" src=\"https:\/\/esteling.com\/wp-content\/uploads\/2020\/12\/PUJ-Finest-Punta-Cana-Aerial-001.jpg\" class=\"attachment-full size-full wp-image-12043\" alt=\"\" srcset=\"https:\/\/esteling.com\/wp-content\/uploads\/2020\/12\/PUJ-Finest-Punta-Cana-Aerial-001.jpg 1400w, https:\/\/esteling.com\/wp-content\/uploads\/2020\/12\/PUJ-Finest-Punta-Cana-Aerial-001-300x200.jpg 300w, https:\/\/esteling.com\/wp-content\/uploads\/2020\/12\/PUJ-Finest-Punta-Cana-Aerial-001-1024x682.jpg 1024w, https:\/\/esteling.com\/wp-content\/uploads\/2020\/12\/PUJ-Finest-Punta-Cana-Aerial-001-768x512.jpg 768w\" sizes=\"(max-width: 1400px) 100vw, 1400px\" \/>\t\t<\/div>\n\t\t\t\t<div class=\"elementor-portfolio-item__overlay\">\n\t\t\t\t<h3 class=\"elementor-portfolio-item__title\">\n\t\tExcellence The Finest\u200b\t\t<\/h3>\n\t\t\t\t<\/div>\n\t\t\t\t<\/a>\n\t\t<\/article>\n\t\t\t\t<article class=\"elementor-portfolio-item elementor-post elementor-filter-209 post-12058 proyectos type-proyectos status-publish format-standard has-post-thumbnail hentry sector-hotels sector-maintenance pais-mexico-en\" role=\"listitem\">\n\t\t\t<a class=\"elementor-post__thumbnail__link\" href=\"https:\/\/esteling.com\/en\/proyectos\/paradisus-la-perla-y-la-esmeralda-eng\/\">\n\t\t\t\t<div class=\"elementor-portfolio-item__img elementor-post__thumbnail\">\n\t\t\t<img loading=\"lazy\" decoding=\"async\" width=\"1024\" height=\"727\" src=\"https:\/\/esteling.com\/wp-content\/uploads\/2020\/12\/8bf1c6c7-46ae-48a8-a4c9-9514ff62c573.jpg\" class=\"attachment-full size-full wp-image-12071\" alt=\"\" srcset=\"https:\/\/esteling.com\/wp-content\/uploads\/2020\/12\/8bf1c6c7-46ae-48a8-a4c9-9514ff62c573.jpg 1024w, https:\/\/esteling.com\/wp-content\/uploads\/2020\/12\/8bf1c6c7-46ae-48a8-a4c9-9514ff62c573-300x213.jpg 300w, https:\/\/esteling.com\/wp-content\/uploads\/2020\/12\/8bf1c6c7-46ae-48a8-a4c9-9514ff62c573-768x545.jpg 768w\" sizes=\"(max-width: 1024px) 100vw, 1024px\" \/>\t\t<\/div>\n\t\t\t\t<div class=\"elementor-portfolio-item__overlay\">\n\t\t\t\t<h3 class=\"elementor-portfolio-item__title\">\n\t\tParadisus La Perla y La Esmeralda\t\t<\/h3>\n\t\t\t\t<\/div>\n\t\t\t\t<\/a>\n\t\t<\/article>\n\t\t\t\t<article class=\"elementor-portfolio-item elementor-post elementor-filter-209 post-12076 proyectos type-proyectos status-publish format-standard has-post-thumbnail hentry sector-hotels sector-maintenance pais-mexico-en\" role=\"listitem\">\n\t\t\t<a class=\"elementor-post__thumbnail__link\" href=\"https:\/\/esteling.com\/en\/proyectos\/club-med-punta-nizuc-eng%e2%80%8b\/\">\n\t\t\t\t<div class=\"elementor-portfolio-item__img elementor-post__thumbnail\">\n\t\t\t<img loading=\"lazy\" decoding=\"async\" width=\"2048\" height=\"1535\" src=\"https:\/\/esteling.com\/wp-content\/uploads\/2020\/12\/195866-itjdc99xtk-swhr.jpg\" class=\"attachment-full size-full wp-image-12079\" alt=\"\" srcset=\"https:\/\/esteling.com\/wp-content\/uploads\/2020\/12\/195866-itjdc99xtk-swhr.jpg 2048w, https:\/\/esteling.com\/wp-content\/uploads\/2020\/12\/195866-itjdc99xtk-swhr-300x225.jpg 300w, https:\/\/esteling.com\/wp-content\/uploads\/2020\/12\/195866-itjdc99xtk-swhr-1024x768.jpg 1024w, https:\/\/esteling.com\/wp-content\/uploads\/2020\/12\/195866-itjdc99xtk-swhr-768x576.jpg 768w, https:\/\/esteling.com\/wp-content\/uploads\/2020\/12\/195866-itjdc99xtk-swhr-1536x1151.jpg 1536w\" sizes=\"(max-width: 2048px) 100vw, 2048px\" \/>\t\t<\/div>\n\t\t\t\t<div class=\"elementor-portfolio-item__overlay\">\n\t\t\t\t<h3 class=\"elementor-portfolio-item__title\">\n\t\tClub Med Punta Nizuc\u200b\t\t<\/h3>\n\t\t\t\t<\/div>\n\t\t\t\t<\/a>\n\t\t<\/article>\n\t\t\t\t<article class=\"elementor-portfolio-item elementor-post elementor-filter-209 post-12023 proyectos type-proyectos status-publish format-standard has-post-thumbnail hentry sector-hotels pais-mexico-en\" role=\"listitem\">\n\t\t\t<a class=\"elementor-post__thumbnail__link\" href=\"https:\/\/esteling.com\/en\/proyectos\/nizuc-resortspa-eng\/\">\n\t\t\t\t<div class=\"elementor-portfolio-item__img elementor-post__thumbnail\">\n\t\t\t<img loading=\"lazy\" decoding=\"async\" width=\"1024\" height=\"705\" src=\"https:\/\/esteling.com\/wp-content\/uploads\/2020\/12\/85f408eb8f7b0a43c876adfbf5ecfc9b.jpg\" class=\"attachment-full size-full wp-image-12025\" alt=\"\" srcset=\"https:\/\/esteling.com\/wp-content\/uploads\/2020\/12\/85f408eb8f7b0a43c876adfbf5ecfc9b.jpg 1024w, https:\/\/esteling.com\/wp-content\/uploads\/2020\/12\/85f408eb8f7b0a43c876adfbf5ecfc9b-300x207.jpg 300w, https:\/\/esteling.com\/wp-content\/uploads\/2020\/12\/85f408eb8f7b0a43c876adfbf5ecfc9b-768x529.jpg 768w\" sizes=\"(max-width: 1024px) 100vw, 1024px\" \/>\t\t<\/div>\n\t\t\t\t<div class=\"elementor-portfolio-item__overlay\">\n\t\t\t\t<h3 class=\"elementor-portfolio-item__title\">\n\t\tNizuc Resort&#038;Spa\t\t<\/h3>\n\t\t\t\t<\/div>\n\t\t\t\t<\/a>\n\t\t<\/article>\n\t\t\t\t<article class=\"elementor-portfolio-item elementor-post elementor-filter-209 post-11987 proyectos type-proyectos status-publish format-standard has-post-thumbnail hentry sector-hotels pais-mexico-en\" role=\"listitem\">\n\t\t\t<a class=\"elementor-post__thumbnail__link\" href=\"https:\/\/esteling.com\/en\/proyectos\/hotel-ocean-riviera-paradise\/\">\n\t\t\t\t<div class=\"elementor-portfolio-item__img elementor-post__thumbnail\">\n\t\t\t<img loading=\"lazy\" decoding=\"async\" width=\"1024\" height=\"683\" src=\"https:\/\/esteling.com\/wp-content\/uploads\/2020\/12\/186308978-1.jpg\" class=\"attachment-full size-full wp-image-12004\" alt=\"\" srcset=\"https:\/\/esteling.com\/wp-content\/uploads\/2020\/12\/186308978-1.jpg 1024w, https:\/\/esteling.com\/wp-content\/uploads\/2020\/12\/186308978-1-300x200.jpg 300w, https:\/\/esteling.com\/wp-content\/uploads\/2020\/12\/186308978-1-768x512.jpg 768w\" sizes=\"(max-width: 1024px) 100vw, 1024px\" \/>\t\t<\/div>\n\t\t\t\t<div class=\"elementor-portfolio-item__overlay\">\n\t\t\t\t<h3 class=\"elementor-portfolio-item__title\">\n\t\tHotel Ocean Riviera Paradise\t\t<\/h3>\n\t\t\t\t<\/div>\n\t\t\t\t<\/a>\n\t\t<\/article>\n\t\t\t\t<article class=\"elementor-portfolio-item elementor-post elementor-filter-187 post-11946 proyectos type-proyectos status-publish format-standard has-post-thumbnail hentry sector-health tipo-de-trabajo-navigation-esp-master tipo-de-trabajo-navigation-esp-master-en-4 tipo-de-trabajo-navigation-esp-master-en tipo-de-trabajo-navigation-esp-master-en-3 pais-spain\" role=\"listitem\">\n\t\t\t<a class=\"elementor-post__thumbnail__link\" href=\"https:\/\/esteling.com\/en\/proyectos\/son-dureta-hospital\/\">\n\t\t\t\t<div class=\"elementor-portfolio-item__img elementor-post__thumbnail\">\n\t\t\t<img loading=\"lazy\" decoding=\"async\" width=\"770\" height=\"578\" src=\"https:\/\/esteling.com\/wp-content\/uploads\/2020\/08\/son-dureta-fachada-lateral.jpg\" class=\"attachment-full size-full wp-image-11943\" alt=\"Hospital son dureta\" srcset=\"https:\/\/esteling.com\/wp-content\/uploads\/2020\/08\/son-dureta-fachada-lateral.jpg 770w, https:\/\/esteling.com\/wp-content\/uploads\/2020\/08\/son-dureta-fachada-lateral-300x225.jpg 300w, https:\/\/esteling.com\/wp-content\/uploads\/2020\/08\/son-dureta-fachada-lateral-768x576.jpg 768w\" sizes=\"(max-width: 770px) 100vw, 770px\" \/>\t\t<\/div>\n\t\t\t\t<div class=\"elementor-portfolio-item__overlay\">\n\t\t\t\t<h3 class=\"elementor-portfolio-item__title\">\n\t\tSon Dureta Hospital\t\t<\/h3>\n\t\t\t\t<\/div>\n\t\t\t\t<\/a>\n\t\t<\/article>\n\t\t\t\t<article class=\"elementor-portfolio-item elementor-post elementor-filter-187 post-11929 proyectos type-proyectos status-publish format-standard has-post-thumbnail hentry sector-health tipo-de-trabajo-navigation-esp-master pais-spain\" role=\"listitem\">\n\t\t\t<a class=\"elementor-post__thumbnail__link\" href=\"https:\/\/esteling.com\/en\/proyectos\/palmanova-medical-centre\/\">\n\t\t\t\t<div class=\"elementor-portfolio-item__img elementor-post__thumbnail\">\n\t\t\t<img loading=\"lazy\" decoding=\"async\" width=\"512\" height=\"288\" src=\"https:\/\/esteling.com\/wp-content\/uploads\/2020\/08\/2-4.jpg\" class=\"attachment-full size-full wp-image-11922\" alt=\"centro de salud Palmanova\" srcset=\"https:\/\/esteling.com\/wp-content\/uploads\/2020\/08\/2-4.jpg 512w, https:\/\/esteling.com\/wp-content\/uploads\/2020\/08\/2-4-300x169.jpg 300w\" sizes=\"(max-width: 512px) 100vw, 512px\" \/>\t\t<\/div>\n\t\t\t\t<div class=\"elementor-portfolio-item__overlay\">\n\t\t\t\t<h3 class=\"elementor-portfolio-item__title\">\n\t\tPalmanova Medical Centre\t\t<\/h3>\n\t\t\t\t<\/div>\n\t\t\t\t<\/a>\n\t\t<\/article>\n\t\t\t\t<article class=\"elementor-portfolio-item elementor-post elementor-filter-187 post-11906 proyectos type-proyectos status-publish format-standard has-post-thumbnail hentry sector-health tipo-de-trabajo-navigation-esp-master-en-4 tipo-de-trabajo-navigation-esp-master-en tipo-de-trabajo-navigation-esp-master-en-3 pais-spain\" role=\"listitem\">\n\t\t\t<a class=\"elementor-post__thumbnail__link\" href=\"https:\/\/esteling.com\/en\/proyectos\/son-rutlan-medical-centre\/\">\n\t\t\t\t<div class=\"elementor-portfolio-item__img elementor-post__thumbnail\">\n\t\t\t<img loading=\"lazy\" decoding=\"async\" width=\"500\" height=\"250\" src=\"https:\/\/esteling.com\/wp-content\/uploads\/2020\/08\/2-3.jpg\" class=\"attachment-full size-full wp-image-11900\" alt=\"centro salud palma\" srcset=\"https:\/\/esteling.com\/wp-content\/uploads\/2020\/08\/2-3.jpg 500w, https:\/\/esteling.com\/wp-content\/uploads\/2020\/08\/2-3-300x150.jpg 300w\" sizes=\"(max-width: 500px) 100vw, 500px\" \/>\t\t<\/div>\n\t\t\t\t<div class=\"elementor-portfolio-item__overlay\">\n\t\t\t\t<h3 class=\"elementor-portfolio-item__title\">\n\t\tSon Rutlan Medical centre\t\t<\/h3>\n\t\t\t\t<\/div>\n\t\t\t\t<\/a>\n\t\t<\/article>\n\t\t\t\t<article class=\"elementor-portfolio-item elementor-post elementor-filter-187 post-11892 proyectos type-proyectos status-publish format-standard has-post-thumbnail hentry sector-health tipo-de-trabajo-navigation-esp-master-en-4 tipo-de-trabajo-navigation-esp-master-en tipo-de-trabajo-navigation-esp-master-en-3 tipo-de-trabajo-navigation-esp-master pais-spain\" role=\"listitem\">\n\t\t\t<a class=\"elementor-post__thumbnail__link\" href=\"https:\/\/esteling.com\/en\/proyectos\/pere-garau-medical-centre\/\">\n\t\t\t\t<div class=\"elementor-portfolio-item__img elementor-post__thumbnail\">\n\t\t\t<img loading=\"lazy\" decoding=\"async\" width=\"646\" height=\"363\" src=\"https:\/\/esteling.com\/wp-content\/uploads\/2020\/08\/centro-salud-pere-garau.jpg\" class=\"attachment-full size-full wp-image-11889\" alt=\"centro de salud pere garau\" srcset=\"https:\/\/esteling.com\/wp-content\/uploads\/2020\/08\/centro-salud-pere-garau.jpg 646w, https:\/\/esteling.com\/wp-content\/uploads\/2020\/08\/centro-salud-pere-garau-300x169.jpg 300w\" sizes=\"(max-width: 646px) 100vw, 646px\" \/>\t\t<\/div>\n\t\t\t\t<div class=\"elementor-portfolio-item__overlay\">\n\t\t\t\t<h3 class=\"elementor-portfolio-item__title\">\n\t\tPere Garau Medical Centre\t\t<\/h3>\n\t\t\t\t<\/div>\n\t\t\t\t<\/a>\n\t\t<\/article>\n\t\t\t\t<article class=\"elementor-portfolio-item elementor-post elementor-filter-187 post-11879 proyectos type-proyectos status-publish format-standard has-post-thumbnail hentry sector-health tipo-de-trabajo-navigation-esp-master-en-3 tipo-de-trabajo-navigation-esp-master-en-4 tipo-de-trabajo-navigation-esp-master-en pais-spain\" role=\"listitem\">\n\t\t\t<a class=\"elementor-post__thumbnail__link\" href=\"https:\/\/esteling.com\/en\/proyectos\/hospital-mateu-orfila\/\">\n\t\t\t\t<div class=\"elementor-portfolio-item__img elementor-post__thumbnail\">\n\t\t\t<img loading=\"lazy\" decoding=\"async\" width=\"2784\" height=\"1848\" src=\"https:\/\/esteling.com\/wp-content\/uploads\/2020\/08\/3-2.jpg\" class=\"attachment-full size-full wp-image-11871\" alt=\"Hospital Mateu Orfila\" srcset=\"https:\/\/esteling.com\/wp-content\/uploads\/2020\/08\/3-2.jpg 2784w, https:\/\/esteling.com\/wp-content\/uploads\/2020\/08\/3-2-300x199.jpg 300w, https:\/\/esteling.com\/wp-content\/uploads\/2020\/08\/3-2-1024x680.jpg 1024w, https:\/\/esteling.com\/wp-content\/uploads\/2020\/08\/3-2-768x510.jpg 768w, https:\/\/esteling.com\/wp-content\/uploads\/2020\/08\/3-2-1536x1020.jpg 1536w, https:\/\/esteling.com\/wp-content\/uploads\/2020\/08\/3-2-2048x1359.jpg 2048w\" sizes=\"(max-width: 2784px) 100vw, 2784px\" \/>\t\t<\/div>\n\t\t\t\t<div class=\"elementor-portfolio-item__overlay\">\n\t\t\t\t<h3 class=\"elementor-portfolio-item__title\">\n\t\tHospital Mateu Orfila\t\t<\/h3>\n\t\t\t\t<\/div>\n\t\t\t\t<\/a>\n\t\t<\/article>\n\t\t\t\t<article class=\"elementor-portfolio-item elementor-post elementor-filter-187 post-11859 proyectos type-proyectos status-publish format-standard has-post-thumbnail hentry sector-health tipo-de-trabajo-navigation-esp-master-en-4 tipo-de-trabajo-navigation-esp-master tipo-de-trabajo-navigation-esp-master-en pais-spain\" role=\"listitem\">\n\t\t\t<a class=\"elementor-post__thumbnail__link\" href=\"https:\/\/esteling.com\/en\/proyectos\/inca-hospital\/\">\n\t\t\t\t<div class=\"elementor-portfolio-item__img elementor-post__thumbnail\">\n\t\t\t<img loading=\"lazy\" decoding=\"async\" width=\"900\" height=\"581\" src=\"https:\/\/esteling.com\/wp-content\/uploads\/2020\/08\/3-1.jpg\" class=\"attachment-full size-full wp-image-11853\" alt=\"Hospital comarcal de Inca\" srcset=\"https:\/\/esteling.com\/wp-content\/uploads\/2020\/08\/3-1.jpg 900w, https:\/\/esteling.com\/wp-content\/uploads\/2020\/08\/3-1-300x194.jpg 300w, https:\/\/esteling.com\/wp-content\/uploads\/2020\/08\/3-1-768x496.jpg 768w\" sizes=\"(max-width: 900px) 100vw, 900px\" \/>\t\t<\/div>\n\t\t\t\t<div class=\"elementor-portfolio-item__overlay\">\n\t\t\t\t<h3 class=\"elementor-portfolio-item__title\">\n\t\tInca Hospital\t\t<\/h3>\n\t\t\t\t<\/div>\n\t\t\t\t<\/a>\n\t\t<\/article>\n\t\t\t\t<article class=\"elementor-portfolio-item elementor-post elementor-filter-187 post-11837 proyectos type-proyectos status-publish format-standard has-post-thumbnail hentry sector-health tipo-de-trabajo-navigation-esp-master-en-4 tipo-de-trabajo-navigation-esp-master tipo-de-trabajo-navigation-esp-master-en pais-spain\" role=\"listitem\">\n\t\t\t<a class=\"elementor-post__thumbnail__link\" href=\"https:\/\/esteling.com\/en\/proyectos\/son-llatzer-hospital\/\">\n\t\t\t\t<div class=\"elementor-portfolio-item__img elementor-post__thumbnail\">\n\t\t\t<img loading=\"lazy\" decoding=\"async\" width=\"900\" height=\"600\" src=\"https:\/\/esteling.com\/wp-content\/uploads\/2020\/08\/2.jpg\" class=\"attachment-full size-full wp-image-11825\" alt=\"Hospital Son Ll\u00e0tzer Palma Mallorca\" srcset=\"https:\/\/esteling.com\/wp-content\/uploads\/2020\/08\/2.jpg 900w, https:\/\/esteling.com\/wp-content\/uploads\/2020\/08\/2-300x200.jpg 300w, https:\/\/esteling.com\/wp-content\/uploads\/2020\/08\/2-768x512.jpg 768w\" sizes=\"(max-width: 900px) 100vw, 900px\" \/>\t\t<\/div>\n\t\t\t\t<div class=\"elementor-portfolio-item__overlay\">\n\t\t\t\t<h3 class=\"elementor-portfolio-item__title\">\n\t\tSon Ll\u00e0tzer Hospital\t\t<\/h3>\n\t\t\t\t<\/div>\n\t\t\t\t<\/a>\n\t\t<\/article>\n\t\t\t\t<article class=\"elementor-portfolio-item elementor-post elementor-filter-187 post-11753 proyectos type-proyectos status-publish format-standard has-post-thumbnail hentry sector-health tipo-de-trabajo-navigation-esp-master pais-spain\" role=\"listitem\">\n\t\t\t<a class=\"elementor-post__thumbnail__link\" href=\"https:\/\/esteling.com\/en\/proyectos\/domusvi-palma\/\">\n\t\t\t\t<div class=\"elementor-portfolio-item__img elementor-post__thumbnail\">\n\t\t\t<img loading=\"lazy\" decoding=\"async\" width=\"1280\" height=\"854\" src=\"https:\/\/esteling.com\/wp-content\/uploads\/2020\/08\/10299413.jpg\" class=\"attachment-full size-full wp-image-11785\" alt=\"Domusvi Palma\" srcset=\"https:\/\/esteling.com\/wp-content\/uploads\/2020\/08\/10299413.jpg 1280w, https:\/\/esteling.com\/wp-content\/uploads\/2020\/08\/10299413-300x200.jpg 300w, https:\/\/esteling.com\/wp-content\/uploads\/2020\/08\/10299413-1024x683.jpg 1024w, https:\/\/esteling.com\/wp-content\/uploads\/2020\/08\/10299413-768x512.jpg 768w\" sizes=\"(max-width: 1280px) 100vw, 1280px\" \/>\t\t<\/div>\n\t\t\t\t<div class=\"elementor-portfolio-item__overlay\">\n\t\t\t\t<h3 class=\"elementor-portfolio-item__title\">\n\t\tDomusVi Palma\t\t<\/h3>\n\t\t\t\t<\/div>\n\t\t\t\t<\/a>\n\t\t<\/article>\n\t\t\t\t<article class=\"elementor-portfolio-item elementor-post elementor-filter-187 post-11718 proyectos type-proyectos status-publish format-standard has-post-thumbnail hentry sector-health tipo-de-trabajo-navigation-esp-master pais-spain\" role=\"listitem\">\n\t\t\t<a class=\"elementor-post__thumbnail__link\" href=\"https:\/\/esteling.com\/en\/proyectos\/instituto-balear-infertilidad\/\">\n\t\t\t\t<div class=\"elementor-portfolio-item__img elementor-post__thumbnail\">\n\t\t\t<img loading=\"lazy\" decoding=\"async\" width=\"2433\" height=\"1622\" src=\"https:\/\/esteling.com\/wp-content\/uploads\/2020\/08\/instituto-balear-de-fertilidad.jpg\" class=\"attachment-full size-full wp-image-11714\" alt=\"instituto balear de infertilidad\" srcset=\"https:\/\/esteling.com\/wp-content\/uploads\/2020\/08\/instituto-balear-de-fertilidad.jpg 2433w, https:\/\/esteling.com\/wp-content\/uploads\/2020\/08\/instituto-balear-de-fertilidad-300x200.jpg 300w, https:\/\/esteling.com\/wp-content\/uploads\/2020\/08\/instituto-balear-de-fertilidad-1024x683.jpg 1024w, https:\/\/esteling.com\/wp-content\/uploads\/2020\/08\/instituto-balear-de-fertilidad-768x512.jpg 768w, https:\/\/esteling.com\/wp-content\/uploads\/2020\/08\/instituto-balear-de-fertilidad-1536x1024.jpg 1536w, https:\/\/esteling.com\/wp-content\/uploads\/2020\/08\/instituto-balear-de-fertilidad-2048x1365.jpg 2048w\" sizes=\"(max-width: 2433px) 100vw, 2433px\" \/>\t\t<\/div>\n\t\t\t\t<div class=\"elementor-portfolio-item__overlay\">\n\t\t\t\t<h3 class=\"elementor-portfolio-item__title\">\n\t\tInstituto Balear de Infertilidad\t\t<\/h3>\n\t\t\t\t<\/div>\n\t\t\t\t<\/a>\n\t\t<\/article>\n\t\t\t\t<article class=\"elementor-portfolio-item elementor-post elementor-filter-187 post-11601 proyectos type-proyectos status-publish format-standard has-post-thumbnail hentry sector-health tipo-de-trabajo-navigation-esp-master pais-spain\" role=\"listitem\">\n\t\t\t<a class=\"elementor-post__thumbnail__link\" href=\"https:\/\/esteling.com\/en\/proyectos\/quironsalud-palmaplanas\/\">\n\t\t\t\t<div class=\"elementor-portfolio-item__img elementor-post__thumbnail\">\n\t\t\t<img loading=\"lazy\" decoding=\"async\" width=\"781\" height=\"828\" src=\"https:\/\/esteling.com\/wp-content\/uploads\/2020\/07\/Instalaciones-hospital-quieron-Palmaplanas-8.png\" class=\"attachment-full size-full wp-image-11582\" alt=\"Instalaciones hospital quieron Palmaplanas 8\" srcset=\"https:\/\/esteling.com\/wp-content\/uploads\/2020\/07\/Instalaciones-hospital-quieron-Palmaplanas-8.png 781w, https:\/\/esteling.com\/wp-content\/uploads\/2020\/07\/Instalaciones-hospital-quieron-Palmaplanas-8-283x300.png 283w, https:\/\/esteling.com\/wp-content\/uploads\/2020\/07\/Instalaciones-hospital-quieron-Palmaplanas-8-768x814.png 768w\" sizes=\"(max-width: 781px) 100vw, 781px\" \/>\t\t<\/div>\n\t\t\t\t<div class=\"elementor-portfolio-item__overlay\">\n\t\t\t\t<h3 class=\"elementor-portfolio-item__title\">\n\t\tHospital Quir\u00f3nsalud Palmaplanas\t\t<\/h3>\n\t\t\t\t<\/div>\n\t\t\t\t<\/a>\n\t\t<\/article>\n\t\t\t\t<article class=\"elementor-portfolio-item elementor-post elementor-filter-187 post-11596 proyectos type-proyectos status-publish format-standard has-post-thumbnail hentry sector-commerce-industry tipo-de-trabajo-navigation-esp-master pais-spain\" role=\"listitem\">\n\t\t\t<a class=\"elementor-post__thumbnail__link\" href=\"https:\/\/esteling.com\/en\/proyectos\/muller-majorca\/\">\n\t\t\t\t<div class=\"elementor-portfolio-item__img elementor-post__thumbnail\">\n\t\t\t<img loading=\"lazy\" decoding=\"async\" width=\"808\" height=\"803\" src=\"https:\/\/esteling.com\/wp-content\/uploads\/2020\/07\/Mu\u0308ller.png\" class=\"attachment-full size-full wp-image-11561\" alt=\"Mu\u0308ller\" srcset=\"https:\/\/esteling.com\/wp-content\/uploads\/2020\/07\/Mu\u0308ller.png 808w, https:\/\/esteling.com\/wp-content\/uploads\/2020\/07\/Mu\u0308ller-300x298.png 300w, https:\/\/esteling.com\/wp-content\/uploads\/2020\/07\/Mu\u0308ller-150x150.png 150w, https:\/\/esteling.com\/wp-content\/uploads\/2020\/07\/Mu\u0308ller-768x763.png 768w\" sizes=\"(max-width: 808px) 100vw, 808px\" \/>\t\t<\/div>\n\t\t\t\t<div class=\"elementor-portfolio-item__overlay\">\n\t\t\t\t<h3 class=\"elementor-portfolio-item__title\">\n\t\tM\u00fcller Majorca\t\t<\/h3>\n\t\t\t\t<\/div>\n\t\t\t\t<\/a>\n\t\t<\/article>\n\t\t\t\t<article class=\"elementor-portfolio-item elementor-post elementor-filter-187 post-11529 proyectos type-proyectos status-publish format-standard has-post-thumbnail hentry sector-health tipo-de-trabajo-navigation-esp-master pais-spain\" role=\"listitem\">\n\t\t\t<a class=\"elementor-post__thumbnail__link\" href=\"https:\/\/esteling.com\/en\/proyectos\/virgen-macarena-hospital\/\">\n\t\t\t\t<div class=\"elementor-portfolio-item__img elementor-post__thumbnail\">\n\t\t\t<img loading=\"lazy\" decoding=\"async\" width=\"675\" height=\"400\" src=\"https:\/\/esteling.com\/wp-content\/uploads\/2020\/06\/instalaciones-para-hospitales.jpg\" class=\"attachment-full size-full wp-image-11471\" alt=\"Hospital Virgen Macarena\" srcset=\"https:\/\/esteling.com\/wp-content\/uploads\/2020\/06\/instalaciones-para-hospitales.jpg 675w, https:\/\/esteling.com\/wp-content\/uploads\/2020\/06\/instalaciones-para-hospitales-300x178.jpg 300w\" sizes=\"(max-width: 675px) 100vw, 675px\" \/>\t\t<\/div>\n\t\t\t\t<div class=\"elementor-portfolio-item__overlay\">\n\t\t\t\t<h3 class=\"elementor-portfolio-item__title\">\n\t\tVirgen Macarena University Hospital\t\t<\/h3>\n\t\t\t\t<\/div>\n\t\t\t\t<\/a>\n\t\t<\/article>\n\t\t\t\t<article class=\"elementor-portfolio-item elementor-post elementor-filter-187 post-11525 proyectos type-proyectos status-publish format-standard has-post-thumbnail hentry sector-commerce-industry tipo-de-trabajo-navigation-esp-master pais-spain\" role=\"listitem\">\n\t\t\t<a class=\"elementor-post__thumbnail__link\" href=\"https:\/\/esteling.com\/en\/proyectos\/lidl-mallorca\/\">\n\t\t\t\t<div class=\"elementor-portfolio-item__img elementor-post__thumbnail\">\n\t\t\t<img loading=\"lazy\" decoding=\"async\" width=\"1106\" height=\"792\" src=\"https:\/\/esteling.com\/wp-content\/uploads\/2020\/06\/proyecto-lidl-estel.png\" class=\"attachment-full size-full wp-image-11458\" alt=\"proyecto lidl estel\" srcset=\"https:\/\/esteling.com\/wp-content\/uploads\/2020\/06\/proyecto-lidl-estel.png 1106w, https:\/\/esteling.com\/wp-content\/uploads\/2020\/06\/proyecto-lidl-estel-300x215.png 300w, https:\/\/esteling.com\/wp-content\/uploads\/2020\/06\/proyecto-lidl-estel-1024x733.png 1024w, https:\/\/esteling.com\/wp-content\/uploads\/2020\/06\/proyecto-lidl-estel-768x550.png 768w\" sizes=\"(max-width: 1106px) 100vw, 1106px\" \/>\t\t<\/div>\n\t\t\t\t<div class=\"elementor-portfolio-item__overlay\">\n\t\t\t\t<h3 class=\"elementor-portfolio-item__title\">\n\t\tLIDL Mallorca\t\t<\/h3>\n\t\t\t\t<\/div>\n\t\t\t\t<\/a>\n\t\t<\/article>\n\t\t\t\t<article class=\"elementor-portfolio-item elementor-post elementor-filter-187 post-11357 proyectos type-proyectos status-publish format-standard has-post-thumbnail hentry sector-health tipo-de-trabajo-navigation-esp-master-en-2 tipo-de-trabajo-navigation-esp-master pais-spain\" role=\"listitem\">\n\t\t\t<a class=\"elementor-post__thumbnail__link\" href=\"https:\/\/esteling.com\/en\/proyectos\/mallorca-general-hospital\/\">\n\t\t\t\t<div class=\"elementor-portfolio-item__img elementor-post__thumbnail\">\n\t\t\t<img loading=\"lazy\" decoding=\"async\" width=\"1500\" height=\"1000\" src=\"https:\/\/esteling.com\/wp-content\/uploads\/2020\/05\/Hospital-General-Mallorca-instalaciones-estel.jpg\" class=\"attachment-full size-full wp-image-11360\" alt=\"Hospital General Mallorca instalaciones estel\" srcset=\"https:\/\/esteling.com\/wp-content\/uploads\/2020\/05\/Hospital-General-Mallorca-instalaciones-estel.jpg 1500w, https:\/\/esteling.com\/wp-content\/uploads\/2020\/05\/Hospital-General-Mallorca-instalaciones-estel-300x200.jpg 300w, https:\/\/esteling.com\/wp-content\/uploads\/2020\/05\/Hospital-General-Mallorca-instalaciones-estel-1024x683.jpg 1024w, https:\/\/esteling.com\/wp-content\/uploads\/2020\/05\/Hospital-General-Mallorca-instalaciones-estel-768x512.jpg 768w\" sizes=\"(max-width: 1500px) 100vw, 1500px\" \/>\t\t<\/div>\n\t\t\t\t<div class=\"elementor-portfolio-item__overlay\">\n\t\t\t\t<h3 class=\"elementor-portfolio-item__title\">\n\t\tMallorca General Hospital\t\t<\/h3>\n\t\t\t\t<\/div>\n\t\t\t\t<\/a>\n\t\t<\/article>\n\t\t\t\t<article class=\"elementor-portfolio-item elementor-post elementor-filter-187 post-11324 proyectos type-proyectos status-publish format-standard has-post-thumbnail hentry sector-commerce-industry pais-spain\" role=\"listitem\">\n\t\t\t<a class=\"elementor-post__thumbnail__link\" href=\"https:\/\/esteling.com\/en\/proyectos\/mercadona-mallorca\/\">\n\t\t\t\t<div class=\"elementor-portfolio-item__img elementor-post__thumbnail\">\n\t\t\t<img loading=\"lazy\" decoding=\"async\" width=\"1248\" height=\"770\" src=\"https:\/\/esteling.com\/wp-content\/uploads\/2020\/05\/mercadona-instalaciones-para-supermercados-y-grandes-superficies.jpg\" class=\"attachment-full size-full wp-image-11339\" alt=\"mercadona instalaciones para supermercados y grandes superficies\" srcset=\"https:\/\/esteling.com\/wp-content\/uploads\/2020\/05\/mercadona-instalaciones-para-supermercados-y-grandes-superficies.jpg 1248w, https:\/\/esteling.com\/wp-content\/uploads\/2020\/05\/mercadona-instalaciones-para-supermercados-y-grandes-superficies-300x185.jpg 300w, https:\/\/esteling.com\/wp-content\/uploads\/2020\/05\/mercadona-instalaciones-para-supermercados-y-grandes-superficies-1024x632.jpg 1024w, https:\/\/esteling.com\/wp-content\/uploads\/2020\/05\/mercadona-instalaciones-para-supermercados-y-grandes-superficies-768x474.jpg 768w\" sizes=\"(max-width: 1248px) 100vw, 1248px\" \/>\t\t<\/div>\n\t\t\t\t<div class=\"elementor-portfolio-item__overlay\">\n\t\t\t\t<h3 class=\"elementor-portfolio-item__title\">\n\t\tMercadona Mallorca\t\t<\/h3>\n\t\t\t\t<\/div>\n\t\t\t\t<\/a>\n\t\t<\/article>\n\t\t\t\t<article class=\"elementor-portfolio-item elementor-post elementor-filter-208 post-10101 proyectos type-proyectos status-publish format-standard has-post-thumbnail hentry sector-hotels pais-jamaica-en\" role=\"listitem\">\n\t\t\t<a class=\"elementor-post__thumbnail__link\" href=\"https:\/\/esteling.com\/en\/proyectos\/excellence-oyster-bay\/\">\n\t\t\t\t<div class=\"elementor-portfolio-item__img elementor-post__thumbnail\">\n\t\t\t<img loading=\"lazy\" decoding=\"async\" width=\"1400\" height=\"933\" src=\"https:\/\/esteling.com\/wp-content\/uploads\/2019\/07\/Karisma-Excellence-Oyster-Bay-Jamaica.jpeg\" class=\"attachment-full size-full wp-image-10102\" alt=\"\" srcset=\"https:\/\/esteling.com\/wp-content\/uploads\/2019\/07\/Karisma-Excellence-Oyster-Bay-Jamaica.jpeg 1400w, https:\/\/esteling.com\/wp-content\/uploads\/2019\/07\/Karisma-Excellence-Oyster-Bay-Jamaica-300x200.jpeg 300w, https:\/\/esteling.com\/wp-content\/uploads\/2019\/07\/Karisma-Excellence-Oyster-Bay-Jamaica-768x512.jpeg 768w, https:\/\/esteling.com\/wp-content\/uploads\/2019\/07\/Karisma-Excellence-Oyster-Bay-Jamaica-1024x682.jpeg 1024w, https:\/\/esteling.com\/wp-content\/uploads\/2019\/07\/Karisma-Excellence-Oyster-Bay-Jamaica-600x400.jpeg 600w\" sizes=\"(max-width: 1400px) 100vw, 1400px\" \/>\t\t<\/div>\n\t\t\t\t<div class=\"elementor-portfolio-item__overlay\">\n\t\t\t\t<h3 class=\"elementor-portfolio-item__title\">\n\t\tExcellence Oyster Bay\t\t<\/h3>\n\t\t\t\t<\/div>\n\t\t\t\t<\/a>\n\t\t<\/article>\n\t\t\t\t<article class=\"elementor-portfolio-item elementor-post elementor-filter-209 post-10245 proyectos type-proyectos status-publish format-standard has-post-thumbnail hentry sector-infrastructures pais-mexico-en\" role=\"listitem\">\n\t\t\t<a class=\"elementor-post__thumbnail__link\" href=\"https:\/\/esteling.com\/en\/proyectos\/aeropuerto-internacional-los-mochis\/\">\n\t\t\t\t<div class=\"elementor-portfolio-item__img elementor-post__thumbnail\">\n\t\t\t<img loading=\"lazy\" decoding=\"async\" width=\"1280\" height=\"856\" src=\"https:\/\/esteling.com\/wp-content\/uploads\/2019\/07\/aeropuerto-Mexico-Los-Mochis-Sinaloa.jpeg\" class=\"attachment-full size-full wp-image-10246\" alt=\"aeropuerto Los Mochis Sinaloa\" srcset=\"https:\/\/esteling.com\/wp-content\/uploads\/2019\/07\/aeropuerto-Mexico-Los-Mochis-Sinaloa.jpeg 1280w, https:\/\/esteling.com\/wp-content\/uploads\/2019\/07\/aeropuerto-Mexico-Los-Mochis-Sinaloa-300x201.jpeg 300w, https:\/\/esteling.com\/wp-content\/uploads\/2019\/07\/aeropuerto-Mexico-Los-Mochis-Sinaloa-768x514.jpeg 768w, https:\/\/esteling.com\/wp-content\/uploads\/2019\/07\/aeropuerto-Mexico-Los-Mochis-Sinaloa-1024x685.jpeg 1024w, https:\/\/esteling.com\/wp-content\/uploads\/2019\/07\/aeropuerto-Mexico-Los-Mochis-Sinaloa-600x401.jpeg 600w\" sizes=\"(max-width: 1280px) 100vw, 1280px\" \/>\t\t<\/div>\n\t\t\t\t<div class=\"elementor-portfolio-item__overlay\">\n\t\t\t\t<h3 class=\"elementor-portfolio-item__title\">\n\t\tAeropuerto Internacional Los Mochis\t\t<\/h3>\n\t\t\t\t<\/div>\n\t\t\t\t<\/a>\n\t\t<\/article>\n\t\t\t\t<article class=\"elementor-portfolio-item elementor-post elementor-filter-209 post-10247 proyectos type-proyectos status-publish format-standard has-post-thumbnail hentry sector-culture pais-mexico-en\" role=\"listitem\">\n\t\t\t<a class=\"elementor-post__thumbnail__link\" href=\"https:\/\/esteling.com\/en\/proyectos\/museo-barroco-de-puebla\/\">\n\t\t\t\t<div class=\"elementor-portfolio-item__img elementor-post__thumbnail\">\n\t\t\t<img loading=\"lazy\" decoding=\"async\" width=\"2000\" height=\"1333\" src=\"https:\/\/esteling.com\/wp-content\/uploads\/2019\/07\/museo-barroco-puebla-zaragoza-mexico.jpg\" class=\"attachment-full size-full wp-image-10248\" alt=\"\" srcset=\"https:\/\/esteling.com\/wp-content\/uploads\/2019\/07\/museo-barroco-puebla-zaragoza-mexico.jpg 2000w, https:\/\/esteling.com\/wp-content\/uploads\/2019\/07\/museo-barroco-puebla-zaragoza-mexico-300x200.jpg 300w, https:\/\/esteling.com\/wp-content\/uploads\/2019\/07\/museo-barroco-puebla-zaragoza-mexico-768x512.jpg 768w, https:\/\/esteling.com\/wp-content\/uploads\/2019\/07\/museo-barroco-puebla-zaragoza-mexico-1024x682.jpg 1024w, https:\/\/esteling.com\/wp-content\/uploads\/2019\/07\/museo-barroco-puebla-zaragoza-mexico-600x400.jpg 600w\" sizes=\"(max-width: 2000px) 100vw, 2000px\" \/>\t\t<\/div>\n\t\t\t\t<div class=\"elementor-portfolio-item__overlay\">\n\t\t\t\t<h3 class=\"elementor-portfolio-item__title\">\n\t\tMuseo Barroco de Puebla\t\t<\/h3>\n\t\t\t\t<\/div>\n\t\t\t\t<\/a>\n\t\t<\/article>\n\t\t\t\t<article class=\"elementor-portfolio-item elementor-post elementor-filter-187 post-10250 proyectos type-proyectos status-publish format-standard has-post-thumbnail hentry sector-infrastructures sector-maintenance pais-spain\" role=\"listitem\">\n\t\t\t<a class=\"elementor-post__thumbnail__link\" href=\"https:\/\/esteling.com\/en\/proyectos\/parque-de-bomberos-de-palma\/\">\n\t\t\t\t<div class=\"elementor-portfolio-item__img elementor-post__thumbnail\">\n\t\t\t<img loading=\"lazy\" decoding=\"async\" width=\"1250\" height=\"1000\" src=\"https:\/\/esteling.com\/wp-content\/uploads\/2019\/07\/Parque-de-los-bomberos-de-Palma-de-Mallorca.jpg\" class=\"attachment-full size-full wp-image-10251\" alt=\"Parque bomberos Palma\" srcset=\"https:\/\/esteling.com\/wp-content\/uploads\/2019\/07\/Parque-de-los-bomberos-de-Palma-de-Mallorca.jpg 1250w, https:\/\/esteling.com\/wp-content\/uploads\/2019\/07\/Parque-de-los-bomberos-de-Palma-de-Mallorca-300x240.jpg 300w, https:\/\/esteling.com\/wp-content\/uploads\/2019\/07\/Parque-de-los-bomberos-de-Palma-de-Mallorca-768x614.jpg 768w, https:\/\/esteling.com\/wp-content\/uploads\/2019\/07\/Parque-de-los-bomberos-de-Palma-de-Mallorca-1024x819.jpg 1024w, https:\/\/esteling.com\/wp-content\/uploads\/2019\/07\/Parque-de-los-bomberos-de-Palma-de-Mallorca-600x480.jpg 600w\" sizes=\"(max-width: 1250px) 100vw, 1250px\" \/>\t\t<\/div>\n\t\t\t\t<div class=\"elementor-portfolio-item__overlay\">\n\t\t\t\t<h3 class=\"elementor-portfolio-item__title\">\n\t\tParque de bomberos de Palma\t\t<\/h3>\n\t\t\t\t<\/div>\n\t\t\t\t<\/a>\n\t\t<\/article>\n\t\t\t\t<article class=\"elementor-portfolio-item elementor-post elementor-filter-187 post-10253 proyectos type-proyectos status-publish format-standard has-post-thumbnail hentry sector-health pais-spain\" role=\"listitem\">\n\t\t\t<a class=\"elementor-post__thumbnail__link\" href=\"https:\/\/esteling.com\/en\/proyectos\/hospital-universitario-son-espases\/\">\n\t\t\t\t<div class=\"elementor-portfolio-item__img elementor-post__thumbnail\">\n\t\t\t<img loading=\"lazy\" decoding=\"async\" width=\"1500\" height=\"998\" src=\"https:\/\/esteling.com\/wp-content\/uploads\/2019\/07\/chsonespases-2.jpg\" class=\"attachment-full size-full wp-image-10254\" alt=\"Son Espases Palma Mallorca\" srcset=\"https:\/\/esteling.com\/wp-content\/uploads\/2019\/07\/chsonespases-2.jpg 1500w, https:\/\/esteling.com\/wp-content\/uploads\/2019\/07\/chsonespases-2-300x200.jpg 300w, https:\/\/esteling.com\/wp-content\/uploads\/2019\/07\/chsonespases-2-768x511.jpg 768w, https:\/\/esteling.com\/wp-content\/uploads\/2019\/07\/chsonespases-2-1024x681.jpg 1024w, https:\/\/esteling.com\/wp-content\/uploads\/2019\/07\/chsonespases-2-600x399.jpg 600w\" sizes=\"(max-width: 1500px) 100vw, 1500px\" \/>\t\t<\/div>\n\t\t\t\t<div class=\"elementor-portfolio-item__overlay\">\n\t\t\t\t<h3 class=\"elementor-portfolio-item__title\">\n\t\tHospital Universitario Son Espases\t\t<\/h3>\n\t\t\t\t<\/div>\n\t\t\t\t<\/a>\n\t\t<\/article>\n\t\t\t\t<article class=\"elementor-portfolio-item elementor-post elementor-filter-206 post-10255 proyectos type-proyectos status-publish format-standard has-post-thumbnail hentry sector-infrastructures pais-saudi-arabia\" role=\"listitem\">\n\t\t\t<a class=\"elementor-post__thumbnail__link\" href=\"https:\/\/esteling.com\/en\/proyectos\/king-abdullah-economic-city\/\">\n\t\t\t\t<div class=\"elementor-portfolio-item__img elementor-post__thumbnail\">\n\t\t\t<img loading=\"lazy\" decoding=\"async\" width=\"1920\" height=\"999\" src=\"https:\/\/esteling.com\/wp-content\/uploads\/2019\/07\/King-Abdullah-Economic-City.jpg\" class=\"attachment-full size-full wp-image-10256\" alt=\"King Abdullah\" srcset=\"https:\/\/esteling.com\/wp-content\/uploads\/2019\/07\/King-Abdullah-Economic-City.jpg 1920w, https:\/\/esteling.com\/wp-content\/uploads\/2019\/07\/King-Abdullah-Economic-City-300x156.jpg 300w, https:\/\/esteling.com\/wp-content\/uploads\/2019\/07\/King-Abdullah-Economic-City-768x400.jpg 768w, https:\/\/esteling.com\/wp-content\/uploads\/2019\/07\/King-Abdullah-Economic-City-1024x533.jpg 1024w, https:\/\/esteling.com\/wp-content\/uploads\/2019\/07\/King-Abdullah-Economic-City-600x312.jpg 600w\" sizes=\"(max-width: 1920px) 100vw, 1920px\" \/>\t\t<\/div>\n\t\t\t\t<div class=\"elementor-portfolio-item__overlay\">\n\t\t\t\t<h3 class=\"elementor-portfolio-item__title\">\n\t\tKing Abdullah Economic City\t\t<\/h3>\n\t\t\t\t<\/div>\n\t\t\t\t<\/a>\n\t\t<\/article>\n\t\t\t\t<article class=\"elementor-portfolio-item elementor-post elementor-filter-187 post-10257 proyectos type-proyectos status-publish format-standard has-post-thumbnail hentry sector-hotels pais-spain\" role=\"listitem\">\n\t\t\t<a class=\"elementor-post__thumbnail__link\" href=\"https:\/\/esteling.com\/en\/proyectos\/fergus-style-tobago\/\">\n\t\t\t\t<div class=\"elementor-portfolio-item__img elementor-post__thumbnail\">\n\t\t\t<img loading=\"lazy\" decoding=\"async\" width=\"1500\" height=\"2260\" src=\"https:\/\/esteling.com\/wp-content\/uploads\/2019\/07\/foto-fondo-11.jpg\" class=\"attachment-full size-full wp-image-10258\" alt=\"\" srcset=\"https:\/\/esteling.com\/wp-content\/uploads\/2019\/07\/foto-fondo-11.jpg 1500w, https:\/\/esteling.com\/wp-content\/uploads\/2019\/07\/foto-fondo-11-199x300.jpg 199w, https:\/\/esteling.com\/wp-content\/uploads\/2019\/07\/foto-fondo-11-768x1157.jpg 768w, https:\/\/esteling.com\/wp-content\/uploads\/2019\/07\/foto-fondo-11-680x1024.jpg 680w, https:\/\/esteling.com\/wp-content\/uploads\/2019\/07\/foto-fondo-11-600x904.jpg 600w\" sizes=\"(max-width: 1500px) 100vw, 1500px\" \/>\t\t<\/div>\n\t\t\t\t<div class=\"elementor-portfolio-item__overlay\">\n\t\t\t\t<h3 class=\"elementor-portfolio-item__title\">\n\t\tFERGUS Style Tobago\t\t<\/h3>\n\t\t\t\t<\/div>\n\t\t\t\t<\/a>\n\t\t<\/article>\n\t\t\t\t<article class=\"elementor-portfolio-item elementor-post elementor-filter-208 post-10259 proyectos type-proyectos status-publish format-standard has-post-thumbnail hentry sector-hotels pais-jamaica-en\" role=\"listitem\">\n\t\t\t<a class=\"elementor-post__thumbnail__link\" href=\"https:\/\/esteling.com\/en\/proyectos\/royalton-blue-waters\/\">\n\t\t\t\t<div class=\"elementor-portfolio-item__img elementor-post__thumbnail\">\n\t\t\t<img loading=\"lazy\" decoding=\"async\" width=\"4000\" height=\"3000\" src=\"https:\/\/esteling.com\/wp-content\/uploads\/2019\/07\/Royalton-Hotels-blue-waters-jamaica.jpg\" class=\"attachment-full size-full wp-image-10260\" alt=\"Instalaciones hotel jamaica\" srcset=\"https:\/\/esteling.com\/wp-content\/uploads\/2019\/07\/Royalton-Hotels-blue-waters-jamaica.jpg 4000w, https:\/\/esteling.com\/wp-content\/uploads\/2019\/07\/Royalton-Hotels-blue-waters-jamaica-300x225.jpg 300w, https:\/\/esteling.com\/wp-content\/uploads\/2019\/07\/Royalton-Hotels-blue-waters-jamaica-768x576.jpg 768w, https:\/\/esteling.com\/wp-content\/uploads\/2019\/07\/Royalton-Hotels-blue-waters-jamaica-1024x768.jpg 1024w, https:\/\/esteling.com\/wp-content\/uploads\/2019\/07\/Royalton-Hotels-blue-waters-jamaica-600x450.jpg 600w\" sizes=\"(max-width: 4000px) 100vw, 4000px\" \/>\t\t<\/div>\n\t\t\t\t<div class=\"elementor-portfolio-item__overlay\">\n\t\t\t\t<h3 class=\"elementor-portfolio-item__title\">\n\t\tRoyalton Blue Waters\t\t<\/h3>\n\t\t\t\t<\/div>\n\t\t\t\t<\/a>\n\t\t<\/article>\n\t\t\t\t<article class=\"elementor-portfolio-item elementor-post elementor-filter-210 post-10261 proyectos type-proyectos status-publish format-standard has-post-thumbnail hentry sector-hotels pais-dominican-republic\" role=\"listitem\">\n\t\t\t<a class=\"elementor-post__thumbnail__link\" href=\"https:\/\/esteling.com\/en\/proyectos\/hilton-la-romana\/\">\n\t\t\t\t<div class=\"elementor-portfolio-item__img elementor-post__thumbnail\">\n\t\t\t<img loading=\"lazy\" decoding=\"async\" width=\"1474\" height=\"765\" src=\"https:\/\/esteling.com\/wp-content\/uploads\/2019\/07\/hilton-la-romana-hotel.jpg\" class=\"attachment-full size-full wp-image-10262\" alt=\"instalaciones hoteleras\" srcset=\"https:\/\/esteling.com\/wp-content\/uploads\/2019\/07\/hilton-la-romana-hotel.jpg 1474w, https:\/\/esteling.com\/wp-content\/uploads\/2019\/07\/hilton-la-romana-hotel-300x156.jpg 300w, https:\/\/esteling.com\/wp-content\/uploads\/2019\/07\/hilton-la-romana-hotel-768x399.jpg 768w, https:\/\/esteling.com\/wp-content\/uploads\/2019\/07\/hilton-la-romana-hotel-1024x531.jpg 1024w, https:\/\/esteling.com\/wp-content\/uploads\/2019\/07\/hilton-la-romana-hotel-600x311.jpg 600w\" sizes=\"(max-width: 1474px) 100vw, 1474px\" \/>\t\t<\/div>\n\t\t\t\t<div class=\"elementor-portfolio-item__overlay\">\n\t\t\t\t<h3 class=\"elementor-portfolio-item__title\">\n\t\tHilton La Romana\t\t<\/h3>\n\t\t\t\t<\/div>\n\t\t\t\t<\/a>\n\t\t<\/article>\n\t\t\t\t<article class=\"elementor-portfolio-item elementor-post elementor-filter-210 post-10263 proyectos type-proyectos status-publish format-standard has-post-thumbnail hentry sector-hotels pais-dominican-republic\" role=\"listitem\">\n\t\t\t<a class=\"elementor-post__thumbnail__link\" href=\"https:\/\/esteling.com\/en\/proyectos\/h10-ocean-el-faro\/\">\n\t\t\t\t<div class=\"elementor-portfolio-item__img elementor-post__thumbnail\">\n\t\t\t<img loading=\"lazy\" decoding=\"async\" width=\"3905\" height=\"2603\" src=\"https:\/\/esteling.com\/wp-content\/uploads\/2019\/07\/Instalaciones-Hotel-H10-El-Faro.jpg\" class=\"attachment-full size-full wp-image-10264\" alt=\"\" srcset=\"https:\/\/esteling.com\/wp-content\/uploads\/2019\/07\/Instalaciones-Hotel-H10-El-Faro.jpg 3905w, https:\/\/esteling.com\/wp-content\/uploads\/2019\/07\/Instalaciones-Hotel-H10-El-Faro-300x200.jpg 300w, https:\/\/esteling.com\/wp-content\/uploads\/2019\/07\/Instalaciones-Hotel-H10-El-Faro-768x512.jpg 768w, https:\/\/esteling.com\/wp-content\/uploads\/2019\/07\/Instalaciones-Hotel-H10-El-Faro-1024x683.jpg 1024w, https:\/\/esteling.com\/wp-content\/uploads\/2019\/07\/Instalaciones-Hotel-H10-El-Faro-600x400.jpg 600w\" sizes=\"(max-width: 3905px) 100vw, 3905px\" \/>\t\t<\/div>\n\t\t\t\t<div class=\"elementor-portfolio-item__overlay\">\n\t\t\t\t<h3 class=\"elementor-portfolio-item__title\">\n\t\tH10 Ocean El Faro\t\t<\/h3>\n\t\t\t\t<\/div>\n\t\t\t\t<\/a>\n\t\t<\/article>\n\t\t\t\t<article class=\"elementor-portfolio-item elementor-post elementor-filter-210 post-10265 proyectos type-proyectos status-publish format-standard has-post-thumbnail hentry sector-hotels pais-dominican-republic\" role=\"listitem\">\n\t\t\t<a class=\"elementor-post__thumbnail__link\" href=\"https:\/\/esteling.com\/en\/proyectos\/finest-punta-cana-resort\/\">\n\t\t\t\t<div class=\"elementor-portfolio-item__img elementor-post__thumbnail\">\n\t\t\t<img loading=\"lazy\" decoding=\"async\" width=\"3796\" height=\"2531\" src=\"https:\/\/esteling.com\/wp-content\/uploads\/2019\/07\/Hotel-Finest-proyecto-instalaciones-integrales.jpg\" class=\"attachment-full size-full wp-image-10266\" alt=\"Finest punta cana resort\" srcset=\"https:\/\/esteling.com\/wp-content\/uploads\/2019\/07\/Hotel-Finest-proyecto-instalaciones-integrales.jpg 3796w, https:\/\/esteling.com\/wp-content\/uploads\/2019\/07\/Hotel-Finest-proyecto-instalaciones-integrales-300x200.jpg 300w, https:\/\/esteling.com\/wp-content\/uploads\/2019\/07\/Hotel-Finest-proyecto-instalaciones-integrales-768x512.jpg 768w, https:\/\/esteling.com\/wp-content\/uploads\/2019\/07\/Hotel-Finest-proyecto-instalaciones-integrales-1024x683.jpg 1024w, https:\/\/esteling.com\/wp-content\/uploads\/2019\/07\/Hotel-Finest-proyecto-instalaciones-integrales-600x400.jpg 600w\" sizes=\"(max-width: 3796px) 100vw, 3796px\" \/>\t\t<\/div>\n\t\t\t\t<div class=\"elementor-portfolio-item__overlay\">\n\t\t\t\t<h3 class=\"elementor-portfolio-item__title\">\n\t\tFinest Punta Cana Resort\t\t<\/h3>\n\t\t\t\t<\/div>\n\t\t\t\t<\/a>\n\t\t<\/article>\n\t\t\t\t<article class=\"elementor-portfolio-item elementor-post elementor-filter-210 post-10267 proyectos type-proyectos status-publish format-standard has-post-thumbnail hentry sector-hotels pais-dominican-republic\" role=\"listitem\">\n\t\t\t<a class=\"elementor-post__thumbnail__link\" href=\"https:\/\/esteling.com\/en\/proyectos\/paradisus-palma-real\/\">\n\t\t\t\t<div class=\"elementor-portfolio-item__img elementor-post__thumbnail\">\n\t\t\t<img loading=\"lazy\" decoding=\"async\" width=\"2637\" height=\"3955\" src=\"https:\/\/esteling.com\/wp-content\/uploads\/2019\/08\/paradisus-palma-real.jpg\" class=\"attachment-full size-full wp-image-5163\" alt=\"Circle at Paradisus Palma Real Melia\" srcset=\"https:\/\/esteling.com\/wp-content\/uploads\/2019\/08\/paradisus-palma-real.jpg 2637w, https:\/\/esteling.com\/wp-content\/uploads\/2019\/08\/paradisus-palma-real-200x300.jpg 200w, https:\/\/esteling.com\/wp-content\/uploads\/2019\/08\/paradisus-palma-real-768x1152.jpg 768w, https:\/\/esteling.com\/wp-content\/uploads\/2019\/08\/paradisus-palma-real-683x1024.jpg 683w, https:\/\/esteling.com\/wp-content\/uploads\/2019\/08\/paradisus-palma-real-600x900.jpg 600w\" sizes=\"(max-width: 2637px) 100vw, 2637px\" \/>\t\t<\/div>\n\t\t\t\t<div class=\"elementor-portfolio-item__overlay\">\n\t\t\t\t<h3 class=\"elementor-portfolio-item__title\">\n\t\tParadisus Palma Real\t\t<\/h3>\n\t\t\t\t<\/div>\n\t\t\t\t<\/a>\n\t\t<\/article>\n\t\t\t\t<article class=\"elementor-portfolio-item elementor-post elementor-filter-187 post-10268 proyectos type-proyectos status-publish format-standard has-post-thumbnail hentry sector-residential pais-spain\" role=\"listitem\">\n\t\t\t<a class=\"elementor-post__thumbnail__link\" href=\"https:\/\/esteling.com\/en\/proyectos\/luxury-homes-can-cavalleria\/\">\n\t\t\t\t<div class=\"elementor-portfolio-item__img elementor-post__thumbnail\">\n\t\t\t<img loading=\"lazy\" decoding=\"async\" width=\"1024\" height=\"683\" src=\"https:\/\/esteling.com\/wp-content\/uploads\/2019\/08\/CanCavalleria-palma-instalaciones-lujo.jpg\" class=\"attachment-full size-full wp-image-5518\" alt=\"can cavalleria vivienda palma\" srcset=\"https:\/\/esteling.com\/wp-content\/uploads\/2019\/08\/CanCavalleria-palma-instalaciones-lujo.jpg 1024w, https:\/\/esteling.com\/wp-content\/uploads\/2019\/08\/CanCavalleria-palma-instalaciones-lujo-300x200.jpg 300w, https:\/\/esteling.com\/wp-content\/uploads\/2019\/08\/CanCavalleria-palma-instalaciones-lujo-768x512.jpg 768w, https:\/\/esteling.com\/wp-content\/uploads\/2019\/08\/CanCavalleria-palma-instalaciones-lujo-600x400.jpg 600w\" sizes=\"(max-width: 1024px) 100vw, 1024px\" \/>\t\t<\/div>\n\t\t\t\t<div class=\"elementor-portfolio-item__overlay\">\n\t\t\t\t<h3 class=\"elementor-portfolio-item__title\">\n\t\tLuxury homes: Can Cavalleria\t\t<\/h3>\n\t\t\t\t<\/div>\n\t\t\t\t<\/a>\n\t\t<\/article>\n\t\t\t\t<article class=\"elementor-portfolio-item elementor-post elementor-filter-209 post-10269 proyectos type-proyectos status-publish format-standard has-post-thumbnail hentry sector-hotels pais-mexico-en\" role=\"listitem\">\n\t\t\t<a class=\"elementor-post__thumbnail__link\" href=\"https:\/\/esteling.com\/en\/proyectos\/planet-hollywood-beach-resort-cancun\/\">\n\t\t\t\t<div class=\"elementor-portfolio-item__img elementor-post__thumbnail\">\n\t\t\t<img loading=\"lazy\" decoding=\"async\" width=\"700\" height=\"384\" src=\"https:\/\/esteling.com\/wp-content\/uploads\/2019\/09\/planet-hollywood-beach-resort-ingenieria.jpg\" class=\"attachment-full size-full wp-image-6883\" alt=\"planet hollywood beach resort ingenieria\" srcset=\"https:\/\/esteling.com\/wp-content\/uploads\/2019\/09\/planet-hollywood-beach-resort-ingenieria.jpg 700w, https:\/\/esteling.com\/wp-content\/uploads\/2019\/09\/planet-hollywood-beach-resort-ingenieria-300x165.jpg 300w\" sizes=\"(max-width: 700px) 100vw, 700px\" \/>\t\t<\/div>\n\t\t\t\t<div class=\"elementor-portfolio-item__overlay\">\n\t\t\t\t<h3 class=\"elementor-portfolio-item__title\">\n\t\tPlanet Hollywood Beach Resort Canc\u00fan\t\t<\/h3>\n\t\t\t\t<\/div>\n\t\t\t\t<\/a>\n\t\t<\/article>\n\t\t\t\t<article class=\"elementor-portfolio-item elementor-post elementor-filter-187 post-10270 proyectos type-proyectos status-publish format-standard has-post-thumbnail hentry sector-hotels pais-spain\" role=\"listitem\">\n\t\t\t<a class=\"elementor-post__thumbnail__link\" href=\"https:\/\/esteling.com\/en\/proyectos\/innside-calvia-beach\/\">\n\t\t\t\t<div class=\"elementor-portfolio-item__img elementor-post__thumbnail\">\n\t\t\t<img loading=\"lazy\" decoding=\"async\" width=\"903\" height=\"500\" src=\"https:\/\/esteling.com\/wp-content\/uploads\/2019\/09\/innside-calvia-beach-instalaciones-hoteleras-estel.jpg\" class=\"attachment-full size-full wp-image-6912\" alt=\"innside calvia beach instalaciones hoteleras estel\" srcset=\"https:\/\/esteling.com\/wp-content\/uploads\/2019\/09\/innside-calvia-beach-instalaciones-hoteleras-estel.jpg 903w, https:\/\/esteling.com\/wp-content\/uploads\/2019\/09\/innside-calvia-beach-instalaciones-hoteleras-estel-300x166.jpg 300w, https:\/\/esteling.com\/wp-content\/uploads\/2019\/09\/innside-calvia-beach-instalaciones-hoteleras-estel-768x425.jpg 768w\" sizes=\"(max-width: 903px) 100vw, 903px\" \/>\t\t<\/div>\n\t\t\t\t<div class=\"elementor-portfolio-item__overlay\">\n\t\t\t\t<h3 class=\"elementor-portfolio-item__title\">\n\t\tInnside Calvi\u00e0 Beach\t\t<\/h3>\n\t\t\t\t<\/div>\n\t\t\t\t<\/a>\n\t\t<\/article>\n\t\t\t\t<article class=\"elementor-portfolio-item elementor-post elementor-filter-187 post-10272 proyectos type-proyectos status-publish format-standard has-post-thumbnail hentry sector-hotels pais-spain\" role=\"listitem\">\n\t\t\t<a class=\"elementor-post__thumbnail__link\" href=\"https:\/\/esteling.com\/en\/proyectos\/innside-zaragoza-by-melia\/\">\n\t\t\t\t<div class=\"elementor-portfolio-item__img elementor-post__thumbnail\">\n\t\t\t<img loading=\"lazy\" decoding=\"async\" width=\"800\" height=\"500\" src=\"https:\/\/esteling.com\/wp-content\/uploads\/2019\/09\/fachada-hotel-melia-zaragoza.jpg\" class=\"attachment-full size-full wp-image-6961\" alt=\"innside melia zaragoza\" srcset=\"https:\/\/esteling.com\/wp-content\/uploads\/2019\/09\/fachada-hotel-melia-zaragoza.jpg 800w, https:\/\/esteling.com\/wp-content\/uploads\/2019\/09\/fachada-hotel-melia-zaragoza-300x188.jpg 300w, https:\/\/esteling.com\/wp-content\/uploads\/2019\/09\/fachada-hotel-melia-zaragoza-768x480.jpg 768w\" sizes=\"(max-width: 800px) 100vw, 800px\" \/>\t\t<\/div>\n\t\t\t\t<div class=\"elementor-portfolio-item__overlay\">\n\t\t\t\t<h3 class=\"elementor-portfolio-item__title\">\n\t\tInnside Zaragoza by Meli\u00e1\t\t<\/h3>\n\t\t\t\t<\/div>\n\t\t\t\t<\/a>\n\t\t<\/article>\n\t\t\t\t<article class=\"elementor-portfolio-item elementor-post elementor-filter-187 post-10273 proyectos type-proyectos status-publish format-standard has-post-thumbnail hentry sector-hotels pais-spain\" role=\"listitem\">\n\t\t\t<a class=\"elementor-post__thumbnail__link\" href=\"https:\/\/esteling.com\/en\/proyectos\/el-puerto-ibiza-hotel-spa\/\">\n\t\t\t\t<div class=\"elementor-portfolio-item__img elementor-post__thumbnail\">\n\t\t\t<img loading=\"lazy\" decoding=\"async\" width=\"820\" height=\"720\" src=\"https:\/\/esteling.com\/wp-content\/uploads\/2019\/09\/el-puerto-ibiza.jpg\" class=\"attachment-full size-full wp-image-6981\" alt=\"el puerto hotel ibiza\" srcset=\"https:\/\/esteling.com\/wp-content\/uploads\/2019\/09\/el-puerto-ibiza.jpg 820w, https:\/\/esteling.com\/wp-content\/uploads\/2019\/09\/el-puerto-ibiza-300x263.jpg 300w, https:\/\/esteling.com\/wp-content\/uploads\/2019\/09\/el-puerto-ibiza-768x674.jpg 768w\" sizes=\"(max-width: 820px) 100vw, 820px\" \/>\t\t<\/div>\n\t\t\t\t<div class=\"elementor-portfolio-item__overlay\">\n\t\t\t\t<h3 class=\"elementor-portfolio-item__title\">\n\t\tEl Puerto Ibiza Hotel &#038; Spa\t\t<\/h3>\n\t\t\t\t<\/div>\n\t\t\t\t<\/a>\n\t\t<\/article>\n\t\t\t\t<article class=\"elementor-portfolio-item elementor-post elementor-filter-187 post-10274 proyectos type-proyectos status-publish format-standard has-post-thumbnail hentry sector-hotels pais-spain\" role=\"listitem\">\n\t\t\t<a class=\"elementor-post__thumbnail__link\" href=\"https:\/\/esteling.com\/en\/proyectos\/hm-ayron-park\/\">\n\t\t\t\t<div class=\"elementor-portfolio-item__img elementor-post__thumbnail\">\n\t\t\t<img loading=\"lazy\" decoding=\"async\" width=\"1000\" height=\"1000\" src=\"https:\/\/esteling.com\/wp-content\/uploads\/2019\/09\/proyecto-instalaciones-hotel-ayron-park-palma-mallorca.jpg\" class=\"attachment-full size-full wp-image-7060\" alt=\"proyecto instalaciones hotel ayron park palma mallorca\" srcset=\"https:\/\/esteling.com\/wp-content\/uploads\/2019\/09\/proyecto-instalaciones-hotel-ayron-park-palma-mallorca.jpg 1000w, https:\/\/esteling.com\/wp-content\/uploads\/2019\/09\/proyecto-instalaciones-hotel-ayron-park-palma-mallorca-150x150.jpg 150w, https:\/\/esteling.com\/wp-content\/uploads\/2019\/09\/proyecto-instalaciones-hotel-ayron-park-palma-mallorca-300x300.jpg 300w, https:\/\/esteling.com\/wp-content\/uploads\/2019\/09\/proyecto-instalaciones-hotel-ayron-park-palma-mallorca-768x768.jpg 768w\" sizes=\"(max-width: 1000px) 100vw, 1000px\" \/>\t\t<\/div>\n\t\t\t\t<div class=\"elementor-portfolio-item__overlay\">\n\t\t\t\t<h3 class=\"elementor-portfolio-item__title\">\n\t\tHM Ayron Park\t\t<\/h3>\n\t\t\t\t<\/div>\n\t\t\t\t<\/a>\n\t\t<\/article>\n\t\t\t\t<article class=\"elementor-portfolio-item elementor-post elementor-filter-187 post-10410 proyectos type-proyectos status-publish format-standard has-post-thumbnail hentry sector-hotels pais-spain\" role=\"listitem\">\n\t\t\t<a class=\"elementor-post__thumbnail__link\" href=\"https:\/\/esteling.com\/en\/proyectos\/sol-calas-de-mallorca\/\">\n\t\t\t\t<div class=\"elementor-portfolio-item__img elementor-post__thumbnail\">\n\t\t\t<img loading=\"lazy\" decoding=\"async\" width=\"1024\" height=\"683\" src=\"https:\/\/esteling.com\/wp-content\/uploads\/2019\/09\/sol-calas-de-mallorca-instalaciones.jpg\" class=\"attachment-full size-full wp-image-7084\" alt=\"sol calas de mallorca instalaciones\" srcset=\"https:\/\/esteling.com\/wp-content\/uploads\/2019\/09\/sol-calas-de-mallorca-instalaciones.jpg 1024w, https:\/\/esteling.com\/wp-content\/uploads\/2019\/09\/sol-calas-de-mallorca-instalaciones-300x200.jpg 300w, https:\/\/esteling.com\/wp-content\/uploads\/2019\/09\/sol-calas-de-mallorca-instalaciones-768x512.jpg 768w\" sizes=\"(max-width: 1024px) 100vw, 1024px\" \/>\t\t<\/div>\n\t\t\t\t<div class=\"elementor-portfolio-item__overlay\">\n\t\t\t\t<h3 class=\"elementor-portfolio-item__title\">\n\t\tSol Calas de Mallorca\t\t<\/h3>\n\t\t\t\t<\/div>\n\t\t\t\t<\/a>\n\t\t<\/article>\n\t\t\t\t<article class=\"elementor-portfolio-item elementor-post elementor-filter-187 post-10275 proyectos type-proyectos status-publish format-standard has-post-thumbnail hentry sector-hotels tipo-de-trabajo-navigation-esp-master-en-3 tipo-de-trabajo-navigation-esp-master-en tipo-de-trabajo-navigation-esp-master-en-4 tipo-de-trabajo-navigation-esp-master-en-2 tipo-de-trabajo-navigation-esp-master pais-spain\" role=\"listitem\">\n\t\t\t<a class=\"elementor-post__thumbnail__link\" href=\"https:\/\/esteling.com\/en\/proyectos\/aparthotel-sol-alcudia-center\/\">\n\t\t\t\t<div class=\"elementor-portfolio-item__img elementor-post__thumbnail\">\n\t\t\t<img loading=\"lazy\" decoding=\"async\" width=\"1000\" height=\"635\" src=\"https:\/\/esteling.com\/wp-content\/uploads\/2019\/09\/sol-alcudia-center-instalaciones-hotel.jpg\" class=\"attachment-full size-full wp-image-7111\" alt=\"sol alcudia center instalaciones hotel\" srcset=\"https:\/\/esteling.com\/wp-content\/uploads\/2019\/09\/sol-alcudia-center-instalaciones-hotel.jpg 1000w, https:\/\/esteling.com\/wp-content\/uploads\/2019\/09\/sol-alcudia-center-instalaciones-hotel-300x191.jpg 300w, https:\/\/esteling.com\/wp-content\/uploads\/2019\/09\/sol-alcudia-center-instalaciones-hotel-768x488.jpg 768w\" sizes=\"(max-width: 1000px) 100vw, 1000px\" \/>\t\t<\/div>\n\t\t\t\t<div class=\"elementor-portfolio-item__overlay\">\n\t\t\t\t<h3 class=\"elementor-portfolio-item__title\">\n\t\tAparthotel Sol Alcudia Center\t\t<\/h3>\n\t\t\t\t<\/div>\n\t\t\t\t<\/a>\n\t\t<\/article>\n\t\t\t\t<article class=\"elementor-portfolio-item elementor-post elementor-filter-187 post-10276 proyectos type-proyectos status-publish format-standard has-post-thumbnail hentry sector-hotels pais-spain\" role=\"listitem\">\n\t\t\t<a class=\"elementor-post__thumbnail__link\" href=\"https:\/\/esteling.com\/en\/proyectos\/hm-dunas-blancas\/\">\n\t\t\t\t<div class=\"elementor-portfolio-item__img elementor-post__thumbnail\">\n\t\t\t<img loading=\"lazy\" decoding=\"async\" width=\"1280\" height=\"853\" src=\"https:\/\/esteling.com\/wp-content\/uploads\/2019\/09\/dunas-blancas-hm-hotels-mallorca.jpg\" class=\"attachment-full size-full wp-image-7165\" alt=\"dunas blancas hm hotels mallorca\" srcset=\"https:\/\/esteling.com\/wp-content\/uploads\/2019\/09\/dunas-blancas-hm-hotels-mallorca.jpg 1280w, https:\/\/esteling.com\/wp-content\/uploads\/2019\/09\/dunas-blancas-hm-hotels-mallorca-300x200.jpg 300w, https:\/\/esteling.com\/wp-content\/uploads\/2019\/09\/dunas-blancas-hm-hotels-mallorca-768x512.jpg 768w, https:\/\/esteling.com\/wp-content\/uploads\/2019\/09\/dunas-blancas-hm-hotels-mallorca-1024x682.jpg 1024w\" sizes=\"(max-width: 1280px) 100vw, 1280px\" \/>\t\t<\/div>\n\t\t\t\t<div class=\"elementor-portfolio-item__overlay\">\n\t\t\t\t<h3 class=\"elementor-portfolio-item__title\">\n\t\tHM Dunas Blancas\t\t<\/h3>\n\t\t\t\t<\/div>\n\t\t\t\t<\/a>\n\t\t<\/article>\n\t\t\t\t<article class=\"elementor-portfolio-item elementor-post elementor-filter-187 post-10277 proyectos type-proyectos status-publish format-standard has-post-thumbnail hentry sector-hotels pais-spain\" role=\"listitem\">\n\t\t\t<a class=\"elementor-post__thumbnail__link\" href=\"https:\/\/esteling.com\/en\/proyectos\/sol-mirador-de-calas\/\">\n\t\t\t\t<div class=\"elementor-portfolio-item__img elementor-post__thumbnail\">\n\t\t\t<img loading=\"lazy\" decoding=\"async\" width=\"1280\" height=\"1015\" src=\"https:\/\/esteling.com\/wp-content\/uploads\/2019\/09\/mirador-calas-de-mallorca-sol-melia.jpg\" class=\"attachment-full size-full wp-image-7205\" alt=\"mirador calas de mallorca sol melia\" srcset=\"https:\/\/esteling.com\/wp-content\/uploads\/2019\/09\/mirador-calas-de-mallorca-sol-melia.jpg 1280w, https:\/\/esteling.com\/wp-content\/uploads\/2019\/09\/mirador-calas-de-mallorca-sol-melia-300x238.jpg 300w, https:\/\/esteling.com\/wp-content\/uploads\/2019\/09\/mirador-calas-de-mallorca-sol-melia-768x609.jpg 768w, https:\/\/esteling.com\/wp-content\/uploads\/2019\/09\/mirador-calas-de-mallorca-sol-melia-1024x812.jpg 1024w\" sizes=\"(max-width: 1280px) 100vw, 1280px\" \/>\t\t<\/div>\n\t\t\t\t<div class=\"elementor-portfolio-item__overlay\">\n\t\t\t\t<h3 class=\"elementor-portfolio-item__title\">\n\t\tSol Mirador de Calas\t\t<\/h3>\n\t\t\t\t<\/div>\n\t\t\t\t<\/a>\n\t\t<\/article>\n\t\t\t\t<article class=\"elementor-portfolio-item elementor-post elementor-filter-187 post-10278 proyectos type-proyectos status-publish format-standard has-post-thumbnail hentry sector-hotels pais-spain\" role=\"listitem\">\n\t\t\t<a class=\"elementor-post__thumbnail__link\" href=\"https:\/\/esteling.com\/en\/proyectos\/hotel-roc-leo\/\">\n\t\t\t\t<div class=\"elementor-portfolio-item__img elementor-post__thumbnail\">\n\t\t\t<img loading=\"lazy\" decoding=\"async\" width=\"950\" height=\"600\" src=\"https:\/\/esteling.com\/wp-content\/uploads\/2019\/09\/roc-leo-can-pastilla.jpg\" class=\"attachment-full size-full wp-image-7249\" alt=\"roc leo can pastilla\" srcset=\"https:\/\/esteling.com\/wp-content\/uploads\/2019\/09\/roc-leo-can-pastilla.jpg 950w, https:\/\/esteling.com\/wp-content\/uploads\/2019\/09\/roc-leo-can-pastilla-300x189.jpg 300w, https:\/\/esteling.com\/wp-content\/uploads\/2019\/09\/roc-leo-can-pastilla-768x485.jpg 768w\" sizes=\"(max-width: 950px) 100vw, 950px\" \/>\t\t<\/div>\n\t\t\t\t<div class=\"elementor-portfolio-item__overlay\">\n\t\t\t\t<h3 class=\"elementor-portfolio-item__title\">\n\t\tHotel Roc Leo\t\t<\/h3>\n\t\t\t\t<\/div>\n\t\t\t\t<\/a>\n\t\t<\/article>\n\t\t\t\t<article class=\"elementor-portfolio-item elementor-post elementor-filter-187 post-10279 proyectos type-proyectos status-publish format-standard has-post-thumbnail hentry sector-hotels pais-spain\" role=\"listitem\">\n\t\t\t<a class=\"elementor-post__thumbnail__link\" href=\"https:\/\/esteling.com\/en\/proyectos\/hotel-whala-fun\/\">\n\t\t\t\t<div class=\"elementor-portfolio-item__img elementor-post__thumbnail\">\n\t\t\t<img loading=\"lazy\" decoding=\"async\" width=\"1900\" height=\"900\" src=\"https:\/\/esteling.com\/wp-content\/uploads\/2019\/09\/terraza-whala-fun-instalaciones-piscina-azotea.jpg\" class=\"attachment-full size-full wp-image-7286\" alt=\"terraza whala fun instalaciones piscina azotea\" srcset=\"https:\/\/esteling.com\/wp-content\/uploads\/2019\/09\/terraza-whala-fun-instalaciones-piscina-azotea.jpg 1900w, https:\/\/esteling.com\/wp-content\/uploads\/2019\/09\/terraza-whala-fun-instalaciones-piscina-azotea-300x142.jpg 300w, https:\/\/esteling.com\/wp-content\/uploads\/2019\/09\/terraza-whala-fun-instalaciones-piscina-azotea-768x364.jpg 768w, https:\/\/esteling.com\/wp-content\/uploads\/2019\/09\/terraza-whala-fun-instalaciones-piscina-azotea-1024x485.jpg 1024w\" sizes=\"(max-width: 1900px) 100vw, 1900px\" \/>\t\t<\/div>\n\t\t\t\t<div class=\"elementor-portfolio-item__overlay\">\n\t\t\t\t<h3 class=\"elementor-portfolio-item__title\">\n\t\tHotel Whala Fun\t\t<\/h3>\n\t\t\t\t<\/div>\n\t\t\t\t<\/a>\n\t\t<\/article>\n\t\t\t\t<article class=\"elementor-portfolio-item elementor-post elementor-filter-187 post-10280 proyectos type-proyectos status-publish format-standard has-post-thumbnail hentry sector-hotels pais-spain\" role=\"listitem\">\n\t\t\t<a class=\"elementor-post__thumbnail__link\" href=\"https:\/\/esteling.com\/en\/proyectos\/sol-katmandu-park-resort\/\">\n\t\t\t\t<div class=\"elementor-portfolio-item__img elementor-post__thumbnail\">\n\t\t\t<img loading=\"lazy\" decoding=\"async\" width=\"1000\" height=\"805\" src=\"https:\/\/esteling.com\/wp-content\/uploads\/2019\/09\/sol-katmandu-park-instalaciones-hotel.jpg\" class=\"attachment-full size-full wp-image-7356\" alt=\"sol katmandu park instalaciones hotel\" srcset=\"https:\/\/esteling.com\/wp-content\/uploads\/2019\/09\/sol-katmandu-park-instalaciones-hotel.jpg 1000w, https:\/\/esteling.com\/wp-content\/uploads\/2019\/09\/sol-katmandu-park-instalaciones-hotel-300x242.jpg 300w, https:\/\/esteling.com\/wp-content\/uploads\/2019\/09\/sol-katmandu-park-instalaciones-hotel-768x618.jpg 768w\" sizes=\"(max-width: 1000px) 100vw, 1000px\" \/>\t\t<\/div>\n\t\t\t\t<div class=\"elementor-portfolio-item__overlay\">\n\t\t\t\t<h3 class=\"elementor-portfolio-item__title\">\n\t\tSol Katmandu Park &#038; Resort\t\t<\/h3>\n\t\t\t\t<\/div>\n\t\t\t\t<\/a>\n\t\t<\/article>\n\t\t\t\t<article class=\"elementor-portfolio-item elementor-post elementor-filter-187 post-10281 proyectos type-proyectos status-publish format-standard has-post-thumbnail hentry sector-hotels pais-spain\" role=\"listitem\">\n\t\t\t<a class=\"elementor-post__thumbnail__link\" href=\"https:\/\/esteling.com\/en\/proyectos\/hotel-roc-boccaccio\/\">\n\t\t\t\t<div class=\"elementor-portfolio-item__img elementor-post__thumbnail\">\n\t\t\t<img loading=\"lazy\" decoding=\"async\" width=\"950\" height=\"600\" src=\"https:\/\/esteling.com\/wp-content\/uploads\/2019\/09\/hotel-roc-boccaccio-instalaciones-exteriores.jpg\" class=\"attachment-full size-full wp-image-7376\" alt=\"hotel roc boccaccio instalaciones exteriores\" srcset=\"https:\/\/esteling.com\/wp-content\/uploads\/2019\/09\/hotel-roc-boccaccio-instalaciones-exteriores.jpg 950w, https:\/\/esteling.com\/wp-content\/uploads\/2019\/09\/hotel-roc-boccaccio-instalaciones-exteriores-300x189.jpg 300w, https:\/\/esteling.com\/wp-content\/uploads\/2019\/09\/hotel-roc-boccaccio-instalaciones-exteriores-768x485.jpg 768w\" sizes=\"(max-width: 950px) 100vw, 950px\" \/>\t\t<\/div>\n\t\t\t\t<div class=\"elementor-portfolio-item__overlay\">\n\t\t\t\t<h3 class=\"elementor-portfolio-item__title\">\n\t\tHotel Roc Boccaccio\t\t<\/h3>\n\t\t\t\t<\/div>\n\t\t\t\t<\/a>\n\t\t<\/article>\n\t\t\t\t<article class=\"elementor-portfolio-item elementor-post elementor-filter-209 post-10282 proyectos type-proyectos status-publish format-standard has-post-thumbnail hentry sector-hotels pais-mexico-en\" role=\"listitem\">\n\t\t\t<a class=\"elementor-post__thumbnail__link\" href=\"https:\/\/esteling.com\/en\/proyectos\/catalonia-costa-mujeres-all-suites-spa-resort\/\">\n\t\t\t\t<div class=\"elementor-portfolio-item__img elementor-post__thumbnail\">\n\t\t\t<img loading=\"lazy\" decoding=\"async\" width=\"4000\" height=\"2250\" src=\"https:\/\/esteling.com\/wp-content\/uploads\/2019\/09\/hotel-catalonia-costa-mujeres-instalaciones.jpg\" class=\"attachment-full size-full wp-image-7421\" alt=\"hotel catalonia costa mujeres instalaciones\" srcset=\"https:\/\/esteling.com\/wp-content\/uploads\/2019\/09\/hotel-catalonia-costa-mujeres-instalaciones.jpg 4000w, https:\/\/esteling.com\/wp-content\/uploads\/2019\/09\/hotel-catalonia-costa-mujeres-instalaciones-300x169.jpg 300w, https:\/\/esteling.com\/wp-content\/uploads\/2019\/09\/hotel-catalonia-costa-mujeres-instalaciones-768x432.jpg 768w, https:\/\/esteling.com\/wp-content\/uploads\/2019\/09\/hotel-catalonia-costa-mujeres-instalaciones-1024x576.jpg 1024w\" sizes=\"(max-width: 4000px) 100vw, 4000px\" \/>\t\t<\/div>\n\t\t\t\t<div class=\"elementor-portfolio-item__overlay\">\n\t\t\t\t<h3 class=\"elementor-portfolio-item__title\">\n\t\tCatalonia Costa Mujeres All Suites &#038; Spa Resort\t\t<\/h3>\n\t\t\t\t<\/div>\n\t\t\t\t<\/a>\n\t\t<\/article>\n\t\t\t\t<article class=\"elementor-portfolio-item elementor-post elementor-filter-209 post-10283 proyectos type-proyectos status-publish format-standard has-post-thumbnail hentry sector-hotels pais-mexico-en\" role=\"listitem\">\n\t\t\t<a class=\"elementor-post__thumbnail__link\" href=\"https:\/\/esteling.com\/en\/proyectos\/grand-palladium-costa-mujeres-resort-spa\/\">\n\t\t\t\t<div class=\"elementor-portfolio-item__img elementor-post__thumbnail\">\n\t\t\t<img loading=\"lazy\" decoding=\"async\" width=\"3000\" height=\"2000\" src=\"https:\/\/esteling.com\/wp-content\/uploads\/2019\/09\/gran-palladium-costa-mujeres-Resort-and-spa.jpg\" class=\"attachment-full size-full wp-image-7463\" alt=\"gran palladium costa mujeres Resort and spa\" srcset=\"https:\/\/esteling.com\/wp-content\/uploads\/2019\/09\/gran-palladium-costa-mujeres-Resort-and-spa.jpg 3000w, https:\/\/esteling.com\/wp-content\/uploads\/2019\/09\/gran-palladium-costa-mujeres-Resort-and-spa-300x200.jpg 300w, https:\/\/esteling.com\/wp-content\/uploads\/2019\/09\/gran-palladium-costa-mujeres-Resort-and-spa-768x512.jpg 768w, https:\/\/esteling.com\/wp-content\/uploads\/2019\/09\/gran-palladium-costa-mujeres-Resort-and-spa-1024x683.jpg 1024w\" sizes=\"(max-width: 3000px) 100vw, 3000px\" \/>\t\t<\/div>\n\t\t\t\t<div class=\"elementor-portfolio-item__overlay\">\n\t\t\t\t<h3 class=\"elementor-portfolio-item__title\">\n\t\tGrand Palladium Costa Mujeres Resort &#038; Spa\t\t<\/h3>\n\t\t\t\t<\/div>\n\t\t\t\t<\/a>\n\t\t<\/article>\n\t\t\t\t<article class=\"elementor-portfolio-item elementor-post elementor-filter-209 post-10284 proyectos type-proyectos status-publish format-standard has-post-thumbnail hentry sector-hotels pais-mexico-en\" role=\"listitem\">\n\t\t\t<a class=\"elementor-post__thumbnail__link\" href=\"https:\/\/esteling.com\/en\/proyectos\/royalton-suites-cancun-resort-spa\/\">\n\t\t\t\t<div class=\"elementor-portfolio-item__img elementor-post__thumbnail\">\n\t\t\t<img loading=\"lazy\" decoding=\"async\" width=\"1350\" height=\"900\" src=\"https:\/\/esteling.com\/wp-content\/uploads\/2019\/09\/royalton-suites-cancun-piscinas-infinity-instalacion.jpg\" class=\"attachment-full size-full wp-image-7492\" alt=\"royalton suites cancun piscinas infinity instalacion\" srcset=\"https:\/\/esteling.com\/wp-content\/uploads\/2019\/09\/royalton-suites-cancun-piscinas-infinity-instalacion.jpg 1350w, https:\/\/esteling.com\/wp-content\/uploads\/2019\/09\/royalton-suites-cancun-piscinas-infinity-instalacion-300x200.jpg 300w, https:\/\/esteling.com\/wp-content\/uploads\/2019\/09\/royalton-suites-cancun-piscinas-infinity-instalacion-768x512.jpg 768w, https:\/\/esteling.com\/wp-content\/uploads\/2019\/09\/royalton-suites-cancun-piscinas-infinity-instalacion-1024x683.jpg 1024w\" sizes=\"(max-width: 1350px) 100vw, 1350px\" \/>\t\t<\/div>\n\t\t\t\t<div class=\"elementor-portfolio-item__overlay\">\n\t\t\t\t<h3 class=\"elementor-portfolio-item__title\">\n\t\tRoyalton Suites Canc\u00fan Resort &#038; Spa\t\t<\/h3>\n\t\t\t\t<\/div>\n\t\t\t\t<\/a>\n\t\t<\/article>\n\t\t\t\t<\/div>\n\t\t\t\t\t\t<\/div>\n\t\t\t\t<\/div>\n\t\t\t\t\t<\/div>\n\t\t<\/div>\n\t\t\t\t\t<\/div>\n\t\t<\/section>\n\t\t\t\t<\/div>\n\t\t<\/div>\t\t\t<\/div>\n\t\t\t\t\t<\/div>\n\t\t\t\t\t\t<\/div>\n\t\t\t\t<\/div>\n\t\t\t\t\t<\/div>\n\t\t<\/div>\n\t\t\t\t\t<\/div>\n\t\t<\/section>\n\t\t\t\t<\/div>\n\t\t","protected":false},"excerpt":{"rendered":"<p>Projects More than 1,300 completed projects to guarantee the success of your project. SectorCountry All Commerce &amp; Industry Culture Health Hotels Infrastructures Maintenance Residential HOTEL CLUB MED PUNTA CANA HOTEL MELI\u00c1 INNSIDE ALCUDIA HAPIMAG HOTEL PARC BIT SCIENTIFIC COMPLEX HOTEL CATALONIA B\u00c1VARO HOTEL GRAN PALLADIUM KANTENAH HOTEL HIPOTELS BAH\u00cdA GRANDE TUI BLUE VICTORIA MENORCA HOTEL [&hellip;]<\/p>\n","protected":false},"author":1,"featured_media":6047,"parent":0,"menu_order":0,"comment_status":"closed","ping_status":"closed","template":"elementor_header_footer","meta":{"footnotes":""},"class_list":["post-10289","page","type-page","status-publish","has-post-thumbnail","hentry"],"_links":{"self":[{"href":"https:\/\/esteling.com\/en\/wp-json\/wp\/v2\/pages\/10289","targetHints":{"allow":["GET"]}}],"collection":[{"href":"https:\/\/esteling.com\/en\/wp-json\/wp\/v2\/pages"}],"about":[{"href":"https:\/\/esteling.com\/en\/wp-json\/wp\/v2\/types\/page"}],"author":[{"embeddable":true,"href":"https:\/\/esteling.com\/en\/wp-json\/wp\/v2\/users\/1"}],"replies":[{"embeddable":true,"href":"https:\/\/esteling.com\/en\/wp-json\/wp\/v2\/comments?post=10289"}],"version-history":[{"count":0,"href":"https:\/\/esteling.com\/en\/wp-json\/wp\/v2\/pages\/10289\/revisions"}],"wp:featuredmedia":[{"embeddable":true,"href":"https:\/\/esteling.com\/en\/wp-json\/wp\/v2\/media\/6047"}],"wp:attachment":[{"href":"https:\/\/esteling.com\/en\/wp-json\/wp\/v2\/media?parent=10289"}],"curies":[{"name":"wp","href":"https:\/\/api.w.org\/{rel}","templated":true}]}}